{"id":2199,"date":"2023-02-21T11:17:57","date_gmt":"2023-02-21T09:17:57","guid":{"rendered":"https:\/\/blogi.eoppimispalvelut.fi\/activearctic\/?page_id=2199"},"modified":"2023-08-23T09:57:16","modified_gmt":"2023-08-23T06:57:16","slug":"digipolku-ja-seinatalu","status":"publish","type":"page","link":"https:\/\/blogi.eoppimispalvelut.fi\/activearctic\/digipolku-ja-seinatalu\/","title":{"rendered":"Digipolku-ja-sein\u00e4talu"},"content":{"rendered":"<p>[et_pb_section fb_built=&#8221;1&#8243; admin_label=&#8221;Kuva&#8221; _builder_version=&#8221;4.20.0&#8243; _module_preset=&#8221;default&#8221; background_enable_color=&#8221;off&#8221; background_enable_image=&#8221;off&#8221; module_alignment=&#8221;center&#8221; custom_margin=&#8221;0px||-1px||false|false&#8221; custom_padding=&#8221;0px||4px||false|false&#8221; collapsed=&#8221;off&#8221; global_colors_info=&#8221;{}&#8221;][et_pb_row _builder_version=&#8221;4.20.0&#8243; _module_preset=&#8221;default&#8221; width=&#8221;100%&#8221; max_width=&#8221;2560px&#8221; custom_padding=&#8221;1px||5px|||&#8221; global_colors_info=&#8221;{}&#8221;][et_pb_column type=&#8221;4_4&#8243; _builder_version=&#8221;4.20.0&#8243; _module_preset=&#8221;default&#8221; global_colors_info=&#8221;{}&#8221;][et_pb_image src=&#8221;https:\/\/blogi.eoppimispalvelut.fi\/activearctic\/files\/2023\/03\/kollaasi_materiaalit-scaled.jpg&#8221; title_text=&#8221;kollaasi_materiaalit&#8221; align=&#8221;center&#8221; _builder_version=&#8221;4.20.0&#8243; _module_preset=&#8221;default&#8221; width=&#8221;100%&#8221; max_width=&#8221;100%&#8221; global_colors_info=&#8221;{}&#8221;][\/et_pb_image][\/et_pb_column][\/et_pb_row][\/et_pb_section][et_pb_section fb_built=&#8221;1&#8243; admin_label=&#8221;Kehitt\u00e4misymp\u00e4rist\u00f6t&#8221; _builder_version=&#8221;4.20.0&#8243; _module_preset=&#8221;default&#8221; background_enable_image=&#8221;off&#8221; custom_margin=&#8221;1px|||||&#8221; custom_padding=&#8221;16px||6px|||&#8221; global_colors_info=&#8221;{}&#8221;][et_pb_row column_structure=&#8221;1_5,3_5,1_5&#8243; _builder_version=&#8221;4.20.0&#8243; _module_preset=&#8221;default&#8221; width=&#8221;100%&#8221; custom_margin=&#8221;-2px|auto||auto||&#8221; custom_padding=&#8221;33px|||||&#8221; global_colors_info=&#8221;{}&#8221;][et_pb_column type=&#8221;1_5&#8243; _builder_version=&#8221;4.20.0&#8243; _module_preset=&#8221;default&#8221; global_colors_info=&#8221;{}&#8221;][\/et_pb_column][et_pb_column type=&#8221;3_5&#8243; _builder_version=&#8221;4.20.0&#8243; _module_preset=&#8221;default&#8221; global_colors_info=&#8221;{}&#8221;][et_pb_text _builder_version=&#8221;4.20.0&#8243; _module_preset=&#8221;default&#8221; min_height=&#8221;138.4px&#8221; global_colors_info=&#8221;{}&#8221;]<\/p>\n<h2>Pk-yrityksen digipolku &amp; sein\u00e4taulu<\/h2>\n<p>Alla olevat ty\u00f6kalut on luotu pk-yrityksille avuksi <span><span class=\"ui-provider cer ces c d e f g h i j k l m n o p q r s t cet ceu w x y z ab ac ae af ag ah ai aj ak\" dir=\"ltr\">liiketoiminnan <\/span><\/span>digitalisointiin.<\/p>\n<p>Pk-yrityksen digipolku perustuu laadulliseen analyysin selvitysty\u00f6st\u00e4, joka piti sis\u00e4ll\u00e4\u00e4n noin 27 erilaista liiketoiminnan digitalisaatioon ja digitaaliseen transformaatioon liittyvi\u00e4 polkumalleja ja viitekehyksi\u00e4. Osa aiemmin mainituista oli tieteelliseen tutkimukseen perustuvia, osa <span><span class=\"ui-provider cer ces c d e f g h i j k l m n o p q r s t cet ceu w x y z ab ac ae af ag ah ai aj ak\" dir=\"ltr\">konsulttiyritysten muodostamia<\/span><\/span> ja muutama eritoten pk-yrityksille suunnattua mallia. P\u00e4\u00e4paino digipolussa on pk-yrityksiss\u00e4.<\/p>\n<p>Digipolku on jaettu kolmeen vaiheeseen: valmistelu-, kokeilu- ja pilotointivaiheeseen, josta valmisteluvaihe on t\u00e4rkein.<\/p>\n<p>[\/et_pb_text][\/et_pb_column][et_pb_column type=&#8221;1_5&#8243; _builder_version=&#8221;4.20.0&#8243; _module_preset=&#8221;default&#8221; global_colors_info=&#8221;{}&#8221;][\/et_pb_column][\/et_pb_row][et_pb_row _builder_version=&#8221;4.20.0&#8243; _module_preset=&#8221;default&#8221; custom_padding=&#8221;5px||9px|||&#8221; global_colors_info=&#8221;{}&#8221;][et_pb_column type=&#8221;4_4&#8243; _builder_version=&#8221;4.20.0&#8243; _module_preset=&#8221;default&#8221; global_colors_info=&#8221;{}&#8221;][et_pb_image src=&#8221;https:\/\/blogi.eoppimispalvelut.fi\/activearctic\/files\/2023\/08\/Digipolku-2023-WEB.jpg&#8221; title_text=&#8221;Digipolku-2023-WEB&#8221; _builder_version=&#8221;4.20.4&#8243; _module_preset=&#8221;default&#8221; custom_margin=&#8221;||26px|||&#8221; global_colors_info=&#8221;{}&#8221;][\/et_pb_image][\/et_pb_column][\/et_pb_row][et_pb_row column_structure=&#8221;1_5,3_5,1_5&#8243; _builder_version=&#8221;4.20.0&#8243; _module_preset=&#8221;default&#8221; width=&#8221;100%&#8221; custom_padding=&#8221;5px||120px|||&#8221; global_colors_info=&#8221;{}&#8221;][et_pb_column type=&#8221;1_5&#8243; _builder_version=&#8221;4.20.0&#8243; _module_preset=&#8221;default&#8221; global_colors_info=&#8221;{}&#8221;][\/et_pb_column][et_pb_column type=&#8221;3_5&#8243; _builder_version=&#8221;4.20.0&#8243; _module_preset=&#8221;default&#8221; global_colors_info=&#8221;{}&#8221;][et_pb_button button_url=&#8221;@ET-DC@eyJkeW5hbWljIjp0cnVlLCJjb250ZW50IjoicG9zdF9saW5rX3VybF9hdHRhY2htZW50Iiwic2V0dGluZ3MiOnsicG9zdF9pZCI6IjI2NzgifX0=@&#8221; url_new_window=&#8221;on&#8221; button_text=&#8221;LATAA DIGIPOLUN PDF&#8221; _builder_version=&#8221;4.20.4&#8243; _dynamic_attributes=&#8221;button_url&#8221; _module_preset=&#8221;default&#8221; custom_margin=&#8221;||50px|||&#8221; global_colors_info=&#8221;{}&#8221;][\/et_pb_button][et_pb_text _builder_version=&#8221;4.20.0&#8243; _module_preset=&#8221;default&#8221; global_colors_info=&#8221;{}&#8221;]<\/p>\n<h3>PK-YRITYKSEN DIGIPOLKU:<\/h3>\n<p><strong>Valmisteluvaiheessa<\/strong> t\u00e4rkeint\u00e4 on ymm\u00e4rt\u00e4\u00e4 mit\u00e4 digitalisaatio tarkoittaa sinulle ja pk-yrityksellesi. Pk-yrityksen digipolku alkaa selkeiden, liiketoimintaa edist\u00e4vien tavoitteiden m\u00e4\u00e4rittelyst\u00e4. On hyv\u00e4 ymm\u00e4rt\u00e4\u00e4 digitaalisten teknologioiden hy\u00f6ty omalle liiketoiminnalle, m\u00e4\u00e4ritell\u00e4 mit\u00e4 se tarkoittaa oman pk-yrityksen kontekstissa sek\u00e4 mietti\u00e4 miten teknologioita voidaan hy\u00f6dynt\u00e4\u00e4 siten, ett\u00e4 se tukee pk-yrityksen ydinliiketoimintaa. T\u00e4ss\u00e4 mieless\u00e4 hyvin<\/p>\n<p>suunniteltu on puoliksi tehty \u2013 eli mit\u00e4 paremmin valmisteluvaihe tehd\u00e4\u00e4n, sit\u00e4 helpommin kokeilu- ja pilottivaihe etenee (pienemm\u00e4t kustannukset, muutokset halvempia).<\/p>\n<p><strong>Valmisteluvaiheen t\u00e4rkeit\u00e4 ty\u00f6kaluja ovat:<\/strong><\/p>\n<p>1. <strong>Digitaalinen maturiteettitesti<\/strong> \u2013 kertoo yrityksen kokonaiskuvan ja l\u00e4ht\u00f6tason digitalisaatioon. T\u00e4ss\u00e4 voi hy\u00f6dynt\u00e4\u00e4 esim. <a href=\"https:\/\/ardico.fi\/digicap\">ARDICOn<\/a> (Arktiset kehitt\u00e4misymp\u00e4rist\u00f6t)\u00a0tai <a href=\"https:\/\/digimaturity.vtt.fi\/?lang=fi\">VTT:n Digikypsyysty\u00f6kalua<\/a>\u00a0<\/p>\n<p>2. Oman pk-yrityksesi liiketoimintamallin kartoituksessa voit hy\u00f6dynt\u00e4\u00e4 <a href=\"https:\/\/innokyla.fi\/fi\/tyokalut\/business-model-canvas\"><strong>business model canvas ty\u00f6kalua <\/strong><\/a>ty\u00f6kalun avulla pystyt helposti arvioimaan mit\u00e4 muutoksia mahdollinen teknologia tuo liiketoimintaasi.<\/p>\n<p>3.<strong> Kolmannen osapuolen asiantuntijat ja osaajat:<\/strong> esimerkiksi korkeakoulujen teknologia ja muotoiluosaajia teknologiatiedon kartuttamisessa.<\/p>\n<p>Kun digiratkaisujen rooli osana yritystoiminnan kokonaisuutta on kirkastettu, on aika mietti\u00e4 k\u00e4yt\u00e4nn\u00f6n toteutusta.<\/p>\n<p>&nbsp;<\/p>\n<p><strong>Kokeiluvaiheessa<\/strong> t\u00e4rkeint\u00e4 on suorittaa nopeita kokeiluja, joissa valittua digitaalista teknologiaa tai sovellutusta kokeillaan omassa pk-yrityksess\u00e4 valitussa k\u00e4ytt\u00f6kohteessa ja se r\u00e4\u00e4t\u00e4l\u00f6id\u00e4\u00e4n oman yrityksen tarpeisiin. P\u00e4\u00e4paino on nopeissa voitoissa eli 6kk aikaj\u00e4nteell\u00e4 suoritettavista helpoista, pienist\u00e4 uudistuksista. Nopeat kokeilut auttavat digitaalisen ratkaisun r\u00e4\u00e4t\u00e4l\u00f6inniss\u00e4 yrityksellesi, ne v\u00e4hent\u00e4v\u00e4t my\u00f6s k\u00e4ytt\u00f6\u00f6nottoon liittyvi\u00e4 riskej\u00e4 ja kustannuksia. Huomioi, ett\u00e4 nopeita kokeiluja saattaa joutua tekem\u00e4\u00e4n useampi ennen kuin teknologia on t\u00e4ysin r\u00e4\u00e4t\u00e4l\u00f6ity.<\/p>\n<p>&nbsp;<\/p>\n<p><strong>Pilotointivaiheessa<\/strong> valittua ja kokeiltua teknologiaa tai ratkaisua l\u00e4hdet\u00e4\u00e4n oikeasti juurruttamaan osaksi pk-yrityksen arkea ja perusprosesseja. Pk-yrityksen toimintalogiikkaa ja taustaprosesseja muunnetaan v\u00e4hitellen tukemaan uutta, digitaalista liiketoimintaa. Pilotti aloitetaan vaiheittain ja edistymist\u00e4 seurataan s\u00e4\u00e4nn\u00f6llisesti. Suunnan muutoksia tehd\u00e4\u00e4n tarvittaessa. Kun teknologia on otettu k\u00e4ytt\u00f6\u00f6n, varmistetaan k\u00e4ytt\u00f6\u00e4 tukevien prosessien toimivuus. Esim. koulutustilaisuudet, demonstroinnit, valmennukset, k\u00e4yt\u00f6n tuen palvelut tulevat t\u00e4ss\u00e4 ajankohtaisiksi.<\/p>\n<p><strong>Skaalaamisen<\/strong> vaiheessa valitaan toinen kehityskohde ja sama prosessi aloitetaan alusta kunnes haluttu digiosaamisen taso saavutetaan. Skaalatessa aikaj\u00e4nne on pitk\u00e4 +1v.<\/p>\n<p>[\/et_pb_text][\/et_pb_column][et_pb_column type=&#8221;1_5&#8243; _builder_version=&#8221;4.20.0&#8243; _module_preset=&#8221;default&#8221; global_colors_info=&#8221;{}&#8221;][\/et_pb_column][\/et_pb_row][et_pb_row column_structure=&#8221;1_5,3_5,1_5&#8243; _builder_version=&#8221;4.20.0&#8243; _module_preset=&#8221;default&#8221; width=&#8221;100%&#8221; custom_padding=&#8221;5px||22px|||&#8221; global_colors_info=&#8221;{}&#8221;][et_pb_column type=&#8221;1_5&#8243; _builder_version=&#8221;4.20.0&#8243; _module_preset=&#8221;default&#8221; global_colors_info=&#8221;{}&#8221;][\/et_pb_column][et_pb_column type=&#8221;3_5&#8243; _builder_version=&#8221;4.20.0&#8243; _module_preset=&#8221;default&#8221; global_colors_info=&#8221;{}&#8221;][et_pb_text _builder_version=&#8221;4.20.0&#8243; _module_preset=&#8221;default&#8221; custom_margin=&#8221;0px|||||&#8221; global_colors_info=&#8221;{}&#8221;]<\/p>\n<h3>PK-YRITYKSEN DIGITALISAATION SEIN\u00c4TAULU<\/h3>\n<p>Pk-yrityksen digitalisaation sein\u00e4taulu sis\u00e4lt\u00e4\u00e4 selvityksen kautta ilmi tulleita arvokkaita nostoja, jotka eiv\u00e4t sopineet digipolkuun ja jotka on hyv\u00e4\u00e4 pit\u00e4\u00e4 mieless\u00e4 omaa digitalisaatiopolkuasi aloittaessa.<br \/>\n[\/et_pb_text][et_pb_button button_url=&#8221;@ET-DC@eyJkeW5hbWljIjp0cnVlLCJjb250ZW50IjoicG9zdF9saW5rX3VybF9hdHRhY2htZW50Iiwic2V0dGluZ3MiOnsicG9zdF9pZCI6IjI2NzkifX0=@&#8221; url_new_window=&#8221;on&#8221; button_text=&#8221;LATAA SEIN\u00c4TAULUN PDF&#8221; button_alignment=&#8221;left&#8221; _builder_version=&#8221;4.20.4&#8243; _dynamic_attributes=&#8221;button_url&#8221; _module_preset=&#8221;default&#8221; global_colors_info=&#8221;{}&#8221;][\/et_pb_button][\/et_pb_column][et_pb_column type=&#8221;1_5&#8243; _builder_version=&#8221;4.20.0&#8243; _module_preset=&#8221;default&#8221; global_colors_info=&#8221;{}&#8221;][\/et_pb_column][\/et_pb_row][et_pb_row _builder_version=&#8221;4.20.0&#8243; _module_preset=&#8221;default&#8221; custom_margin=&#8221;-7px|auto||auto||&#8221; custom_padding=&#8221;||42px|||&#8221; global_colors_info=&#8221;{}&#8221;][et_pb_column type=&#8221;4_4&#8243; _builder_version=&#8221;4.20.0&#8243; _module_preset=&#8221;default&#8221; global_colors_info=&#8221;{}&#8221;][et_pb_image src=&#8221;https:\/\/blogi.eoppimispalvelut.fi\/activearctic\/files\/2023\/08\/Seinataulu-2023-WEB.jpg&#8221; title_text=&#8221;Seinataulu-2023-WEB&#8221; _builder_version=&#8221;4.20.4&#8243; _module_preset=&#8221;default&#8221; custom_margin=&#8221;||26px|||&#8221; custom_padding=&#8221;0px|||||&#8221; global_colors_info=&#8221;{}&#8221;][\/et_pb_image][\/et_pb_column][\/et_pb_row][\/et_pb_section]<\/p>\n","protected":false},"excerpt":{"rendered":"<p>Pk-yrityksen digipolku &amp; sein\u00e4taulu Alla olevat ty\u00f6kalut on luotu pk-yrityksille avuksi liiketoiminnan digitalisointiin. Pk-yrityksen digipolku perustuu laadulliseen analyysin selvitysty\u00f6st\u00e4, joka piti sis\u00e4ll\u00e4\u00e4n noin 27 erilaista liiketoiminnan digitalisaatioon ja digitaaliseen transformaatioon liittyvi\u00e4 polkumalleja ja viitekehyksi\u00e4. Osa aiemmin mainituista oli tieteelliseen tutkimukseen perustuvia, osa konsulttiyritysten muodostamia ja muutama eritoten pk-yrityksille suunnattua mallia. P\u00e4\u00e4paino digipolussa on pk-yrityksiss\u00e4. Digipolku [&hellip;]<\/p>\n","protected":false},"author":4075,"featured_media":0,"parent":0,"menu_order":0,"comment_status":"closed","ping_status":"closed","template":"","meta":{"_et_pb_use_builder":"on","_et_pb_old_content":"","_et_gb_content_width":"","footnotes":""},"class_list":["post-2199","page","type-page","status-publish","hentry"],"yoast_head":"<!-- This site is optimized with the Yoast SEO plugin v27.4 - https:\/\/yoast.com\/product\/yoast-seo-wordpress\/ -->\n<title>Digipolku-ja-sein\u00e4talu - Active Arctic<\/title>\n<meta name=\"robots\" content=\"index, follow, max-snippet:-1, max-image-preview:large, max-video-preview:-1\" \/>\n<link rel=\"canonical\" href=\"https:\/\/blogi.eoppimispalvelut.fi\/activearctic\/digipolku-ja-seinatalu\/\" \/>\n<meta property=\"og:locale\" content=\"fi_FI\" \/>\n<meta property=\"og:type\" content=\"article\" \/>\n<meta property=\"og:title\" content=\"Digipolku-ja-sein\u00e4talu - Active Arctic\" \/>\n<meta property=\"og:description\" content=\"Pk-yrityksen digipolku &amp; sein\u00e4taulu Alla olevat ty\u00f6kalut on luotu pk-yrityksille avuksi liiketoiminnan digitalisointiin. Pk-yrityksen digipolku perustuu laadulliseen analyysin selvitysty\u00f6st\u00e4, joka piti sis\u00e4ll\u00e4\u00e4n noin 27 erilaista liiketoiminnan digitalisaatioon ja digitaaliseen transformaatioon liittyvi\u00e4 polkumalleja ja viitekehyksi\u00e4. Osa aiemmin mainituista oli tieteelliseen tutkimukseen perustuvia, osa konsulttiyritysten muodostamia ja muutama eritoten pk-yrityksille suunnattua mallia. P\u00e4\u00e4paino digipolussa on pk-yrityksiss\u00e4. Digipolku [&hellip;]\" \/>\n<meta property=\"og:url\" content=\"https:\/\/blogi.eoppimispalvelut.fi\/activearctic\/digipolku-ja-seinatalu\/\" \/>\n<meta property=\"og:site_name\" content=\"Active Arctic\" \/>\n<meta property=\"article:modified_time\" content=\"2023-08-23T06:57:16+00:00\" \/>\n<meta name=\"twitter:card\" content=\"summary_large_image\" \/>\n<meta name=\"twitter:label1\" content=\"Est. reading time\" \/>\n\t<meta name=\"twitter:data1\" content=\"4 minutes\" \/>\n<script type=\"application\/ld+json\" class=\"yoast-schema-graph\">{\"@context\":\"https:\\\/\\\/schema.org\",\"@graph\":[{\"@type\":\"WebPage\",\"@id\":\"https:\\\/\\\/blogi.eoppimispalvelut.fi\\\/activearctic\\\/digipolku-ja-seinatalu\\\/\",\"url\":\"https:\\\/\\\/blogi.eoppimispalvelut.fi\\\/activearctic\\\/digipolku-ja-seinatalu\\\/\",\"name\":\"Digipolku-ja-sein\u00e4talu - Active Arctic\",\"isPartOf\":{\"@id\":\"https:\\\/\\\/blogi.eoppimispalvelut.fi\\\/activearctic\\\/#website\"},\"datePublished\":\"2023-02-21T09:17:57+00:00\",\"dateModified\":\"2023-08-23T06:57:16+00:00\",\"breadcrumb\":{\"@id\":\"https:\\\/\\\/blogi.eoppimispalvelut.fi\\\/activearctic\\\/digipolku-ja-seinatalu\\\/#breadcrumb\"},\"inLanguage\":\"fi\",\"potentialAction\":[{\"@type\":\"ReadAction\",\"target\":[\"https:\\\/\\\/blogi.eoppimispalvelut.fi\\\/activearctic\\\/digipolku-ja-seinatalu\\\/\"]}]},{\"@type\":\"BreadcrumbList\",\"@id\":\"https:\\\/\\\/blogi.eoppimispalvelut.fi\\\/activearctic\\\/digipolku-ja-seinatalu\\\/#breadcrumb\",\"itemListElement\":[{\"@type\":\"ListItem\",\"position\":1,\"name\":\"Home\",\"item\":\"https:\\\/\\\/blogi.eoppimispalvelut.fi\\\/activearctic\\\/\"},{\"@type\":\"ListItem\",\"position\":2,\"name\":\"Digipolku-ja-sein\u00e4talu\"}]},{\"@type\":\"WebSite\",\"@id\":\"https:\\\/\\\/blogi.eoppimispalvelut.fi\\\/activearctic\\\/#website\",\"url\":\"https:\\\/\\\/blogi.eoppimispalvelut.fi\\\/activearctic\\\/\",\"name\":\"Active Arctic\",\"description\":\"Digitaaliset ymp\u00e4rist\u00f6t ja ratkaisut harvaan asuttujen alueiden hyvinvoinnin ja yritysten tukena \",\"potentialAction\":[{\"@type\":\"SearchAction\",\"target\":{\"@type\":\"EntryPoint\",\"urlTemplate\":\"https:\\\/\\\/blogi.eoppimispalvelut.fi\\\/activearctic\\\/?s={search_term_string}\"},\"query-input\":{\"@type\":\"PropertyValueSpecification\",\"valueRequired\":true,\"valueName\":\"search_term_string\"}}],\"inLanguage\":\"fi\"}]}<\/script>\n<!-- \/ Yoast SEO plugin. -->","yoast_head_json":{"title":"Digipolku-ja-sein\u00e4talu - Active Arctic","robots":{"index":"index","follow":"follow","max-snippet":"max-snippet:-1","max-image-preview":"max-image-preview:large","max-video-preview":"max-video-preview:-1"},"canonical":"https:\/\/blogi.eoppimispalvelut.fi\/activearctic\/digipolku-ja-seinatalu\/","og_locale":"fi_FI","og_type":"article","og_title":"Digipolku-ja-sein\u00e4talu - Active Arctic","og_description":"Pk-yrityksen digipolku &amp; sein\u00e4taulu Alla olevat ty\u00f6kalut on luotu pk-yrityksille avuksi liiketoiminnan digitalisointiin. Pk-yrityksen digipolku perustuu laadulliseen analyysin selvitysty\u00f6st\u00e4, joka piti sis\u00e4ll\u00e4\u00e4n noin 27 erilaista liiketoiminnan digitalisaatioon ja digitaaliseen transformaatioon liittyvi\u00e4 polkumalleja ja viitekehyksi\u00e4. Osa aiemmin mainituista oli tieteelliseen tutkimukseen perustuvia, osa konsulttiyritysten muodostamia ja muutama eritoten pk-yrityksille suunnattua mallia. P\u00e4\u00e4paino digipolussa on pk-yrityksiss\u00e4. Digipolku [&hellip;]","og_url":"https:\/\/blogi.eoppimispalvelut.fi\/activearctic\/digipolku-ja-seinatalu\/","og_site_name":"Active Arctic","article_modified_time":"2023-08-23T06:57:16+00:00","twitter_card":"summary_large_image","twitter_misc":{"Est. reading time":"4 minutes"},"schema":{"@context":"https:\/\/schema.org","@graph":[{"@type":"WebPage","@id":"https:\/\/blogi.eoppimispalvelut.fi\/activearctic\/digipolku-ja-seinatalu\/","url":"https:\/\/blogi.eoppimispalvelut.fi\/activearctic\/digipolku-ja-seinatalu\/","name":"Digipolku-ja-sein\u00e4talu - Active Arctic","isPartOf":{"@id":"https:\/\/blogi.eoppimispalvelut.fi\/activearctic\/#website"},"datePublished":"2023-02-21T09:17:57+00:00","dateModified":"2023-08-23T06:57:16+00:00","breadcrumb":{"@id":"https:\/\/blogi.eoppimispalvelut.fi\/activearctic\/digipolku-ja-seinatalu\/#breadcrumb"},"inLanguage":"fi","potentialAction":[{"@type":"ReadAction","target":["https:\/\/blogi.eoppimispalvelut.fi\/activearctic\/digipolku-ja-seinatalu\/"]}]},{"@type":"BreadcrumbList","@id":"https:\/\/blogi.eoppimispalvelut.fi\/activearctic\/digipolku-ja-seinatalu\/#breadcrumb","itemListElement":[{"@type":"ListItem","position":1,"name":"Home","item":"https:\/\/blogi.eoppimispalvelut.fi\/activearctic\/"},{"@type":"ListItem","position":2,"name":"Digipolku-ja-sein\u00e4talu"}]},{"@type":"WebSite","@id":"https:\/\/blogi.eoppimispalvelut.fi\/activearctic\/#website","url":"https:\/\/blogi.eoppimispalvelut.fi\/activearctic\/","name":"Active Arctic","description":"Digitaaliset ymp\u00e4rist\u00f6t ja ratkaisut harvaan asuttujen alueiden hyvinvoinnin ja yritysten tukena ","potentialAction":[{"@type":"SearchAction","target":{"@type":"EntryPoint","urlTemplate":"https:\/\/blogi.eoppimispalvelut.fi\/activearctic\/?s={search_term_string}"},"query-input":{"@type":"PropertyValueSpecification","valueRequired":true,"valueName":"search_term_string"}}],"inLanguage":"fi"}]}},"_links":{"self":[{"href":"https:\/\/blogi.eoppimispalvelut.fi\/activearctic\/wp-json\/wp\/v2\/pages\/2199","targetHints":{"allow":["GET"]}}],"collection":[{"href":"https:\/\/blogi.eoppimispalvelut.fi\/activearctic\/wp-json\/wp\/v2\/pages"}],"about":[{"href":"https:\/\/blogi.eoppimispalvelut.fi\/activearctic\/wp-json\/wp\/v2\/types\/page"}],"author":[{"embeddable":true,"href":"https:\/\/blogi.eoppimispalvelut.fi\/activearctic\/wp-json\/wp\/v2\/users\/4075"}],"replies":[{"embeddable":true,"href":"https:\/\/blogi.eoppimispalvelut.fi\/activearctic\/wp-json\/wp\/v2\/comments?post=2199"}],"version-history":[{"count":24,"href":"https:\/\/blogi.eoppimispalvelut.fi\/activearctic\/wp-json\/wp\/v2\/pages\/2199\/revisions"}],"predecessor-version":[{"id":2684,"href":"https:\/\/blogi.eoppimispalvelut.fi\/activearctic\/wp-json\/wp\/v2\/pages\/2199\/revisions\/2684"}],"wp:attachment":[{"href":"https:\/\/blogi.eoppimispalvelut.fi\/activearctic\/wp-json\/wp\/v2\/media?parent=2199"}],"curies":[{"name":"wp","href":"https:\/\/api.w.org\/{rel}","templated":true}]}}