{"id":2316,"date":"2023-03-06T13:46:17","date_gmt":"2023-03-06T11:46:17","guid":{"rendered":"https:\/\/blogi.eoppimispalvelut.fi\/activearctic\/?page_id=2316"},"modified":"2023-06-30T14:52:52","modified_gmt":"2023-06-30T11:52:52","slug":"weltti-pilotti","status":"publish","type":"page","link":"https:\/\/blogi.eoppimispalvelut.fi\/activearctic\/weltti-pilotti\/","title":{"rendered":"Weltti-pilotti"},"content":{"rendered":"<p>[et_pb_section fb_built=&#8221;1&#8243; admin_label=&#8221;Kuva&#8221; _builder_version=&#8221;4.18.0&#8243; _module_preset=&#8221;default&#8221; background_enable_color=&#8221;off&#8221; background_enable_image=&#8221;off&#8221; module_alignment=&#8221;center&#8221; min_height=&#8221;100px&#8221; height=&#8221;200px&#8221; max_height=&#8221;283px&#8221; custom_margin=&#8221;0px||-1px||false|false&#8221; custom_padding=&#8221;0px||4px||false|false&#8221; collapsed=&#8221;off&#8221; global_colors_info=&#8221;{}&#8221;][et_pb_row _builder_version=&#8221;4.18.0&#8243; _module_preset=&#8221;default&#8221; width=&#8221;100%&#8221; max_width=&#8221;1958px&#8221; module_alignment=&#8221;center&#8221; custom_margin=&#8221;|auto|-2px|2px||&#8221; custom_padding=&#8221;0px|0px|18px|0px||&#8221; global_colors_info=&#8221;{}&#8221;][et_pb_column type=&#8221;4_4&#8243; _builder_version=&#8221;4.18.0&#8243; _module_preset=&#8221;default&#8221; global_colors_info=&#8221;{}&#8221;][et_pb_image src=&#8221;https:\/\/blogi.eoppimispalvelut.fi\/activearctic\/files\/2023\/03\/kollaasi_Heltti-WEB-scaled.jpg&#8221; alt=&#8221;3 kuvaa per\u00e4kk\u00e4in: Mets\u00e4n maisemat Mets\u00e4nk\u00e4vij\u00e4stka, hymyilev\u00e4 tytt\u00f6, jolla on VR-Glasses, Mets\u00e4nK\u00e4vij\u00e4n j\u00e4rven maisemat&#8221; title_text=&#8221;kollaasi_Heltti-WEB&#8221; _builder_version=&#8221;4.20.0&#8243; _module_preset=&#8221;default&#8221; width=&#8221;100%&#8221; max_width=&#8221;100%&#8221; global_colors_info=&#8221;{}&#8221;][\/et_pb_image][\/et_pb_column][\/et_pb_row][\/et_pb_section][et_pb_section fb_built=&#8221;1&#8243; admin_label=&#8221;Kehitt\u00e4misymp\u00e4rist\u00f6t&#8221; _builder_version=&#8221;4.20.0&#8243; _module_preset=&#8221;default&#8221; background_enable_image=&#8221;off&#8221; custom_margin=&#8221;1px|||||&#8221; custom_padding=&#8221;16px||6px|||&#8221; global_colors_info=&#8221;{}&#8221;][et_pb_row column_structure=&#8221;1_5,3_5,1_5&#8243; admin_label=&#8221;Mets\u00e4nk\u00e4vij\u00e4&#8221; _builder_version=&#8221;4.20.0&#8243; _module_preset=&#8221;default&#8221; min_height=&#8221;540.2px&#8221; custom_margin=&#8221;-10px|auto|0px|auto||&#8221; custom_padding=&#8221;10px||8px|||&#8221; global_colors_info=&#8221;{}&#8221;][et_pb_column type=&#8221;1_5&#8243; _builder_version=&#8221;4.20.0&#8243; _module_preset=&#8221;default&#8221; global_colors_info=&#8221;{}&#8221;][\/et_pb_column][et_pb_column type=&#8221;3_5&#8243; _builder_version=&#8221;4.20.0&#8243; _module_preset=&#8221;default&#8221; global_colors_info=&#8221;{}&#8221;][et_pb_text admin_label=&#8221;Mets\u00e4nk\u00e4vij\u00e4&#8221; _builder_version=&#8221;4.18.0&#8243; _module_preset=&#8221;default&#8221; custom_margin=&#8221;||4px|||&#8221; custom_padding=&#8221;37px||15px|||&#8221; global_colors_info=&#8221;{}&#8221;]<\/p>\n<h2><\/h2>\n<h2><\/h2>\n<h2><span class=\"ui-provider cer ces c d e f g h i j k l m n o p q r s t cet ceu w x y z ab ac ae af ag ah ai aj ak\" dir=\"ltr\">Weltti<\/span><\/h2>\n<p><span class=\"ui-provider csr css c d e f g h i j k l m n o p q r s t cst csu w x y z ab ac ae af ag ah ai aj ak\" dir=\"ltr\"><span class=\"ui-provider cer ces c d e f g h i j k l m n o p q r s t cet ceu w x y z ab ac ae af ag ah ai aj ak\" dir=\"ltr\">Weltti <\/span>&#8211; konsepti kehitettiin yhteiskehitt\u00e4m\u00e4ll\u00e4 hyvinvointialan asiantuntijoiden (hyvinvointialue, j\u00e4rjest\u00f6t), pk-yrityksien ja Lapin AMK:in ja Lapin yliopiston informaatioteknologian ja muotoilun asiantuntijoiden kanssa 11\/2022 pidetyss\u00e4 ty\u00f6pajassa. Ty\u00f6pajan j\u00e4lkeen ideasta kehitettiin interaktiivinen prototyyppi idean testausta ja jatkokehityst\u00e4 varten.<\/span><\/p>\n<p><span class=\"ui-provider cer ces c d e f g h i j k l m n o p q r s t cet ceu w x y z ab ac ae af ag ah ai aj ak\" dir=\"ltr\">Weltti <\/span>sis\u00e4lt\u00e4\u00e4 yhdess\u00e4 alustassa kaikki Lapin alueen 500+ paikallista hyvinvointialan palveluntuottajaa ja pk-yrityst\u00e4 ymp\u00e4ri Lappia edustaen monipuolisesti erilaisia hyvinvoinnin osa-alueita ty\u00f6hyvinvoinnista liikuntaan ja ravitsemuksesta mielenterveyteen. Lis\u00e4ksi alusta sis\u00e4lt\u00e4\u00e4 my\u00f6s palveluja ty\u00f6hyvinvointiin, i\u00e4kk\u00e4iden ja perheiden hyvinvointiin. <span class=\"ui-provider cer ces c d e f g h i j k l m n o p q r s t cet ceu w x y z ab ac ae af ag ah ai aj ak\" dir=\"ltr\">Weltti <\/span>tuo paikalliset hyvinvointipalvelut l\u00e4hellesi &#8211; yhdell\u00e4 klikkauksella.<\/p>\n<p><strong>Perinteisten maksutapojen lis\u00e4ksi saatavilla mm.<\/strong><\/p>\n<ul>\n<li>Edenred, Smartum ja vastaavat<\/li>\n<li>Palveluseteli<\/li>\n<li>Tulevaisuudessa Hyvinvointil\u00e4hete<\/li>\n<\/ul>\n<p><strong>Monia hy\u00f6tyj\u00e4 \u2013 sijainnista huolimatta<\/strong><\/p>\n<ul>\n<li>Pienyritt\u00e4jille: Kest\u00e4v\u00e4 elanto \u2013 palvelujen myynti ja markkinointi, pienyritysten v\u00e4linen yhteisty\u00f6<\/li>\n<li>Terveydenhoidolle: Kest\u00e4v\u00e4t palvelut \u2013 T\u00e4ydent\u00e4\u00e4 palveluverkon aukkoja ja tukee omahoitoa<\/li>\n<li>Matkailijoille: Paikalliset, uniikit hyvinvoinnin \u201ckivijalkapalvelut\u201d<\/li>\n<li>Lapin asukkaille: Kest\u00e4v\u00e4 hyvinvointi \u2013 oman hyvinvoinnin edist\u00e4minen, sijainnista huolimatta<\/li>\n<li>Lapin alueelle \u2013 Kest\u00e4v\u00e4 elinvoima \u2013 paikallisten palveluiden saatavuuden ja vaihdanta<\/li>\n<\/ul>\n<p><strong>Miten <span class=\"ui-provider cer ces c d e f g h i j k l m n o p q r s t cet ceu w x y z ab ac ae af ag ah ai aj ak\" dir=\"ltr\">Weltti <\/span>syntyi?<\/strong><\/p>\n<p>Sovellus on yhteiskehitetty Lappilaisten hyvinvointialan pk-yritysten, korkeakoulujen, j\u00e4rjest\u00f6jen ja hyvinvointialueen edustajien ideoiden pohjalta, joista nousi erityisesti esiin alustamaisen ratkaisun tarve. <span class=\"ui-provider cer ces c d e f g h i j k l m n o p q r s t cet ceu w x y z ab ac ae af ag ah ai aj ak\" dir=\"ltr\">Weltti <\/span>on kehitetty vastaamaan t\u00e4h\u00e4n tarpeeseen.<\/p>\n<p><strong>Tulevaisuudessa mahdollisia ominaisuuksia ovat:<\/strong><\/p>\n<ul>\n<li>Toisen puolesta tilaaminen<\/li>\n<li>L\u00e4\u00e4k\u00e4rin m\u00e4\u00e4r\u00e4\u00e4m\u00e4t hyvinvointireseptit<\/li>\n<li>Omahoitopolut<\/li>\n<li>Hyvinvointiteknologisten tuotteiden integrointi alustaan (esim. \u00c4lyrannekkeet ja sormukset)<\/li>\n<li>Integrointi Omakantaa<\/li>\n<\/ul>\n<p>[\/et_pb_text][\/et_pb_column][et_pb_column type=&#8221;1_5&#8243; _builder_version=&#8221;4.20.0&#8243; _module_preset=&#8221;default&#8221; global_colors_info=&#8221;{}&#8221;][\/et_pb_column][\/et_pb_row][et_pb_row column_structure=&#8221;1_5,3_5,1_5&#8243; admin_label=&#8221;Mets\u00e4nk\u00e4vij\u00e4&#8221; _builder_version=&#8221;4.20.0&#8243; _module_preset=&#8221;default&#8221; min_height=&#8221;540.2px&#8221; custom_margin=&#8221;-10px|auto|0px|auto||&#8221; custom_padding=&#8221;10px|||||&#8221; global_colors_info=&#8221;{}&#8221;][et_pb_column type=&#8221;1_5&#8243; _builder_version=&#8221;4.20.0&#8243; _module_preset=&#8221;default&#8221; global_colors_info=&#8221;{}&#8221;][\/et_pb_column][et_pb_column type=&#8221;3_5&#8243; _builder_version=&#8221;4.20.0&#8243; _module_preset=&#8221;default&#8221; global_colors_info=&#8221;{}&#8221;][et_pb_text admin_label=&#8221;Mets\u00e4nk\u00e4vij\u00e4&#8221; _builder_version=&#8221;4.18.0&#8243; _module_preset=&#8221;default&#8221; custom_margin=&#8221;0px||4px|||&#8221; custom_padding=&#8221;3px||15px|||&#8221; global_colors_info=&#8221;{}&#8221;]<\/p>\n<h1 class=\"style-scope ytd-watch-metadata\">Tmi polku, Weltti videoprototyyppi<\/h1>\n<p>[\/et_pb_text][et_pb_video src=&#8221;https:\/\/youtu.be\/btqV0EeMQ5k&#8221; _builder_version=&#8221;4.20.4&#8243; _module_preset=&#8221;default&#8221; custom_margin=&#8221;||0px|||&#8221; global_colors_info=&#8221;{}&#8221;][\/et_pb_video][et_pb_text admin_label=&#8221;Mets\u00e4nk\u00e4vij\u00e4&#8221; _builder_version=&#8221;4.18.0&#8243; _module_preset=&#8221;default&#8221; custom_margin=&#8221;||4px|||&#8221; custom_padding=&#8221;43px||15px|||&#8221; global_colors_info=&#8221;{}&#8221;]<\/p>\n<h1 class=\"style-scope ytd-watch-metadata\">Kotihoito Ulpukka, Weltti videoprototyyppi<\/h1>\n<p>[\/et_pb_text][et_pb_video src=&#8221;https:\/\/youtu.be\/r6DHE8jNNHQ&#8221; _builder_version=&#8221;4.20.4&#8243; _module_preset=&#8221;default&#8221; global_colors_info=&#8221;{}&#8221;][\/et_pb_video][\/et_pb_column][et_pb_column type=&#8221;1_5&#8243; _builder_version=&#8221;4.20.0&#8243; _module_preset=&#8221;default&#8221; global_colors_info=&#8221;{}&#8221;][\/et_pb_column][\/et_pb_row][et_pb_row column_structure=&#8221;1_5,3_5,1_5&#8243; admin_label=&#8221;Mets\u00e4nk\u00e4vij\u00e4&#8221; _builder_version=&#8221;4.20.0&#8243; _module_preset=&#8221;default&#8221; min_height=&#8221;540.2px&#8221; custom_margin=&#8221;-10px|auto|0px|auto||&#8221; custom_padding=&#8221;10px|||||&#8221; global_colors_info=&#8221;{}&#8221;][et_pb_column type=&#8221;1_5&#8243; _builder_version=&#8221;4.20.0&#8243; _module_preset=&#8221;default&#8221; global_colors_info=&#8221;{}&#8221;][\/et_pb_column][et_pb_column type=&#8221;3_5&#8243; _builder_version=&#8221;4.20.0&#8243; _module_preset=&#8221;default&#8221; global_colors_info=&#8221;{}&#8221;][et_pb_text admin_label=&#8221;Mets\u00e4nk\u00e4vij\u00e4&#8221; _builder_version=&#8221;4.20.4&#8243; _module_preset=&#8221;default&#8221; custom_margin=&#8221;||4px|||&#8221; custom_padding=&#8221;37px||15px|||&#8221; global_colors_info=&#8221;{}&#8221;]<\/p>\n<p><strong style=\"font-size: 15px\"><span class=\"ui-provider csr css c d e f g h i j k l m n o p q r s t cst csu w x y z ab ac ae af ag ah ai aj ak\" dir=\"ltr\">Alla oleva prototyyppi on interaktiivinen prototyyppi, eik\u00e4 sis\u00e4ll\u00e4 ohjelmoitua koodia. Jos olet kiinnostunut idean jatkokehitt\u00e4misest\u00e4, ota yhteys<\/span><\/strong><\/p>\n<p>Tuuli Tikkanen, tuuli.tikkanen (at) lapinamk.fi<br \/>Ella Bj\u00f6rn, ella.bjorn (at) ulapland.fi<\/p>\n<p>&nbsp;<\/p>\n<p><strong><a href=\"https:\/\/www.figma.com\/proto\/7GCV0iwSjjPldMWXQq3rXV\/Weltti-proto?page-id=0%3A1&amp;node-id=1906-7925&amp;viewport=6379%2C3521%2C0.31&amp;scaling=scale-down&amp;starting-point-node-id=6%3A4&amp;show-proto-sidebar=1\">Testaa protoa t\u00e4st\u00e4<\/a> tai <span><span class=\"ui-provider ckw ckx c d e f g h i j k l m n o p q r s t cky ckz w x y z ab ac ae af ag ah ai aj ak\" dir=\"ltr\">skannaamalla alla oleva qr-koodi<\/span><\/span>:\u00a0<\/strong><\/p>\n<p>[\/et_pb_text][et_pb_image src=&#8221;https:\/\/blogi.eoppimispalvelut.fi\/activearctic\/files\/2023\/03\/figma-proto-heltti-1.jpg&#8221; _builder_version=&#8221;4.20.0&#8243; _module_preset=&#8221;default&#8221; width=&#8221;30%&#8221; global_colors_info=&#8221;{}&#8221;][\/et_pb_image][\/et_pb_column][et_pb_column type=&#8221;1_5&#8243; _builder_version=&#8221;4.20.0&#8243; _module_preset=&#8221;default&#8221; global_colors_info=&#8221;{}&#8221;][\/et_pb_column][\/et_pb_row][\/et_pb_section]<\/p>\n","protected":false},"excerpt":{"rendered":"<p>Weltti Weltti &#8211; konsepti kehitettiin yhteiskehitt\u00e4m\u00e4ll\u00e4 hyvinvointialan asiantuntijoiden (hyvinvointialue, j\u00e4rjest\u00f6t), pk-yrityksien ja Lapin AMK:in ja Lapin yliopiston informaatioteknologian ja muotoilun asiantuntijoiden kanssa 11\/2022 pidetyss\u00e4 ty\u00f6pajassa. Ty\u00f6pajan j\u00e4lkeen ideasta kehitettiin interaktiivinen prototyyppi idean testausta ja jatkokehityst\u00e4 varten. Weltti sis\u00e4lt\u00e4\u00e4 yhdess\u00e4 alustassa kaikki Lapin alueen 500+ paikallista hyvinvointialan palveluntuottajaa ja pk-yrityst\u00e4 ymp\u00e4ri Lappia edustaen monipuolisesti erilaisia hyvinvoinnin [&hellip;]<\/p>\n","protected":false},"author":19914,"featured_media":0,"parent":0,"menu_order":0,"comment_status":"closed","ping_status":"closed","template":"","meta":{"_et_pb_use_builder":"on","_et_pb_old_content":"","_et_gb_content_width":"","footnotes":""},"class_list":["post-2316","page","type-page","status-publish","hentry"],"yoast_head":"<!-- This site is optimized with the Yoast SEO plugin v27.4 - https:\/\/yoast.com\/product\/yoast-seo-wordpress\/ -->\n<title>Weltti-pilotti - Active Arctic<\/title>\n<meta name=\"robots\" content=\"index, follow, max-snippet:-1, max-image-preview:large, max-video-preview:-1\" \/>\n<link rel=\"canonical\" href=\"https:\/\/blogi.eoppimispalvelut.fi\/activearctic\/weltti-pilotti\/\" \/>\n<meta property=\"og:locale\" content=\"fi_FI\" \/>\n<meta property=\"og:type\" content=\"article\" \/>\n<meta property=\"og:title\" content=\"Weltti-pilotti - Active Arctic\" \/>\n<meta property=\"og:description\" content=\"Weltti Weltti - konsepti kehitettiin yhteiskehitt\u00e4m\u00e4ll\u00e4 hyvinvointialan asiantuntijoiden (hyvinvointialue, j\u00e4rjest\u00f6t), pk-yrityksien ja Lapin AMK:in ja Lapin yliopiston informaatioteknologian ja muotoilun asiantuntijoiden kanssa 11\/2022 pidetyss\u00e4 ty\u00f6pajassa. Ty\u00f6pajan j\u00e4lkeen ideasta kehitettiin interaktiivinen prototyyppi idean testausta ja jatkokehityst\u00e4 varten. Weltti sis\u00e4lt\u00e4\u00e4 yhdess\u00e4 alustassa kaikki Lapin alueen 500+ paikallista hyvinvointialan palveluntuottajaa ja pk-yrityst\u00e4 ymp\u00e4ri Lappia edustaen monipuolisesti erilaisia hyvinvoinnin [&hellip;]\" \/>\n<meta property=\"og:url\" content=\"https:\/\/blogi.eoppimispalvelut.fi\/activearctic\/weltti-pilotti\/\" \/>\n<meta property=\"og:site_name\" content=\"Active Arctic\" \/>\n<meta property=\"article:modified_time\" content=\"2023-06-30T11:52:52+00:00\" \/>\n<meta name=\"twitter:card\" content=\"summary_large_image\" \/>\n<meta name=\"twitter:label1\" content=\"Est. reading time\" \/>\n\t<meta name=\"twitter:data1\" content=\"3 minutes\" \/>\n<script type=\"application\/ld+json\" class=\"yoast-schema-graph\">{\"@context\":\"https:\\\/\\\/schema.org\",\"@graph\":[{\"@type\":\"WebPage\",\"@id\":\"https:\\\/\\\/blogi.eoppimispalvelut.fi\\\/activearctic\\\/weltti-pilotti\\\/\",\"url\":\"https:\\\/\\\/blogi.eoppimispalvelut.fi\\\/activearctic\\\/weltti-pilotti\\\/\",\"name\":\"Weltti-pilotti - Active Arctic\",\"isPartOf\":{\"@id\":\"https:\\\/\\\/blogi.eoppimispalvelut.fi\\\/activearctic\\\/#website\"},\"datePublished\":\"2023-03-06T11:46:17+00:00\",\"dateModified\":\"2023-06-30T11:52:52+00:00\",\"breadcrumb\":{\"@id\":\"https:\\\/\\\/blogi.eoppimispalvelut.fi\\\/activearctic\\\/weltti-pilotti\\\/#breadcrumb\"},\"inLanguage\":\"fi\",\"potentialAction\":[{\"@type\":\"ReadAction\",\"target\":[\"https:\\\/\\\/blogi.eoppimispalvelut.fi\\\/activearctic\\\/weltti-pilotti\\\/\"]}]},{\"@type\":\"BreadcrumbList\",\"@id\":\"https:\\\/\\\/blogi.eoppimispalvelut.fi\\\/activearctic\\\/weltti-pilotti\\\/#breadcrumb\",\"itemListElement\":[{\"@type\":\"ListItem\",\"position\":1,\"name\":\"Home\",\"item\":\"https:\\\/\\\/blogi.eoppimispalvelut.fi\\\/activearctic\\\/\"},{\"@type\":\"ListItem\",\"position\":2,\"name\":\"Weltti-pilotti\"}]},{\"@type\":\"WebSite\",\"@id\":\"https:\\\/\\\/blogi.eoppimispalvelut.fi\\\/activearctic\\\/#website\",\"url\":\"https:\\\/\\\/blogi.eoppimispalvelut.fi\\\/activearctic\\\/\",\"name\":\"Active Arctic\",\"description\":\"Digitaaliset ymp\u00e4rist\u00f6t ja ratkaisut harvaan asuttujen alueiden hyvinvoinnin ja yritysten tukena \",\"potentialAction\":[{\"@type\":\"SearchAction\",\"target\":{\"@type\":\"EntryPoint\",\"urlTemplate\":\"https:\\\/\\\/blogi.eoppimispalvelut.fi\\\/activearctic\\\/?s={search_term_string}\"},\"query-input\":{\"@type\":\"PropertyValueSpecification\",\"valueRequired\":true,\"valueName\":\"search_term_string\"}}],\"inLanguage\":\"fi\"}]}<\/script>\n<!-- \/ Yoast SEO plugin. -->","yoast_head_json":{"title":"Weltti-pilotti - Active Arctic","robots":{"index":"index","follow":"follow","max-snippet":"max-snippet:-1","max-image-preview":"max-image-preview:large","max-video-preview":"max-video-preview:-1"},"canonical":"https:\/\/blogi.eoppimispalvelut.fi\/activearctic\/weltti-pilotti\/","og_locale":"fi_FI","og_type":"article","og_title":"Weltti-pilotti - Active Arctic","og_description":"Weltti Weltti - konsepti kehitettiin yhteiskehitt\u00e4m\u00e4ll\u00e4 hyvinvointialan asiantuntijoiden (hyvinvointialue, j\u00e4rjest\u00f6t), pk-yrityksien ja Lapin AMK:in ja Lapin yliopiston informaatioteknologian ja muotoilun asiantuntijoiden kanssa 11\/2022 pidetyss\u00e4 ty\u00f6pajassa. Ty\u00f6pajan j\u00e4lkeen ideasta kehitettiin interaktiivinen prototyyppi idean testausta ja jatkokehityst\u00e4 varten. Weltti sis\u00e4lt\u00e4\u00e4 yhdess\u00e4 alustassa kaikki Lapin alueen 500+ paikallista hyvinvointialan palveluntuottajaa ja pk-yrityst\u00e4 ymp\u00e4ri Lappia edustaen monipuolisesti erilaisia hyvinvoinnin [&hellip;]","og_url":"https:\/\/blogi.eoppimispalvelut.fi\/activearctic\/weltti-pilotti\/","og_site_name":"Active Arctic","article_modified_time":"2023-06-30T11:52:52+00:00","twitter_card":"summary_large_image","twitter_misc":{"Est. reading time":"3 minutes"},"schema":{"@context":"https:\/\/schema.org","@graph":[{"@type":"WebPage","@id":"https:\/\/blogi.eoppimispalvelut.fi\/activearctic\/weltti-pilotti\/","url":"https:\/\/blogi.eoppimispalvelut.fi\/activearctic\/weltti-pilotti\/","name":"Weltti-pilotti - Active Arctic","isPartOf":{"@id":"https:\/\/blogi.eoppimispalvelut.fi\/activearctic\/#website"},"datePublished":"2023-03-06T11:46:17+00:00","dateModified":"2023-06-30T11:52:52+00:00","breadcrumb":{"@id":"https:\/\/blogi.eoppimispalvelut.fi\/activearctic\/weltti-pilotti\/#breadcrumb"},"inLanguage":"fi","potentialAction":[{"@type":"ReadAction","target":["https:\/\/blogi.eoppimispalvelut.fi\/activearctic\/weltti-pilotti\/"]}]},{"@type":"BreadcrumbList","@id":"https:\/\/blogi.eoppimispalvelut.fi\/activearctic\/weltti-pilotti\/#breadcrumb","itemListElement":[{"@type":"ListItem","position":1,"name":"Home","item":"https:\/\/blogi.eoppimispalvelut.fi\/activearctic\/"},{"@type":"ListItem","position":2,"name":"Weltti-pilotti"}]},{"@type":"WebSite","@id":"https:\/\/blogi.eoppimispalvelut.fi\/activearctic\/#website","url":"https:\/\/blogi.eoppimispalvelut.fi\/activearctic\/","name":"Active Arctic","description":"Digitaaliset ymp\u00e4rist\u00f6t ja ratkaisut harvaan asuttujen alueiden hyvinvoinnin ja yritysten tukena ","potentialAction":[{"@type":"SearchAction","target":{"@type":"EntryPoint","urlTemplate":"https:\/\/blogi.eoppimispalvelut.fi\/activearctic\/?s={search_term_string}"},"query-input":{"@type":"PropertyValueSpecification","valueRequired":true,"valueName":"search_term_string"}}],"inLanguage":"fi"}]}},"_links":{"self":[{"href":"https:\/\/blogi.eoppimispalvelut.fi\/activearctic\/wp-json\/wp\/v2\/pages\/2316","targetHints":{"allow":["GET"]}}],"collection":[{"href":"https:\/\/blogi.eoppimispalvelut.fi\/activearctic\/wp-json\/wp\/v2\/pages"}],"about":[{"href":"https:\/\/blogi.eoppimispalvelut.fi\/activearctic\/wp-json\/wp\/v2\/types\/page"}],"author":[{"embeddable":true,"href":"https:\/\/blogi.eoppimispalvelut.fi\/activearctic\/wp-json\/wp\/v2\/users\/19914"}],"replies":[{"embeddable":true,"href":"https:\/\/blogi.eoppimispalvelut.fi\/activearctic\/wp-json\/wp\/v2\/comments?post=2316"}],"version-history":[{"count":21,"href":"https:\/\/blogi.eoppimispalvelut.fi\/activearctic\/wp-json\/wp\/v2\/pages\/2316\/revisions"}],"predecessor-version":[{"id":2560,"href":"https:\/\/blogi.eoppimispalvelut.fi\/activearctic\/wp-json\/wp\/v2\/pages\/2316\/revisions\/2560"}],"wp:attachment":[{"href":"https:\/\/blogi.eoppimispalvelut.fi\/activearctic\/wp-json\/wp\/v2\/media?parent=2316"}],"curies":[{"name":"wp","href":"https:\/\/api.w.org\/{rel}","templated":true}]}}