{"id":281,"date":"2022-02-11T09:30:33","date_gmt":"2022-02-11T07:30:33","guid":{"rendered":"https:\/\/blogi.eoppimispalvelut.fi\/activearctic\/?page_id=281"},"modified":"2023-05-24T10:25:38","modified_gmt":"2023-05-24T07:25:38","slug":"tapahtumat","status":"publish","type":"page","link":"https:\/\/blogi.eoppimispalvelut.fi\/activearctic\/tapahtumat\/","title":{"rendered":"Tapahtumat"},"content":{"rendered":"<p>[et_pb_section fb_built=&#8221;1&#8243; fullwidth=&#8221;on&#8221; admin_label=&#8221;Osio&#8221; _builder_version=&#8221;4.18.0&#8243; _module_preset=&#8221;default&#8221; global_colors_info=&#8221;{}&#8221;][et_pb_fullwidth_header title=&#8221;TAPAHTUMAT&#8221; admin_label=&#8221;Koko sivun levyinen otsikko&#8221; _builder_version=&#8221;4.18.0&#8243; _module_preset=&#8221;default&#8221; title_font=&#8221;Georgia||||||||&#8221; title_text_align=&#8221;center&#8221; title_text_color=&#8221;#FFFFFF&#8221; title_font_size=&#8221;42px&#8221; background_color=&#8221;RGBA(0,0,0,0)&#8221; background_image=&#8221;https:\/\/blogi.eoppimispalvelut.fi\/activearctic\/files\/2023\/01\/ant-rozetsky-H9m6mfeeakU-unsplash-web-scaled.jpg&#8221; background_size=&#8221;custom&#8221; background_image_width=&#8221;100%&#8221; background_position=&#8221;top_center&#8221; min_height=&#8221;215px&#8221; custom_padding=&#8221;70px||50px|||&#8221; title_text_shadow_style=&#8221;preset1&#8243; global_colors_info=&#8221;{}&#8221;][\/et_pb_fullwidth_header][\/et_pb_section][et_pb_section fb_built=&#8221;1&#8243; _builder_version=&#8221;4.17.4&#8243; _module_preset=&#8221;default&#8221; background_color=&#8221;RGBA(0,0,0,0)&#8221; background_enable_image=&#8221;off&#8221; parallax=&#8221;off&#8221; background_position=&#8221;center_right&#8221; min_height=&#8221;610.9px&#8221; custom_margin=&#8221;-1px|||||&#8221; global_colors_info=&#8221;{}&#8221;][et_pb_row column_structure=&#8221;1_2,1_2&#8243; _builder_version=&#8221;4.16&#8243; _module_preset=&#8221;default&#8221; custom_padding=&#8221;||42px|||&#8221; global_colors_info=&#8221;{}&#8221;][et_pb_column type=&#8221;1_2&#8243; _builder_version=&#8221;4.16&#8243; _module_preset=&#8221;default&#8221; global_colors_info=&#8221;{}&#8221;][et_pb_text _builder_version=&#8221;4.16&#8243; _module_preset=&#8221;default&#8221; header_text_color=&#8221;#000000&#8243; header_2_font_size=&#8221;29px&#8221; min_height=&#8221;29px&#8221; custom_margin=&#8221;||3px|0px|false|false&#8221; custom_padding=&#8221;||0px|||&#8221; border_width_top=&#8221;0px&#8221; border_width_bottom=&#8221;1px&#8221; global_colors_info=&#8221;{}&#8221;]<\/p>\n<h2 style=\"text-align: center\">TULEVAT TAPAHTUMAT<\/h2>\n<p>[\/et_pb_text][et_pb_image src=&#8221;https:\/\/blogi.eoppimispalvelut.fi\/activearctic\/files\/2023\/04\/MicrosoftTeams-image-2.jpg&#8221; title_text=&#8221;MicrosoftTeams-image (2)&#8221; _builder_version=&#8221;4.20.2&#8243; _module_preset=&#8221;default&#8221; locked=&#8221;off&#8221; global_colors_info=&#8221;{}&#8221;][\/et_pb_image][et_pb_text _builder_version=&#8221;4.20.4&#8243; _module_preset=&#8221;default&#8221; text_line_height=&#8221;1em&#8221; locked=&#8221;off&#8221; global_colors_info=&#8221;{}&#8221;]<\/p>\n<h4 style=\"text-align: center\"><strong>Lapin hyvinvointiteknologiamessut 2023<\/strong><\/h4>\n<p style=\"text-align: center\">Aika: 17.8.2023<strong><\/strong><\/p>\n<p style=\"text-align: center\">Klo: 10-17.00<\/p>\n<p style=\"text-align: center\">Paikka: Tiedekeskus Pilke<\/p>\n<p><strong><\/strong><\/p>\n<p>[\/et_pb_text][et_pb_button button_url=&#8221;https:\/\/blogi.eoppimispalvelut.fi\/activearctic\/lapin-hyvinvointiteknologiamessut-2023\/&#8221; button_text=&#8221;Lapin hyvinvointiteknologiamessut 2023&#8243; button_alignment=&#8221;center&#8221; _builder_version=&#8221;4.20.2&#8243; _module_preset=&#8221;default&#8221; custom_button=&#8221;on&#8221; button_text_size=&#8221;15px&#8221; button_text_color=&#8221;#0f9fff&#8221; locked=&#8221;off&#8221; global_colors_info=&#8221;{}&#8221;][\/et_pb_button][\/et_pb_column][et_pb_column type=&#8221;1_2&#8243; _builder_version=&#8221;4.16&#8243; _module_preset=&#8221;default&#8221; global_colors_info=&#8221;{}&#8221;][et_pb_text _builder_version=&#8221;4.16&#8243; _module_preset=&#8221;default&#8221; header_2_font_size=&#8221;29px&#8221; min_height=&#8221;7px&#8221; custom_margin=&#8221;||28px|||&#8221; border_width_bottom=&#8221;1px&#8221; global_colors_info=&#8221;{}&#8221;]<\/p>\n<h2 style=\"text-align: center\">MENNEET TAPAHTUMAT<\/h2>\n<p>[\/et_pb_text][et_pb_text _builder_version=&#8221;4.20.4&#8243; _module_preset=&#8221;default&#8221; text_line_height=&#8221;1em&#8221; hover_enabled=&#8221;0&#8243; global_colors_info=&#8221;{}&#8221; link_option_url_new_window=&#8221;on&#8221; link_option_url=&#8221;https:\/\/blogi.eoppimispalvelut.fi\/activearctic\/ennakoinnilla-ja-digitaalisilla-ratkaisuilla-hyvinvointia-webinaarisarja\/&#8221; sticky_enabled=&#8221;0&#8243; locked=&#8221;off&#8221;]<\/p>\n<h4 style=\"text-align: center\"><strong>Ennakoinnilla ja digitaalisilla ratkaisuilla hyvinvointia &#8211; webinaarisarja<\/strong><\/h4>\n<p style=\"text-align: center\">Paikka: Teams<\/p>\n<p><strong><\/strong><\/p>\n<p>[\/et_pb_text][et_pb_text _builder_version=&#8221;4.18.0&#8243; _module_preset=&#8221;default&#8221; text_line_height=&#8221;1em&#8221; link_option_url=&#8221;https:\/\/blogi.eoppimispalvelut.fi\/activearctic\/tapahtumat\/hyvinvointiteknologiamessut-2022\/&#8221; locked=&#8221;off&#8221; global_colors_info=&#8221;{}&#8221;]<\/p>\n<h4 style=\"text-align: center\"><strong>Hyvinvointiteknologiamessut 2022<\/strong><\/h4>\n<p style=\"text-align: center\">Aika: 17.11.2022<strong><\/strong><strong><\/strong><\/p>\n<p style=\"text-align: center\">Paikka: Arktikum Science Centre<\/p>\n<p><strong><\/strong><\/p>\n<p>[\/et_pb_text][et_pb_text _builder_version=&#8221;4.18.0&#8243; _module_preset=&#8221;default&#8221; text_line_height=&#8221;1em&#8221; link_option_url=&#8221;https:\/\/blogi.eoppimispalvelut.fi\/activearctic\/https-blogi-eoppimispalvelut-fi-activearctic-page_id1554\/&#8221; locked=&#8221;off&#8221; global_colors_info=&#8221;{}&#8221;]<\/p>\n<h4 style=\"text-align: center\"><strong>Digitaaliset ratkaisut osana Lapin tulevaisuuden hyvinvointipalveluita- yhteiskehitt\u00e4misen ty\u00f6paja<\/strong><\/h4>\n<p style=\"text-align: center\">Aika: 9.11.2022<\/p>\n<p style=\"text-align: center\">Paikka: Sinco (Lapin yliopisto), Teams<\/p>\n<p>[\/et_pb_text][et_pb_text _builder_version=&#8221;4.18.0&#8243; _module_preset=&#8221;default&#8221; text_line_height=&#8221;1em&#8221; link_option_url=&#8221;https:\/\/blogi.eoppimispalvelut.fi\/activearctic\/rohkihyva2022\/&#8221; locked=&#8221;off&#8221; global_colors_info=&#8221;{}&#8221;]<\/p>\n<h4 style=\"text-align: center\"><a href=\"https:\/\/blogi.eoppimispalvelut.fi\/activearctic\/rohkihyva2022\/\"><strong>Rohkihyv\u00e4 2022<\/strong><\/a><\/h4>\n<p style=\"text-align: center\">Aika: 11.10.2022 klo 11-15.30<\/p>\n<p style=\"text-align: center\">Paikka: Lapin AMK, Rovaniemen kampus<\/p>\n<p>[\/et_pb_text][et_pb_text _builder_version=&#8221;4.16&#8243; _module_preset=&#8221;default&#8221; header_3_font_size=&#8221;16px&#8221; header_6_font_size=&#8221;16px&#8221; locked=&#8221;off&#8221; global_colors_info=&#8221;{}&#8221;]<\/p>\n<h3 style=\"text-align: center\"><a href=\"https:\/\/blogi.eoppimispalvelut.fi\/activearctic\/tapahtumat\/start-up-your-life-6-9-2022\/\"><b>Start up your life <\/b><\/a><br \/><a href=\"https:\/\/blogi.eoppimispalvelut.fi\/activearctic\/tapahtumat\/start-up-your-life-6-9-2022\/\"><b>-webinaari<\/b><\/a><\/h3>\n<p style=\"text-align: center\">Aika: 6.9.2022 klo 13-14:30<br \/>Paikka: Teams<\/p>\n<p>[\/et_pb_text][et_pb_text _builder_version=&#8221;4.18.0&#8243; _module_preset=&#8221;default&#8221; link_option_url=&#8221;https:\/\/blogi.eoppimispalvelut.fi\/activearctic\/tapahtumat\/ikaantyvan-hyva-digiarki-tilaisuus-ikaihmisille\/&#8221; locked=&#8221;off&#8221; global_colors_info=&#8221;{}&#8221;]<\/p>\n<h5 style=\"text-align: center\"><strong>Ik\u00e4\u00e4ntyv\u00e4n hyv\u00e4 digiarki -tilaisuus ik\u00e4ihmisille<\/strong><\/h5>\n<p>[\/et_pb_text][et_pb_text _builder_version=&#8221;4.18.0&#8243; _module_preset=&#8221;default&#8221; text_line_height=&#8221;1em&#8221; locked=&#8221;off&#8221; global_colors_info=&#8221;{}&#8221;]<\/p>\n<p style=\"text-align: center\">Aika: 26.8.2022 klo 11 &#8211; 15:30<\/p>\n<p style=\"text-align: center\">Paikka: Majakka ry, 2. kerros, Pohjoisrantakatu 14, 94100 Kemi<\/p>\n<p>[\/et_pb_text][et_pb_text _builder_version=&#8221;4.18.0&#8243; _module_preset=&#8221;default&#8221; header_3_font_size=&#8221;16px&#8221; header_6_font_size=&#8221;16px&#8221; link_option_url=&#8221;https:\/\/blogi.eoppimispalvelut.fi\/activearctic\/tapahtumat\/hyvinvoiva-digitaalinen-lappi-17-5-2022\/&#8221; global_colors_info=&#8221;{}&#8221;]<\/p>\n<h3 style=\"text-align: center\"><strong>Hyvinvoiva digitaalinen Lappi<\/strong><br \/><strong>-pelillinen ty\u00f6paja<\/strong><\/h3>\n<p style=\"text-align: center\">Aika: 17.5.2022 klo 13\u201316<br \/>Paikka: Teams<\/p>\n<p>[\/et_pb_text][et_pb_text _builder_version=&#8221;4.16&#8243; _module_preset=&#8221;default&#8221; text_font=&#8221;||||||||&#8221; text_text_color=&#8221;#000000&#8243; header_font_size=&#8221;12px&#8221; header_3_font_size=&#8221;16px&#8221; header_6_font_size=&#8221;16px&#8221; background_color=&#8221;RGBA(0,0,0,0)&#8221; min_height=&#8221;61.6px&#8221; custom_margin=&#8221;-3px||2px||false|false&#8221; custom_padding=&#8221;3px||6px||false|false&#8221; border_radii=&#8221;on|3px|3px|3px|3px&#8221; global_colors_info=&#8221;{}&#8221;]<\/p>\n<h3 style=\"text-align: center\"><a href=\"https:\/\/blogi.eoppimispalvelut.fi\/activearctic\/tapahtumat\/hyvinvoiva-digitaalinen-lappi-29-3-2022\/\"><strong>Hyvinvoiva digitaalinen Lappi<\/strong><\/a><br \/><a href=\"https:\/\/blogi.eoppimispalvelut.fi\/activearctic\/tapahtumat\/hyvinvoiva-digitaalinen-lappi-29-3-2022\/\"><strong>-ty\u00f6paja<\/strong><\/a><\/h3>\n<p style=\"text-align: center\">Aika: 29.3.2022 klo 13\u201315<br \/>Paikka: Teams<\/p>\n<p>[\/et_pb_text][\/et_pb_column][\/et_pb_row][\/et_pb_section]<\/p>\n","protected":false},"excerpt":{"rendered":"<p>TULEVAT TAPAHTUMATLapin hyvinvointiteknologiamessut 2023 Aika: 17.8.2023 Klo: 10-17.00 Paikka: Tiedekeskus Pilke MENNEET TAPAHTUMATEnnakoinnilla ja digitaalisilla ratkaisuilla hyvinvointia &#8211; webinaarisarja Paikka: Teams Hyvinvointiteknologiamessut 2022 Aika: 17.11.2022 Paikka: Arktikum Science Centre Digitaaliset ratkaisut osana Lapin tulevaisuuden hyvinvointipalveluita- yhteiskehitt\u00e4misen ty\u00f6paja Aika: 9.11.2022 Paikka: Sinco (Lapin yliopisto), TeamsRohkihyv\u00e4 2022 Aika: 11.10.2022 klo 11-15.30 Paikka: Lapin AMK, Rovaniemen kampusStart up [&hellip;]<\/p>\n","protected":false},"author":9227,"featured_media":0,"parent":0,"menu_order":0,"comment_status":"closed","ping_status":"closed","template":"","meta":{"_et_pb_use_builder":"on","_et_pb_old_content":"","_et_gb_content_width":"","footnotes":""},"class_list":["post-281","page","type-page","status-publish","hentry"],"yoast_head":"<!-- This site is optimized with the Yoast SEO plugin v27.4 - https:\/\/yoast.com\/product\/yoast-seo-wordpress\/ -->\n<title>Tapahtumat - Active Arctic<\/title>\n<meta name=\"description\" content=\"T\u00e4lt\u00e4 sivulta l\u00f6yd\u00e4t kaikki Lapin AMKin ja Lapin yliopiston yhteisen Active Arctic -hankkeen j\u00e4rjest\u00e4m\u00e4t tapahtumat.\" \/>\n<meta name=\"robots\" content=\"index, follow, max-snippet:-1, max-image-preview:large, max-video-preview:-1\" \/>\n<link rel=\"canonical\" href=\"https:\/\/blogi.eoppimispalvelut.fi\/activearctic\/tapahtumat\/\" \/>\n<meta property=\"og:locale\" content=\"fi_FI\" \/>\n<meta property=\"og:type\" content=\"article\" \/>\n<meta property=\"og:title\" content=\"Tapahtumat - Active Arctic\" \/>\n<meta property=\"og:description\" content=\"T\u00e4lt\u00e4 sivulta l\u00f6yd\u00e4t kaikki Lapin AMKin ja Lapin yliopiston yhteisen Active Arctic -hankkeen j\u00e4rjest\u00e4m\u00e4t tapahtumat.\" \/>\n<meta property=\"og:url\" content=\"https:\/\/blogi.eoppimispalvelut.fi\/activearctic\/tapahtumat\/\" \/>\n<meta property=\"og:site_name\" content=\"Active Arctic\" \/>\n<meta property=\"article:modified_time\" content=\"2023-05-24T07:25:38+00:00\" \/>\n<meta name=\"twitter:card\" content=\"summary_large_image\" \/>\n<meta name=\"twitter:label1\" content=\"Est. reading time\" \/>\n\t<meta name=\"twitter:data1\" content=\"2 minutes\" \/>\n<script type=\"application\/ld+json\" class=\"yoast-schema-graph\">{\"@context\":\"https:\\\/\\\/schema.org\",\"@graph\":[{\"@type\":\"WebPage\",\"@id\":\"https:\\\/\\\/blogi.eoppimispalvelut.fi\\\/activearctic\\\/tapahtumat\\\/\",\"url\":\"https:\\\/\\\/blogi.eoppimispalvelut.fi\\\/activearctic\\\/tapahtumat\\\/\",\"name\":\"Tapahtumat - Active Arctic\",\"isPartOf\":{\"@id\":\"https:\\\/\\\/blogi.eoppimispalvelut.fi\\\/activearctic\\\/#website\"},\"datePublished\":\"2022-02-11T07:30:33+00:00\",\"dateModified\":\"2023-05-24T07:25:38+00:00\",\"description\":\"T\u00e4lt\u00e4 sivulta l\u00f6yd\u00e4t kaikki Lapin AMKin ja Lapin yliopiston yhteisen Active Arctic -hankkeen j\u00e4rjest\u00e4m\u00e4t tapahtumat.\",\"breadcrumb\":{\"@id\":\"https:\\\/\\\/blogi.eoppimispalvelut.fi\\\/activearctic\\\/tapahtumat\\\/#breadcrumb\"},\"inLanguage\":\"fi\",\"potentialAction\":[{\"@type\":\"ReadAction\",\"target\":[\"https:\\\/\\\/blogi.eoppimispalvelut.fi\\\/activearctic\\\/tapahtumat\\\/\"]}]},{\"@type\":\"BreadcrumbList\",\"@id\":\"https:\\\/\\\/blogi.eoppimispalvelut.fi\\\/activearctic\\\/tapahtumat\\\/#breadcrumb\",\"itemListElement\":[{\"@type\":\"ListItem\",\"position\":1,\"name\":\"Home\",\"item\":\"https:\\\/\\\/blogi.eoppimispalvelut.fi\\\/activearctic\\\/\"},{\"@type\":\"ListItem\",\"position\":2,\"name\":\"Tapahtumat\"}]},{\"@type\":\"WebSite\",\"@id\":\"https:\\\/\\\/blogi.eoppimispalvelut.fi\\\/activearctic\\\/#website\",\"url\":\"https:\\\/\\\/blogi.eoppimispalvelut.fi\\\/activearctic\\\/\",\"name\":\"Active Arctic\",\"description\":\"Digitaaliset ymp\u00e4rist\u00f6t ja ratkaisut harvaan asuttujen alueiden hyvinvoinnin ja yritysten tukena \",\"potentialAction\":[{\"@type\":\"SearchAction\",\"target\":{\"@type\":\"EntryPoint\",\"urlTemplate\":\"https:\\\/\\\/blogi.eoppimispalvelut.fi\\\/activearctic\\\/?s={search_term_string}\"},\"query-input\":{\"@type\":\"PropertyValueSpecification\",\"valueRequired\":true,\"valueName\":\"search_term_string\"}}],\"inLanguage\":\"fi\"}]}<\/script>\n<!-- \/ Yoast SEO plugin. -->","yoast_head_json":{"title":"Tapahtumat - Active Arctic","description":"T\u00e4lt\u00e4 sivulta l\u00f6yd\u00e4t kaikki Lapin AMKin ja Lapin yliopiston yhteisen Active Arctic -hankkeen j\u00e4rjest\u00e4m\u00e4t tapahtumat.","robots":{"index":"index","follow":"follow","max-snippet":"max-snippet:-1","max-image-preview":"max-image-preview:large","max-video-preview":"max-video-preview:-1"},"canonical":"https:\/\/blogi.eoppimispalvelut.fi\/activearctic\/tapahtumat\/","og_locale":"fi_FI","og_type":"article","og_title":"Tapahtumat - Active Arctic","og_description":"T\u00e4lt\u00e4 sivulta l\u00f6yd\u00e4t kaikki Lapin AMKin ja Lapin yliopiston yhteisen Active Arctic -hankkeen j\u00e4rjest\u00e4m\u00e4t tapahtumat.","og_url":"https:\/\/blogi.eoppimispalvelut.fi\/activearctic\/tapahtumat\/","og_site_name":"Active Arctic","article_modified_time":"2023-05-24T07:25:38+00:00","twitter_card":"summary_large_image","twitter_misc":{"Est. reading time":"2 minutes"},"schema":{"@context":"https:\/\/schema.org","@graph":[{"@type":"WebPage","@id":"https:\/\/blogi.eoppimispalvelut.fi\/activearctic\/tapahtumat\/","url":"https:\/\/blogi.eoppimispalvelut.fi\/activearctic\/tapahtumat\/","name":"Tapahtumat - Active Arctic","isPartOf":{"@id":"https:\/\/blogi.eoppimispalvelut.fi\/activearctic\/#website"},"datePublished":"2022-02-11T07:30:33+00:00","dateModified":"2023-05-24T07:25:38+00:00","description":"T\u00e4lt\u00e4 sivulta l\u00f6yd\u00e4t kaikki Lapin AMKin ja Lapin yliopiston yhteisen Active Arctic -hankkeen j\u00e4rjest\u00e4m\u00e4t tapahtumat.","breadcrumb":{"@id":"https:\/\/blogi.eoppimispalvelut.fi\/activearctic\/tapahtumat\/#breadcrumb"},"inLanguage":"fi","potentialAction":[{"@type":"ReadAction","target":["https:\/\/blogi.eoppimispalvelut.fi\/activearctic\/tapahtumat\/"]}]},{"@type":"BreadcrumbList","@id":"https:\/\/blogi.eoppimispalvelut.fi\/activearctic\/tapahtumat\/#breadcrumb","itemListElement":[{"@type":"ListItem","position":1,"name":"Home","item":"https:\/\/blogi.eoppimispalvelut.fi\/activearctic\/"},{"@type":"ListItem","position":2,"name":"Tapahtumat"}]},{"@type":"WebSite","@id":"https:\/\/blogi.eoppimispalvelut.fi\/activearctic\/#website","url":"https:\/\/blogi.eoppimispalvelut.fi\/activearctic\/","name":"Active Arctic","description":"Digitaaliset ymp\u00e4rist\u00f6t ja ratkaisut harvaan asuttujen alueiden hyvinvoinnin ja yritysten tukena ","potentialAction":[{"@type":"SearchAction","target":{"@type":"EntryPoint","urlTemplate":"https:\/\/blogi.eoppimispalvelut.fi\/activearctic\/?s={search_term_string}"},"query-input":{"@type":"PropertyValueSpecification","valueRequired":true,"valueName":"search_term_string"}}],"inLanguage":"fi"}]}},"_links":{"self":[{"href":"https:\/\/blogi.eoppimispalvelut.fi\/activearctic\/wp-json\/wp\/v2\/pages\/281","targetHints":{"allow":["GET"]}}],"collection":[{"href":"https:\/\/blogi.eoppimispalvelut.fi\/activearctic\/wp-json\/wp\/v2\/pages"}],"about":[{"href":"https:\/\/blogi.eoppimispalvelut.fi\/activearctic\/wp-json\/wp\/v2\/types\/page"}],"author":[{"embeddable":true,"href":"https:\/\/blogi.eoppimispalvelut.fi\/activearctic\/wp-json\/wp\/v2\/users\/9227"}],"replies":[{"embeddable":true,"href":"https:\/\/blogi.eoppimispalvelut.fi\/activearctic\/wp-json\/wp\/v2\/comments?post=281"}],"version-history":[{"count":103,"href":"https:\/\/blogi.eoppimispalvelut.fi\/activearctic\/wp-json\/wp\/v2\/pages\/281\/revisions"}],"predecessor-version":[{"id":2486,"href":"https:\/\/blogi.eoppimispalvelut.fi\/activearctic\/wp-json\/wp\/v2\/pages\/281\/revisions\/2486"}],"wp:attachment":[{"href":"https:\/\/blogi.eoppimispalvelut.fi\/activearctic\/wp-json\/wp\/v2\/media?parent=281"}],"curies":[{"name":"wp","href":"https:\/\/api.w.org\/{rel}","templated":true}]}}