{"id":988,"date":"2022-05-06T10:25:49","date_gmt":"2022-05-06T07:25:49","guid":{"rendered":"https:\/\/blogi.eoppimispalvelut.fi\/activearctic\/?page_id=988"},"modified":"2022-09-06T09:08:23","modified_gmt":"2022-09-06T06:08:23","slug":"start-up-your-life-6-9-2022","status":"publish","type":"page","link":"https:\/\/blogi.eoppimispalvelut.fi\/activearctic\/tapahtumat\/start-up-your-life-6-9-2022\/","title":{"rendered":"Start up your life 6.9.2022"},"content":{"rendered":"<p>[et_pb_section fb_built=&#8221;1&#8243; _builder_version=&#8221;4.17.4&#8243; _module_preset=&#8221;default&#8221; background_enable_image=&#8221;off&#8221; custom_padding=&#8221;||0px|||&#8221; global_colors_info=&#8221;{}&#8221;][et_pb_row column_structure=&#8221;1_2,1_2&#8243; _builder_version=&#8221;4.16&#8243; _module_preset=&#8221;default&#8221; global_colors_info=&#8221;{}&#8221;][et_pb_column type=&#8221;1_2&#8243; _builder_version=&#8221;4.16&#8243; _module_preset=&#8221;default&#8221; global_colors_info=&#8221;{}&#8221;][et_pb_text _builder_version=&#8221;4.17.4&#8243; _module_preset=&#8221;default&#8221; header_font=&#8221;Georgia|800|||||||&#8221; header_text_align=&#8221;left&#8221; header_text_color=&#8221;#72bf44&#8243; header_font_size=&#8221;40px&#8221; header_2_font_size=&#8221;25px&#8221; global_colors_info=&#8221;{}&#8221;]<\/p>\n<h1>Start up your life<\/h1>\n<h2>-webinaari<\/h2>\n<p>&nbsp;<\/p>\n<p><strong>Aika: <\/strong>6.9.2022 klo 13-14:30<br \/><strong>Paikka: <\/strong><a href=\"https:\/\/teams.microsoft.com\/dl\/launcher\/launcher.html?url=%2F_%23%2Fl%2Fmeetup-join%2F19%3Ameeting_ZmYzOGNjMzEtMDY5ZS00OTA2LTkzZDctMTVmNTFlODI4YmNl%40thread.v2%2F0%3Fcontext%3D%257B%2522Tid%2522%253a%25224c60a66f-0a8d-446e-9ac0-836a00d84542%2522%252c%2522Oid%2522%253a%2522735171d3-46ac-402d-96fc-f88347114ba3%2522%257D%26anon%3Dtrue&amp;type=meetup-join&amp;deeplinkId=4da85fbd-8e7b-4e41-99ff-7c6c44d2ac3d&amp;directDl=true&amp;msLaunch=true&amp;enableMobilePage=true&amp;suppressPrompt=true\" target=\"_blank\" rel=\"noopener\">Teams-linkki webinaariin<\/a><\/p>\n<p>[\/et_pb_text][\/et_pb_column][et_pb_column type=&#8221;1_2&#8243; _builder_version=&#8221;4.16&#8243; _module_preset=&#8221;default&#8221; global_colors_info=&#8221;{}&#8221;][et_pb_image src=&#8221;https:\/\/blogi.eoppimispalvelut.fi\/activearctic\/files\/2022\/05\/startup-g6deaffaa3_1920.png&#8221; title_text=&#8221;startup-g6deaffaa3_1920&#8243; _builder_version=&#8221;4.17.4&#8243; _module_preset=&#8221;default&#8221; background_enable_image=&#8221;off&#8221; animation_style=&#8221;slide&#8221; global_colors_info=&#8221;{}&#8221;][\/et_pb_image][\/et_pb_column][\/et_pb_row][\/et_pb_section][et_pb_section fb_built=&#8221;1&#8243; _builder_version=&#8221;4.17.4&#8243; _module_preset=&#8221;default&#8221; background_enable_image=&#8221;off&#8221; custom_padding=&#8221;0px|||||&#8221; global_colors_info=&#8221;{}&#8221;][et_pb_row _builder_version=&#8221;4.16&#8243; _module_preset=&#8221;default&#8221; global_colors_info=&#8221;{}&#8221;][et_pb_column type=&#8221;4_4&#8243; _builder_version=&#8221;4.16&#8243; _module_preset=&#8221;default&#8221; global_colors_info=&#8221;{}&#8221;][et_pb_text _builder_version=&#8221;4.17.4&#8243; _module_preset=&#8221;default&#8221; text_text_color=&#8221;#000000&#8243; header_3_text_color=&#8221;#72bf44&#8243; header_3_font_size=&#8221;19px&#8221; header_4_text_color=&#8221;#72bf44&#8243; header_5_text_color=&#8221;#72bf44&#8243; header_6_font=&#8221;Arial|||on|||||&#8221; header_6_text_color=&#8221;#72bf44&#8243; header_6_font_size=&#8221;16px&#8221; global_colors_info=&#8221;{}&#8221;]<\/p>\n<p class=\"_04xlpA direction-ltr align-start para-style-body\"><span class=\"JsGRdQ\">Oletko kiinnostunut yritt\u00e4jyydest\u00e4? Onko sinulla idea, joka kaipaa tukea kehitty\u00e4kseen menestyv\u00e4ksi liiketoiminnaksi?<\/span><\/p>\n<p class=\"_04xlpA direction-ltr align-start para-style-body\"><span class=\"JsGRdQ\">Tule kuulemaan, mit\u00e4 on startup-yritt\u00e4jyys ja mit\u00e4 mahdollisuuksia hyvinvointiala tarjoaa Lapissa uuteen liiketoimintaan. <\/span><span class=\"JsGRdQ\">Puheenvuoroissa mm. <\/span><a class=\"JsGRdQ\" href=\"http:\/\/www.sportapost.com\/\" target=\"_blank\" rel=\"noopener\">Sportapostin<\/a><span class=\"JsGRdQ\"><strong> Mikael Kojo<\/strong> kertoo, miten rakensi tyhj\u00e4st\u00e4 kansainv\u00e4lisesti toimivan yrityksen.<\/span><\/p>\n<p>&nbsp;<\/p>\n<h3 class=\"_04xlpA direction-ltr align-start para-style-body\"><span class=\"JsGRdQ\">Ohjelma:<\/span><\/h3>\n<p class=\"_04xlpA direction-ltr align-start para-style-body\"><span class=\"JsGRdQ\">13.00- 13.05\u00a0 \u00a0 Tervetuloa tilaisuuteen<\/span><\/p>\n<p class=\"_04xlpA direction-ltr align-start para-style-body\"><span class=\"JsGRdQ\">13.05-13.15\u00a0 \u00a0 \u00a0Startup-yritt\u00e4jyys<\/span><span class=\"JsGRdQ\">, Paula Kassinen, Lapin korkeakoulukonserni<\/span><\/p>\n<p class=\"_04xlpA direction-ltr align-start para-style-body\"><span class=\"JsGRdQ\">1<\/span><span class=\"JsGRdQ\">3.15- 13.35\u00a0 \u00a0<\/span> <span class=\"JsGRdQ\">Rahoitusmahdollisuudet, <\/span><span class=\"JsGRdQ\">Matti Impi\u00f6,<\/span> <span class=\"JsGRdQ\">Business Rovaniemi<\/span><\/p>\n<p class=\"_04xlpA direction-ltr align-start para-style-body\"><span class=\"JsGRdQ\">1<\/span><span class=\"JsGRdQ\">3.35-13.55\u00a0 \u00a0\u00a0<\/span> <span class=\"JsGRdQ\">Sportapostin tarina<\/span><span class=\"JsGRdQ\">, Mikael Kojo, Sportapost<\/span><\/p>\n<p class=\"_04xlpA direction-ltr align-start para-style-body\"><span class=\"JsGRdQ\">13.55- 14.05\u00a0 \u00a0 Hyvinvointialan tarpeet ja mahdollisuudet<\/span><span class=\"JsGRdQ\">, Tuuli Tikkanen, Lapin AMK<\/span><\/p>\n<p class=\"_04xlpA direction-ltr align-start para-style-body\"><span class=\"JsGRdQ\">Aikaa kysymyksille ja keskustelulle<\/span><\/p>\n<p>&nbsp;<\/p>\n<p><strong><a href=\"https:\/\/link.webropol.com\/s\/start-up-your-life-webinaari\" target=\"_blank\" rel=\"noopener\">Ilmoittaudu t\u00e4st\u00e4 4.9.2022 menness\u00e4!<\/a><\/strong><\/p>\n<p>&nbsp;<\/p>\n<p class=\"_04xlpA direction-ltr align-start para-style-body\"><span class=\"JsGRdQ\">Start up your life -webinaarin j\u00e4rjest\u00e4\u00e4 <\/span><a class=\"JsGRdQ\" href=\"https:\/\/blogi.eoppimispalvelut.fi\/activearctic\/\" target=\"_blank\" rel=\"noopener\">Active Arctic -hanke<\/a><span class=\"JsGRdQ\">. Webinaari tallennetaan ja julkaistaan hankkeen sivulla. Hanketta rahoittaa Lapin Liitto Euroopan aluekehitysrahastosta (EAKR).<\/span><\/p>\n<p>&nbsp;<\/p>\n<h4 class=\"_04xlpA direction-ltr align-start para-style-body\"><span class=\"JsGRdQ\">Lis\u00e4tietoja:<\/span><\/h4>\n<p class=\"_04xlpA direction-ltr align-start para-style-body\"><span class=\"JsGRdQ\">Tuuli Tikkanen (tuuli.tikkanen@lapinamk.fi)<br \/>Ella Bj\u00f6rn (ella.bjorn@ulapland.fi)<\/span><\/p>\n<p>[\/et_pb_text][\/et_pb_column][\/et_pb_row][\/et_pb_section][et_pb_section fb_built=&#8221;1&#8243; _builder_version=&#8221;4.17.4&#8243; _module_preset=&#8221;default&#8221; background_enable_image=&#8221;off&#8221; custom_padding=&#8221;0px|||||&#8221; global_colors_info=&#8221;{}&#8221;][et_pb_row column_structure=&#8221;1_4,1_4,1_4,1_4&#8243; _builder_version=&#8221;4.16&#8243; _module_preset=&#8221;default&#8221; global_colors_info=&#8221;{}&#8221;][et_pb_column type=&#8221;1_4&#8243; _builder_version=&#8221;4.16&#8243; _module_preset=&#8221;default&#8221; global_colors_info=&#8221;{}&#8221;][et_pb_image src=&#8221;https:\/\/blogi.eoppimispalvelut.fi\/activearctic\/files\/2022\/02\/Lapin-liitto-tausta.jpg&#8221; title_text=&#8221;Lapin liitto&#8221; _builder_version=&#8221;4.16&#8243; _module_preset=&#8221;default&#8221; custom_margin=&#8221;12px|||||&#8221; global_colors_info=&#8221;{}&#8221;][\/et_pb_image][\/et_pb_column][et_pb_column type=&#8221;1_4&#8243; _builder_version=&#8221;4.16&#8243; _module_preset=&#8221;default&#8221; global_colors_info=&#8221;{}&#8221;][et_pb_image src=&#8221;https:\/\/blogi.eoppimispalvelut.fi\/activearctic\/files\/2022\/02\/Lapin-AMK-logo.jpg&#8221; title_text=&#8221;Lapin AMK&#8221; _builder_version=&#8221;4.16&#8243; _module_preset=&#8221;default&#8221; custom_margin=&#8221;7px|||||&#8221; global_colors_info=&#8221;{}&#8221;][\/et_pb_image][\/et_pb_column][et_pb_column type=&#8221;1_4&#8243; _builder_version=&#8221;4.16&#8243; _module_preset=&#8221;default&#8221; global_colors_info=&#8221;{}&#8221;][et_pb_image src=&#8221;https:\/\/blogi.eoppimispalvelut.fi\/activearctic\/files\/2022\/02\/Ulapland_RGB_vaaka.png&#8221; title_text=&#8221;Lapin yliopisto&#8221; _builder_version=&#8221;4.17.4&#8243; _module_preset=&#8221;default&#8221; background_enable_image=&#8221;off&#8221; custom_margin=&#8221;19px|||||&#8221; global_colors_info=&#8221;{}&#8221;][\/et_pb_image][\/et_pb_column][et_pb_column type=&#8221;1_4&#8243; _builder_version=&#8221;4.16&#8243; _module_preset=&#8221;default&#8221; global_colors_info=&#8221;{}&#8221;][et_pb_image src=&#8221;https:\/\/blogi.eoppimispalvelut.fi\/activearctic\/files\/2021\/09\/Vipuvoimaa_Eulta_2014-2020_ja_EAKR.png&#8221; alt=&#8221;Vipuvoimaa EU:lta 2014-2020 ja Euroopan unioni, Euroopan aluekehitysrahasto -tunnukset&#8221; title_text=&#8221;Vipuvoimaa EU:lta 2014-2020 ja Euroopan unioni, Euroopan aluekehitysrahasto -tunnukset&#8221; _builder_version=&#8221;4.17.4&#8243; _module_preset=&#8221;default&#8221; background_enable_image=&#8221;off&#8221; global_colors_info=&#8221;{}&#8221;][\/et_pb_image][\/et_pb_column][\/et_pb_row][\/et_pb_section]<\/p>\n","protected":false},"excerpt":{"rendered":"<p>Start up your life -webinaari &nbsp; Aika: 6.9.2022 klo 13-14:30Paikka: Teams-linkki webinaariinOletko kiinnostunut yritt\u00e4jyydest\u00e4? Onko sinulla idea, joka kaipaa tukea kehitty\u00e4kseen menestyv\u00e4ksi liiketoiminnaksi? Tule kuulemaan, mit\u00e4 on startup-yritt\u00e4jyys ja mit\u00e4 mahdollisuuksia hyvinvointiala tarjoaa Lapissa uuteen liiketoimintaan. Puheenvuoroissa mm. Sportapostin Mikael Kojo kertoo, miten rakensi tyhj\u00e4st\u00e4 kansainv\u00e4lisesti toimivan yrityksen. &nbsp; Ohjelma: 13.00- 13.05\u00a0 \u00a0 Tervetuloa tilaisuuteen [&hellip;]<\/p>\n","protected":false},"author":9227,"featured_media":0,"parent":281,"menu_order":0,"comment_status":"closed","ping_status":"closed","template":"","meta":{"_et_pb_use_builder":"on","_et_pb_old_content":"","_et_gb_content_width":"","footnotes":""},"class_list":["post-988","page","type-page","status-publish","hentry"],"yoast_head":"<!-- This site is optimized with the Yoast SEO plugin v27.4 - https:\/\/yoast.com\/product\/yoast-seo-wordpress\/ -->\n<title>Start up your life 6.9.2022 - Active Arctic<\/title>\n<meta name=\"description\" content=\"Tervetuloa Active Arctic -hankkeen j\u00e4rjest\u00e4m\u00e4\u00e4n start-up yritt\u00e4jyytt\u00e4 k\u00e4sittelev\u00e4\u00e4n Start up your life -webinaariin 6.9.2022!\" \/>\n<meta name=\"robots\" content=\"index, follow, max-snippet:-1, max-image-preview:large, max-video-preview:-1\" \/>\n<link rel=\"canonical\" href=\"https:\/\/blogi.eoppimispalvelut.fi\/activearctic\/tapahtumat\/start-up-your-life-6-9-2022\/\" \/>\n<meta property=\"og:locale\" content=\"fi_FI\" \/>\n<meta property=\"og:type\" content=\"article\" \/>\n<meta property=\"og:title\" content=\"Start up your life 6.9.2022 - Active Arctic\" \/>\n<meta property=\"og:description\" content=\"Tervetuloa Active Arctic -hankkeen j\u00e4rjest\u00e4m\u00e4\u00e4n start-up yritt\u00e4jyytt\u00e4 k\u00e4sittelev\u00e4\u00e4n Start up your life -webinaariin 6.9.2022!\" \/>\n<meta property=\"og:url\" content=\"https:\/\/blogi.eoppimispalvelut.fi\/activearctic\/tapahtumat\/start-up-your-life-6-9-2022\/\" \/>\n<meta property=\"og:site_name\" content=\"Active Arctic\" \/>\n<meta property=\"article:modified_time\" content=\"2022-09-06T06:08:23+00:00\" \/>\n<meta name=\"twitter:card\" content=\"summary_large_image\" \/>\n<meta name=\"twitter:label1\" content=\"Est. reading time\" \/>\n\t<meta name=\"twitter:data1\" content=\"3 minutes\" \/>\n<script type=\"application\/ld+json\" class=\"yoast-schema-graph\">{\"@context\":\"https:\\\/\\\/schema.org\",\"@graph\":[{\"@type\":\"WebPage\",\"@id\":\"https:\\\/\\\/blogi.eoppimispalvelut.fi\\\/activearctic\\\/tapahtumat\\\/start-up-your-life-6-9-2022\\\/\",\"url\":\"https:\\\/\\\/blogi.eoppimispalvelut.fi\\\/activearctic\\\/tapahtumat\\\/start-up-your-life-6-9-2022\\\/\",\"name\":\"Start up your life 6.9.2022 - Active Arctic\",\"isPartOf\":{\"@id\":\"https:\\\/\\\/blogi.eoppimispalvelut.fi\\\/activearctic\\\/#website\"},\"datePublished\":\"2022-05-06T07:25:49+00:00\",\"dateModified\":\"2022-09-06T06:08:23+00:00\",\"description\":\"Tervetuloa Active Arctic -hankkeen j\u00e4rjest\u00e4m\u00e4\u00e4n start-up yritt\u00e4jyytt\u00e4 k\u00e4sittelev\u00e4\u00e4n Start up your life -webinaariin 6.9.2022!\",\"breadcrumb\":{\"@id\":\"https:\\\/\\\/blogi.eoppimispalvelut.fi\\\/activearctic\\\/tapahtumat\\\/start-up-your-life-6-9-2022\\\/#breadcrumb\"},\"inLanguage\":\"fi\",\"potentialAction\":[{\"@type\":\"ReadAction\",\"target\":[\"https:\\\/\\\/blogi.eoppimispalvelut.fi\\\/activearctic\\\/tapahtumat\\\/start-up-your-life-6-9-2022\\\/\"]}]},{\"@type\":\"BreadcrumbList\",\"@id\":\"https:\\\/\\\/blogi.eoppimispalvelut.fi\\\/activearctic\\\/tapahtumat\\\/start-up-your-life-6-9-2022\\\/#breadcrumb\",\"itemListElement\":[{\"@type\":\"ListItem\",\"position\":1,\"name\":\"Home\",\"item\":\"https:\\\/\\\/blogi.eoppimispalvelut.fi\\\/activearctic\\\/\"},{\"@type\":\"ListItem\",\"position\":2,\"name\":\"Tapahtumat\",\"item\":\"https:\\\/\\\/blogi.eoppimispalvelut.fi\\\/activearctic\\\/tapahtumat\\\/\"},{\"@type\":\"ListItem\",\"position\":3,\"name\":\"Start up your life 6.9.2022\"}]},{\"@type\":\"WebSite\",\"@id\":\"https:\\\/\\\/blogi.eoppimispalvelut.fi\\\/activearctic\\\/#website\",\"url\":\"https:\\\/\\\/blogi.eoppimispalvelut.fi\\\/activearctic\\\/\",\"name\":\"Active Arctic\",\"description\":\"Digitaaliset ymp\u00e4rist\u00f6t ja ratkaisut harvaan asuttujen alueiden hyvinvoinnin ja yritysten tukena \",\"potentialAction\":[{\"@type\":\"SearchAction\",\"target\":{\"@type\":\"EntryPoint\",\"urlTemplate\":\"https:\\\/\\\/blogi.eoppimispalvelut.fi\\\/activearctic\\\/?s={search_term_string}\"},\"query-input\":{\"@type\":\"PropertyValueSpecification\",\"valueRequired\":true,\"valueName\":\"search_term_string\"}}],\"inLanguage\":\"fi\"}]}<\/script>\n<!-- \/ Yoast SEO plugin. -->","yoast_head_json":{"title":"Start up your life 6.9.2022 - Active Arctic","description":"Tervetuloa Active Arctic -hankkeen j\u00e4rjest\u00e4m\u00e4\u00e4n start-up yritt\u00e4jyytt\u00e4 k\u00e4sittelev\u00e4\u00e4n Start up your life -webinaariin 6.9.2022!","robots":{"index":"index","follow":"follow","max-snippet":"max-snippet:-1","max-image-preview":"max-image-preview:large","max-video-preview":"max-video-preview:-1"},"canonical":"https:\/\/blogi.eoppimispalvelut.fi\/activearctic\/tapahtumat\/start-up-your-life-6-9-2022\/","og_locale":"fi_FI","og_type":"article","og_title":"Start up your life 6.9.2022 - Active Arctic","og_description":"Tervetuloa Active Arctic -hankkeen j\u00e4rjest\u00e4m\u00e4\u00e4n start-up yritt\u00e4jyytt\u00e4 k\u00e4sittelev\u00e4\u00e4n Start up your life -webinaariin 6.9.2022!","og_url":"https:\/\/blogi.eoppimispalvelut.fi\/activearctic\/tapahtumat\/start-up-your-life-6-9-2022\/","og_site_name":"Active Arctic","article_modified_time":"2022-09-06T06:08:23+00:00","twitter_card":"summary_large_image","twitter_misc":{"Est. reading time":"3 minutes"},"schema":{"@context":"https:\/\/schema.org","@graph":[{"@type":"WebPage","@id":"https:\/\/blogi.eoppimispalvelut.fi\/activearctic\/tapahtumat\/start-up-your-life-6-9-2022\/","url":"https:\/\/blogi.eoppimispalvelut.fi\/activearctic\/tapahtumat\/start-up-your-life-6-9-2022\/","name":"Start up your life 6.9.2022 - Active Arctic","isPartOf":{"@id":"https:\/\/blogi.eoppimispalvelut.fi\/activearctic\/#website"},"datePublished":"2022-05-06T07:25:49+00:00","dateModified":"2022-09-06T06:08:23+00:00","description":"Tervetuloa Active Arctic -hankkeen j\u00e4rjest\u00e4m\u00e4\u00e4n start-up yritt\u00e4jyytt\u00e4 k\u00e4sittelev\u00e4\u00e4n Start up your life -webinaariin 6.9.2022!","breadcrumb":{"@id":"https:\/\/blogi.eoppimispalvelut.fi\/activearctic\/tapahtumat\/start-up-your-life-6-9-2022\/#breadcrumb"},"inLanguage":"fi","potentialAction":[{"@type":"ReadAction","target":["https:\/\/blogi.eoppimispalvelut.fi\/activearctic\/tapahtumat\/start-up-your-life-6-9-2022\/"]}]},{"@type":"BreadcrumbList","@id":"https:\/\/blogi.eoppimispalvelut.fi\/activearctic\/tapahtumat\/start-up-your-life-6-9-2022\/#breadcrumb","itemListElement":[{"@type":"ListItem","position":1,"name":"Home","item":"https:\/\/blogi.eoppimispalvelut.fi\/activearctic\/"},{"@type":"ListItem","position":2,"name":"Tapahtumat","item":"https:\/\/blogi.eoppimispalvelut.fi\/activearctic\/tapahtumat\/"},{"@type":"ListItem","position":3,"name":"Start up your life 6.9.2022"}]},{"@type":"WebSite","@id":"https:\/\/blogi.eoppimispalvelut.fi\/activearctic\/#website","url":"https:\/\/blogi.eoppimispalvelut.fi\/activearctic\/","name":"Active Arctic","description":"Digitaaliset ymp\u00e4rist\u00f6t ja ratkaisut harvaan asuttujen alueiden hyvinvoinnin ja yritysten tukena ","potentialAction":[{"@type":"SearchAction","target":{"@type":"EntryPoint","urlTemplate":"https:\/\/blogi.eoppimispalvelut.fi\/activearctic\/?s={search_term_string}"},"query-input":{"@type":"PropertyValueSpecification","valueRequired":true,"valueName":"search_term_string"}}],"inLanguage":"fi"}]}},"_links":{"self":[{"href":"https:\/\/blogi.eoppimispalvelut.fi\/activearctic\/wp-json\/wp\/v2\/pages\/988","targetHints":{"allow":["GET"]}}],"collection":[{"href":"https:\/\/blogi.eoppimispalvelut.fi\/activearctic\/wp-json\/wp\/v2\/pages"}],"about":[{"href":"https:\/\/blogi.eoppimispalvelut.fi\/activearctic\/wp-json\/wp\/v2\/types\/page"}],"author":[{"embeddable":true,"href":"https:\/\/blogi.eoppimispalvelut.fi\/activearctic\/wp-json\/wp\/v2\/users\/9227"}],"replies":[{"embeddable":true,"href":"https:\/\/blogi.eoppimispalvelut.fi\/activearctic\/wp-json\/wp\/v2\/comments?post=988"}],"version-history":[{"count":20,"href":"https:\/\/blogi.eoppimispalvelut.fi\/activearctic\/wp-json\/wp\/v2\/pages\/988\/revisions"}],"predecessor-version":[{"id":1406,"href":"https:\/\/blogi.eoppimispalvelut.fi\/activearctic\/wp-json\/wp\/v2\/pages\/988\/revisions\/1406"}],"up":[{"embeddable":true,"href":"https:\/\/blogi.eoppimispalvelut.fi\/activearctic\/wp-json\/wp\/v2\/pages\/281"}],"wp:attachment":[{"href":"https:\/\/blogi.eoppimispalvelut.fi\/activearctic\/wp-json\/wp\/v2\/media?parent=988"}],"curies":[{"name":"wp","href":"https:\/\/api.w.org\/{rel}","templated":true}]}}