{"id":31,"date":"2022-02-07T10:07:10","date_gmt":"2022-02-07T08:07:10","guid":{"rendered":"https:\/\/blogi.eoppimispalvelut.fi\/digitiimi\/?page_id=31"},"modified":"2024-08-06T09:39:53","modified_gmt":"2024-08-06T07:39:53","slug":"artikkelit","status":"publish","type":"page","link":"https:\/\/blogi.eoppimispalvelut.fi\/digitiimi\/artikkelit\/","title":{"rendered":"Artikkelit ja tallenteet"},"content":{"rendered":"<p>[et_pb_section fb_built=&#8221;1&#8243; _builder_version=&#8221;4.16&#8243; _module_preset=&#8221;default&#8221; global_colors_info=&#8221;{}&#8221;][et_pb_row column_structure=&#8221;1_3,1_3,1_3&#8243; _builder_version=&#8221;4.18.0&#8243; _module_preset=&#8221;default&#8221; locked=&#8221;off&#8221; global_colors_info=&#8221;{}&#8221;][et_pb_column type=&#8221;1_3&#8243; _builder_version=&#8221;4.16&#8243; _module_preset=&#8221;default&#8221; global_colors_info=&#8221;{}&#8221;][et_pb_icon font_icon=&#8221;&#xf5da;||fa||900&#8243; _builder_version=&#8221;4.18.0&#8243; _module_preset=&#8221;default&#8221; custom_padding=&#8221;|26px||||&#8221; global_colors_info=&#8221;{}&#8221;][\/et_pb_icon][et_pb_blurb title=&#8221;Teema-artikkelit&#8221; admin_label=&#8221;Blurb&#8221; _builder_version=&#8221;4.20.4&#8243; _module_preset=&#8221;default&#8221; header_level=&#8221;h1&#8243; global_colors_info=&#8221;{}&#8221;][\/et_pb_blurb][et_pb_blurb url=&#8221;https:\/\/blogi.eoppimispalvelut.fi\/digitiimi\/422-2\/&#8221; _builder_version=&#8221;4.18.0&#8243; _module_preset=&#8221;default&#8221; custom_margin=&#8221;|16px||||&#8221; custom_padding=&#8221;||0px|||&#8221; global_colors_info=&#8221;{}&#8221;][\/et_pb_blurb][et_pb_blurb title=&#8221;1. Aivot et\u00e4t\u00f6iss\u00e4 &#8211; aivoterveydest\u00e4 huolehtiminen on osa ty\u00f6hyvinvointia&#8221; url=&#8221;https:\/\/blogi.eoppimispalvelut.fi\/digitiimi\/aivot-etatoissa-aivoterveydesta-huolehtiminen-on-osa-tyohyvinvointia\/&#8221; image=&#8221;https:\/\/blogi.eoppimispalvelut.fi\/digitiimi\/files\/2022\/06\/2.jpg&#8221; _builder_version=&#8221;4.20.4&#8243; _module_preset=&#8221;default&#8221; custom_margin=&#8221;|16px||||&#8221; custom_padding=&#8221;||0px|||&#8221; global_colors_info=&#8221;{}&#8221;]<\/p>\n<p><span>Ty\u00f6t\u00e4 ja ty\u00f6n tekemist\u00e4 on pitk\u00e4\u00e4n kehitetty kehon terveyden kannalta. Ty\u00f6ss\u00e4 on vaaran paikkoja, ty\u00f6koneetkin voivat menn\u00e4 rikki, mutta ent\u00e4 ihmisen suurin kone, oma tietokone eli aivot? <strong>Katja Kankaanp\u00e4\u00e4n<\/strong> <a href=\"https:\/\/blogi.eoppimispalvelut.fi\/digitiimi\/aivot-etatoissa-aivoterveydesta-huolehtiminen-on-osa-tyohyvinvointia\/\">artikkeli<\/a> tiivist\u00e4\u00e4 ensimm\u00e4isen webinaarin ydinasiat.<\/span><\/p>\n<p>[\/et_pb_blurb][et_pb_divider _builder_version=&#8221;4.20.4&#8243; _module_preset=&#8221;default&#8221; global_colors_info=&#8221;{}&#8221;][\/et_pb_divider][et_pb_blurb title=&#8221;2. Uusi normaali on l\u00e4hi- ja et\u00e4ty\u00f6n tasapainottamista&#8221; url=&#8221;https:\/\/blogi.eoppimispalvelut.fi\/digitiimi\/422-2\/&#8221; image=&#8221;https:\/\/blogi.eoppimispalvelut.fi\/digitiimi\/files\/2022\/11\/artikkelikuva.jpg&#8221; _builder_version=&#8221;4.20.4&#8243; _module_preset=&#8221;default&#8221; custom_margin=&#8221;|16px||||&#8221; custom_padding=&#8221;||0px|||&#8221; global_colors_info=&#8221;{}&#8221;]<\/p>\n<p><span>Miten ty\u00f6t olisi j\u00e4rkevint\u00e4 organisoida koronan j\u00e4lkeen? Puhutaan uudesta normaalista, joka k\u00e4sitt\u00e4\u00e4 erilaisia l\u00e4hi- ja et\u00e4ty\u00f6n j\u00e4rjestelyit\u00e4 ja n\u00e4iden yhdistelmi\u00e4. Puhutaan hybridity\u00f6st\u00e4, jossa painotukset vaihtelevat teht\u00e4v\u00e4- ja ty\u00f6paikkakohtaisesti. <strong>Nelly Korteniemen<\/strong><a href=\"https:\/\/blogi.eoppimispalvelut.fi\/digitiimi\/422-2\/\"> artikkeli<\/a> kokoaa yhteen hybridity\u00f6n eri n\u00e4k\u00f6kulmia.<\/span><\/p>\n<p><span><\/span><\/p>\n<p>[\/et_pb_blurb][et_pb_divider _builder_version=&#8221;4.20.4&#8243; _module_preset=&#8221;default&#8221; global_colors_info=&#8221;{}&#8221;][\/et_pb_divider][et_pb_blurb title=&#8221;3. Tilakokemukset tulevaisuuden monipaikkaisessa ty\u00f6ss\u00e4&#8221; url=&#8221;https:\/\/blogi.eoppimispalvelut.fi\/digitiimi\/tilakokemukset\/&#8221; image=&#8221;https:\/\/blogi.eoppimispalvelut.fi\/digitiimi\/files\/2023\/05\/artikkelikuva-scaled.jpg&#8221; _builder_version=&#8221;4.20.4&#8243; _module_preset=&#8221;default&#8221; custom_margin=&#8221;|16px||||&#8221; custom_padding=&#8221;||0px|||&#8221; global_colors_info=&#8221;{}&#8221;]<\/p>\n<p><span>Miten hyvinvointi ja yhteis\u00f6llisyys rakentuvat digitaalisissa kuin fyysisiss\u00e4 ty\u00f6ymp\u00e4rist\u00f6iss\u00e4? Ihmisen toimintaa erilaisissa fyysisiss\u00e4 ja digitaalisissa ty\u00f6ymp\u00e4rist\u00f6iss\u00e4 ja oppimisen tiloissa hahmoteltiin webinaarissa tilakokemuksien eri ulottuvuuksien ymm\u00e4rt\u00e4misen kautta. <strong>Anne Puron<\/strong> <a href=\"https:\/\/blogi.eoppimispalvelut.fi\/digitiimi\/tilakokemukset\/\">artikkelissa<\/a> n\u00e4k\u00f6kulmia ja pohdintaa aiheesta.<\/span><\/p>\n<p>[\/et_pb_blurb][et_pb_divider _builder_version=&#8221;4.20.4&#8243; _module_preset=&#8221;default&#8221; global_colors_info=&#8221;{}&#8221;][\/et_pb_divider][et_pb_blurb title=&#8221;4. Asiakkaiden kohtaaminen verkossa&#8221; url=&#8221;https:\/\/blogi.eoppimispalvelut.fi\/digitiimi\/asiakkaidenkohtaaminen\/&#8221; image=&#8221;https:\/\/blogi.eoppimispalvelut.fi\/digitiimi\/files\/2022\/09\/mainoskuva4.png&#8221; alt=&#8221;mies istuu tietokoneen \u00e4\u00e4rell\u00e4&#8221; _builder_version=&#8221;4.20.4&#8243; _module_preset=&#8221;default&#8221; custom_margin=&#8221;|16px||||&#8221; custom_padding=&#8221;||0px|||&#8221; global_colors_info=&#8221;{}&#8221;]<\/p>\n<p><span>Asiakkaiden kohtaaminen verkossa on t\u00e4rke\u00e4 osa nykyaikaista digitaalista markkinointia ja liiketoimintaa. Verkko on muuttanut tapaa, jolla yritykset voivat tavoittaa asiakkaitaan ja tarjota heille tuotteitaan ja palveluitaan. Asiakkaiden kohtaaminen verkossa ei ole vain tekninen asia, se vaatii asiakaspalvelua, empatiaa ja vuorovaikutusta. <strong>Katja Kankaanp\u00e4\u00e4n<\/strong> <a href=\"https:\/\/blogi.eoppimispalvelut.fi\/digitiimi\/asiakkaidenkohtaaminen\/\" target=\"_blank\" rel=\"noopener\">artikkelissa<\/a> pohdintaa aiheesta.<\/span><\/p>\n<p>[\/et_pb_blurb][\/et_pb_column][et_pb_column type=&#8221;1_3&#8243; _builder_version=&#8221;4.16&#8243; _module_preset=&#8221;default&#8221; global_colors_info=&#8221;{}&#8221;][et_pb_blurb title=&#8221;5. Kurkistuksia hybridity\u00f6n arkeen&#8221; url=&#8221;https:\/\/blogi.eoppimispalvelut.fi\/digitiimi\/kurkistuksia\/&#8221; image=&#8221;https:\/\/blogi.eoppimispalvelut.fi\/digitiimi\/files\/2022\/10\/kapea-scaled.jpg&#8221; _builder_version=&#8221;4.20.4&#8243; _module_preset=&#8221;default&#8221; custom_margin=&#8221;|16px||||&#8221; custom_padding=&#8221;||0px|||&#8221; global_colors_info=&#8221;{}&#8221;]<\/p>\n<p><span>Miten hybridity\u00f6 eli et\u00e4- ja l\u00e4hity\u00f6n erilaiset painotukset vaikuttavat ty\u00f6h\u00f6n, hyvinvointiin ja johtamiseen? Kutsuimme py\u00f6re\u00e4n p\u00f6yd\u00e4n keskusteluun viisi lappilaista yrityst\u00e4 ja aiheena keskustelussa oli hybridity\u00f6n arki. <strong>Nelly Korteniemi<\/strong> tiivisti <a href=\"https:\/\/blogi.eoppimispalvelut.fi\/digitiimi\/kurkistuksia\/\">artikkeliin<\/a> py\u00f6re\u00e4n p\u00f6yd\u00e4n keskustelun.<\/span><\/p>\n<p>[\/et_pb_blurb][et_pb_divider _builder_version=&#8221;4.20.4&#8243; _module_preset=&#8221;default&#8221; global_colors_info=&#8221;{}&#8221;][\/et_pb_divider][et_pb_blurb title=&#8221;6. Ty\u00f6n muotoilu, ty\u00f6aika ja niiden hyv\u00e4t k\u00e4yt\u00e4nteet&#8221; url=&#8221;https:\/\/blogi.eoppimispalvelut.fi\/digitiimi\/tyon-muotoilu-tyoaika-ja-niiden-hyvat-kaytanteet\/&#8221; image=&#8221;https:\/\/blogi.eoppimispalvelut.fi\/digitiimi\/files\/2022\/11\/pikkujoulubanneri-kopio.jpg&#8221; _builder_version=&#8221;4.20.4&#8243; _module_preset=&#8221;default&#8221; custom_margin=&#8221;|16px||||&#8221; custom_padding=&#8221;||0px|||&#8221; global_colors_info=&#8221;{}&#8221;]<\/p>\n<p><span>Lis\u00e4\u00e4ntyneen mobiili- ja monipaikkaisen ty\u00f6n my\u00f6t\u00e4 ty\u00f6nteko on ollut viime aikoina merkitt\u00e4v\u00e4ss\u00e4 muutoksessa, mik\u00e4 asettaa ty\u00f6ntekij\u00f6ille uusia haasteita, mutta my\u00f6s tarjoaa ty\u00f6n muotoilun avulla uusia mahdollisuuksia. <strong>Arno \u00d6k\u00f6 Heikkalan<\/strong> <a href=\"https:\/\/blogi.eoppimispalvelut.fi\/digitiimi\/tyon-muotoilu-tyoaika-ja-niiden-hyvat-kaytanteet\/\">artikkeli<\/a> tiivist\u00e4\u00e4 ty\u00f6aikaan liittyv\u00e4n ty\u00f6n muotoilun hyv\u00e4t k\u00e4yt\u00e4nn\u00f6t.<\/span><span><\/span><\/p>\n<p>[\/et_pb_blurb][et_pb_divider _builder_version=&#8221;4.20.4&#8243; _module_preset=&#8221;default&#8221; global_colors_info=&#8221;{}&#8221;][\/et_pb_divider][et_pb_blurb title=&#8221;7. Tietoturva ja luotettava datayhteys hybridity\u00f6ss\u00e4 &#8211; mit\u00e4 on otettava huomioon?&#8221; url=&#8221;https:\/\/blogi.eoppimispalvelut.fi\/digitiimi\/tietoturva\/&#8221; image=&#8221;https:\/\/blogi.eoppimispalvelut.fi\/digitiimi\/files\/2023\/01\/mainosbanneri-9.2.-vain-kuva.jpg&#8221; _builder_version=&#8221;4.20.4&#8243; _module_preset=&#8221;default&#8221; custom_margin=&#8221;|16px||||&#8221; custom_padding=&#8221;||0px|||&#8221; global_colors_info=&#8221;{}&#8221;]<\/p>\n<p><span>Monipaikkaisuus ja lukuisat eri digitaaliset ty\u00f6v\u00e4lineet haastavat ty\u00f6ntekemisen ja johtamisen, mutta my\u00f6s ty\u00f6ss\u00e4 k\u00e4ytett\u00e4v\u00e4t datayhteydet sek\u00e4 huomioitavat tietoturva- ja tietosuoja-asiat. <strong>Marjo Jussilan<\/strong> <a href=\"https:\/\/blogi.eoppimispalvelut.fi\/digitiimi\/tietoturva\/\">artikkelissa<\/a> webinaarin t\u00e4rkeimm\u00e4t asiat tiivistettyn\u00e4.<\/span><\/p>\n<p>[\/et_pb_blurb][et_pb_divider _builder_version=&#8221;4.20.4&#8243; _module_preset=&#8221;default&#8221; global_colors_info=&#8221;{}&#8221;][\/et_pb_divider][et_pb_blurb title=&#8221;8. Et\u00e4ty\u00f6ntekij\u00f6iden tarinoita&#8221; url=&#8221;https:\/\/blogi.eoppimispalvelut.fi\/digitiimi\/tarinoita\/&#8221; image=&#8221;https:\/\/blogi.eoppimispalvelut.fi\/digitiimi\/files\/2023\/03\/tarinoita-vieraat.jpg&#8221; _builder_version=&#8221;4.20.4&#8243; _module_preset=&#8221;default&#8221; custom_margin=&#8221;|16px||||&#8221; custom_padding=&#8221;||0px|||&#8221; global_colors_info=&#8221;{}&#8221;]<\/p>\n<p><span>Kutsuimme kolme lappilaista et\u00e4ty\u00f6ntekij\u00e4\u00e4 webinaariin keskustelemaan et\u00e4ty\u00f6n mahdollisuuksista, haasteista sek\u00e4 siit\u00e4 milt\u00e4 et\u00e4ty\u00f6n tulevaisuus voisi n\u00e4ytt\u00e4\u00e4. Millaista on et\u00e4ty\u00f6ntekij\u00e4n arki? Lue<strong> Arno \u00d6k\u00f6 Heikkalan<\/strong> <a href=\"https:\/\/blogi.eoppimispalvelut.fi\/digitiimi\/tarinoita\/\">artikkeli<\/a> ja katso tallenne!<\/span><\/p>\n<p>[\/et_pb_blurb][et_pb_divider _builder_version=&#8221;4.20.4&#8243; _module_preset=&#8221;default&#8221; global_colors_info=&#8221;{}&#8221;][\/et_pb_divider][et_pb_blurb title=&#8221;9. Vastuullisuus monipaikkaisessa digi- ja hybridity\u00f6ss\u00e4&#8221; url=&#8221;https:\/\/blogi.eoppimispalvelut.fi\/digitiimi\/vastuullisuus\/&#8221; image=&#8221;https:\/\/blogi.eoppimispalvelut.fi\/digitiimi\/files\/2023\/06\/20230420_095024-scaled.jpg&#8221; _builder_version=&#8221;4.20.4&#8243; _module_preset=&#8221;default&#8221; custom_margin=&#8221;|16px||||&#8221; custom_padding=&#8221;||0px|||&#8221; global_colors_info=&#8221;{}&#8221;]<\/p>\n<p><span>Vastuullisuus, digitaalisuus ja hybridity\u00f6 oli aiheena Digitiimin ja Business Tornion yhteisess\u00e4 Business Torstai -tapahtumassa. Miten monipaikkainen ty\u00f6 haastaa yrityksen digitalisoitumaan ja miten digitalisaatio auttaa yrityst\u00e4 arjessa? Lue <a href=\"https:\/\/blogi.eoppimispalvelut.fi\/digitiimi\/vastuullisuus\/\">lyhyt kooste webinaarista<\/a> ja katso tallenne!<\/span><\/p>\n<p>[\/et_pb_blurb][et_pb_divider _builder_version=&#8221;4.20.4&#8243; _module_preset=&#8221;default&#8221; global_colors_info=&#8221;{}&#8221;][\/et_pb_divider][et_pb_blurb title=&#8221;10. Ty\u00f6yhteis\u00f6iss\u00e4 kohtaamisen laadulla vahvistetaan yhteis\u00f6llisyytt\u00e4&#8221; url=&#8221;https:\/\/blogi.eoppimispalvelut.fi\/digitiimi\/kohtaamisenlaadulla\/&#8221; image=&#8221;https:\/\/blogi.eoppimispalvelut.fi\/digitiimi\/files\/2023\/06\/andrew-moca-yAGNjU4rtss-unsplash-scaled.jpg&#8221; _builder_version=&#8221;4.20.4&#8243; _module_preset=&#8221;default&#8221; custom_margin=&#8221;|16px||||&#8221; custom_padding=&#8221;||0px|||&#8221; global_colors_info=&#8221;{}&#8221;]<\/p>\n<p><span>Kohtaaminen on yhteis\u00f6llisyyden perusta, jossa viestinn\u00e4n ja vuorovaikutuksen merkitys on suuri. Mutta mit\u00e4 viestint\u00e4 ja vuorovaikutus ovat, mit\u00e4 niilt\u00e4 halutaan? Katja Kankaanp\u00e4\u00e4n <a href=\"https:\/\/blogi.eoppimispalvelut.fi\/digitiimi\/kohtaamisenlaadulla\/\" target=\"_blank\" rel=\"noopener\">artikkelissa<\/a> pohdintaan yhteis\u00f6llisyyden vahvistamisesta.<\/span><\/p>\n<p>[\/et_pb_blurb][\/et_pb_column][et_pb_column type=&#8221;1_3&#8243; _builder_version=&#8221;4.16&#8243; _module_preset=&#8221;default&#8221; global_colors_info=&#8221;{}&#8221;][et_pb_icon font_icon=&#8221;&#xe038;||divi||400&#8243; _builder_version=&#8221;4.20.4&#8243; _module_preset=&#8221;default&#8221; custom_padding=&#8221;|26px||||&#8221; global_colors_info=&#8221;{}&#8221;][\/et_pb_icon][et_pb_blurb title=&#8221;Ty\u00f6kalupakki&#8221; admin_label=&#8221;Blurb&#8221; _builder_version=&#8221;4.20.4&#8243; _module_preset=&#8221;default&#8221; header_level=&#8221;h1&#8243; global_colors_info=&#8221;{}&#8221;]<\/p>\n<p>Digitiimi -ty\u00f6kalupakki tarjoaa v\u00e4lineit\u00e4 yhteis\u00f6llisyyden ja vuorovaikutuksen rakentamiseen digitaalisissa ymp\u00e4rist\u00f6iss\u00e4. Lataa t\u00e4st\u00e4 avoin <a href=\"https:\/\/blogi.eoppimispalvelut.fi\/digitiimi\/files\/2023\/09\/Digitiimi-tyokalupakki-4.9.2023.pdf\" rel=\"attachment noopener wp-att-748\" target=\"_blank\">Digitiimi &#8211; ty\u00f6kalupakki.<\/a><\/p>\n<p>[\/et_pb_blurb][et_pb_blurb url=&#8221;@ET-DC@eyJkeW5hbWljIjp0cnVlLCJjb250ZW50IjoicG9zdF9saW5rX3VybF9hdHRhY2htZW50Iiwic2V0dGluZ3MiOnsicG9zdF9pZCI6Ijc0OCIsImVuYWJsZV9odG1sIjoib2ZmIn19@&#8221; url_new_window=&#8221;on&#8221; image=&#8221;https:\/\/blogi.eoppimispalvelut.fi\/digitiimi\/files\/2023\/09\/pakkikuvawebbiin-scaled.jpg&#8221; _builder_version=&#8221;4.20.4&#8243; _dynamic_attributes=&#8221;url&#8221; _module_preset=&#8221;default&#8221; custom_margin=&#8221;|16px||||&#8221; custom_padding=&#8221;||0px|||&#8221; global_colors_info=&#8221;{}&#8221;][\/et_pb_blurb][et_pb_divider _builder_version=&#8221;4.20.4&#8243; _module_preset=&#8221;default&#8221; global_colors_info=&#8221;{}&#8221;][\/et_pb_divider][et_pb_icon font_icon=&#8221;&#xf58f;||fa||900&#8243; _builder_version=&#8221;4.18.0&#8243; _module_preset=&#8221;default&#8221; custom_padding=&#8221;|26px||||&#8221; global_colors_info=&#8221;{}&#8221;][\/et_pb_icon][et_pb_blurb title=&#8221;Webinaaritallenteet&#8221; admin_label=&#8221;Blurb&#8221; _builder_version=&#8221;4.20.4&#8243; _module_preset=&#8221;default&#8221; header_level=&#8221;h1&#8243; global_colors_info=&#8221;{}&#8221;][\/et_pb_blurb][et_pb_text _builder_version=&#8221;4.24.3&#8243; _module_preset=&#8221;default&#8221; hover_enabled=&#8221;0&#8243; global_colors_info=&#8221;{}&#8221; sticky_enabled=&#8221;0&#8243;]<\/p>\n<p><strong><a href=\"https:\/\/video.eoppimispalvelut.fi\/media\/Digitiimi-webinaari+Aivot+et%C3%A4ty%C3%B6ss%C3%A4+30.5.2022\/0_idadpuyo\" target=\"_blank\" rel=\"noopener\">1. Aivot et\u00e4ty\u00f6ss\u00e4, <\/a><\/strong><a href=\"https:\/\/video.eoppimispalvelut.fi\/media\/Digitiimi-webinaari+Aivot+et%C3%A4ty%C3%B6ss%C3%A4+30.5.2022\/0_idadpuyo\" target=\"_blank\" rel=\"noopener\"><strong>Minna Huotilainen<\/strong> (33 min)<\/a><\/p>\n<p>***<\/p>\n<p><a href=\"https:\/\/video.eoppimispalvelut.fi\/media\/L%C3%A4hi-+ja+et%C3%A4ty%C3%B6n+tasapaino+webinaari+17.8.2022\/0_pmvlfbah\" target=\"_blank\" rel=\"noopener\"><strong>2. L\u00e4hi- ja et\u00e4ty\u00f6n tasapaino, Janne Kaltiainen<\/strong> (41 min)<\/a><\/p>\n<p>***<\/p>\n<p><a href=\"https:\/\/video.eoppimispalvelut.fi\/media\/Tilakokemukset+monipaikkaisessa+ty%C3%B6ss%C3%A4+25.8.2022\/0_8mim2w2p\" target=\"_blank\" rel=\"noopener\"><strong>3. Tilakokemukset monipaikkaisessa ty\u00f6ss\u00e4, Suvi Nenonen<\/strong> (51 min)<\/a><\/p>\n<p>***<\/p>\n<p><a href=\"https:\/\/video.eoppimispalvelut.fi\/media\/Digitiimi-webinaari+Asiakkaiden+kohtaaminen+verkossa+3.10.20022\/0_vcd8spsw\" target=\"_blank\" rel=\"noopener\"><strong>4. Asiakkaiden kohtaaminen verkossa, <\/strong><\/a><a href=\"https:\/\/video.eoppimispalvelut.fi\/media\/Digitiimi-webinaari+Asiakkaiden+kohtaaminen+verkossa+3.10.20022\/0_vcd8spsw\" target=\"_blank\" rel=\"noopener\"><strong>Suvi Uski<\/strong> (23 min)<\/a><\/p>\n<p><a href=\"https:\/\/video.eoppimispalvelut.fi\/media\/Asiakkaan+kohtaaminen+verkossa+3.10.+Kaisu+Brehmer+Bombus+Oy\/0_tpqrnh0g\" target=\"_blank\" rel=\"noopener\"><strong>4. Asiakkaiden kohtaaminen verkossa, yritt\u00e4j\u00e4n tarina, Kaisu Brehmer, Bombus Oy<\/strong> (20 min)<\/a><\/p>\n<p><a href=\"https:\/\/video.eoppimispalvelut.fi\/media\/Asiakkaan+kohtaaminen+verkossa+3.10.2022+Katariina+Sepp%C3%A4l%C3%A4+Kemin+asemapuisto+Oy\/0_3eefo2so\" target=\"_blank\" rel=\"noopener\"><strong>4. Asiakkaiden kohtaaminen verkossa, <\/strong><strong>yritt\u00e4j\u00e4n tarina, Katariina Sepp\u00e4l\u00e4, Kemin Asemanpuisto Oy <\/strong>(17 min)<\/a><\/p>\n<p>***<\/p>\n<p><a href=\"https:\/\/video.eoppimispalvelut.fi\/media\/Kurkistuksia+hybridity%C3%B6n+arkeen\/0_q65nsgoq\" target=\"_blank\" rel=\"noopener\"><strong>5. Kurkistuksia hybridity\u00f6n arkeen<\/strong> (34 min)<\/a><\/p>\n<p>***<\/p>\n<p><a href=\"https:\/\/video.eoppimispalvelut.fi\/media\/Digitiimi-webinaari\/0_wezhqr1b\" target=\"_blank\" rel=\"noopener\"><strong>6. Et\u00e4pikkujoulut aamupalaveri<\/strong> &#8211; aiheena operatiivisen ty\u00f6ajan k\u00e4yt\u00e4nteet (32 min)<\/a><\/p>\n<p><a href=\"https:\/\/video.eoppimispalvelut.fi\/media\/Digitiimi-webinaari\/0_9jy6rwld\" target=\"_blank\" rel=\"noopener\"><strong>6. Et\u00e4pikkujoulut, lounastapaaminen<\/strong> &#8211; aiheena reflektektiivinen ty\u00f6aika (31 min)<\/a><\/p>\n<p><a href=\"https:\/\/video.eoppimispalvelut.fi\/media\/Digitiimi-webinaari\/0_nz3c0a0g\" target=\"_blank\" rel=\"noopener\"><strong>6. Et\u00e4pikkujoulut, afterwork<\/strong> &#8211; aiheena sosiaalinen aika ty\u00f6ss\u00e4 (52 min)<\/a><\/p>\n<p>***<\/p>\n<p><a href=\"https:\/\/video.eoppimispalvelut.fi\/media\/Tietoturva+hybridity%C3%B6ss%C3%A4+-+Harto+P%C3%B6nk%C3%A4\/0_rw3fxc3e\" target=\"_blank\" rel=\"noopener\"><strong>7. Tietoturva ja tietosuoja hybridity\u00f6ss\u00e4, Harto P\u00f6nk\u00e4, Innowise <\/strong>(55 min)<\/a><\/p>\n<p><strong><a href=\"https:\/\/youtu.be\/AjkAItLaS5U\" target=\"_blank\" rel=\"noopener\">7. Luotettava datayhteys Lapissa, Timo Hietalahti, Telia Finland Oyj <\/a><\/strong><a href=\"https:\/\/youtu.be\/AjkAItLaS5U\" target=\"_blank\" rel=\"noopener\">(29 min)<\/a><\/p>\n<p>***<\/p>\n<p><a href=\"https:\/\/video.eoppimispalvelut.fi\/media\/Digitiimi-webinaari\/0_b6x13xlj\" target=\"_blank\" rel=\"noopener\"><strong>8. Lappilaisten et\u00e4ty\u00f6ntekij\u00f6iden tarinoita<\/strong> (1h 30 min)<\/a><\/p>\n<p>***<\/p>\n<p><a href=\"https:\/\/video.eoppimispalvelut.fi\/media\/Business+Torstai%2C+Kim+Westerlund%2C+Edupower+20.4.2023\/0_v6upoh0m\" target=\"_blank\" rel=\"noopener\"><span><strong>9. Vastuullisuus ja digitaaliset mahdollisuudet monipaikkaisessa ty\u00f6ss\u00e4, Kim Westerlund, Edupower<\/strong> (53 min)<\/span><\/a><\/p>\n<p>***<\/p>\n<p><strong>10. Tulevaisuuden et\u00e4ty\u00f6 ja ty\u00f6l\u00e4m\u00e4, Perttu P\u00f6l\u00f6nen<\/strong> (38 min) tallenne oli katsottavissa 31.5.2024 asti<\/p>\n<p><span><strong>10. N\u00e4k\u00f6kulmia tulevaisuuden digitaalisiin ty\u00f6ymp\u00e4rist\u00f6ihin, Riikka Gassen<\/strong> (25 min) tallenne oli katsottavissa 31.5.2024 asti<\/span><\/p>\n<p><span><strong>10. Et\u00e4ty\u00f6n ja yhteis\u00f6llisyyden johtaminen, Ulla Vilkman<\/strong> (33 min) tallenne oli katsottavissa 31.5.2024 asti<\/span><span><\/span><\/p>\n<p>[\/et_pb_text][\/et_pb_column][\/et_pb_row][\/et_pb_section]<\/p>\n","protected":false},"excerpt":{"rendered":"<p>Ty\u00f6t\u00e4 ja ty\u00f6n tekemist\u00e4 on pitk\u00e4\u00e4n kehitetty kehon terveyden kannalta. Ty\u00f6ss\u00e4 on vaaran paikkoja, ty\u00f6koneetkin voivat menn\u00e4 rikki, mutta ent\u00e4 ihmisen suurin kone, oma tietokone eli aivot? Katja Kankaanp\u00e4\u00e4n artikkeli tiivist\u00e4\u00e4 ensimm\u00e4isen webinaarin ydinasiat.Miten ty\u00f6t olisi j\u00e4rkevint\u00e4 organisoida koronan j\u00e4lkeen? Puhutaan uudesta normaalista, joka k\u00e4sitt\u00e4\u00e4 erilaisia l\u00e4hi- ja et\u00e4ty\u00f6n j\u00e4rjestelyit\u00e4 ja n\u00e4iden yhdistelmi\u00e4. Puhutaan hybridity\u00f6st\u00e4, [&hellip;]<\/p>\n","protected":false},"author":643,"featured_media":0,"parent":0,"menu_order":4,"comment_status":"closed","ping_status":"closed","template":"","meta":{"_et_pb_use_builder":"on","_et_pb_old_content":"","_et_gb_content_width":"","footnotes":""},"class_list":["post-31","page","type-page","status-publish","hentry"],"_links":{"self":[{"href":"https:\/\/blogi.eoppimispalvelut.fi\/digitiimi\/wp-json\/wp\/v2\/pages\/31","targetHints":{"allow":["GET"]}}],"collection":[{"href":"https:\/\/blogi.eoppimispalvelut.fi\/digitiimi\/wp-json\/wp\/v2\/pages"}],"about":[{"href":"https:\/\/blogi.eoppimispalvelut.fi\/digitiimi\/wp-json\/wp\/v2\/types\/page"}],"author":[{"embeddable":true,"href":"https:\/\/blogi.eoppimispalvelut.fi\/digitiimi\/wp-json\/wp\/v2\/users\/643"}],"replies":[{"embeddable":true,"href":"https:\/\/blogi.eoppimispalvelut.fi\/digitiimi\/wp-json\/wp\/v2\/comments?post=31"}],"version-history":[{"count":60,"href":"https:\/\/blogi.eoppimispalvelut.fi\/digitiimi\/wp-json\/wp\/v2\/pages\/31\/revisions"}],"predecessor-version":[{"id":760,"href":"https:\/\/blogi.eoppimispalvelut.fi\/digitiimi\/wp-json\/wp\/v2\/pages\/31\/revisions\/760"}],"wp:attachment":[{"href":"https:\/\/blogi.eoppimispalvelut.fi\/digitiimi\/wp-json\/wp\/v2\/media?parent=31"}],"curies":[{"name":"wp","href":"https:\/\/api.w.org\/{rel}","templated":true}]}}