{"id":49,"date":"2022-02-07T10:26:41","date_gmt":"2022-02-07T08:26:41","guid":{"rendered":"https:\/\/blogi.eoppimispalvelut.fi\/digitiimi\/?page_id=49"},"modified":"2024-08-06T09:41:42","modified_gmt":"2024-08-06T07:41:42","slug":"webinaarit","status":"publish","type":"page","link":"https:\/\/blogi.eoppimispalvelut.fi\/digitiimi\/webinaarit\/","title":{"rendered":"Webinaarit"},"content":{"rendered":"<p>[et_pb_section fb_built=&#8221;1&#8243; admin_label=&#8221;section&#8221; _builder_version=&#8221;4.16&#8243; global_colors_info=&#8221;{}&#8221;][et_pb_row column_structure=&#8221;1_3,1_3,1_3&#8243; admin_label=&#8221;row&#8221; _builder_version=&#8221;4.20.4&#8243; background_size=&#8221;initial&#8221; background_position=&#8221;top_left&#8221; background_repeat=&#8221;repeat&#8221; custom_padding=&#8221;24px||0px|||&#8221; global_colors_info=&#8221;{}&#8221;][et_pb_column type=&#8221;1_3&#8243; _builder_version=&#8221;4.16&#8243; custom_padding=&#8221;|||&#8221; global_colors_info=&#8221;{}&#8221; custom_padding__hover=&#8221;|||&#8221;][et_pb_blurb title=&#8221;Webinaarisarja 2022-2023&#8243; admin_label=&#8221;Blurb&#8221; _builder_version=&#8221;4.20.4&#8243; _module_preset=&#8221;default&#8221; custom_padding=&#8221;0px|||||&#8221; global_colors_info=&#8221;{}&#8221;]<\/p>\n<p>Hankkeen ytimen muodosti 10-osainen webinaarisarja. Webinaarit pidettiin 31.5.2022-24.5.2023 v\u00e4lisen\u00e4 aikana ja tallenteet on katsottavissa t\u00e4ll\u00e4 verkkosivulla 31.5.2024 asti.<\/p>\n<p>[\/et_pb_blurb][et_pb_blurb title=&#8221;1. Aivot et\u00e4ty\u00f6ss\u00e4 (5\/2022)&#8221; admin_label=&#8221;Blurb&#8221; _builder_version=&#8221;4.20.4&#8243; _module_preset=&#8221;default&#8221; custom_padding=&#8221;0px|||||&#8221; global_colors_info=&#8221;{}&#8221;]<\/p>\n<p><span>Webinaarin aiheena oli et\u00e4ty\u00f6, digity\u00f6 ja verkossa toimiminen. Asiantuntijana oli aivotutkija <a href=\"https:\/\/www.wgh.fi\/asiantuntija\/minna-huotilainen\/\" target=\"_blank\" rel=\"noopener\"><strong>Minna Huotilainen. <\/strong><\/a><\/span>Webinaari oli kuunteluwebinaari, joten mit\u00e4\u00e4n ruudulle jaettua materiaalia ei ollut.<\/p>\n<blockquote>\n<p>Minna Huotilaisen alustuksen voit katsoa<strong> <a href=\"https:\/\/video.eoppimispalvelut.fi\/media\/Digitiimi-webinaari+Aivot+et%C3%A4ty%C3%B6ss%C3%A4+30.5.2022\/0_idadpuyo\" target=\"_blank\" rel=\"noopener\">tallenteena<\/a> <\/strong>tai kuunnella <strong><a href=\"https:\/\/video.eoppimispalvelut.fi\/media\/Digitiimi-webinaari+Aivot+et%C3%A4ty%C3%B6ss%C3%A4+30.5.2022++podcast\/0_xdas5k73\" target=\"_blank\" rel=\"noopener\">podcastina<\/a>.<\/strong><\/p>\n<\/blockquote>\n<p><span><strong><\/strong><\/span><\/p>\n<p>[\/et_pb_blurb][et_pb_image src=&#8221;https:\/\/blogi.eoppimispalvelut.fi\/digitiimi\/files\/2022\/10\/pikkubanneri-2.jpg&#8221; title_text=&#8221;pikkubanneri&#8221; _builder_version=&#8221;4.18.0&#8243; _module_preset=&#8221;default&#8221; global_colors_info=&#8221;{}&#8221;][\/et_pb_image][et_pb_blurb title=&#8221;2. L\u00e4hi- ja et\u00e4ty\u00f6n tasapaino (8\/2022)&#8221; admin_label=&#8221;Blurb&#8221; _builder_version=&#8221;4.20.4&#8243; _module_preset=&#8221;default&#8221; custom_margin=&#8221;||27px|||&#8221; custom_padding=&#8221;1px||0px|||&#8221; global_colors_info=&#8221;{}&#8221;]<\/p>\n<p><span lang=\"fi\">Webinaarissa Ty\u00f6terveyslaitoksen tutkija <strong>Janne Kaltiainen<\/strong> esitteli <a href=\"https:\/\/www.ttl.fi\/tutkimus\/hankkeet\/kimmoisat-tyontekijat-muuttuvassa-tyoelamassa\" target=\"_blank\" rel=\"noopener\">Kimmoisat ty\u00f6ntekij\u00e4t muuttuvassa ty\u00f6el\u00e4m\u00e4ss\u00e4<\/a> -hankkeen tutkimustuloksia. Mik\u00e4 ajaa ihmisi\u00e4 et\u00e4ty\u00f6h\u00f6n, mik\u00e4 vet\u00e4\u00e4 ty\u00f6paikalle? <\/span><\/p>\n<blockquote>\n<p><span lang=\"fi\">Janne Kaltiaisen alustuksen voit katsoa <a href=\"https:\/\/video.eoppimispalvelut.fi\/media\/L%C3%A4hi-+ja+et%C3%A4ty%C3%B6n+tasapaino+webinaari+17.8.2022\/0_pmvlfbah\" target=\"_blank\" rel=\"noopener\"><strong>tallenteena<\/strong><\/a> tai kuunnella <strong><a href=\"https:\/\/video.eoppimispalvelut.fi\/media\/Et%C3%A4-+ja+l%C3%A4hity%C3%B6n+tasapaino+podcast+17.8.2022\/0_apdrwi7m\" target=\"_blank\" rel=\"noopener\">podcastina<\/a>.<\/strong> Luentomateriaalit voit ladata itsellesi <strong><a href=\"https:\/\/blogi.eoppimispalvelut.fi\/digitiimi\/files\/2022\/08\/Lahi-ja-etatyon-tasapaino_Lapin-AMK-Digitiimi.pdf\" rel=\"attachment noopener wp-att-260\" target=\"_blank\">t\u00e4st\u00e4<\/a>.<\/strong><\/span><a href=\"https:\/\/link.webropolsurveys.com\/S\/E44B87B9B8A689AA\"><\/a><\/p>\n<\/blockquote>\n<p style=\"margin: 0in;font-family: Calibri;font-size: 11.0pt\">[\/et_pb_blurb][et_pb_image src=&#8221;https:\/\/blogi.eoppimispalvelut.fi\/digitiimi\/files\/2022\/10\/minibanneri-elokuu.jpg&#8221; title_text=&#8221;minibanneri elokuu&#8221; _builder_version=&#8221;4.18.0&#8243; _module_preset=&#8221;default&#8221; global_colors_info=&#8221;{}&#8221;][\/et_pb_image][et_pb_blurb title=&#8221;3. Tilakokemukset monipaikkaisessa ty\u00f6ss\u00e4 (8\/2022)&#8221; admin_label=&#8221;Blurb&#8221; _builder_version=&#8221;4.20.4&#8243; _module_preset=&#8221;default&#8221; custom_margin=&#8221;||27px|||&#8221; custom_padding=&#8221;1px||0px|||&#8221; global_colors_info=&#8221;{}&#8221;]<\/p>\n<p>Helsingin yliopiston johtavan asiantuntijan <strong>Suvi Nenosen<\/strong> johdolla tarkasteltiin hybridity\u00f6t\u00e4 sek\u00e4 fyysisiss\u00e4 ett\u00e4 digitaalisissa ymp\u00e4rist\u00f6iss\u00e4. Millaisia vaikutuksia tila- ja paikkakokemuksilla on koettuun hyvinvointiin ja yhteis\u00f6llisyyteen?<\/p>\n<blockquote>\n<p>Suvi Nenosen alustuksen voit katsoa <strong><a href=\"https:\/\/video.eoppimispalvelut.fi\/media\/Tilakokemukset+monipaikkaisessa+ty%C3%B6ss%C3%A4+25.8.2022\/0_8mim2w2p\" target=\"_blank\" rel=\"noopener\">tallenteena<\/a> <\/strong>tai kuunnella <a href=\"https:\/\/video.eoppimispalvelut.fi\/media\/tilakokemukset+monipaikkaisessa+ty%C3%B6ss%C3%A4+25.8.2022+podcast+Suvi+Nenonen\/0_3ii7j8e7\" target=\"_blank\" rel=\"noopener\"><strong>podcastina<\/strong><\/a>. Luentomateriaalit voi ladata itsellesi <strong><a href=\"https:\/\/blogi.eoppimispalvelut.fi\/digitiimi\/files\/2022\/08\/Tilakokemus_Digitiimi_Nenonen.pdf\" rel=\"attachment noopener wp-att-263\" target=\"_blank\">t\u00e4st\u00e4<\/a>.<\/strong><\/p>\n<\/blockquote>\n<p style=\"margin: 0in;font-family: Calibri;font-size: 11.0pt\">[\/et_pb_blurb][et_pb_image src=&#8221;https:\/\/blogi.eoppimispalvelut.fi\/digitiimi\/files\/2022\/10\/pikkubanneri-1.jpg&#8221; title_text=&#8221;pikkubanneri&#8221; _builder_version=&#8221;4.18.0&#8243; _module_preset=&#8221;default&#8221; global_colors_info=&#8221;{}&#8221;][\/et_pb_image][et_pb_blurb title=&#8221;4. Asiakkaiden kohtaaminen verkossa (10\/2022)&#8221; admin_label=&#8221;Blurb&#8221; _builder_version=&#8221;4.20.4&#8243; _module_preset=&#8221;default&#8221; custom_margin=&#8221;||27px|||&#8221; custom_padding=&#8221;1px||0px|||&#8221; global_colors_info=&#8221;{}&#8221;]<\/p>\n<p>Sosiaalipsykologi ja sometutkija <strong><a href=\"http:\/\/www.suviuski.com\/\" target=\"_blank\" rel=\"noopener\">Suvi Uski <\/a><\/strong>tarkasteli puheenvuorossaan ihmisten k\u00e4ytt\u00e4ytymist\u00e4 sosiaalisessa mediassa ja digitaalisissa ymp\u00e4rist\u00f6iss\u00e4. Kemil\u00e4iset yritt\u00e4j\u00e4t kertoivat omista kokemuksistaan liittyen asiakkaiden kohtaamiseen verkossa.<\/p>\n<blockquote>\n<p><span>Webinaarista on kolme tallennetta:<\/span><\/p>\n<p><span><\/span><\/p>\n<p><span>keynote <a href=\"https:\/\/video.eoppimispalvelut.fi\/media\/Digitiimi-webinaari+Asiakkaiden+kohtaaminen+verkossa+3.10.20022\/0_vcd8spsw\" target=\"_blank\" rel=\"noopener\"><strong>Suvi Uski, Someturva<\/strong><\/a><\/span><\/p>\n<p><span><strong><\/strong><\/span><\/p>\n<p>yritt\u00e4j\u00e4n tarina<a href=\"https:\/\/video.eoppimispalvelut.fi\/media\/Asiakkaan+kohtaaminen+verkossa+3.10.+Kaisu+Brehmer+Bombus+Oy\/0_tpqrnh0g\" target=\"_blank\" rel=\"noopener\"><strong><span>\u00a0<\/span>Kaisu Brehmer, Bombus<\/strong><\/a><\/p>\n<p><strong><\/strong><\/p>\n<p>yritt\u00e4j\u00e4n tarina<strong> <a href=\"https:\/\/video.eoppimispalvelut.fi\/media\/Asiakkaan+kohtaaminen+verkossa+3.10.2022+Katariina+Sepp%C3%A4l%C3%A4+Kemin+asemapuisto+Oy\/0_3eefo2so\">Katariina Sepp\u00e4l\u00e4, Kemin Asemanpuisto<\/a><\/strong><strong><\/strong><\/p>\n<\/blockquote>\n<p>[\/et_pb_blurb][\/et_pb_column][et_pb_column type=&#8221;1_3&#8243; _builder_version=&#8221;4.17.4&#8243; _module_preset=&#8221;default&#8221; global_colors_info=&#8221;{}&#8221;][et_pb_blurb title=&#8221;5. Kurkistuksia hybridity\u00f6n arkeen (11\/2022)&#8221; admin_label=&#8221;Blurb&#8221; _builder_version=&#8221;4.20.4&#8243; _module_preset=&#8221;default&#8221; custom_padding=&#8221;0px||0px|||&#8221; global_colors_info=&#8221;{}&#8221;][\/et_pb_blurb][et_pb_image src=&#8221;https:\/\/blogi.eoppimispalvelut.fi\/digitiimi\/files\/2022\/10\/kurkistuksia_pikkubanneri.jpg&#8221; title_text=&#8221;kurkistuksia_pikkubanneri&#8221; _builder_version=&#8221;4.18.0&#8243; _module_preset=&#8221;default&#8221; global_colors_info=&#8221;{}&#8221;][\/et_pb_image][et_pb_text _builder_version=&#8221;4.20.0&#8243; _module_preset=&#8221;default&#8221; custom_padding=&#8221;||3px|||&#8221; global_colors_info=&#8221;{}&#8221;]<\/p>\n<p>Lappilaisten yritysten ja organisaatioiden HR-ihmiset keskustelivat hybridity\u00f6h\u00f6n liittyvist\u00e4 k\u00e4yt\u00e4nn\u00f6ist\u00e4 eri ty\u00f6paikoilla. Py\u00f6re\u00e4n p\u00f6yd\u00e4n keskustelussa oli mukana:<\/p>\n<ul>\n<li>Tarja Vanhanarkaus, Accountor Services<\/li>\n<li>Johanna Kaikkonen, Norrhydro Oy<\/li>\n<li>Janne Keskinarkaus, Napapiirin kuljetus Oy<\/li>\n<li>Tiina Huhtalo, Lapin AMK<\/li>\n<li>Hanna M\u00e4ki-Runsas, Outokumpu Oyj<\/li>\n<\/ul>\n<blockquote>\n<p>Py\u00f6re\u00e4n p\u00f6yd\u00e4n keskustelun helmet on katsottavissa <a href=\"https:\/\/video.eoppimispalvelut.fi\/media\/Kurkistuksia+hybridity%C3%B6n+arkeen\/0_q65nsgoq\" target=\"_blank\" rel=\"noopener\"><strong>tallenteelta<\/strong><\/a>.<\/p>\n<\/blockquote>\n<p>[\/et_pb_text][et_pb_image src=&#8221;https:\/\/blogi.eoppimispalvelut.fi\/digitiimi\/files\/2022\/11\/pikkujoulubanneri-kopio.jpg&#8221; title_text=&#8221;pikkujoulubanneri&#8221; _builder_version=&#8221;4.20.4&#8243; _module_preset=&#8221;default&#8221; global_colors_info=&#8221;{}&#8221;][\/et_pb_image][et_pb_blurb title=&#8221;6. Digitaalisen ty\u00f6n muotoilu (12\/2022)&#8221; admin_label=&#8221;Blurb&#8221; _builder_version=&#8221;4.20.4&#8243; _module_preset=&#8221;default&#8221; custom_padding=&#8221;0px||0px|||&#8221; global_colors_info=&#8221;{}&#8221;]<\/p>\n<p>Et\u00e4pikkujouluissa pureuduttiin digitaalisen ty\u00f6n muotoiluun &#8211; operatiiviseen, reflektiiviseen ja sosiaaliseen ty\u00f6aikaan ja niiden k\u00e4yt\u00e4nteisiin verkossa, et\u00e4n\u00e4, digin\u00e4.<strong><\/strong><\/p>\n<blockquote>\n<p><strong><a href=\"https:\/\/video.eoppimispalvelut.fi\/media\/Digitiimi-webinaari\/0_wezhqr1b\" target=\"_blank\" rel=\"noopener\">viikon aloituspalaverissa (30 min) <\/a><\/strong>aiheena ty\u00f6aika ja arjen haasteiden taklaaminen<\/p>\n<p><strong><a href=\"https:\/\/video.eoppimispalvelut.fi\/media\/Digitiimi-webinaari\/0_9jy6rwld\" target=\"_blank\" rel=\"noopener\">lounastreffeill\u00e4 (30 min) <\/a><\/strong>aiheena reflektointi ja ty\u00f6ss\u00e4 oppiminen<\/p>\n<p><a href=\"https:\/\/video.eoppimispalvelut.fi\/media\/Digitiimi-webinaari\/0_nz3c0a0g\" target=\"_blank\" rel=\"noopener\"><strong>afterworkissa (52 min) <\/strong><\/a>aiheena sosiaalinen aika ja muiden kohtaaminen<\/p>\n<\/blockquote>\n<p>Keskusteluissa koottiin hyvi\u00e4 k\u00e4yt\u00e4nt\u00f6j\u00e4 <strong><a href=\"https:\/\/padlet.com\/arnoheikkala1\/digi_pikkujoulut\" target=\"_blank\" rel=\"noopener\">Padlet-sein\u00e4lle<\/a>.<\/strong><\/p>\n<p>[\/et_pb_blurb][et_pb_image src=&#8221;https:\/\/blogi.eoppimispalvelut.fi\/digitiimi\/files\/2023\/01\/mainosbanneri-9.2.-vain-kuva.jpg&#8221; alt=&#8221;et\u00e4ty\u00f6v\u00e4lineet&#8221; title_text=&#8221;mainosbanneri 9.2. vain kuva&#8221; _builder_version=&#8221;4.18.0&#8243; _module_preset=&#8221;default&#8221; global_colors_info=&#8221;{}&#8221;][\/et_pb_image][et_pb_blurb title=&#8221;7. Tietoturva ja luotettava datayhteys hybridity\u00f6ss\u00e4 (2\/2023)&#8221; admin_label=&#8221;Blurb&#8221; _builder_version=&#8221;4.20.4&#8243; _module_preset=&#8221;default&#8221; custom_padding=&#8221;0px|||||&#8221; global_colors_info=&#8221;{}&#8221;]<\/p>\n<p><span>Webinaarissa <a href=\"https:\/\/www.linkedin.com\/in\/hartoponka\/\" target=\"_blank\" rel=\"noopener\"><strong>Harto P\u00f6nk\u00e4<\/strong> (<\/a>toimitusjohtaja, <a href=\"https:\/\/www.innowise.fi\/fi\/koulutukset\/\" target=\"_blank\" rel=\"noopener\">Innowise)<\/a>\u00a0piti puheenvuoron tietoturvasta ja tietosuojasta hybridity\u00f6ss\u00e4.<strong> <\/strong><\/span><span><strong><a href=\"https:\/\/www.linkedin.com\/in\/timo-hietalahti-458ba5b1\/\" target=\"_blank\" rel=\"noopener\">Timo Hietalahti<\/a> <\/strong>(Director, Engineering and Regulations, Telia Finland) piti puheenvuoron luotettavasta datayhteydest\u00e4 Lapissa.<\/span><span>\u00a0Webinaari j\u00e4rjestettiin yhteisty\u00f6ss\u00e4 <a href=\"https:\/\/lapin5g.fi\/\" target=\"_blank\" rel=\"noopener\">Lapin 5G- kiihdytt\u00e4m\u00f6 -hankkeen<\/a> kanssa.<\/span><\/p>\n<blockquote>\n<p>Harto P\u00f6nk\u00e4n puheenvuoron <strong><a href=\"https:\/\/video.eoppimispalvelut.fi\/media\/Tietoturva+hybridity%C3%B6ss%C3%A4+-+Harto+P%C3%B6nk%C3%A4\/0_rw3fxc3e\" target=\"_blank\" rel=\"noopener\">tallenne<\/a><\/strong> sek\u00e4 <strong><a href=\"https:\/\/blogi.eoppimispalvelut.fi\/digitiimi\/files\/2023\/02\/lapinamk-tietoturva-hybridityo-080223.pdf\" rel=\"attachment noopener wp-att-555\" target=\"_blank\">luentomateriaalit<\/a><\/strong>.<\/p>\n<p>Timo Hietalahden puheenvuoron <a href=\"https:\/\/www.youtube.com\/watch?v=AjkAItLaS5U\" target=\"_blank\" rel=\"noopener\"><strong>tallenne<\/strong><\/a> sek\u00e4 <strong><a href=\"https:\/\/blogi.eoppimispalvelut.fi\/digitiimi\/files\/2023\/02\/Luotettava-datayhteys-Lapissa_LapinAMK-090223-Telia-Finland-Timo-Hietalahti-julk.pdf\" rel=\"attachment noopener wp-att-556\" target=\"_blank\">luentomateriaalit<\/a><\/strong>.<\/p>\n<\/blockquote>\n<p>[\/et_pb_blurb][\/et_pb_column][et_pb_column type=&#8221;1_3&#8243; _builder_version=&#8221;4.16&#8243; _module_preset=&#8221;default&#8221; global_colors_info=&#8221;{}&#8221;][et_pb_image src=&#8221;https:\/\/blogi.eoppimispalvelut.fi\/digitiimi\/files\/2023\/03\/tarinoita-vieraat.jpg&#8221; title_text=&#8221;tarinoita vieraat&#8221; _builder_version=&#8221;4.20.4&#8243; _module_preset=&#8221;default&#8221; global_colors_info=&#8221;{}&#8221;][\/et_pb_image][et_pb_blurb title=&#8221;8. Lappilaisten et\u00e4ty\u00f6ntekij\u00f6iden tarinoita (3\/2023)&#8221; admin_label=&#8221;Blurb&#8221; _builder_version=&#8221;4.20.4&#8243; _module_preset=&#8221;default&#8221; custom_padding=&#8221;0px|||||&#8221; global_colors_info=&#8221;{}&#8221;]<\/p>\n<p><span data-contrast=\"none\" xml:lang=\"FI-FI\" lang=\"FI-FI\" class=\"TextRun SCXW208640534 BCX9\"><span class=\"NormalTextRun SCXW208640534 BCX9\">Webinaarissa oli esill\u00e4 kolme erilaista lappilaista kokemusta et\u00e4ty\u00f6n tekemisest\u00e4:<\/span><\/span><span data-contrast=\"none\" xml:lang=\"FI-FI\" lang=\"FI-FI\" class=\"TextRun SCXW208640534 BCX9\"><span class=\"NormalTextRun SCXW208640534 BCX9\"><strong>\u00a0Tanja Poutiainen-Rinne<\/strong> (<\/span><\/span><span data-contrast=\"none\" xml:lang=\"FI-FI\" lang=\"FI-FI\" class=\"TextRun SCXW208640534 BCX9\"><a href=\"https:\/\/comebackcenter.fi\/fi\/\" target=\"_blank\" rel=\"noopener\"><span class=\"SpellingError SCXW208640534 BCX9\">Comeback<\/span><\/a><span class=\"NormalTextRun SCXW208640534 BCX9\"><a href=\"https:\/\/comebackcenter.fi\/fi\/\" target=\"_blank\" rel=\"noopener\"> Center<\/a>), <strong>Jukka Markkanen<\/strong> (<a href=\"https:\/\/levisnowsportacademy.com\/\" target=\"_blank\" rel=\"noopener\">Levi <\/a><\/span><a href=\"https:\/\/levisnowsportacademy.com\/\" target=\"_blank\" rel=\"noopener\"><span class=\"SpellingError SCXW208640534 BCX9\">Snowsport<\/span><\/a><span class=\"NormalTextRun SCXW208640534 BCX9\"><a href=\"https:\/\/levisnowsportacademy.com\/\" target=\"_blank\" rel=\"noopener\"> Academy<\/a>) ja <strong>Jenni Halonen<\/strong> (<\/span><a href=\"https:\/\/www.sarastia.fi\/\" target=\"_blank\" rel=\"noopener\"><span class=\"SpellingError SCXW208640534 BCX9\">Sarastia<\/span><\/a><span class=\"NormalTextRun SCXW208640534 BCX9\">) tekev\u00e4t monipaikkaista hybridity\u00f6t\u00e4 Lapissa ja w<\/span><\/span><span data-contrast=\"none\" xml:lang=\"FI-FI\" lang=\"FI-FI\" class=\"TextRun SCXW208640534 BCX9\"><span class=\"NormalTextRun SCXW208640534 BCX9\">ebinaarissa he jakoivat kokemuksiaan ja huomioitaan et\u00e4ty\u00f6st\u00e4<\/span><span class=\"NormalTextRun SCXW208640534 BCX9\">.<\/span><\/span><span><strong><\/strong><\/span><span data-contrast=\"none\" xml:lang=\"FI-FI\" lang=\"FI-FI\" class=\"TextRun SCXW208640534 BCX9\"><span class=\"NormalTextRun SCXW208640534 BCX9\"><\/span><\/span><\/p>\n<blockquote>\n<p>Webinaarin <strong><a href=\"https:\/\/video.eoppimispalvelut.fi\/media\/Digitiimi-webinaari\/0_b6x13xlj\" target=\"_blank\" rel=\"noopener\">tallenne<\/a><\/strong> on vapaasti katsottavissa.<span data-contrast=\"none\" xml:lang=\"FI-FI\" lang=\"FI-FI\" class=\"TextRun SCXW208640534 BCX9\"><span class=\"NormalTextRun SCXW208640534 BCX9\"><\/span><\/span><\/p>\n<\/blockquote>\n<p style=\"text-align: left\">[\/et_pb_blurb][et_pb_image src=&#8221;https:\/\/blogi.eoppimispalvelut.fi\/digitiimi\/files\/2023\/04\/200423-Vastuullinen-ja-digitaalinen-toimitusketju.jpg&#8221; title_text=&#8221;200423 Vastuullinen ja digitaalinen toimitusketju&#8221; _builder_version=&#8221;4.20.4&#8243; _module_preset=&#8221;default&#8221; global_colors_info=&#8221;{}&#8221;][\/et_pb_image][et_pb_blurb title=&#8221;9. Vastuullisuus ja digitaaliset mahdollisuudet monipaikkaisessa ty\u00f6ss\u00e4 (4\/2023)&#8221; admin_label=&#8221;Blurb&#8221; _builder_version=&#8221;4.20.4&#8243; _module_preset=&#8221;default&#8221; custom_padding=&#8221;0px|||||&#8221; global_colors_info=&#8221;{}&#8221;]<\/p>\n<p><span style=\"background-color: white\">Miten monipaikkainen ty\u00f6 haastaa meid\u00e4t digitalisoitumaan ja mit\u00e4 ratkaisuja monipaikkainen organisaatio voi k\u00e4ytt\u00e4\u00e4 toiminnassaan?<\/span><\/p>\n<blockquote>\n<p><strong>Kim Westerlundin<\/strong> (Edupower) keynotepuheenvuoro katsottavissa <strong><a href=\"https:\/\/video.eoppimispalvelut.fi\/media\/Business+Torstai%2C+Kim+Westerlund%2C+Edupower+20.4.2023\/0_v6upoh0m\" target=\"_blank\" rel=\"noopener\">tallenteena<\/a><\/strong>.<\/p>\n<\/blockquote>\n<p><span lang=\"fi\">Webinaari j\u00e4rjestettiin osana Business Torstai -tapahtumaa yhteisty\u00f6ss\u00e4 <a href=\"https:\/\/www.businesstornio.fi\/\" target=\"_blank\" rel=\"noopener\">Business Tornion<\/a> kanssa.<\/span><\/p>\n<p>[\/et_pb_blurb][et_pb_image src=&#8221;https:\/\/blogi.eoppimispalvelut.fi\/digitiimi\/files\/2023\/05\/puhujakuva.jpg&#8221; title_text=&#8221;puhujakuva&#8221; _builder_version=&#8221;4.20.4&#8243; _module_preset=&#8221;default&#8221; global_colors_info=&#8221;{}&#8221;][\/et_pb_image][et_pb_blurb title=&#8221;10. Tulevaisuuden yhteis\u00f6llisen et\u00e4ty\u00f6n johtaminen (05\/2023)&#8221; admin_label=&#8221;Blurb&#8221; _builder_version=&#8221;4.24.3&#8243; _module_preset=&#8221;default&#8221; custom_margin=&#8221;||27px|||&#8221; custom_padding=&#8221;1px||0px|||&#8221; hover_enabled=&#8221;0&#8243; global_colors_info=&#8221;{}&#8221; sticky_enabled=&#8221;0&#8243;]<\/p>\n<p>Webinaarisarjan p\u00e4\u00e4t\u00f6stilaisuudessa katsottiin tulevaisuutta kohti ja kuultiin kolme puheenvuoroa oman alansa huippuasiantuntijoilta ja tietokirjailijoilta: <strong><\/strong><\/p>\n<blockquote>\n<p><strong><a href=\"https:\/\/www.perttupolonen.com\/\" target=\"_blank\" rel=\"noopener\">Perttu P\u00f6l\u00f6nen <\/a><\/strong>haastoi pohtimaan muuttuvaa ty\u00f6el\u00e4m\u00e4\u00e4 ja tulevaisuuden et\u00e4ty\u00f6t\u00e4.<\/p>\n<p>&nbsp;<\/p>\n<p><strong><a href=\"https:\/\/www.almatalent.fi\/blogi\/onko-teknologiasta-tullut-tyopaikan-hairikko\/\" target=\"_blank\" rel=\"noopener\">Riikka Gassen <\/a><\/strong>tarjoili n\u00e4k\u00f6kulmia tulevaisuuden digitaalisiin ty\u00f6ymp\u00e4rist\u00f6ihin.<\/p>\n<p>&nbsp;<\/p>\n<p><strong><a href=\"https:\/\/www.ullavilkman.com\/\" target=\"_blank\" rel=\"noopener\">Ulla Vilkman <\/a><\/strong>puhui et\u00e4ty\u00f6n ja yhteis\u00f6llisyyden johtamisesta muuttuvassa ty\u00f6el\u00e4m\u00e4ss\u00e4.<\/p>\n<\/blockquote>\n<p>[\/et_pb_blurb][\/et_pb_column][\/et_pb_row][\/et_pb_section]<\/p>\n","protected":false},"excerpt":{"rendered":"<p>Digitiimin vuosi huipentuu koulutuksellisiin digipikkujouluihin. Ilmoittaudu mukaan nyt!<\/p>\n","protected":false},"author":643,"featured_media":514,"parent":0,"menu_order":3,"comment_status":"closed","ping_status":"closed","template":"","meta":{"_et_pb_use_builder":"on","_et_pb_old_content":"","_et_gb_content_width":"","footnotes":""},"class_list":["post-49","page","type-page","status-publish","has-post-thumbnail","hentry"],"_links":{"self":[{"href":"https:\/\/blogi.eoppimispalvelut.fi\/digitiimi\/wp-json\/wp\/v2\/pages\/49","targetHints":{"allow":["GET"]}}],"collection":[{"href":"https:\/\/blogi.eoppimispalvelut.fi\/digitiimi\/wp-json\/wp\/v2\/pages"}],"about":[{"href":"https:\/\/blogi.eoppimispalvelut.fi\/digitiimi\/wp-json\/wp\/v2\/types\/page"}],"author":[{"embeddable":true,"href":"https:\/\/blogi.eoppimispalvelut.fi\/digitiimi\/wp-json\/wp\/v2\/users\/643"}],"replies":[{"embeddable":true,"href":"https:\/\/blogi.eoppimispalvelut.fi\/digitiimi\/wp-json\/wp\/v2\/comments?post=49"}],"version-history":[{"count":101,"href":"https:\/\/blogi.eoppimispalvelut.fi\/digitiimi\/wp-json\/wp\/v2\/pages\/49\/revisions"}],"predecessor-version":[{"id":761,"href":"https:\/\/blogi.eoppimispalvelut.fi\/digitiimi\/wp-json\/wp\/v2\/pages\/49\/revisions\/761"}],"wp:featuredmedia":[{"embeddable":true,"href":"https:\/\/blogi.eoppimispalvelut.fi\/digitiimi\/wp-json\/wp\/v2\/media\/514"}],"wp:attachment":[{"href":"https:\/\/blogi.eoppimispalvelut.fi\/digitiimi\/wp-json\/wp\/v2\/media?parent=49"}],"curies":[{"name":"wp","href":"https:\/\/api.w.org\/{rel}","templated":true}]}}