{"id":696,"date":"2023-06-12T12:24:01","date_gmt":"2023-06-12T10:24:01","guid":{"rendered":"https:\/\/blogi.eoppimispalvelut.fi\/digitiimi\/?page_id=696"},"modified":"2023-06-12T14:42:49","modified_gmt":"2023-06-12T12:42:49","slug":"vinkkilista","status":"publish","type":"page","link":"https:\/\/blogi.eoppimispalvelut.fi\/digitiimi\/vinkkilista\/","title":{"rendered":"Vinkkilista"},"content":{"rendered":"<p>[et_pb_section fb_built=&#8221;1&#8243; _builder_version=&#8221;4.20.4&#8243; _module_preset=&#8221;default&#8221; global_colors_info=&#8221;{}&#8221;][et_pb_row column_structure=&#8221;1_3,1_3,1_3&#8243; _builder_version=&#8221;4.20.4&#8243; _module_preset=&#8221;default&#8221; global_colors_info=&#8221;{}&#8221;][et_pb_column type=&#8221;1_3&#8243; _builder_version=&#8221;4.20.4&#8243; _module_preset=&#8221;default&#8221; global_colors_info=&#8221;{}&#8221;][et_pb_text _builder_version=&#8221;4.20.4&#8243; _module_preset=&#8221;default&#8221; hover_enabled=&#8221;0&#8243; global_colors_info=&#8221;{}&#8221; sticky_enabled=&#8221;0&#8243;]<\/p>\n<h2>Yhteisty\u00f6hankkeet:<\/h2>\n<p><b><\/b><\/p>\n<p><b><a href=\"https:\/\/www.ttl.fi\/tutkimus\/hankkeet\/kimmoisat-tyontekijat-muuttuvassa-tyoelamassa\" target=\"_blank\" rel=\"noopener\">Kimmoisat ty\u00f6ntekij\u00e4t muuttuvassa ty\u00f6el\u00e4m\u00e4ss\u00e4 -tutkimushanke <\/a><\/b>(Ty\u00f6terveyslaitos). L\u00e4hi- ja et\u00e4ty\u00f6n tasapaino -webinaarissa elokuussa 2022 esiteltiin tutkimushankkeen tuloksia, tallenteet ja artikkelit l\u00f6ytyy Digitiimi-hankkeen <a href=\"https:\/\/blogi.eoppimispalvelut.fi\/digitiimi\/artikkelit\/\" target=\"_blank\" rel=\"noopener\">verkkosivuilta<\/a>.<\/p>\n<p><b><a href=\"https:\/\/lapin5g.fi\/\" target=\"_blank\" rel=\"noopener\">Lapin 5G-kiihdytt\u00e4m\u00f6 -hanke<\/a> <\/b>(Lapin AMK)<\/p>\n<p><b><a href=\"https:\/\/www.oamk.fi\/fi\/tutkimus-ja-kehitys\/tki-ja-hanketoiminta\/hankkeet\/muuvi\/\" target=\"_blank\" rel=\"noopener\">MUUVI &#8211; Yritysten muutoskyvykkyys, vihre\u00e4 siirtym\u00e4 ja digitalisaatio -hanke <\/a><\/b>(OAMK). <span>MUUVI-hankkeessa on tuotettu <a href=\"https:\/\/www.yritystenmuutoskumppanina.fi\/\" target=\"_blank\" rel=\"noopener\">valtakunnallinen mikro-opintotarjonta yrityksille <\/a>ja tarjottimelle <\/span>tulee my\u00f6hemmin my\u00f6s Digitiimi-hankkeen sis\u00e4lt\u00f6ihin perustuvia mikro-opintoja.<\/p>\n<p><b><a href=\"https:\/\/www.ulapland.fi\/FI\/Yksikot\/Koulutus--ja-kehittamispalvelut\/Hanketoiminta-ja-asiakastarinat\/Perheystavallinen-hybridityon-Lappi\" target=\"_blank\" rel=\"noopener\">Perheyst\u00e4v\u00e4llinen hybridity\u00f6n Lappi -hanke<\/a><\/b>(Lapin yliopisto). <span>Tutustu hankkeen \u00a0julkaisuun: <a href=\"https:\/\/lauda.ulapland.fi\/handle\/10024\/65462\" target=\"_blank\" rel=\"noopener\">Hybridity\u00f6n k\u00e4sikirja: opas joustavaan monipaikkaiseen ty\u00f6h\u00f6n.<\/a><\/span><\/p>\n<p><b><a href=\"https:\/\/web1.kamit.fi\/pikakainuu\/\" target=\"_blank\" rel=\"noopener\">PIKA Kainuu &#8211; kest\u00e4v\u00e4 digitaalinen tulevaisuuden ty\u00f6 -hanke <\/a><\/b>(KAMK). Tutustu hankkeen julkaisuun: <span lang=\"fi\"><a href=\"https:\/\/www.theseus.fi\/handle\/10024\/802466\" target=\"_blank\" rel=\"noopener\">N\u00e4k\u00f6kulmia et\u00e4- ja hybridity\u00f6h\u00f6n: PIKA Kainuu &#8211; Kest\u00e4v\u00e4 digitaalinen tulevaisuuden ty\u00f6<\/a>.<\/span><\/p>\n<p><b><a href=\"https:\/\/blogi.eoppimispalvelut.fi\/pohjoinenjohtamisenfoorumi\/\" target=\"_blank\" rel=\"noopener\">Pohjoinen johtamisen foorumi -hanke<\/a> <\/b>(Lapin koulutuskeskus REDU)<\/p>\n<p><b><a href=\"https:\/\/www.aisapari.net\/kansainvalisyys\/rural-working-hubs\/\" target=\"_blank\" rel=\"noopener\">Rural Working Hubs -hanke<\/a> <\/b>(Leader Aisapari)<\/p>\n<p><b><a href=\"https:\/\/www.jamk.fi\/fi\/projekti\/virtual-leaders\" target=\"_blank\" rel=\"noopener\">Virtual Leaders -hanke<\/a><\/b> (JAMK)<\/p>\n<p>[\/et_pb_text][et_pb_image src=&#8221;https:\/\/blogi.eoppimispalvelut.fi\/digitiimi\/files\/2023\/06\/andrew-moca-yAGNjU4rtss-unsplash-scaled.jpg&#8221; title_text=&#8221;andrew-moca-yAGNjU4rtss-unsplash&#8221; _builder_version=&#8221;4.20.4&#8243; _module_preset=&#8221;default&#8221; global_colors_info=&#8221;{}&#8221;][\/et_pb_image][\/et_pb_column][et_pb_column type=&#8221;1_3&#8243; _builder_version=&#8221;4.20.4&#8243; _module_preset=&#8221;default&#8221; global_colors_info=&#8221;{}&#8221;][et_pb_text _builder_version=&#8221;4.20.4&#8243; _module_preset=&#8221;default&#8221; hover_enabled=&#8221;0&#8243; global_colors_info=&#8221;{}&#8221; sticky_enabled=&#8221;0&#8243;]<\/p>\n<h2><span lang=\"fi\">Verkostot ja yhteis\u00f6t:<\/span><span lang=\"fi\"><\/span><\/h2>\n<p><span style=\"font-weight: bold\"><a href=\"https:\/\/www.linkedin.com\/groups\/14080011\/\" target=\"_blank\" rel=\"noopener\">Etev\u00e4n et\u00e4johtamisen edist\u00e4j\u00e4t<\/a>,<\/span> LinkedIn. Virtual Leaders -hankkeen verkosto.<\/p>\n<p><a href=\"https:\/\/www.etatyotilat.fi\/\" target=\"_blank\" rel=\"noopener\"><span style=\"font-weight: bold\">Et\u00e4ty\u00f6tilat.fi <\/span><\/a>&#8211; kokoaa suomalaiset et\u00e4ty\u00f6tilat ja et\u00e4ty\u00f6pisteet.<\/p>\n<p><span style=\"font-weight: bold\"><a href=\"https:\/\/www.linkedin.com\/groups\/14077691\/\" target=\"_blank\" rel=\"noopener\">Et\u00e4ty\u00f6tilojen verkosto<\/a><\/span>, LinkedIn<\/p>\n<p><a href=\"https:\/\/www.facebook.com\/groups\/hevityo\" target=\"_blank\" rel=\"noopener\"><strong>Hybridity\u00f6! Hevity\u00f6! Virtuaality\u00f6! #hevity\u00f6<\/strong><\/a>, Facebook.<\/p>\n<p><strong><a href=\"https:\/\/www.facebook.com\/groups\/1320566447966865\" target=\"_blank\" rel=\"noopener\">Lapin aluekehitt\u00e4j\u00e4verkosto<\/a><\/strong>, Facebook.<\/p>\n<p><span style=\"font-weight: bold\"><a href=\"https:\/\/www.linkedin.com\/groups\/9025887\/\" target=\"_blank\" rel=\"noopener\">Pohjoinen johtamisen foorumi<\/a><\/span>, LinkedIn. Lappilaisille johtajille, esimiehille ja yritt\u00e4jille, verkostoitumista ja osaamisen kehitt\u00e4mist\u00e4.<\/p>\n<p>&nbsp;<\/p>\n<p>[\/et_pb_text][et_pb_divider _builder_version=&#8221;4.20.4&#8243; _module_preset=&#8221;default&#8221; global_colors_info=&#8221;{}&#8221;][\/et_pb_divider][et_pb_text _builder_version=&#8221;4.20.4&#8243; _module_preset=&#8221;default&#8221; global_colors_info=&#8221;{}&#8221;]<\/p>\n<h2><span lang=\"fi\">Yritykset ja organisaatiot:<\/span><\/h2>\n<p><span lang=\"fi\"><\/span><\/p>\n<p><span lang=\"fi\"><strong><a href=\"https:\/\/www.innowise.fi\/\" target=\"_blank\" rel=\"noopener\">Innowise Oy<\/a> <\/strong>&#8211; tarjoaa digitaalisen median asiantuntijapalveluita, ml. tietosuojakoulutukset ja konsultointi. Harto P\u00f6nk\u00e4 oli yksi Tietoturva ja luotettava datayhteys -webinaarin asiantuntijoista.<\/span><\/p>\n<p><strong><a href=\"https:\/\/timanttia.fi\/\" target=\"_blank\" rel=\"noopener\"><span lang=\"fi\">Timanttia Consulting Oy <\/span><\/a><\/strong><span lang=\"fi\">&#8211; tarjoaa osaamista monipaikkaisen ty\u00f6n johtaamiseen. Ulla Vilkman oli yksi Tulevaisuuden yhteis\u00f6llisen et\u00e4ty\u00f6n johtaminen -webinaarin asiantuntijoista.<\/span><span lang=\"fi\"><\/span><\/p>\n<p><strong><a href=\"https:\/\/www.someturva.fi\/\" target=\"_blank\" rel=\"noopener\"><span lang=\"fi\">Someturva Oy<\/span><\/a><\/strong><span lang=\"fi\"><a href=\"https:\/\/www.someturva.fi\/\" target=\"_blank\" rel=\"noopener\">\u00a0<\/a>&#8211; tarjoaa palveluita ja ratkaisuja, joilla luodaan turvaa sosiaalisen median alustoille ja digitaalisiin ty\u00f6ymp\u00e4rist\u00f6ihin. Suvi Uski oli yksi Asiakkaiden kohtaaminen verkossa -webinaarin asiantuntijoista.<\/span><span lang=\"fi\"><\/span><\/p>\n<p><span style=\"font-weight: bold\"><a href=\"https:\/\/www.ttl.fi\/teemat\/tyoelaman-muutos\/etatyo-hybridityo-ja-monipaikkainen-tyo\" target=\"_blank\" rel=\"noopener\">Ty\u00f6terveyslaitos<\/a> &#8211; <\/span>Tutkimuksia, julkaisuja, oppaita ja ohjeita, teemana ty\u00f6el\u00e4m\u00e4n muutos, et\u00e4ty\u00f6, hybridity\u00f6 ja monipaikkainen ty\u00f6. Tutkija Janne Kaltiainen oli L\u00e4hi- ja et\u00e4ty\u00f6n tasapaino -webinaarin asiantuntijana.<\/p>\n<p>&nbsp;<\/p>\n<p>[\/et_pb_text][\/et_pb_column][et_pb_column type=&#8221;1_3&#8243; _builder_version=&#8221;4.20.4&#8243; _module_preset=&#8221;default&#8221; global_colors_info=&#8221;{}&#8221;][et_pb_image src=&#8221;https:\/\/blogi.eoppimispalvelut.fi\/digitiimi\/files\/2023\/06\/kimberly-farmer-lUaaKCUANVI-unsplash-scaled.jpg&#8221; title_text=&#8221;kimberly-farmer-lUaaKCUANVI-unsplash&#8221; _builder_version=&#8221;4.20.4&#8243; _module_preset=&#8221;default&#8221; global_colors_info=&#8221;{}&#8221;][\/et_pb_image][et_pb_text _builder_version=&#8221;4.20.4&#8243; _module_preset=&#8221;default&#8221; hover_enabled=&#8221;0&#8243; global_colors_info=&#8221;{}&#8221; sticky_enabled=&#8221;0&#8243;]<\/p>\n<h2><span lang=\"fi\">Kirjat ja julkaisut:<\/span><\/h2>\n<p><span lang=\"fi\">Dahl, P\u00e4ivi et al.: <strong><a href=\"https:\/\/www.theseus.fi\/handle\/10024\/802466\" target=\"_blank\" rel=\"noopener\">N\u00e4k\u00f6kulmia et\u00e4- ja hybridity\u00f6h\u00f6n: PIKA Kainuu &#8211; Kest\u00e4v\u00e4 digitaalinen tulevaisuuden ty\u00f6<\/a> <\/strong>-hanke, 2023.<\/span><\/p>\n<p><span lang=\"fi\">Gassen, Riikka: <a href=\"https:\/\/shop.almatalent.fi\/sivu\/tuote\/digitaalinen-tyoymparisto\/4191213?_gl=1*1hv28iq*_ga*ODE5NTkzMjU0LjE2ODY1NTU1NTk.*_ga_3L539PMN3X*MTY4NjU1NTU1OS4xLjEuMTY4NjU1NTU1OS4wLjAuMA..&amp;_ga=2.199708782.1770617720.1686555559-819593254.1686555559\" target=\"_blank\" rel=\"noopener\"><strong>Digitaalinen ty\u00f6ymp\u00e4rist\u00f6<\/strong><\/a><strong>,<\/strong> 2022.<\/span><\/p>\n<p><span lang=\"fi\">Huotilainen, Minna: <a href=\"https:\/\/www.tuumakustannus.fi\/Minna-Huotilainen\/Aivosi-tarvitsevat-tauon.html\" target=\"_blank\" rel=\"noopener\"><strong>Aivosi tarvitsevat tauon<\/strong><\/a>, 2021.<\/span><\/p>\n<p><span lang=\"fi\">Huotilainen, Minna ja Moisala, Mona: <strong><a href=\"https:\/\/www.tuumakustannus.fi\/Minna-Huotilainen\/Keskittymiskyvyn-elvytysopas.html\" target=\"_blank\" rel=\"noopener\">Keskittymiskyvyn elvytysopas<\/a><\/strong>, 2019.<\/span><\/p>\n<p><span lang=\"fi\">Huotilainen, Minna ja Saarikivi, Katri: <a href=\"https:\/\/otava.fi\/kirjat\/aivot-tyossa\/\" target=\"_blank\" rel=\"noopener\"><strong>Aivot ty\u00f6ss\u00e4<\/strong><\/a>, 2018.<\/span><\/p>\n<p><span lang=\"fi\">Kohtakangas, Krista, Kopakka, Ira-Eerika ja Koskitalo, Inga: <a href=\"https:\/\/lauda.ulapland.fi\/handle\/10024\/65462\" target=\"_blank\" rel=\"noopener\"><strong>Hybridity\u00f6n k\u00e4sikirja: opas joustavaan monipaikkaiseen ty\u00f6h\u00f6n<\/strong><\/a>, 2023.<\/span><\/p>\n<p><span lang=\"fi\">P\u00f6l\u00f6nen, Perttu: <a href=\"https:\/\/www.perttupolonen.com\/tulevaisuudenlukujarjestys\" target=\"_blank\" rel=\"noopener\"><strong>Tulevaisuuden lukuj\u00e4rjestys<\/strong><\/a>, 2019.<\/span><\/p>\n<p><span lang=\"fi\">Roininen, Milla (toim): <a href=\"https:\/\/www.turkuamk.fi\/fi\/tutkimus-kehitys-ja-innovaatiot\/julkaisuhaku\/44\/\" target=\"_blank\" rel=\"noopener\"><strong>Ty\u00f6n muotoilu mobiilissa ja monipaikkaisessa ty\u00f6ss\u00e4<\/strong><\/a>, 2019.<\/span><\/p>\n<p><span lang=\"fi\">Vilkman, Ulla: <a href=\"https:\/\/shop.almatalent.fi\/sivu\/tuote\/etajohtaminen\/1182976\" target=\"_blank\" rel=\"noopener\"><strong>Et\u00e4johtaminen &#8211; Tulosta joustavalla ty\u00f6ll\u00e4<\/strong><\/a>, 2016.<\/span><\/p>\n<p><span lang=\"fi\">Vilkman, Ulla: <strong><a href=\"https:\/\/shop.almatalent.fi\/sivu\/tuote\/nain-menestyt-monipaikkaisessa-tyossa\/4834122\" target=\"_blank\" rel=\"noopener\">N\u00e4in menestyt monipaikkaisessa ty\u00f6ss\u00e4<\/a><\/strong>, 2023.<\/span><\/p>\n<p>&nbsp;<\/p>\n<p>[\/et_pb_text][\/et_pb_column][\/et_pb_row][\/et_pb_section]<\/p>\n","protected":false},"excerpt":{"rendered":"<p>Yhteisty\u00f6hankkeet: Kimmoisat ty\u00f6ntekij\u00e4t muuttuvassa ty\u00f6el\u00e4m\u00e4ss\u00e4 -tutkimushanke (Ty\u00f6terveyslaitos). L\u00e4hi- ja et\u00e4ty\u00f6n tasapaino -webinaarissa elokuussa 2022 esiteltiin tutkimushankkeen tuloksia, tallenteet ja artikkelit l\u00f6ytyy Digitiimi-hankkeen verkkosivuilta. Lapin 5G-kiihdytt\u00e4m\u00f6 -hanke (Lapin AMK) MUUVI &#8211; Yritysten muutoskyvykkyys, vihre\u00e4 siirtym\u00e4 ja digitalisaatio -hanke (OAMK). MUUVI-hankkeessa on tuotettu valtakunnallinen mikro-opintotarjonta yrityksille ja tarjottimelle tulee my\u00f6hemmin my\u00f6s Digitiimi-hankkeen sis\u00e4lt\u00f6ihin perustuvia mikro-opintoja. Perheyst\u00e4v\u00e4llinen hybridity\u00f6n [&hellip;]<\/p>\n","protected":false},"author":643,"featured_media":0,"parent":0,"menu_order":4,"comment_status":"closed","ping_status":"closed","template":"","meta":{"_et_pb_use_builder":"on","_et_pb_old_content":"","_et_gb_content_width":"","footnotes":""},"class_list":["post-696","page","type-page","status-publish","hentry"],"_links":{"self":[{"href":"https:\/\/blogi.eoppimispalvelut.fi\/digitiimi\/wp-json\/wp\/v2\/pages\/696","targetHints":{"allow":["GET"]}}],"collection":[{"href":"https:\/\/blogi.eoppimispalvelut.fi\/digitiimi\/wp-json\/wp\/v2\/pages"}],"about":[{"href":"https:\/\/blogi.eoppimispalvelut.fi\/digitiimi\/wp-json\/wp\/v2\/types\/page"}],"author":[{"embeddable":true,"href":"https:\/\/blogi.eoppimispalvelut.fi\/digitiimi\/wp-json\/wp\/v2\/users\/643"}],"replies":[{"embeddable":true,"href":"https:\/\/blogi.eoppimispalvelut.fi\/digitiimi\/wp-json\/wp\/v2\/comments?post=696"}],"version-history":[{"count":8,"href":"https:\/\/blogi.eoppimispalvelut.fi\/digitiimi\/wp-json\/wp\/v2\/pages\/696\/revisions"}],"predecessor-version":[{"id":707,"href":"https:\/\/blogi.eoppimispalvelut.fi\/digitiimi\/wp-json\/wp\/v2\/pages\/696\/revisions\/707"}],"wp:attachment":[{"href":"https:\/\/blogi.eoppimispalvelut.fi\/digitiimi\/wp-json\/wp\/v2\/media?parent=696"}],"curies":[{"name":"wp","href":"https:\/\/api.w.org\/{rel}","templated":true}]}}