{"id":103,"date":"2019-02-11T14:56:50","date_gmt":"2019-02-11T12:56:50","guid":{"rendered":"https:\/\/blogi.eoppimispalvelut.fi\/digiwander\/?page_id=103"},"modified":"2019-05-02T14:13:20","modified_gmt":"2019-05-02T11:13:20","slug":"harrastukset","status":"publish","type":"page","link":"https:\/\/blogi.eoppimispalvelut.fi\/digiwander\/harrastukset\/","title":{"rendered":"Bio"},"content":{"rendered":"<p><img loading=\"lazy\" decoding=\"async\" class=\"aligncenter wp-image-64 size-large\" src=\"https:\/\/blogi.eoppimispalvelut.fi\/digiwander\/files\/2019\/02\/IMG_3632-e1554791769164-1024x324.jpg\" alt=\"\" width=\"768\" height=\"243\" srcset=\"https:\/\/blogi.eoppimispalvelut.fi\/digiwander\/files\/2019\/02\/IMG_3632-e1554791769164-1024x324.jpg 1024w, https:\/\/blogi.eoppimispalvelut.fi\/digiwander\/files\/2019\/02\/IMG_3632-e1554791769164-300x95.jpg 300w, https:\/\/blogi.eoppimispalvelut.fi\/digiwander\/files\/2019\/02\/IMG_3632-e1554791769164-768x243.jpg 768w\" sizes=\"auto, (max-width: 768px) 100vw, 768px\" \/><\/p>\n<p>Olen paljasjalkalainen tornionlaaksolainen, kotoisin olen Ylitorniolta ja sittemmin asettunut Tornioon asustelemaan.<\/p>\n<p>Viittasin arvomaailmaani jo blogini nimess\u00e4:<em> Puun ja digibitin v\u00e4liss\u00e4 &#8211; Mets\u00e4l\u00e4isen matka digitalisaatioon<\/em>. Mets\u00e4l\u00e4isyys ja luontoarvot tulevat selv\u00e4sti esiin persoonastani ja luontosuhde on vahva. Mets\u00e4\u00e4n, kalliolle kukkulalle omaan rauhaan onkin p\u00e4\u00e4st\u00e4v\u00e4 tasaisin v\u00e4liajoin mielt\u00e4\u00e4n rauhoittamaan.<\/p>\n<p>Koska luonnossa oleskelu kuuluu lempipuuhiini, harrastuksetkin painottuvat luontoon hyvin pitk\u00e4lti. Kalastan, retkeilen, vaellan luonnossa, ker\u00e4\u00e4n marjat ja sienet talteen sek\u00e4 hy\u00f6dynn\u00e4n jonkun verran my\u00f6s luonnonyrttej\u00e4 ravintona. Neh\u00e4n ovat puhdasta ruokaa parhaimmillaan!<\/p>\n<p>Yst\u00e4v\u00e4t ja perhe luonnehtivat minua empaattiseksi, hyv\u00e4ksi kuuntelijaksi ja v\u00e4litt\u00e4v\u00e4ksi yst\u00e4v\u00e4ksi, joka pit\u00e4\u00e4 puolensa, mutta my\u00f6s muiden puolta tiukan paikan tullen. Ty\u00f6kaverit ovat luonnehtineet minua auttavaiseksi, tunnolliseksi ja tarkaksi tekij\u00e4ksi.<\/p>\n<p><img loading=\"lazy\" decoding=\"async\" class=\"alignleft wp-image-401 size-medium\" src=\"https:\/\/blogi.eoppimispalvelut.fi\/digiwander\/files\/2019\/04\/IMG_2636-192x300.jpg\" alt=\"\" width=\"192\" height=\"300\" srcset=\"https:\/\/blogi.eoppimispalvelut.fi\/digiwander\/files\/2019\/04\/IMG_2636-192x300.jpg 192w, https:\/\/blogi.eoppimispalvelut.fi\/digiwander\/files\/2019\/04\/IMG_2636-768x1202.jpg 768w, https:\/\/blogi.eoppimispalvelut.fi\/digiwander\/files\/2019\/04\/IMG_2636-655x1024.jpg 655w\" sizes=\"auto, (max-width: 192px) 100vw, 192px\" \/><\/p>\n","protected":false},"excerpt":{"rendered":"<p>Olen paljasjalkalainen tornionlaaksolainen, kotoisin olen Ylitorniolta ja sittemmin asettunut Tornioon asustelemaan. Viittasin arvomaailmaani jo blogini nimess\u00e4: Puun ja digibitin v\u00e4liss\u00e4 &#8211; Mets\u00e4l\u00e4isen matka digitalisaatioon. Mets\u00e4l\u00e4isyys ja luontoarvot tulevat selv\u00e4sti esiin persoonastani ja luontosuhde on vahva. Mets\u00e4\u00e4n, kalliolle kukkulalle omaan rauhaan onkin p\u00e4\u00e4st\u00e4v\u00e4 tasaisin v\u00e4liajoin mielt\u00e4\u00e4n rauhoittamaan. Koska luonnossa oleskelu kuuluu lempipuuhiini, harrastuksetkin painottuvat luontoon hyvin [&hellip;]<\/p>\n","protected":false},"author":3625,"featured_media":0,"parent":0,"menu_order":0,"comment_status":"closed","ping_status":"closed","template":"","meta":{"footnotes":""},"class_list":["post-103","page","type-page","status-publish","hentry"],"_links":{"self":[{"href":"https:\/\/blogi.eoppimispalvelut.fi\/digiwander\/wp-json\/wp\/v2\/pages\/103","targetHints":{"allow":["GET"]}}],"collection":[{"href":"https:\/\/blogi.eoppimispalvelut.fi\/digiwander\/wp-json\/wp\/v2\/pages"}],"about":[{"href":"https:\/\/blogi.eoppimispalvelut.fi\/digiwander\/wp-json\/wp\/v2\/types\/page"}],"author":[{"embeddable":true,"href":"https:\/\/blogi.eoppimispalvelut.fi\/digiwander\/wp-json\/wp\/v2\/users\/3625"}],"replies":[{"embeddable":true,"href":"https:\/\/blogi.eoppimispalvelut.fi\/digiwander\/wp-json\/wp\/v2\/comments?post=103"}],"version-history":[{"count":18,"href":"https:\/\/blogi.eoppimispalvelut.fi\/digiwander\/wp-json\/wp\/v2\/pages\/103\/revisions"}],"predecessor-version":[{"id":517,"href":"https:\/\/blogi.eoppimispalvelut.fi\/digiwander\/wp-json\/wp\/v2\/pages\/103\/revisions\/517"}],"wp:attachment":[{"href":"https:\/\/blogi.eoppimispalvelut.fi\/digiwander\/wp-json\/wp\/v2\/media?parent=103"}],"curies":[{"name":"wp","href":"https:\/\/api.w.org\/{rel}","templated":true}]}}