{"id":9,"date":"2021-12-08T12:14:06","date_gmt":"2021-12-08T10:14:06","guid":{"rendered":"https:\/\/blogi.eoppimispalvelut.fi\/inspiroivaluontokuvaus\/?page_id=9"},"modified":"2022-04-22T16:01:33","modified_gmt":"2022-04-22T13:01:33","slug":"osallistujien-esittely","status":"publish","type":"page","link":"https:\/\/blogi.eoppimispalvelut.fi\/inspiroivaluontokuvaus\/osallistujien-esittely\/","title":{"rendered":"Osallistujat 2021"},"content":{"rendered":"<p><strong>Syksyn 2021 kurssille osallistuivat:<br \/>\n<\/strong><\/p>\n<p><strong>JKR.<\/strong><br \/>\nOlen 23-vuotias, taiteista kiinnostunut mies.&nbsp;T\u00e4ll\u00e4 kertaa taiteen muotona on valokuvaus.&nbsp;Olen valokuvaillut silloin t\u00e4ll\u00f6in joko maisemia tai ihmisi\u00e4.&nbsp;Koen itse kuitenkin olevani aloitteleva kuvaaja sill\u00e4 paljon on opittavaa kuvauksesta kuin my\u00f6s el\u00e4m\u00e4st\u00e4kin.<\/p>\n<p>Galleriassa olevat kuvani ovat Henki ja el\u00e4m\u00e4 -hankkeen aikana otettuja kuvia syksyst\u00e4 talveen 2 viikon v\u00e4lein, joten kuvissa n\u00e4kyy vaihtuvat vuodenajat.<\/p>\n<p>Valokuvauksessa niin kuin monessa muussakin taiteen muodossa sek\u00e4 el\u00e4m\u00e4ss\u00e4ni tuon esiin mystisyytt\u00e4, avaruudellisuutta, luonnon geometriaa ja moniulotteisuutta. Valokuvieni tarkoituksena onkin luoda ihmisille kysymyksi\u00e4; mik\u00e4, miss\u00e4, mist\u00e4, miten&#8230;?<\/p>\n<p>Toivottavasti nautit valokuvista ja aina on mukava jos saan jonkun muun inspiroitumaan tekemisell\u00e4ni!<\/p>\n<p>&nbsp;<\/p>\n<p><strong>J.Lehtorikko<br \/>\n<\/strong>Olen Lapista ja harrastan satunnaisesti valokuvausta. Pid\u00e4n etenkin luontokuvaamisesta sek\u00e4 lintujen, \u00f6t\u00f6k\u00f6iden ja lemmikkiel\u00e4inten kuvaamisesta. Olen kuvannut t\u00e4llaisia kuvia jo jonkin aikaa ja saan luonnossa k\u00e4ymisest\u00e4 sek\u00e4 kuvien onnistumisesta voimaa.<\/p>\n<p>Valokuvauskurssi inspiroi minua kokeilemaan erilaisia kuvakulmia ja uutta kuvattavaa sek\u00e4 n\u00e4kemyksi\u00e4 luontokuvissa. Kokeilemaan uusia ideoita rohkeasti. Osassa kuvista yritin saada v\u00e4rit ja tunnelman esille.<\/p>\n<p>Valokuvaamista aion jatkaa sit\u00e4 mukaan kuin kerke\u00e4\u00e4 ja inspiraatio iskee.<\/p>\n<p><strong>&nbsp;<\/strong><strong>&nbsp;<\/strong><\/p>\n<p><strong>Annanow<br \/>\n<\/strong>Olen aloitteleva valokuvaaja Lapista. Innostuin osallistumaan luontokuvauskurssille, sill\u00e4 pidin muutenkin aina kameraa mukana luonnossa liikkuessa. Kurssilla olen oppinut paljon asiaa esimerkiksi valotuksesta, sommittelusta ja kuvien muokkaamisesta. Nyt luonnon kuvaaminen on entist\u00e4 helpompaa ja hauskempaa.<\/p>\n<p>&nbsp;<\/p>\n<p><strong>Jemina R.<br \/>\n<\/strong>Olen Rovaniemell\u00e4 asuva opiskelija ja satunnainen sunnuntaikuvaaja. Valtaosa kurssin aikana otetuista kuvista on kuvattu jo hieman ik\u00e4\u00e4ns\u00e4 n\u00e4ytt\u00e4v\u00e4ll\u00e4 Nikon D40 j\u00e4rjestelm\u00e4kameralla, jota lainadinosaurukseksikin rakkaudella kutsuin. K\u00e4yt\u00f6ss\u00e4ni olivat 18-55 mm kittiobjektiivi ja 70-300 mm teleobjektiivi. Osaa kuvista on k\u00e4sitelty RawTherapee-ohjelmalla.<\/p>\n<p>N\u00e4yttelyosuuteni kuvista toivon l\u00f6ytyv\u00e4n tasapainoisesti kuvia syksyn ja alkutalven kirjosta, l\u00e4helt\u00e4 ja kaukaa, paikalta ett\u00e4 liikkeess\u00e4 olevaa, kirkasta ja synkk\u00e4\u00e4 sek\u00e4 kepe\u00e4\u00e4 ett\u00e4 raskasta. Toivottavasti ehk\u00e4 pient\u00e4 edistyst\u00e4kin kuvissa.<\/p>\n<p>Kurssin aikana opin j\u00e4lleen enemm\u00e4n arvostamaan ja iloitsemaan luontoa, my\u00f6skin arkisemmaksikin koettua, sen ilmi\u00f6it\u00e4 ja yksityiskohtia. Osa esill\u00e4 olevista kuvista onkin otettu puhelimen kameralla arkisilta matkoilta valokuvausretkille otetun j\u00e4rjestelm\u00e4kameran sijaan.<\/p>\n<p>Taatusti jatkossa yrit\u00e4n valokuvata hieman lis\u00e4\u00e4 ja p\u00e4\u00e4st\u00e4 irti liiasta riippuvuudesta kameroiden automatiikkaan. Sen suhteen minulla on viel\u00e4 ty\u00f6t\u00e4 edess\u00e4, vaikka kurssilta sainkin siihen hyv\u00e4t ev\u00e4\u00e4t ja varmuutta. My\u00f6skin kuvien j\u00e4lkik\u00e4sittelyss\u00e4 on paljon opittavaa.&nbsp; Haaveissani olisi my\u00f6s vihdoin hankkia oma kamera.<\/p>\n<p>Kiit\u00e4n arvon opettajaa ja kaikkia jotka osallistuivat kurssille kannustavasta ilmapiirist\u00e4 ja yst\u00e4v\u00e4llisest\u00e4 palautteesta.<\/p>\n","protected":false},"excerpt":{"rendered":"<p>Syksyn 2021 kurssille osallistuivat: JKR. Olen 23-vuotias, taiteista kiinnostunut mies.&nbsp;T\u00e4ll\u00e4 kertaa taiteen muotona on valokuvaus.&nbsp;Olen valokuvaillut silloin t\u00e4ll\u00f6in joko maisemia tai ihmisi\u00e4.&nbsp;Koen itse kuitenkin olevani aloitteleva kuvaaja sill\u00e4 paljon on opittavaa kuvauksesta kuin my\u00f6s el\u00e4m\u00e4st\u00e4kin. Galleriassa olevat kuvani ovat Henki ja el\u00e4m\u00e4 -hankkeen aikana otettuja kuvia syksyst\u00e4 talveen 2 viikon v\u00e4lein, joten kuvissa n\u00e4kyy vaihtuvat &hellip; <\/p>\n<p><a class=\"more-link btn\" href=\"https:\/\/blogi.eoppimispalvelut.fi\/inspiroivaluontokuvaus\/osallistujien-esittely\/\">Jatka lukemista<\/a><\/p>\n","protected":false},"author":8991,"featured_media":0,"parent":0,"menu_order":0,"comment_status":"closed","ping_status":"closed","template":"","meta":{"footnotes":""},"class_list":["post-9","page","type-page","status-publish","hentry","nodate","item-wrap"],"_links":{"self":[{"href":"https:\/\/blogi.eoppimispalvelut.fi\/inspiroivaluontokuvaus\/wp-json\/wp\/v2\/pages\/9","targetHints":{"allow":["GET"]}}],"collection":[{"href":"https:\/\/blogi.eoppimispalvelut.fi\/inspiroivaluontokuvaus\/wp-json\/wp\/v2\/pages"}],"about":[{"href":"https:\/\/blogi.eoppimispalvelut.fi\/inspiroivaluontokuvaus\/wp-json\/wp\/v2\/types\/page"}],"author":[{"embeddable":true,"href":"https:\/\/blogi.eoppimispalvelut.fi\/inspiroivaluontokuvaus\/wp-json\/wp\/v2\/users\/8991"}],"replies":[{"embeddable":true,"href":"https:\/\/blogi.eoppimispalvelut.fi\/inspiroivaluontokuvaus\/wp-json\/wp\/v2\/comments?post=9"}],"version-history":[{"count":5,"href":"https:\/\/blogi.eoppimispalvelut.fi\/inspiroivaluontokuvaus\/wp-json\/wp\/v2\/pages\/9\/revisions"}],"predecessor-version":[{"id":96,"href":"https:\/\/blogi.eoppimispalvelut.fi\/inspiroivaluontokuvaus\/wp-json\/wp\/v2\/pages\/9\/revisions\/96"}],"wp:attachment":[{"href":"https:\/\/blogi.eoppimispalvelut.fi\/inspiroivaluontokuvaus\/wp-json\/wp\/v2\/media?parent=9"}],"curies":[{"name":"wp","href":"https:\/\/api.w.org\/{rel}","templated":true}]}}