{"id":15,"date":"2023-11-02T08:33:53","date_gmt":"2023-11-02T06:33:53","guid":{"rendered":"https:\/\/blogi.eoppimispalvelut.fi\/lapinrajapintakurssit\/?page_id=15"},"modified":"2024-08-06T13:38:17","modified_gmt":"2024-08-06T10:38:17","slug":"osallistaminen-ja-yhteisovaikuttaminen","status":"publish","type":"page","link":"https:\/\/blogi.eoppimispalvelut.fi\/lapinyhdyspintakurssit\/osallistaminen-ja-yhteisovaikuttaminen\/","title":{"rendered":"Osallisuus ja yhteis\u00f6vaikuttavuus"},"content":{"rendered":"<p>[et_pb_section fb_built=&#8221;1&#8243; admin_label=&#8221;section&#8221; _builder_version=&#8221;4.20.4&#8243; custom_padding=&#8221;||0px|||&#8221; global_colors_info=&#8221;{}&#8221;][et_pb_row column_structure=&#8221;1_3,1_3,1_3&#8243; _builder_version=&#8221;4.20.4&#8243; _module_preset=&#8221;default&#8221; global_colors_info=&#8221;{}&#8221;][et_pb_column type=&#8221;1_3&#8243; _builder_version=&#8221;4.20.4&#8243; _module_preset=&#8221;default&#8221; global_colors_info=&#8221;{}&#8221;][et_pb_text _builder_version=&#8221;4.20.4&#8243; _module_preset=&#8221;default&#8221; global_colors_info=&#8221;{}&#8221;]<\/p>\n<p style=\"text-align: left\"><img loading=\"lazy\" decoding=\"async\" src=\"https:\/\/blogi.eoppimispalvelut.fi\/lapinyhdyspintakurssit\/files\/2023\/12\/Sieppaa-300x97.jpg\" width=\"300\" height=\"97\" alt=\"\" class=\"wp-image-150 alignnone size-medium\" srcset=\"https:\/\/blogi.eoppimispalvelut.fi\/lapinyhdyspintakurssit\/files\/2023\/12\/Sieppaa-300x97.jpg 300w, https:\/\/blogi.eoppimispalvelut.fi\/lapinyhdyspintakurssit\/files\/2023\/12\/Sieppaa.jpg 376w\" sizes=\"(max-width: 300px) 100vw, 300px\" \/><\/p>\n<p>[\/et_pb_text][\/et_pb_column][et_pb_column type=&#8221;1_3&#8243; _builder_version=&#8221;4.20.4&#8243; _module_preset=&#8221;default&#8221; global_colors_info=&#8221;{}&#8221;][et_pb_image src=&#8221;https:\/\/blogi.eoppimispalvelut.fi\/lapinyhdyspintakurssit\/files\/2024\/01\/VASA2-logo.jpg&#8221; title_text=&#8221;VASA2 logo&#8221; align=&#8221;center&#8221; _builder_version=&#8221;4.20.4&#8243; _module_preset=&#8221;default&#8221; global_colors_info=&#8221;{}&#8221;][\/et_pb_image][\/et_pb_column][et_pb_column type=&#8221;1_3&#8243; _builder_version=&#8221;4.20.4&#8243; _module_preset=&#8221;default&#8221; global_colors_info=&#8221;{}&#8221;][et_pb_image src=&#8221;https:\/\/blogi.eoppimispalvelut.fi\/lapinyhdyspintakurssit\/files\/2023\/12\/Lapin-AMK-logo-1.jpg&#8221; title_text=&#8221;Lapin AMK logo&#8221; align=&#8221;right&#8221; _builder_version=&#8221;4.20.4&#8243; _module_preset=&#8221;default&#8221; global_colors_info=&#8221;{}&#8221;][\/et_pb_image][\/et_pb_column][\/et_pb_row][et_pb_row admin_label=&#8221;row&#8221; _builder_version=&#8221;4.16&#8243; background_size=&#8221;initial&#8221; background_position=&#8221;top_left&#8221; background_repeat=&#8221;repeat&#8221; global_colors_info=&#8221;{}&#8221;][et_pb_column type=&#8221;4_4&#8243; _builder_version=&#8221;4.16&#8243; custom_padding=&#8221;|||&#8221; global_colors_info=&#8221;{}&#8221; custom_padding__hover=&#8221;|||&#8221;][et_pb_text admin_label=&#8221;Text&#8221; _builder_version=&#8221;4.20.4&#8243; background_size=&#8221;initial&#8221; background_position=&#8221;top_left&#8221; background_repeat=&#8221;repeat&#8221; global_colors_info=&#8221;{}&#8221;]<\/p>\n<p style=\"text-align: center\">\n<p>[\/et_pb_text][et_pb_text _builder_version=&#8221;4.24.3&#8243; _module_preset=&#8221;default&#8221; text_font_size=&#8221;40px&#8221; hover_enabled=&#8221;0&#8243; global_colors_info=&#8221;{}&#8221; sticky_enabled=&#8221;0&#8243; custom_margin=&#8221;||-12px|||&#8221;]<\/p>\n<h1 style=\"text-align: left\">OSALLISUUS JA YHTEIS\u00d6VAIKUTTAVUUS<\/h1>\n<p>[\/et_pb_text][\/et_pb_column][\/et_pb_row][et_pb_row column_structure=&#8221;1_2,1_2&#8243; _builder_version=&#8221;4.20.4&#8243; _module_preset=&#8221;default&#8221; custom_padding=&#8221;24px|||||&#8221; global_colors_info=&#8221;{}&#8221;][et_pb_column type=&#8221;1_2&#8243; _builder_version=&#8221;4.20.4&#8243; _module_preset=&#8221;default&#8221; global_colors_info=&#8221;{}&#8221;][et_pb_text _builder_version=&#8221;4.20.4&#8243; _module_preset=&#8221;default&#8221; custom_margin=&#8221;||0px||false|false&#8221; custom_padding=&#8221;||0px||false|false&#8221; global_colors_info=&#8221;{}&#8221;]<\/p>\n<p><span data-contrast=\"auto\">Ihmisille on t\u00e4rke\u00e4\u00e4 i\u00e4st\u00e4 ja asemasta riippumatta saada mahdollisuus osallistua itse\u00e4\u00e4n ja elinymp\u00e4rist\u00f6\u00f6ns\u00e4 vaikuttaviin asioihin niin yhteiskunnallisessa p\u00e4\u00e4t\u00f6ksenteossa, ty\u00f6ss\u00e4, varhaiskasvatuksessa, oppilaitoksissa, asumisyksik\u00f6iss\u00e4 kuin vapaa-ajan aktiviteeteissakin. Osallisuus on t\u00e4rke\u00e4 osa toimivaa yhteiskuntaa. <\/span><span data-ccp-props=\"{&quot;134233118&quot;:false,&quot;201341983&quot;:0,&quot;335559739&quot;:160,&quot;335559740&quot;:257}\">\u00a0<\/span><\/p>\n<p><span data-contrast=\"auto\">Yhteis\u00f6vaikuttavuudella tarkoitetaan yhteiskunnallisten ongelmien ratkomista sektorirajat ylitt\u00e4v\u00e4ll\u00e4 yhteisty\u00f6ll\u00e4, jonka keski\u00f6ss\u00e4 on yhteisiin tavoitteisiin ja toimintatapoihin sitoutuminen. Yhteisty\u00f6t\u00e4 on monenlaista, mutta yhteis\u00f6vaikuttavuus harppaa askeleen pidemm\u00e4lle suunnitelmallisuudessa.<\/span><span data-ccp-props=\"{&quot;134233118&quot;:false,&quot;201341983&quot;:0,&quot;335559739&quot;:160,&quot;335559740&quot;:257}\">\u00a0<\/span><\/p>\n<p><span data-contrast=\"auto\">Osallisuus ja yhteis\u00f6vaikuttavuus kulkevat t\u00e4ss\u00e4 teemassa rinnakkaisina k\u00e4sittein\u00e4, vaikka molemmilla on oma merkityksens\u00e4. Ne ovat kuitenkin luonteva ja synerginen termipari, sill\u00e4 toimivat ja tulokselliset yhteis\u00f6vaikuttamisprosessit edellytt\u00e4v\u00e4t useiden eri sidosryhmien osallisuutta.<\/span><span data-ccp-props=\"{&quot;134233118&quot;:false,&quot;201341983&quot;:0,&quot;335559739&quot;:160,&quot;335559740&quot;:257}\">\u00a0<\/span><\/p>\n<p><span style=\"font-size: x-small\">Kuva: Adobe Stock Images\u00a0<\/span><\/p>\n<p>[\/et_pb_text][\/et_pb_column][et_pb_column type=&#8221;1_2&#8243; _builder_version=&#8221;4.20.4&#8243; _module_preset=&#8221;default&#8221; global_colors_info=&#8221;{}&#8221;][et_pb_image src=&#8221;https:\/\/blogi.eoppimispalvelut.fi\/lapinyhdyspintakurssit\/files\/2024\/02\/AdobeStock_442934125-scaled-1.jpeg&#8221; title_text=&#8221;Diversity And Inclusion. Business Employment Leadership&#8221; _builder_version=&#8221;4.20.4&#8243; _module_preset=&#8221;default&#8221; custom_margin=&#8221;12px||||false|false&#8221; global_colors_info=&#8221;{}&#8221;][\/et_pb_image][\/et_pb_column][\/et_pb_row][et_pb_row column_structure=&#8221;1_2,1_2&#8243; _builder_version=&#8221;4.20.4&#8243; _module_preset=&#8221;default&#8221; global_colors_info=&#8221;{}&#8221;][et_pb_column type=&#8221;1_2&#8243; _builder_version=&#8221;4.20.4&#8243; _module_preset=&#8221;default&#8221; global_colors_info=&#8221;{}&#8221;][et_pb_text _builder_version=&#8221;4.20.4&#8243; _module_preset=&#8221;default&#8221; text_text_color=&#8221;#0C71C3&#8243; header_font=&#8221;||||||||&#8221; custom_padding=&#8221;||0px|||&#8221; global_colors_info=&#8221;{}&#8221;][\/et_pb_text][et_pb_image src=&#8221;https:\/\/blogi.eoppimispalvelut.fi\/lapinyhdyspintakurssit\/files\/2024\/02\/Osallisuus_sitaatti_harilahti-juola.png&#8221; alt=&#8221;Virpi Harilahti-Juolan kommentti osallisuudesta.&#8221; title_text=&#8221;Osallisuus_sitaatti_harilahti-juola&#8221; _builder_version=&#8221;4.20.4&#8243; _module_preset=&#8221;default&#8221; global_colors_info=&#8221;{}&#8221;][\/et_pb_image][\/et_pb_column][et_pb_column type=&#8221;1_2&#8243; _builder_version=&#8221;4.20.4&#8243; _module_preset=&#8221;default&#8221; global_colors_info=&#8221;{}&#8221;][et_pb_text _builder_version=&#8221;4.20.4&#8243; _module_preset=&#8221;default&#8221; text_text_color=&#8221;#0C71C3&#8243; custom_padding=&#8221;||0px|||&#8221; global_colors_info=&#8221;{}&#8221;][\/et_pb_text][et_pb_image src=&#8221;https:\/\/blogi.eoppimispalvelut.fi\/lapinyhdyspintakurssit\/files\/2024\/04\/Osallisuus_sitaatti_moykkynen.png&#8221; alt=&#8221;Nina-Maria M\u00f6ykkysen kommentti osallisuudesta.&#8221; title_text=&#8221;Osallisuus_sitaatti_moykkynen&#8221; _builder_version=&#8221;4.20.4&#8243; _module_preset=&#8221;default&#8221; global_colors_info=&#8221;{}&#8221;][\/et_pb_image][\/et_pb_column][\/et_pb_row][et_pb_row column_structure=&#8221;1_2,1_2&#8243; _builder_version=&#8221;4.20.4&#8243; _module_preset=&#8221;default&#8221; global_colors_info=&#8221;{}&#8221;][et_pb_column type=&#8221;1_2&#8243; _builder_version=&#8221;4.20.4&#8243; _module_preset=&#8221;default&#8221; global_colors_info=&#8221;{}&#8221;][et_pb_image src=&#8221;https:\/\/blogi.eoppimispalvelut.fi\/lapinyhdyspintakurssit\/files\/2024\/02\/Osallisuus_sitaatti_lehtonen.png&#8221; alt=&#8221;Katariina Lehtosen kommentti osallisuudesta.<br \/>\n&#8221; title_text=&#8221;Osallisuus_sitaatti_lehtonen&#8221; _builder_version=&#8221;4.20.4&#8243; _module_preset=&#8221;default&#8221; global_colors_info=&#8221;{}&#8221;][\/et_pb_image][\/et_pb_column][et_pb_column type=&#8221;1_2&#8243; _builder_version=&#8221;4.20.4&#8243; _module_preset=&#8221;default&#8221; global_colors_info=&#8221;{}&#8221;][et_pb_image src=&#8221;https:\/\/blogi.eoppimispalvelut.fi\/lapinyhdyspintakurssit\/files\/2024\/03\/Sitaatti_Ristikari.jpg&#8221; title_text=&#8221;Sitaatti_Ristikari&#8221; _builder_version=&#8221;4.20.4&#8243; _module_preset=&#8221;default&#8221; global_colors_info=&#8221;{}&#8221;][\/et_pb_image][\/et_pb_column][\/et_pb_row][et_pb_row _builder_version=&#8221;4.24.3&#8243; _module_preset=&#8221;default&#8221; hover_enabled=&#8221;0&#8243; global_colors_info=&#8221;{}&#8221; custom_margin=&#8221;|auto||auto|false|false&#8221; custom_padding=&#8221;|||0px||&#8221; sticky_enabled=&#8221;0&#8243;][et_pb_column type=&#8221;4_4&#8243; _builder_version=&#8221;4.20.4&#8243; _module_preset=&#8221;default&#8221; global_colors_info=&#8221;{}&#8221;][et_pb_text _builder_version=&#8221;4.24.3&#8243; _module_preset=&#8221;default&#8221; text_font=&#8221;|800|||||||&#8221; text_text_color=&#8221;#00B7E0&#8243; text_font_size=&#8221;35px&#8221; header_text_color=&#8221;#38A5FF&#8221; custom_padding=&#8221;||0px|||&#8221; hover_enabled=&#8221;0&#8243; text_text_color_tablet=&#8221;#00B7E0&#8243; text_text_color_phone=&#8221;#00B7E0&#8243; text_text_color_last_edited=&#8221;on|desktop&#8221; global_colors_info=&#8221;{}&#8221; text_text_color__hover_enabled=&#8221;on|desktop&#8221; text_text_color__hover=&#8221;#00B7E0&#8243; sticky_enabled=&#8221;0&#8243; custom_margin=&#8221;||28px|||&#8221;]<\/p>\n<h1><b>PERUSASIAT HALTUUN OSALLISUUDESTA JA<\/b><\/h1>\n<h1><b> <\/b><b>YHTEIS\u00d6VAIKUTTAVUUDESTA<\/b><\/h1>\n<p>[\/et_pb_text][\/et_pb_column][\/et_pb_row][et_pb_row _builder_version=&#8221;4.20.4&#8243; _module_preset=&#8221;default&#8221; global_colors_info=&#8221;{}&#8221;][et_pb_column type=&#8221;4_4&#8243; _builder_version=&#8221;4.20.4&#8243; _module_preset=&#8221;default&#8221; global_colors_info=&#8221;{}&#8221;][et_pb_text _builder_version=&#8221;4.20.4&#8243; _module_preset=&#8221;default&#8221; global_colors_info=&#8221;{}&#8221;]<\/p>\n<p><span><div class=\"h5p-iframe-wrapper\"><iframe id=\"h5p-iframe-10\" class=\"h5p-iframe\" data-content-id=\"10\" style=\"height:1px\" src=\"about:blank\" frameBorder=\"0\" scrolling=\"no\" title=\"Osallisuus ja yhteis\u00f6vaikuttavuus diat\"><\/iframe><\/div><\/span><\/p>\n<p>[\/et_pb_text][\/et_pb_column][\/et_pb_row][et_pb_row column_structure=&#8221;1_3,1_3,1_3&#8243; _builder_version=&#8221;4.20.4&#8243; _module_preset=&#8221;default&#8221; min_height=&#8221;46px&#8221; custom_margin=&#8221;|auto|0px|auto|false|false&#8221; custom_padding=&#8221;||1px|||&#8221; global_colors_info=&#8221;{}&#8221;][et_pb_column type=&#8221;1_3&#8243; _builder_version=&#8221;4.20.4&#8243; _module_preset=&#8221;default&#8221; global_colors_info=&#8221;{}&#8221;][et_pb_video src=&#8221;https:\/\/www.youtube.com\/watch?v=se3vay3lWgg&#8221; _builder_version=&#8221;4.24.3&#8243; _module_preset=&#8221;default&#8221; global_colors_info=&#8221;{}&#8221;][\/et_pb_video][\/et_pb_column][et_pb_column type=&#8221;1_3&#8243; _builder_version=&#8221;4.20.4&#8243; _module_preset=&#8221;default&#8221; global_colors_info=&#8221;{}&#8221;][et_pb_video src=&#8221;https:\/\/www.youtube.com\/watch?v=DgPHMHKJ-uQ&#8221; _builder_version=&#8221;4.24.3&#8243; _module_preset=&#8221;default&#8221; global_colors_info=&#8221;{}&#8221;][\/et_pb_video][\/et_pb_column][et_pb_column type=&#8221;1_3&#8243; _builder_version=&#8221;4.20.4&#8243; _module_preset=&#8221;default&#8221; global_colors_info=&#8221;{}&#8221;][et_pb_video src=&#8221;https:\/\/www.youtube.com\/watch?v=_U9qYvLSLgE&amp;t=15s&#8221; _builder_version=&#8221;4.20.4&#8243; _module_preset=&#8221;default&#8221; global_colors_info=&#8221;{}&#8221;][\/et_pb_video][\/et_pb_column][\/et_pb_row][et_pb_row column_structure=&#8221;1_3,1_3,1_3&#8243; _builder_version=&#8221;4.20.4&#8243; _module_preset=&#8221;default&#8221; global_colors_info=&#8221;{}&#8221;][et_pb_column type=&#8221;1_3&#8243; _builder_version=&#8221;4.20.4&#8243; _module_preset=&#8221;default&#8221; global_colors_info=&#8221;{}&#8221;][et_pb_text _builder_version=&#8221;4.24.3&#8243; _module_preset=&#8221;default&#8221; global_colors_info=&#8221;{}&#8221;]<\/p>\n<p><strong>Keskustelua osallisuudesta<\/strong><\/p>\n<p>Riitu Pirkkalainen, erityisasiantuntija, osallisuus ja vaikuttaminen<br \/>Rovaniemen kaupunki, viestint\u00e4-, markkinointi- ja osallisuuspalvelut<\/p>\n<p>Helj\u00e4 Rahikkala, erityisasiantuntija, osallisuus ja vaikuttaminen<br \/>Lapin hyvinvointialue, kehitt\u00e4mis- ja strategiapalvelut<\/p>\n<p>Videon pituus 12,29 min<\/p>\n<p>Videon tuotanto: Lapin ammattikorkeakoulu<\/p>\n<p>[\/et_pb_text][et_pb_text _builder_version=&#8221;4.20.4&#8243; _module_preset=&#8221;default&#8221; global_colors_info=&#8221;{}&#8221;][\/et_pb_text][\/et_pb_column][et_pb_column type=&#8221;1_3&#8243; _builder_version=&#8221;4.20.4&#8243; _module_preset=&#8221;default&#8221; global_colors_info=&#8221;{}&#8221;][et_pb_text _builder_version=&#8221;4.24.3&#8243; _module_preset=&#8221;default&#8221; global_colors_info=&#8221;{}&#8221;]<\/p>\n<p><strong>Keskustelua yhteis\u00f6vaikuttavuudesta<\/strong><\/p>\n<p>Satu Oinas, lapsiperheiden palvelup\u00e4\u00e4llikk\u00f6<br \/>Lapin hyvinvointialue<\/p>\n<p>Johanna Pes\u00e4l\u00e4, opiskeluhuollon palveluvastaava<br \/>Lapin hyvinvointialue<\/p>\n<p>Videon pituus 13,38 min<\/p>\n<p>Videon tuotanto: Lapin ammattikorkeakoulu<\/p>\n<p>[\/et_pb_text][\/et_pb_column][et_pb_column type=&#8221;1_3&#8243; _builder_version=&#8221;4.20.4&#8243; _module_preset=&#8221;default&#8221; global_colors_info=&#8221;{}&#8221;][et_pb_text _builder_version=&#8221;4.24.3&#8243; _module_preset=&#8221;default&#8221; global_colors_info=&#8221;{}&#8221;]<\/p>\n<p><strong>Mit\u00e4 osallisuus on ja miten sit\u00e4 edistet\u00e4\u00e4n?\u00a0<\/strong><\/p>\n<p>Terveyden ja hyvinvoinnin laitos<\/p>\n<p>Videon pituus 10,11 min.<\/p>\n<p>Videon tuotanto: Kalasatama Creative<\/p>\n<p>[\/et_pb_text][\/et_pb_column][\/et_pb_row][et_pb_row _builder_version=&#8221;4.20.4&#8243; _module_preset=&#8221;default&#8221; custom_margin=&#8221;||0px||false|false&#8221; custom_padding=&#8221;||0px||false|false&#8221; hover_enabled=&#8221;0&#8243; global_colors_info=&#8221;{}&#8221; sticky_enabled=&#8221;0&#8243;][et_pb_column type=&#8221;4_4&#8243; _builder_version=&#8221;4.20.4&#8243; _module_preset=&#8221;default&#8221; global_colors_info=&#8221;{}&#8221;][et_pb_text _builder_version=&#8221;4.24.3&#8243; _module_preset=&#8221;default&#8221; text_font=&#8221;|800|||||||&#8221; text_text_color=&#8221;#00B7E0&#8243; text_font_size=&#8221;35px&#8221; header_text_color=&#8221;#38A5FF&#8221; custom_padding=&#8221;||0px|||&#8221; hover_enabled=&#8221;0&#8243; text_text_color_tablet=&#8221;#00B7E0&#8243; text_text_color_phone=&#8221;#00B7E0&#8243; text_text_color_last_edited=&#8221;on|desktop&#8221; global_colors_info=&#8221;{}&#8221; text_text_color__hover_enabled=&#8221;on|desktop&#8221; text_text_color__hover=&#8221;#00B7E0&#8243; sticky_enabled=&#8221;0&#8243;]<\/p>\n<h1><b>MIT\u00c4 J\u00c4I MIELEEN? TESTAA TIETOSI.<\/b><b><\/b><\/h1>\n<p>[\/et_pb_text][\/et_pb_column][\/et_pb_row][et_pb_row _builder_version=&#8221;4.20.4&#8243; _module_preset=&#8221;default&#8221; background_color=&#8221;#FFFFFF&#8221; min_height=&#8221;276px&#8221; global_colors_info=&#8221;{}&#8221;][et_pb_column type=&#8221;4_4&#8243; _builder_version=&#8221;4.20.4&#8243; _module_preset=&#8221;default&#8221; global_colors_info=&#8221;{}&#8221;][et_pb_text _builder_version=&#8221;4.20.4&#8243; _module_preset=&#8221;default&#8221; global_colors_info=&#8221;{}&#8221;]<\/p>\n<h4><\/h4>\n<p><span><div class=\"h5p-iframe-wrapper\"><iframe id=\"h5p-iframe-11\" class=\"h5p-iframe\" data-content-id=\"11\" style=\"height:1px\" src=\"about:blank\" frameBorder=\"0\" scrolling=\"no\" title=\"Osallisuus ja yhteis\u00f6vaikuttavuus kysymykset\"><\/iframe><\/div><\/span><\/p>\n<p>[\/et_pb_text][\/et_pb_column][\/et_pb_row][et_pb_row _builder_version=&#8221;4.20.4&#8243; _module_preset=&#8221;default&#8221; global_colors_info=&#8221;{}&#8221;][et_pb_column type=&#8221;4_4&#8243; _builder_version=&#8221;4.20.4&#8243; _module_preset=&#8221;default&#8221; global_colors_info=&#8221;{}&#8221;][et_pb_text _builder_version=&#8221;4.20.4&#8243; _module_preset=&#8221;default&#8221; global_colors_info=&#8221;{}&#8221;]<\/p>\n<h3 style=\"text-align: center\"><strong>TUTUSTU\u00a0 AIHEESEEN LIS\u00c4\u00c4<\/strong><\/h3>\n<p>[\/et_pb_text][\/et_pb_column][\/et_pb_row][et_pb_row column_structure=&#8221;1_3,1_3,1_3&#8243; _builder_version=&#8221;4.20.4&#8243; _module_preset=&#8221;default&#8221; global_colors_info=&#8221;{}&#8221;][et_pb_column type=&#8221;1_3&#8243; _builder_version=&#8221;4.20.4&#8243; _module_preset=&#8221;default&#8221; global_colors_info=&#8221;{}&#8221;][et_pb_text _builder_version=&#8221;4.20.4&#8243; _module_preset=&#8221;default&#8221; custom_margin=&#8221;||12px|||&#8221; global_colors_info=&#8221;{}&#8221;]<\/p>\n<p><strong>TY\u00d6KALUJA<\/strong><\/p>\n<p>[\/et_pb_text][et_pb_text _builder_version=&#8221;4.20.4&#8243; _module_preset=&#8221;default&#8221; global_colors_info=&#8221;{}&#8221;]<\/p>\n<p><span data-contrast=\"auto\">Osallisuuden ty\u00f6kaluja on useita. T\u00e4ss\u00e4 on esitelty niist\u00e4 vain muutama, joilla p\u00e4\u00e4see alkuun. <\/span><\/p>\n<p><span data-contrast=\"auto\">Kuntalaisten osallistumisen arviointi. Innokyl\u00e4. <a href=\"https:\/\/innokyla.fi\/fi\/tyokalut\/kuntalaisten-osallistumisen-arviointi\">Kuntalaisten osallistumisen arviointi.<\/a><\/span><\/p>\n<p><span data-contrast=\"auto\">Osallisuuskortit, menetelmi\u00e4 osallistujien innostukseen. Maaseudun sivistysliitto. <a href=\"https:\/\/msl.fi\/material\/osallisuus-kortilla\/\">Osallisuuskortit.<\/a><\/span><\/p>\n<p><span data-contrast=\"auto\">Osallisuuden arviointi asiakasty\u00f6ss\u00e4. Innokyl\u00e4. <a href=\"https:\/\/innokyla.fi\/fi\/tyokalut\/osallisuuden-arviointi-asiakastyossa\">Osallisuuden arviointi asiakasty\u00f6ss\u00e4.<\/a><\/span><\/p>\n<p><span data-contrast=\"auto\">Ty\u00f6kaluja osallisuuden edist\u00e4miseen. Maaseudun sivitysliitto. <a href=\"https:\/\/msl.fi\/materiaalipankki\/\">Materiaalipankki.<\/a><\/span><\/p>\n<p><span data-contrast=\"auto\">Voittokortit, asiakasty\u00f6n tueksi. VOITTO &#8211; Voimavaroja, toimintakyky\u00e4 ja osallisuutta Lappiin 2017-2021 -hanke. <a href=\"https:\/\/blogi.eoppimispalvelut.fi\/voittokortit\/files\/2021\/06\/VOITTOkortit-korjattu.pdf\">VOITTOkortit.<\/a><\/span><\/p>\n<p><span data-contrast=\"auto\">Yst\u00e4v\u00e4ni-kirja kunnille k\u00e4yt\u00e4nn\u00f6n ty\u00f6kaluksi aikuistuvien nuorten kuulemiseen. Maaseudun sivistysliitto. <a href=\"https:\/\/msl.fi\/material\/ystavani-kirja-kunnille\/\">Yst\u00e4v\u00e4ni-kirja.<\/a>\u00a0<\/span><\/p>\n<p><span data-contrast=\"auto\">Osallisuuden edist\u00e4j\u00e4n opas. Terveyden ja hyvinvoinnin laitos (THL). <a href=\"https:\/\/www.julkari.fi\/bitstream\/handle\/10024\/146717\/URN_ISBN_978-952-408-088-0.pdf?sequence=1&amp;isAllowed=y\">Osallisuuden edist\u00e4j\u00e4n opas.<\/a><\/span><\/p>\n<p><span data-contrast=\"auto\">Opas kuntalaisten osallistumisen arviointiin. 2020. Piipponen Sirkka-Liisa &amp; Kurikka P\u00e4ivi. Suomen kuntaliitto. <a href=\"https:\/\/www.kuntaliitto.fi\/julkaisut\/2020\/2059-opas-kuntalaisten-osallistumisen-arviointiin\">Opas kuntalaisten osallistumisen arviointiin.<\/a><\/span><span data-contrast=\"auto\"><\/span><\/p>\n<p>[\/et_pb_text][\/et_pb_column][et_pb_column type=&#8221;1_3&#8243; _builder_version=&#8221;4.20.4&#8243; _module_preset=&#8221;default&#8221; global_colors_info=&#8221;{}&#8221;][et_pb_text _builder_version=&#8221;4.20.4&#8243; _module_preset=&#8221;default&#8221; custom_margin=&#8221;||6px||false|false&#8221; custom_padding=&#8221;||0px||false|false&#8221; global_colors_info=&#8221;{}&#8221;]<\/p>\n<p><strong>VIDEOITA<\/strong><\/p>\n<p>[\/et_pb_text][et_pb_text _builder_version=&#8221;4.20.4&#8243; _module_preset=&#8221;default&#8221; min_height=&#8221;304px&#8221; custom_margin=&#8221;||0px||false|false&#8221; custom_padding=&#8221;0px||0px||false|false&#8221; global_colors_info=&#8221;{}&#8221;]<\/p>\n<p><span data-contrast=\"auto\">Kohti osallisuutta edist\u00e4vi\u00e4 toimintak\u00e4yt\u00e4nt\u00f6j\u00e4. Rauha Heikkil\u00e4, Johanna Edgren &amp; Mari Aaltonen, Terveyden ja hyvinvoinnin laitos (THL). <a href=\"https:\/\/www.youtube.com\/watch?v=NzNByHiGyS8\">Kohti osallisuutta edist\u00e4vi\u00e4 toimintak\u00e4yt\u00e4nt\u00f6j\u00e4.<\/a><\/span><\/p>\n<p><span data-contrast=\"auto\">Osallisuustarinoita, videoita osallisuudesta eri puolilta Suomea. Maaseudun sivistysliitto. <a href=\"https:\/\/msl.fi\/osallisuustarinoita\/\">Osallisuustarinoita.<\/a><\/span><\/p>\n<p><span data-contrast=\"auto\">Yhteis\u00f6vaikuttavuus palveluintegraation tukena. Tiina Ristikari, Itsen\u00e4isyyden juhlavuoden lastens\u00e4\u00e4ti\u00f6 (Itla). <a href=\"https:\/\/www.youtube.com\/watch?v=LpVG0SHUBls\">Yhteis\u00f6vaikuttavuus palveluintegraation tukena<\/a><\/span><\/p>\n<p><span data-contrast=\"auto\">Yhteis\u00f6vaikuttavuus &#8211; viisi periaatetta p\u00e4rj\u00e4\u00e4vyyden vahvistamiseksi. Itsen\u00e4isyyden juhlavuoden lastens\u00e4\u00e4ti\u00f6 (Itla). <a href=\"https:\/\/www.youtube.com\/watch?v=Pd3tN-1sd8g&amp;t=13s\">Yhteis\u00f6vaikuttavuus &#8211; viisi periaatetta p\u00e4rj\u00e4\u00e4vyyden vahvistamiseksi.<\/a><\/span><\/p>\n<p>&nbsp;<\/p>\n<p>[\/et_pb_text][\/et_pb_column][et_pb_column type=&#8221;1_3&#8243; _builder_version=&#8221;4.20.4&#8243; _module_preset=&#8221;default&#8221; global_colors_info=&#8221;{}&#8221;][et_pb_text _builder_version=&#8221;4.20.4&#8243; _module_preset=&#8221;default&#8221; custom_margin=&#8221;||4px|||&#8221; global_colors_info=&#8221;{}&#8221;]<\/p>\n<p><strong>LUKEMISTA<\/strong><\/p>\n<p>[\/et_pb_text][et_pb_text _builder_version=&#8221;4.20.4&#8243; _module_preset=&#8221;default&#8221; global_colors_info=&#8221;{}&#8221;]<\/p>\n<p><span data-contrast=\"auto\">Asiakkaiden osallistuminen ja osallisuus. Marko Nousiainen, Terveyden ja hyvinvoinnin laitos. <a href=\"https:\/\/www.sitra.fi\/app\/uploads\/2022\/09\/marko_nousiainen_asiakkaiden-osallistuminen.pdf\">Asiakkaiden osallistuminen ja osallisuus.<\/a><\/span><\/p>\n<p><span data-contrast=\"auto\">Kuntalaisten osallisuus ja kuuleminen kunnan p\u00e4\u00e4t\u00f6ksenteossa. P\u00e4ivi Kurikka, Kuntaliitto. <a href=\"https:\/\/kansalaisyhteiskunta.fi\/tietopankki\/kuntalaisten-osallisuus-ja-kuuleminen-kunnan-paatoksenteossa\/\">Kuntalaisten osallisuus ja kuuleminen kunnan p\u00e4\u00e4t\u00f6ksenteossa.<\/a><\/span><\/p>\n<p><span data-contrast=\"auto\">Mit\u00e4 osallisuus on? Osallisuuden viitekehyst\u00e4 rakentamassa. Anna-Maria Isola, Heidi Kaartinen, Lars Leeman, Raija L\u00e4\u00e4peri, Taina Schneider, Salla Valtari &amp; Anne Keto-Tokoi, Terveyden ja hyvinvoinnin laitos. <a href=\"https:\/\/www.julkari.fi\/bitstream\/handle\/10024\/135356\/URN_ISBN_978-952-302-917-0.pdf?sequence=1&amp;isAllowed=y\">Microsoft Word &#8211; Mita-osallisuus-on-osallisuuden-viitekehysta-rakentamassa_10.10.doc (julkari.fi)<\/a>.<\/span><\/p>\n<p><span data-contrast=\"auto\">Oulun kaupungin yhteis\u00f6vaikuttavuusmalli. Oulun kaupunki. <a href=\"https:\/\/tarkeissatoissa.fi\/katso\/oulun-kaupungin-yhteisovaikuttavuus-malli-1\">Oulun kaupungin yhteis\u00f6vaikuttavuusmalli<\/a><\/span><\/p>\n<p><span data-contrast=\"auto\">Osallisuuden vuosi 2022 &#8211; kuplista kohtaamiseen. Virpi Harilahti-Juora, Maaseudun sivistysliitto. <a href=\"https:\/\/msl.fi\/osallisuuden-vuosi-2022-kuplista-kohtaamiseen\/\">Osallisuuden vuosi 2022 &#8211; kuplista kohtaamiseen.<\/a><\/span><\/p>\n<p><span data-contrast=\"auto\">Yhteis\u00f6vaikuttavuus. Itsen\u00e4isyyden juhlavuoden lastens\u00e4\u00e4ti\u00f6 (Itla). <a href=\"https:\/\/itla.fi\/toiminta\/yhteisovaikuttavuus\/\">Yhteis\u00f6vaikuttavuus.<\/a><\/span><\/p>\n<p>[\/et_pb_text][\/et_pb_column][\/et_pb_row][\/et_pb_section][et_pb_section fb_built=&#8221;1&#8243; _builder_version=&#8221;4.20.4&#8243; _module_preset=&#8221;default&#8221; custom_padding=&#8221;0px|||||&#8221; global_colors_info=&#8221;{}&#8221;][et_pb_row _builder_version=&#8221;4.20.4&#8243; _module_preset=&#8221;default&#8221; global_colors_info=&#8221;{}&#8221;][et_pb_column type=&#8221;4_4&#8243; _builder_version=&#8221;4.20.4&#8243; _module_preset=&#8221;default&#8221; global_colors_info=&#8221;{}&#8221;][et_pb_text _builder_version=&#8221;4.20.4&#8243; _module_preset=&#8221;default&#8221; global_colors_info=&#8221;{}&#8221;]<\/p>\n<p>Teeman sis\u00e4ll\u00f6n ovat tuottaneet Lapin ammattikorkeakoulun asiantuntijat Malla Alatalo ja Mirva Tapaninen.<\/p>\n<p>[\/et_pb_text][\/et_pb_column][\/et_pb_row][\/et_pb_section][et_pb_section fb_built=&#8221;1&#8243; _builder_version=&#8221;4.20.4&#8243; _module_preset=&#8221;default&#8221; global_colors_info=&#8221;{}&#8221;][et_pb_row _builder_version=&#8221;4.20.4&#8243; _module_preset=&#8221;default&#8221; global_colors_info=&#8221;{}&#8221;][et_pb_column type=&#8221;4_4&#8243; _builder_version=&#8221;4.20.4&#8243; _module_preset=&#8221;default&#8221; global_colors_info=&#8221;{}&#8221;][et_pb_image _builder_version=&#8221;4.20.4&#8243; _module_preset=&#8221;default&#8221; global_colors_info=&#8221;{}&#8221;][\/et_pb_image][\/et_pb_column][\/et_pb_row][\/et_pb_section][et_pb_section fb_built=&#8221;1&#8243; _builder_version=&#8221;4.20.4&#8243; _module_preset=&#8221;default&#8221; global_colors_info=&#8221;{}&#8221;][et_pb_row _builder_version=&#8221;4.20.4&#8243; _module_preset=&#8221;default&#8221; global_colors_info=&#8221;{}&#8221;][et_pb_column type=&#8221;4_4&#8243; _builder_version=&#8221;4.20.4&#8243; _module_preset=&#8221;default&#8221; global_colors_info=&#8221;{}&#8221;][et_pb_image _builder_version=&#8221;4.20.4&#8243; _module_preset=&#8221;default&#8221; global_colors_info=&#8221;{}&#8221;][\/et_pb_image][\/et_pb_column][\/et_pb_row][\/et_pb_section]<\/p>\n","protected":false},"excerpt":{"rendered":"<p>OSALLISUUS JA YHTEIS\u00d6VAIKUTTAVUUSIhmisille on t\u00e4rke\u00e4\u00e4 i\u00e4st\u00e4 ja asemasta riippumatta saada mahdollisuus osallistua itse\u00e4\u00e4n ja elinymp\u00e4rist\u00f6\u00f6ns\u00e4 vaikuttaviin asioihin niin yhteiskunnallisessa p\u00e4\u00e4t\u00f6ksenteossa, ty\u00f6ss\u00e4, varhaiskasvatuksessa, oppilaitoksissa, asumisyksik\u00f6iss\u00e4 kuin vapaa-ajan aktiviteeteissakin. Osallisuus on t\u00e4rke\u00e4 osa toimivaa yhteiskuntaa. \u00a0 Yhteis\u00f6vaikuttavuudella tarkoitetaan yhteiskunnallisten ongelmien ratkomista sektorirajat ylitt\u00e4v\u00e4ll\u00e4 yhteisty\u00f6ll\u00e4, jonka keski\u00f6ss\u00e4 on yhteisiin tavoitteisiin ja toimintatapoihin sitoutuminen. Yhteisty\u00f6t\u00e4 on monenlaista, mutta yhteis\u00f6vaikuttavuus [&hellip;]<\/p>\n","protected":false},"author":31,"featured_media":0,"parent":0,"menu_order":0,"comment_status":"closed","ping_status":"closed","template":"","meta":{"_et_pb_use_builder":"on","_et_pb_old_content":"<!-- wp:divi\/placeholder \/-->","_et_gb_content_width":"","footnotes":""},"class_list":["post-15","page","type-page","status-publish","hentry"],"_links":{"self":[{"href":"https:\/\/blogi.eoppimispalvelut.fi\/lapinyhdyspintakurssit\/wp-json\/wp\/v2\/pages\/15","targetHints":{"allow":["GET"]}}],"collection":[{"href":"https:\/\/blogi.eoppimispalvelut.fi\/lapinyhdyspintakurssit\/wp-json\/wp\/v2\/pages"}],"about":[{"href":"https:\/\/blogi.eoppimispalvelut.fi\/lapinyhdyspintakurssit\/wp-json\/wp\/v2\/types\/page"}],"author":[{"embeddable":true,"href":"https:\/\/blogi.eoppimispalvelut.fi\/lapinyhdyspintakurssit\/wp-json\/wp\/v2\/users\/31"}],"replies":[{"embeddable":true,"href":"https:\/\/blogi.eoppimispalvelut.fi\/lapinyhdyspintakurssit\/wp-json\/wp\/v2\/comments?post=15"}],"version-history":[{"count":45,"href":"https:\/\/blogi.eoppimispalvelut.fi\/lapinyhdyspintakurssit\/wp-json\/wp\/v2\/pages\/15\/revisions"}],"predecessor-version":[{"id":872,"href":"https:\/\/blogi.eoppimispalvelut.fi\/lapinyhdyspintakurssit\/wp-json\/wp\/v2\/pages\/15\/revisions\/872"}],"wp:attachment":[{"href":"https:\/\/blogi.eoppimispalvelut.fi\/lapinyhdyspintakurssit\/wp-json\/wp\/v2\/media?parent=15"}],"curies":[{"name":"wp","href":"https:\/\/api.w.org\/{rel}","templated":true}]}}