{"id":1319,"date":"2021-11-01T15:57:57","date_gmt":"2021-11-01T13:57:57","guid":{"rendered":"https:\/\/blogi.eoppimispalvelut.fi\/latu\/?page_id=1319"},"modified":"2022-08-16T10:34:50","modified_gmt":"2022-08-16T07:34:50","slug":"saksalaisaika-ounasvaaralla","status":"publish","type":"page","link":"https:\/\/blogi.eoppimispalvelut.fi\/latu\/saksalaisaika-ounasvaaralla\/","title":{"rendered":"Saksalaisaika Ounasvaaralla &#8211; historiakierros jatkosodan maisemiin"},"content":{"rendered":"<p>[et_pb_section fb_built=&#8221;1&#8243; admin_label=&#8221;Johdanto -osio&#8221; _builder_version=&#8221;4.16&#8243; _module_preset=&#8221;default&#8221; custom_padding=&#8221;||2px|||&#8221; collapsed=&#8221;off&#8221; global_colors_info=&#8221;{}&#8221;][et_pb_row admin_label=&#8221;Johdannon sis\u00e4ll\u00f6t&#8221; _builder_version=&#8221;4.16&#8243; _module_preset=&#8221;default&#8221; global_colors_info=&#8221;{}&#8221;][et_pb_column type=&#8221;4_4&#8243; _builder_version=&#8221;4.16&#8243; _module_preset=&#8221;default&#8221; global_colors_info=&#8221;{}&#8221;][et_pb_text admin_label=&#8221;Saatesanat otsikko&#8221; _builder_version=&#8221;4.16&#8243; _module_preset=&#8221;default&#8221; custom_padding=&#8221;||0px|||&#8221; global_colors_info=&#8221;{}&#8221;]<\/p>\n<h1><strong>Saksalaisaika Ounasvaaralla <\/strong><strong>&#8211; Historiakierros jatkosodan maisemiin<\/strong><\/h1>\n<p>[\/et_pb_text][et_pb_divider color=&#8221;#e20d18&#8243; divider_weight=&#8221;6px&#8221; admin_label=&#8221;Otsikon alusviiva&#8221; _builder_version=&#8221;4.8.2&#8243; _module_preset=&#8221;default&#8221; width=&#8221;40px&#8221; module_alignment=&#8221;left&#8221; custom_margin=&#8221;-25px|0px||0px|false|false&#8221; custom_padding=&#8221;0px|||0px|false|false&#8221; global_module=&#8221;662&#8243; saved_tabs=&#8221;all&#8221; global_colors_info=&#8221;{}&#8221;][\/et_pb_divider][et_pb_text admin_label=&#8221;Saatesanat leip\u00e4teksti&#8221; _builder_version=&#8221;4.16&#8243; _module_preset=&#8221;default&#8221; custom_padding=&#8221;||0px|||&#8221; global_colors_info=&#8221;{}&#8221;]<\/p>\n<p>Ounasvaara on tunnettu Rovaniemen liikunta -ja virkistyskohteena, mutta tiesitk\u00f6, ett\u00e4 vuosina 1941-1944 se oli my\u00f6s Saksan armeijan, varsinkin Saksan ilmavoimien, eli Luftwaffen leirialuetta?<\/p>\n<p>T\u00e4m\u00e4 k\u00e4velyreitti johdattaa sinut virtuaalisesti tai konkreettisesti saksalaisajan j\u00e4\u00e4nteille Ounasvaaran ja L\u00e4hteentien alueella. Reitin eri pisteill\u00e4 voit kuunnella \u00e4\u00e4nisuunnittelun avulla el\u00e4voitettyj\u00e4 \u00e4\u00e4niraitoja, joilla historiantutkija Kalevi Mikkonen kertoo paikalla sijainneista rakennuksista ja niiden k\u00e4ytt\u00f6tarkoituksista sek\u00e4 yleisesti saksalaisajasta. Ilmatiedustelurykmentin majoitustilaan ja sit\u00e4 ymp\u00e4r\u00f6iv\u00e4\u00e4n parakkileiriin voit tutustua my\u00f6s 3D -mallinnuksen avulla.<\/p>\n<p>Voit paikallistaa reitin eri pisteet reittikartan tai Google Mapsin avulla. Suosittelemme mets\u00e4ss\u00e4 sijaitsevilla pisteill\u00e4 vierailua sulan maan aikana, sill\u00e4 osa j\u00e4\u00e4nteist\u00e4 peittyy lumen alle helposti.<\/p>\n<p>Kuvat: Kalevi Mikkonen CC\/BY, SA -kuvat ja Lapin maakuntamuseo sek\u00e4 Totto ry<\/p>\n<p>[\/et_pb_text][\/et_pb_column][\/et_pb_row][\/et_pb_section][et_pb_section fb_built=&#8221;1&#8243; disabled_on=&#8221;off|off|off&#8221; admin_label=&#8221;Suunnista maastossa kartan avulla -osio&#8221; _builder_version=&#8221;4.16&#8243; _module_preset=&#8221;default&#8221; box_shadow_style=&#8221;preset1&#8243; collapsed=&#8221;off&#8221; global_colors_info=&#8221;{}&#8221;][et_pb_row admin_label=&#8221;Kartta&#8221; _builder_version=&#8221;4.16&#8243; _module_preset=&#8221;default&#8221; global_colors_info=&#8221;{}&#8221;][et_pb_column type=&#8221;4_4&#8243; _builder_version=&#8221;4.16&#8243; _module_preset=&#8221;default&#8221; global_colors_info=&#8221;{}&#8221;][et_pb_text admin_label=&#8221;Otsikko&#8221; _builder_version=&#8221;4.16&#8243; _module_preset=&#8221;default&#8221; global_colors_info=&#8221;{}&#8221;]<\/p>\n<h1><strong>Reittikartta 1 : 5 000<\/strong><\/h1>\n<p>[\/et_pb_text][et_pb_divider color=&#8221;#e20d18&#8243; divider_weight=&#8221;6px&#8221; admin_label=&#8221;Otsikon alusviiva&#8221; _builder_version=&#8221;4.8.2&#8243; _module_preset=&#8221;default&#8221; width=&#8221;40px&#8221; module_alignment=&#8221;left&#8221; custom_margin=&#8221;-25px|0px||0px|false|false&#8221; custom_padding=&#8221;0px|||0px|false|false&#8221; global_module=&#8221;662&#8243; saved_tabs=&#8221;all&#8221; global_colors_info=&#8221;{}&#8221;][\/et_pb_divider][et_pb_image src=&#8221;https:\/\/blogi.eoppimispalvelut.fi\/latu\/files\/2022\/01\/REITTIKARTTA_Saksalaisaika_Ounasvaaralla_Historiakierros_Jatkosodan_Maisemiin.jpg&#8221; title_text=&#8221;REITTIKARTTA_Saksalaisaika_Ounasvaaralla_Historiakierros_Jatkosodan_Maisemiin&#8221; _builder_version=&#8221;4.16&#8243; _module_preset=&#8221;default&#8221; global_colors_info=&#8221;{}&#8221;][\/et_pb_image][et_pb_text admin_label=&#8221;Lataa pdf&#8221; _builder_version=&#8221;4.16&#8243; _module_preset=&#8221;default&#8221; global_colors_info=&#8221;{}&#8221;]<\/p>\n<p><a title=\"Avaa pdf-tiedosto REITTIKARTTA_Saksalaisaika_Ounasvaaralla_Historiakierros_Jatkosodan_Maisemiin\" href=\"https:\/\/blogi.eoppimispalvelut.fi\/latu\/files\/2022\/01\/REITTIKARTTA_Saksalaisaika_Ounasvaaralla_Historiakierros_Jatkosodan_Maisemiin.pdf\">&gt; Lataa reittikartta pfd-tiedostona<\/a><\/p>\n<p>[\/et_pb_text][\/et_pb_column][\/et_pb_row][\/et_pb_section][et_pb_section fb_built=&#8221;1&#8243; admin_label=&#8221;Valikko -osio&#8221; _builder_version=&#8221;4.16&#8243; _module_preset=&#8221;default&#8221; box_shadow_style=&#8221;preset1&#8243; collapsed=&#8221;off&#8221; global_colors_info=&#8221;{}&#8221;][et_pb_row admin_label=&#8221;valikko&#8221; _builder_version=&#8221;4.16&#8243; _module_preset=&#8221;default&#8221; global_colors_info=&#8221;{}&#8221;][et_pb_column type=&#8221;4_4&#8243; _builder_version=&#8221;4.16&#8243; _module_preset=&#8221;default&#8221; global_colors_info=&#8221;{}&#8221;][et_pb_text admin_label=&#8221;pisteet -otsikko&#8221; _builder_version=&#8221;4.16&#8243; _module_preset=&#8221;default&#8221; global_colors_info=&#8221;{}&#8221;]<\/p>\n<h1><strong>Pisteet<\/strong><\/h1>\n<p>[\/et_pb_text][et_pb_divider color=&#8221;#e20d18&#8243; divider_weight=&#8221;6px&#8221; admin_label=&#8221;Otsikon alusviiva&#8221; _builder_version=&#8221;4.8.2&#8243; _module_preset=&#8221;default&#8221; width=&#8221;40px&#8221; module_alignment=&#8221;left&#8221; custom_margin=&#8221;-25px|0px||0px|false|false&#8221; custom_padding=&#8221;0px|||0px|false|false&#8221; global_module=&#8221;662&#8243; saved_tabs=&#8221;all&#8221; global_colors_info=&#8221;{}&#8221;][\/et_pb_divider][et_pb_text admin_label=&#8221;valikon kohdat-valikko&#8221; _builder_version=&#8221;4.16&#8243; _module_preset=&#8221;default&#8221; global_colors_info=&#8221;{}&#8221;]<\/p>\n<h3><strong>\ud83d\udd17 <a title=\"Siirry sivulla Ounasvaaran ampuma paviljonki, ampumarata ja Ounasvaaran kisat  -materiaaliin\" href=\"#Ounasvaaran-ampuma\"> 1. Ounasvaaran ampumapaviljonki, ampumarata ja Ounasvaaran kisat <\/a><\/strong><\/h3>\n<h3><strong>\ud83d\udd17 <a title=\"Siirry sivulla Kenraalieversti Eduard Dietl -materiaaliin\" href=\"#Kenraalieversti\">2. Kenraalieversti Eduard Dietl<\/a><\/strong><\/h3>\n<h3><strong>\ud83d\udd17 <a title=\"Siirry sivulla Ilmatiedustelurykmentin majoitustila ja sen ymp\u00e4rist\u00f6 -materiaaliin\" href=\"#Ilmatiedustelurykmentin\">3. Ilmatiedustelurykmentin majoitustila ja sen ymp\u00e4rist\u00f6<\/a><\/strong><\/h3>\n<h3><strong>\ud83d\udd17 <a title=\"Siirry sivulla Saksalaisten huolto ja yhteiseloa suomalaisten kanssa -materiaaliin\" href=\"#Saksalaisten-huolto\">4. Saksalaisten huolto ja yhteiseloa suomalaisten kanssa<\/a><\/strong><\/h3>\n<h3><strong>\ud83d\udd17 <a title=\"Siirry sivulla Upseerikerho ja kulttuuritarjonta jatkosodan aikana -materiaaliin\" href=\"#Upseerikerho\">5. Upseerikerho ja kulttuuritarjonta jatkosodan aikana<\/a><\/strong><\/h3>\n<h3><strong>\ud83d\udd17 <a title=\"Siirry sivulla Suomalaisten aputy\u00f6ntekij\u00f6iden parakki ja ty\u00f6voimakysymys jatkosodan aikana -materiaaliin\" href=\"#Suomalaisten\">6. Suomalaisten aputy\u00f6ntekij\u00f6iden parakki ja ty\u00f6voimakysymys jatkosodan aikana<\/a><\/strong><\/h3>\n<h3><strong>\ud83d\udd17 <a title=\"Siirry sivulla Junaradan id\u00e4n puolen taisteluasemia ja betonikorsu  -materiaaliin\" href=\"#Junaradan\">7. Junaradan id\u00e4n puolen taisteluasemia ja betonikorsu<\/a><\/strong><\/h3>\n<h3><strong>\ud83d\udd17 <a title=\"Siirry sivulla Mysteeriparakki ja taisteluhauta  -materiaaliin\" href=\"#Mysteeriparakki\">8. Mysteeriparakki ja taisteluhauta<br \/><\/a><\/strong><\/h3>\n<h3><strong>\ud83d\udd17 <a title=\"Siirry sivulla Lastenkoti  -materiaaliin\" href=\"#Lastenkoti\">9. Lastenkoti<br \/><\/a><\/strong><\/h3>\n<h3><strong>\ud83d\udd17 <a title=\"Siirry sivulla Frontleitstelle 42 :n parakkileirialue  -materiaaliin\" href=\"#Frontleitstelle\">10. Frontleitstelle 42 :n parakkileirialue<br \/><\/a><\/strong><\/h3>\n<h3><strong>\ud83d\udd17 <a title=\"Siirry sivulla Sicherheitsdientsin vankila  -materiaaliin\" href=\"#Sicherheitsdientsin\">11. Sicherheitsdientsin vankila<\/a><\/strong><\/h3>\n<h3><strong>\ud83d\udd17 <a title=\"Siirry sivulla Rommelin kentt\u00e4  -materiaaliin\" href=\"#Rommelin\">12. Rommelin kentt\u00e4<\/a><\/strong><\/h3>\n<h3>\u00a0<\/h3>\n<p>[\/et_pb_text][\/et_pb_column][\/et_pb_row][\/et_pb_section][et_pb_section fb_built=&#8221;1&#8243; disabled_on=&#8221;on|on|on&#8221; admin_label=&#8221;Suunnista maastossa -osio&#8221; _builder_version=&#8221;4.16&#8243; _module_preset=&#8221;default&#8221; box_shadow_style=&#8221;preset1&#8243; disabled=&#8221;on&#8221; collapsed=&#8221;off&#8221; global_colors_info=&#8221;{}&#8221;][et_pb_row admin_label=&#8221;GPS -pisteet&#8221; _builder_version=&#8221;4.16&#8243; _module_preset=&#8221;default&#8221; global_colors_info=&#8221;{}&#8221;][et_pb_column type=&#8221;4_4&#8243; _builder_version=&#8221;4.16&#8243; _module_preset=&#8221;default&#8221; global_colors_info=&#8221;{}&#8221;][et_pb_text admin_label=&#8221;pisteet -otsikko&#8221; _builder_version=&#8221;4.16&#8243; _module_preset=&#8221;default&#8221; global_colors_info=&#8221;{}&#8221;]<\/p>\n<h1><strong>Suunnista Google Mapsin avulla<\/strong><\/h1>\n<p>[\/et_pb_text][et_pb_divider color=&#8221;#e20d18&#8243; divider_weight=&#8221;6px&#8221; admin_label=&#8221;Otsikon alusviiva&#8221; _builder_version=&#8221;4.8.2&#8243; _module_preset=&#8221;default&#8221; width=&#8221;40px&#8221; module_alignment=&#8221;left&#8221; custom_margin=&#8221;-25px|0px||0px|false|false&#8221; custom_padding=&#8221;0px|||0px|false|false&#8221; global_module=&#8221;662&#8243; saved_tabs=&#8221;all&#8221; global_colors_info=&#8221;{}&#8221;][\/et_pb_divider][et_pb_text admin_label=&#8221;valikon kohdat-valikko&#8221; _builder_version=&#8221;4.16&#8243; _module_preset=&#8221;default&#8221; global_colors_info=&#8221;{}&#8221;]<\/p>\n<h3><strong>\ud83e\udded <a title=\"Avaa Ounasvaaran ampuma paviljonki, ampumarata ja Ounasvaaran kisat  Google Maps -sivulla\" href=\"https:\/\/www.google.com\/maps\/place\/66%C2%B029'48.9%22N+25%C2%B046'14.9%22E\/@66.4969089,25.7686127,17z\/data=!3m1!4b1!4m5!3m4!1s0x0:0x0!8m2!3d66.4969089!4d25.7708014?hl=fi\"> 1. Ounasvaaran ampumapaviljonki, ampumarata ja Ounasvaaran kisat <\/a><\/strong><\/h3>\n<h3><strong>\ud83e\udded <a title=\"Avaa Kenraalieversti Eduard Dietl Google Maps -sivulla\" href=\"https:\/\/www.google.com\/maps\/place\/66%C2%B029'54.8%22N+25%C2%B046'05.7%22E\/@66.4985425,25.76607,17z\/data=!3m1!4b1!4m5!3m4!1s0x0:0x0!8m2!3d66.4985425!4d25.7682587?hl=fi\">2. Kenraalieversti Eduard Dietl<\/a><\/strong><\/h3>\n<h3><strong>\ud83e\udded <a title=\"Avaa Ilmatiedustelurykmentin majoitustila ja sen ymp\u00e4rist\u00f6 Google Maps -sivulla\" href=\"https:\/\/www.google.com\/maps\/place\/66%C2%B029'58.2%22N+25%C2%B045'45.3%22E\/@66.4994966,25.7603955,17z\/data=!3m1!4b1!4m5!3m4!1s0x0:0x0!8m2!3d66.4994966!4d25.7625842?hl=fi\">3. Ilmatiedustelurykmentin majoitustila ja sen ymp\u00e4rist\u00f6<\/a><\/strong><\/h3>\n<h3><strong>\ud83e\udded <a title=\"Avaa Upseerikerho ja kulttuuritarjonta jatkosodan aikana Google Maps -sivulla\" href=\"https:\/\/www.google.com\/maps\/place\/66%C2%B029'58.2%22N+25%C2%B045'29.9%22E\/@66.499506,25.7561049,17z\/data=!3m1!4b1!4m5!3m4!1s0x0:0x0!8m2!3d66.499506!4d25.7582936?hl=fi\">4. Upseerikerho ja kulttuuritarjonta jatkosodan aikana<\/a><\/strong><\/h3>\n<h3><strong>\ud83e\udded <a title=\"Avaa Suomalaisten aputy\u00f6ntekij\u00f6iden parakki ja ty\u00f6voimakysymys jatkosodan aikana Google Maps -sivulla\" href=\"https:\/\/www.google.com\/maps\/place\/66%C2%B029'58.2%22N+25%C2%B045'26.4%22E\/@66.4994943,25.7551545,17z\/data=!3m1!4b1!4m5!3m4!1s0x0:0x0!8m2!3d66.4994943!4d25.7573432?hl=fi\">5. Suomalaisten aputy\u00f6ntekij\u00f6iden parakki ja ty\u00f6voimakysymys jatkosodan aikana<\/a><\/strong><\/h3>\n<h3><strong>\ud83e\udded <a title=\"Avaa Saksalaisten huolto ja yhteiseloa suomalaisten kanssa Google Maps -sivulla\" href=\"https:\/\/www.google.com\/maps\/place\/66%C2%B029'59.6%22N+25%C2%B045'33.8%22E\/@66.4998896,25.7572014,17z\/data=!3m1!4b1!4m5!3m4!1s0x0:0x0!8m2!3d66.4998896!4d25.7593901?hl=fi\">6. Saksalaisten huolto ja yhteiseloa suomalaisten kanssa<\/a><\/strong><\/h3>\n<h3><strong>\ud83e\udded <a title=\"Avaa Mysteeriparakki ja taisteluhauta Google Maps -sivulla\" href=\"https:\/\/www.google.com\/maps\/place\/66%C2%B029'56.3%22N+25%C2%B045'23.5%22E\/@66.4989634,25.7543389,17z\/data=!3m1!4b1!4m5!3m4!1s0x0:0x0!8m2!3d66.4989634!4d25.7565276?hl=fi\">7. Mysteeriparakki ja taisteluhauta<br \/> <\/a><\/strong><\/h3>\n<h3><strong>\ud83e\udded <a title=\"Avaa Lastenkoti Google Maps -sivulla\" href=\"https:\/\/www.google.com\/maps\/place\/66%C2%B029'54.0%22N+25%C2%B045'16.7%22E\/@66.4983397,25.7524515,17z\/data=!3m1!4b1!4m5!3m4!1s0x0:0x0!8m2!3d66.4983397!4d25.7546402?hl=fi\">8. Lastenkoti<br \/> <\/a><\/strong><\/h3>\n<h3><strong>\ud83e\udded <a title=\"Avaa Frontleitstelle 42 :n parakkileirialue Google Maps -sivulla\" href=\"https:\/\/www.google.com\/maps\/place\/66%C2%B029'53.8%22N+25%C2%B044'58.5%22E\/@66.4982838,25.7474023,17z\/data=!3m1!4b1!4m5!3m4!1s0x0:0x0!8m2!3d66.4982838!4d25.749591?hl=fi\">9. Frontleitstelle 42 :n parakkileirialue<br \/> <\/a><\/strong><\/h3>\n<h3><strong>\ud83e\udded <a title=\"Avaa Sicherheitsdientsin vankila Google Maps -sivulla\" href=\"https:\/\/www.google.com\/maps\/place\/66%C2%B029'50.1%22N+25%C2%B045'10.9%22E\/@66.4972414,25.7508467,17z\/data=!3m1!4b1!4m5!3m4!1s0x0:0x0!8m2!3d66.4972414!4d25.7530354?hl=fi\">10. Sicherheitsdientsin vankila<\/a><\/strong><\/h3>\n<h3><strong>\ud83e\udded <a title=\"Avaa Rommelin kentt\u00e4  Google Maps -sivulla\" href=\"https:\/\/www.google.com\/maps\/place\/66%C2%B029'48.4%22N+25%C2%B045'32.9%22E\/@66.4967628,25.7569465,17z\/data=!3m1!4b1!4m5!3m4!1s0x0:0x0!8m2!3d66.4967628!4d25.7591352?hl=fi\">11. Rommelin kentt\u00e4<\/a><\/strong><\/h3>\n<h3><strong>\ud83e\udded <a title=\"Avaa Junaradan id\u00e4n puolen taisteluasemia ja betonikorsu Google Maps -sivulla\" href=\"https:\/\/www.google.com\/maps\/place\/66%C2%B030'17.0%22N+25%C2%B045'12.6%22E\/@66.5047116,25.7513208,17z\/data=!3m1!4b1!4m5!3m4!1s0x0:0x0!8m2!3d66.5047116!4d25.7535095?hl=fi\">12. Junaradan id\u00e4n puolen taisteluasemia ja betonikorsu<\/a><\/strong><\/h3>\n<p>[\/et_pb_text][\/et_pb_column][\/et_pb_row][\/et_pb_section][et_pb_section fb_built=&#8221;1&#8243; admin_label=&#8221;1. Ounasvaaran ampuma paviljonki, ampumarata ja Ounasvaaran kisat  -osio&#8221; module_id=&#8221;Ounasvaaran-ampuma&#8221; _builder_version=&#8221;4.16&#8243; _module_preset=&#8221;default&#8221; box_shadow_style=&#8221;preset1&#8243; collapsed=&#8221;off&#8221; global_colors_info=&#8221;{}&#8221;][et_pb_row admin_label=&#8221;Otsikko&#8221; _builder_version=&#8221;4.16&#8243; _module_preset=&#8221;default&#8221; collapsed=&#8221;on&#8221; global_colors_info=&#8221;{}&#8221;][et_pb_column type=&#8221;4_4&#8243; _builder_version=&#8221;4.16&#8243; _module_preset=&#8221;default&#8221; global_colors_info=&#8221;{}&#8221;][et_pb_text _builder_version=&#8221;4.16&#8243; _module_preset=&#8221;default&#8221; global_colors_info=&#8221;{}&#8221;]<\/p>\n<h2><strong>1. Ounasvaaran ampumapaviljonki, ampumarata ja Ounasvaaran kisat<\/strong><\/h2>\n<p>[\/et_pb_text][et_pb_divider color=&#8221;#e20d18&#8243; divider_weight=&#8221;6px&#8221; admin_label=&#8221;Otsikon alusviiva&#8221; _builder_version=&#8221;4.8.2&#8243; _module_preset=&#8221;default&#8221; width=&#8221;40px&#8221; module_alignment=&#8221;left&#8221; custom_margin=&#8221;-25px|0px||0px|false|false&#8221; custom_padding=&#8221;0px|||0px|false|false&#8221; global_module=&#8221;662&#8243; saved_tabs=&#8221;all&#8221; global_colors_info=&#8221;{}&#8221;][\/et_pb_divider][\/et_pb_column][\/et_pb_row][et_pb_row admin_label=&#8221;\u00c4\u00e4nitys ja teksti&#8221; _builder_version=&#8221;4.16&#8243; _module_preset=&#8221;default&#8221; positioning=&#8221;none&#8221; custom_padding=&#8221;30px|||||&#8221; border_width_all=&#8221;15px&#8221; border_color_all=&#8221;#26224E&#8221; collapsed=&#8221;off&#8221; global_colors_info=&#8221;{}&#8221;][et_pb_column type=&#8221;4_4&#8243; _builder_version=&#8221;4.16&#8243; _module_preset=&#8221;default&#8221; global_colors_info=&#8221;{}&#8221;][et_pb_text _builder_version=&#8221;4.16&#8243; _module_preset=&#8221;default&#8221; text_font=&#8221;||||||||&#8221; header_font=&#8221;|||on|||||&#8221; custom_padding=&#8221;1px|||||&#8221; global_colors_info=&#8221;{}&#8221;]<\/p>\n<h2><strong>\u00a0 Aineisto<\/strong><\/h2>\n<p>[\/et_pb_text][et_pb_text admin_label=&#8221;GPS&#8221; _builder_version=&#8221;4.16&#8243; _module_preset=&#8221;default&#8221; text_font=&#8221;||||||||&#8221; header_font=&#8221;|||on|||||&#8221; custom_padding=&#8221;1px||0px|||&#8221; global_colors_info=&#8221;{}&#8221;]<\/p>\n<h3><strong>\ud83e\udded <a title=\"Avaa Ounasvaaran ampuma paviljonki, ampumarata ja Ounasvaaran kisat  Google Maps -sivulla\" href=\"https:\/\/www.google.com\/maps\/place\/66%C2%B029'48.9%22N+25%C2%B046'14.9%22E\/@66.4969089,25.7686127,17z\/data=!3m1!4b1!4m5!3m4!1s0x0:0x0!8m2!3d66.4969089!4d25.7708014?hl=fi\"> N\u00e4yt\u00e4 sijainti Google Mapsissa <\/a><\/strong><\/h3>\n<p>[\/et_pb_text][et_pb_image src=&#8221;https:\/\/blogi.eoppimispalvelut.fi\/latu\/files\/2021\/11\/Ampumapaviljonki-1.jpg&#8221; alt=&#8221;Ampumapaviljonki&#8221; title_text=&#8221;Ampumapaviljonki, CC-BY Kalevi Mikkonen&#8221; align=&#8221;center&#8221; _builder_version=&#8221;4.16&#8243; _module_preset=&#8221;default&#8221; global_colors_info=&#8221;{}&#8221;][\/et_pb_image][et_pb_audio audio=&#8221;https:\/\/blogi.eoppimispalvelut.fi\/latu\/files\/2021\/11\/Ounasvaaran-ampumapaviljonki-final.mp3&#8243; title=&#8221;Kuuntele&#8221; admin_label=&#8221;Audio&#8221; _builder_version=&#8221;4.16&#8243; _module_preset=&#8221;default&#8221; title_font=&#8221;|800|||||||&#8221; title_text_align=&#8221;left&#8221; title_text_color=&#8221;#e20d18&#8243; background_enable_color=&#8221;off&#8221; background_layout=&#8221;light&#8221; width=&#8221;100%&#8221; module_alignment=&#8221;center&#8221; min_height=&#8221;182px&#8221; custom_padding=&#8221;||||false|false&#8221; global_colors_info=&#8221;{}&#8221;][\/et_pb_audio][et_pb_toggle title=&#8221;Lue&#8221; open_toggle_text_color=&#8221;#e20d18&#8243; open_toggle_background_color=&#8221;RGBA(0,0,0,0)&#8221; closed_toggle_background_color=&#8221;RGBA(0,0,0,0)&#8221; icon_color=&#8221;#e20d18&#8243; use_icon_font_size=&#8221;on&#8221; icon_font_size=&#8221;41px&#8221; open_icon_color=&#8221;#e20d18&#8243; open_use_icon_font_size=&#8221;on&#8221; open_icon_font_size=&#8221;41px&#8221; admin_label=&#8221;littera&#8221; _builder_version=&#8221;4.16&#8243; _module_preset=&#8221;default&#8221; title_text_color=&#8221;#e20d18&#8243; title_level=&#8221;h3&#8243; title_font=&#8221;|700|||||||&#8221; width=&#8221;90%&#8221; module_alignment=&#8221;center&#8221; border_width_all=&#8221;4px&#8221; border_color_all=&#8221;#26224e&#8221; global_colors_info=&#8221;{}&#8221;]<\/p>\n<p><strong>Ounasvaaran ampumapaviljonki, ampumarata ja Ounasvaaran kisat<\/strong><\/p>\n<p>Ounasvaaran vanhalla hiihtostadionilla ja ampumaradalla on Viljami Kaltion suunnittelema<br \/> suojeluskunnan ampumapaviljonki, aiemmalta nimelt\u00e4\u00e4n Ampula, joka valmistui vuonna 1927. Sota-<br \/> aikana paviljongissa oli sek\u00e4 suomalaisten ett\u00e4 saksalaisten radioasema ja henkil\u00f6st\u00f6n majoitustiloja.<br \/> Suojeluskunnan ampumaradalla j\u00e4rjestettiin muun muassa ampumaharjoituksia ja sen ymp\u00e4rist\u00f6ss\u00e4<br \/> maastoharjoituksia.<\/p>\n<p>Jatkosodan kuluessa kilpailutoiminta Suomessa elpyi sodasta huolimatta ja joitakin kisoja alettiin<br \/> j\u00e4rjest\u00e4\u00e4. Saksalaiset esittiv\u00e4t vuoden 1943 alussa Suomen hiihtoliitolle toivomuksen, ett\u00e4 heid\u00e4n<br \/> sotilaansa saisivat osallistua liiton alaisiin kisoihin Suomessa. T\u00e4ll\u00f6in tuli ajankohtaiseksi my\u00f6s<br \/> Ounasvaaran kisojen j\u00e4rjest\u00e4minen. Saksalaiset j\u00e4rjestiv\u00e4t omia karsintakilpailuja, joiden perusteella<br \/> osallistujat kisoihin valittiin. My\u00f6s yhteisesikunta Roi j\u00e4rjesti suomalaisille omat karsintahiihdot<br \/> Ounasvaaran kisoja varten.<\/p>\n<p> Ounasvaaran vanhan hiihtostadionin ymp\u00e4rist\u00f6ss\u00e4 j\u00e4rjestettiin talvikisat sek\u00e4 maaliskuussa 1943 ett\u00e4<br \/> maaliskuussa 1944. Saksalaiset olivat aktiivisesti mukana niin palkintojen hankkimisessa,<br \/> illanvietossa, kuin palkintojenjakotilaisuudessa. Saksalaiset halusivat kisoille n\u00e4ytt\u00e4v\u00e4t puitteet ja<br \/> siksi kisan j\u00e4rjestelyihin panostettiin paljon. Kisat radioitiin molemmilla kerroilla. Vuoden 1943<br \/> kisoihin osallistui suomalaisten ja saksalaisten lis\u00e4ksi ruotsalaisia urheilijoita. Nimekk\u00e4impi\u00e4<br \/> urheilijoita olivat muun muassa maastohiihdon maailmanmestarit Jussi Kurikkala ja Pekka Niemi sek\u00e4<br \/> it\u00e4valtalainen Luis Seyrling, joka voitti molempina vuosina pujottelukisan.<\/p>\n<p>Kisayleis\u00f6\u00e4 oli molempina vuosina tuhansittain paikalla ja kisojen aikana Kauppala oli juhlaliputettu<br \/> niin Suomen kuin Saksan ja vuonna 1943 my\u00f6s Ruotsin lipuilla. Paikalla oli luonnollisesti kisojen<br \/> suojelija kenraalieversti Eduard Dietl ja muita Saksan Lapin armeijan johtohenkil\u00f6it\u00e4 sek\u00e4 paikalliset<br \/> suomalaiset herrat, kuten eversti Oiva Willamo ja mets\u00e4herra Jarl Sundqvist. Ounasvaaran kisoissa<br \/> kilpailtiin murtomaahiihdon ohella m\u00e4kihypyss\u00e4, yhdistetyss\u00e4, ampumahiihdossa, pujottelussa,<br \/> suurpujottelussa ja sotilaspartio -hiihdossa. Pujottelu ja suurpujottelu kilpailtiin saksalaisten<br \/> tekem\u00e4ll\u00e4 upouudella pujottelu radalla.<\/p>\n<p> Hiihtokilpailujen kisakeskus oli ampumaradalla. Ampumapaikka oli kuitenkin Kemijoen j\u00e4\u00e4ll\u00e4.<br \/> M\u00e4kikilpailut hyp\u00e4ttiin vuonna 1943 Ounasvaaran pikkum\u00e4ess\u00e4 ja 1944 P\u00f6yli\u00f6vaaran m\u00e4ess\u00e4.<br \/> Palkintojenjaot suoritettiin saksalaisten rakentamassa Toveruudentalossa,Haus der<br \/> Kameradschaftissa, joka sijaitsi nykyisen poliisiaseman kohdalla. Sek\u00e4 vuonna 1943 ett\u00e4 1944<br \/> j\u00e4rjestettiin my\u00f6s lasten Konttisen kisat Ounasvaaralla.<\/p>\n<p>Ampumaradalla on my\u00f6s synkemp\u00e4\u00e4 historiaa, sill\u00e4 nykyisen jalkapallokent\u00e4n luoteen puoleisessa<br \/> p\u00e4\u00e4dyss\u00e4 suomalaiset teloittivat kiinni j\u00e4\u00e4neit\u00e4 Neuvostoliiton l\u00e4hett\u00e4mi\u00e4 desantteja jatkosodan<br \/> aikana. Edelleen k\u00e4yt\u00f6ss\u00e4 oleva Ounasvaaran hiihtoseuran entis\u00f6im\u00e4 paviljonkirakennus on sodan<br \/> j\u00e4lkeen aina 1960 luvun puoliv\u00e4liin asti toiminut Ounasvaaran talvikisojen huoltorakennuksena ja<br \/> sittemmin muun muassa nuorisotilana.<\/p>\n<p>[\/et_pb_toggle][\/et_pb_column][\/et_pb_row][\/et_pb_section][et_pb_section fb_built=&#8221;1&#8243; admin_label=&#8221;2. Kenraalieversti Eduard Dietl<br \/>\n-osio&#8221; module_id=&#8221;Kenraalieversti&#8221; _builder_version=&#8221;4.16&#8243; _module_preset=&#8221;default&#8221; box_shadow_style=&#8221;preset1&#8243; collapsed=&#8221;off&#8221; global_colors_info=&#8221;{}&#8221;][et_pb_row admin_label=&#8221;Otsikko&#8221; _builder_version=&#8221;4.16&#8243; _module_preset=&#8221;default&#8221; global_colors_info=&#8221;{}&#8221;][et_pb_column type=&#8221;4_4&#8243; _builder_version=&#8221;4.16&#8243; _module_preset=&#8221;default&#8221; global_colors_info=&#8221;{}&#8221;][et_pb_text _builder_version=&#8221;4.16&#8243; _module_preset=&#8221;default&#8221; global_colors_info=&#8221;{}&#8221;]<\/p>\n<h2><strong>2. Kenraalieversti Eduard Dietl<\/strong><\/h2>\n<p>[\/et_pb_text][et_pb_divider color=&#8221;#e20d18&#8243; divider_weight=&#8221;6px&#8221; admin_label=&#8221;Otsikon alusviiva&#8221; _builder_version=&#8221;4.8.2&#8243; _module_preset=&#8221;default&#8221; width=&#8221;40px&#8221; module_alignment=&#8221;left&#8221; custom_margin=&#8221;-25px|0px||0px|false|false&#8221; custom_padding=&#8221;0px|||0px|false|false&#8221; global_module=&#8221;662&#8243; saved_tabs=&#8221;all&#8221; global_colors_info=&#8221;{}&#8221;][\/et_pb_divider][\/et_pb_column][\/et_pb_row][et_pb_row admin_label=&#8221;\u00c4\u00e4nitys ja teksti&#8221; _builder_version=&#8221;4.16&#8243; _module_preset=&#8221;default&#8221; positioning=&#8221;none&#8221; custom_padding=&#8221;30px|||||&#8221; border_width_all=&#8221;15px&#8221; border_color_all=&#8221;#26224E&#8221; global_colors_info=&#8221;{}&#8221;][et_pb_column type=&#8221;4_4&#8243; _builder_version=&#8221;4.16&#8243; _module_preset=&#8221;default&#8221; global_colors_info=&#8221;{}&#8221;][et_pb_text _builder_version=&#8221;4.16&#8243; _module_preset=&#8221;default&#8221; text_font=&#8221;||||||||&#8221; header_font=&#8221;|||on|||||&#8221; custom_padding=&#8221;1px|||||&#8221; global_colors_info=&#8221;{}&#8221;]<\/p>\n<h2><strong>\u00a0 Aineisto<\/strong><\/h2>\n<p>[\/et_pb_text][et_pb_text admin_label=&#8221;GPS&#8221; _builder_version=&#8221;4.16&#8243; _module_preset=&#8221;default&#8221; text_font=&#8221;||||||||&#8221; header_font=&#8221;|||on|||||&#8221; custom_padding=&#8221;1px||0px|||&#8221; global_colors_info=&#8221;{}&#8221;]<\/p>\n<h3><strong>\ud83e\udded <a title=\"Avaa Kenraalieversti Eduard Dietl Google Maps -sivulla\" href=\"https:\/\/www.google.com\/maps\/place\/66%C2%B029'54.8%22N+25%C2%B046'05.7%22E\/@66.4985425,25.76607,17z\/data=!3m1!4b1!4m5!3m4!1s0x0:0x0!8m2!3d66.4985425!4d25.7682587?hl=fi\"> N\u00e4yt\u00e4 sijainti Google Mapsissa <\/a><\/strong><\/h3>\n<p>[\/et_pb_text][et_pb_image src=&#8221;https:\/\/blogi.eoppimispalvelut.fi\/latu\/files\/2021\/11\/Dietl-Jarl-Sundqvist-ja-maailmanmestarihiihtaja-Jussi-Kurikkala-vuonna-26.3.1944.-147740.jpg&#8221; alt=&#8221;Dietl, Jarl Sundqvist ja maailmanmestarihiiht\u00e4j\u00e4 Jussi Kurikkala vuonna 26.3.1944. (147740)&#8221; title_text=&#8221;Dietl, Jarl Sundqvist ja maailmanmestarihiiht\u00e4j\u00e4 Jussi Kurikkala vuonna 26.3.1944. (147740)&#8221; align=&#8221;center&#8221; _builder_version=&#8221;4.16&#8243; _module_preset=&#8221;default&#8221; global_colors_info=&#8221;{}&#8221;][\/et_pb_image][et_pb_audio audio=&#8221;https:\/\/blogi.eoppimispalvelut.fi\/latu\/files\/2021\/11\/Dietl-final.mp3&#8243; title=&#8221;Kuuntele&#8221; admin_label=&#8221;Audio&#8221; _builder_version=&#8221;4.16&#8243; _module_preset=&#8221;default&#8221; title_font=&#8221;|800|||||||&#8221; title_text_align=&#8221;left&#8221; title_text_color=&#8221;#e20d18&#8243; background_enable_color=&#8221;off&#8221; background_layout=&#8221;light&#8221; width=&#8221;90%&#8221; module_alignment=&#8221;center&#8221; min_height=&#8221;182px&#8221; custom_padding=&#8221;||0px|||&#8221; global_colors_info=&#8221;{}&#8221;][\/et_pb_audio][et_pb_toggle title=&#8221;Lue&#8221; open_toggle_text_color=&#8221;#e20d18&#8243; open_toggle_background_color=&#8221;RGBA(0,0,0,0)&#8221; closed_toggle_background_color=&#8221;RGBA(0,0,0,0)&#8221; icon_color=&#8221;#e20d18&#8243; use_icon_font_size=&#8221;on&#8221; icon_font_size=&#8221;41px&#8221; open_icon_color=&#8221;#e20d18&#8243; open_use_icon_font_size=&#8221;on&#8221; open_icon_font_size=&#8221;41px&#8221; admin_label=&#8221;littera&#8221; _builder_version=&#8221;4.16&#8243; _module_preset=&#8221;default&#8221; title_text_color=&#8221;#e20d18&#8243; title_level=&#8221;h3&#8243; title_font=&#8221;|700|||||||&#8221; width=&#8221;90%&#8221; module_alignment=&#8221;center&#8221; border_width_all=&#8221;4px&#8221; border_color_all=&#8221;#26224e&#8221; global_colors_info=&#8221;{}&#8221;]<\/p>\n<p><strong>Eduard Dietl<\/strong><\/p>\n<p>Kenraalieversti Eduard Dietl oli jatkosodan aikana pisimm\u00e4n ajan saksalaisten armeijan komentajana<br \/>Lapissa. Hitler nimitti h\u00e4net uudeksi komentajaksi Nikolaus von Falkenhorstin tilalle tammikuussa<br \/>1942. Dietl oli suuri idealisti ja vakaumuksellinen kansallissosialisti. Siit\u00e4 huolimatta h\u00e4nen omien<br \/>sanojen mukaan h\u00e4nelle ei tulisi mieleenk\u00e4\u00e4n ryhty\u00e4 t\u00e4t\u00e4 oppia Suomessa saarnaamaan. Toisin kuin<br \/>Saksalle Dietl piti demokratiaa sopivampana yhteiskuntamuotona Suomelle. Dietl oli Suomessa<br \/>ollessaan kuitenkin varsin pidetty, Suomen yst\u00e4v\u00e4ksi mielletty saksalaisupseeri. H\u00e4n oli perehtynyt<br \/>tarkkaan Suomen historiaan ja h\u00e4n oli aikalaisten mukaan vahva persoonallisuus. Dietlill\u00e4 oli<br \/>erikoisen hyv\u00e4 kyky hoitaa arkaluonteisia henkil\u00f6suhteita. Rovaniemel\u00e4isille tuli tutuksi h\u00e4nen<br \/>luiseva olemuksensa, utelias luonteensa ja eloisat silm\u00e4t.<\/p>\n<p>H\u00e4net n\u00e4htiin usein k\u00e4velem\u00e4ss\u00e4 kauppalan keskustassa. Rovaniemell\u00e4 oleskelevista<br \/>saksalaisupseereista juuri Dietlin kasvot ja olemus j\u00e4i h\u00e4net tavanneiden mieleen parhaiten. Innokas<br \/>urheilun yst\u00e4v\u00e4 Dietl oli taitava vuorikiipeilij\u00e4, laskettelija ja murtomaahiiht\u00e4j\u00e4. Dietl oli my\u00f6s<br \/>saksalaisten sotilaiden suosiossa. H\u00e4nest\u00e4 on kerrottu lukuisia kaskuja. Er\u00e4\u00e4nkin kerran Dietl oli<br \/>rintamavierailuilla pohjoisessa tiukkaakin tiukemman kenraali Ferdinand Sch\u00f6rnerin alueella.<br \/>Sch\u00f6rner oli ihmisen\u00e4 Dietlin t\u00e4ydellinen vastakohta. Sch\u00f6rner vaati autolla liikkuessaan aina tien<br \/>t\u00e4ysin vapaaksi. Dietlin auto rikkoutui ja h\u00e4n joutui turvautumaan moottoripy\u00f6r\u00e4l\u00e4hetin kyytiin.<br \/>L\u00e4hetti ei v\u00e4ist\u00e4nyt tarpeeksi pys\u00e4htyess\u00e4\u00e4n tien reunaan, jolloin Dietl vitsaili h\u00e4nelle: \u201cHyv\u00e4 mies!<br \/>ajakaa enemm\u00e4n oikealle, jos Sch\u00f6rner saa minut n\u00e4kyviins\u00e4, pist\u00e4\u00e4 h\u00e4n minut putkaan.\u201d<\/p>\n<p>Kes\u00e4kuussa 1944. Dietl matkusti Hitlerin luo keskustelemaan Suomen tilanteesta. Sen j\u00e4lkeen h\u00e4n<br \/>l\u00e4hti kotiin lomalle, mutta lentokone sy\u00f6ksyi vuorenrinteeseen 23.6.1944 ja h\u00e4n sai surmansa<br \/>onnettomuudessa.<\/p>\n<p>[\/et_pb_toggle][\/et_pb_column][\/et_pb_row][\/et_pb_section][et_pb_section fb_built=&#8221;1&#8243; admin_label=&#8221;3. Ilmatiedustelurykmentin majoitustila ja sen ymp\u00e4rist\u00f6<br \/>\n-osio&#8221; module_id=&#8221;Ilmatiedustelurykmentin&#8221; _builder_version=&#8221;4.16&#8243; _module_preset=&#8221;default&#8221; box_shadow_style=&#8221;preset1&#8243; collapsed=&#8221;off&#8221; global_colors_info=&#8221;{}&#8221;][et_pb_row admin_label=&#8221;Otsikko&#8221; _builder_version=&#8221;4.16&#8243; _module_preset=&#8221;default&#8221; global_colors_info=&#8221;{}&#8221;][et_pb_column type=&#8221;4_4&#8243; _builder_version=&#8221;4.16&#8243; _module_preset=&#8221;default&#8221; global_colors_info=&#8221;{}&#8221;][et_pb_text _builder_version=&#8221;4.16&#8243; _module_preset=&#8221;default&#8221; global_colors_info=&#8221;{}&#8221;]<\/p>\n<h2><strong>3. Ilmatiedustelurykmentin majoitustila ja sen ymp\u00e4rist\u00f6<\/strong><\/h2>\n<p>[\/et_pb_text][et_pb_divider color=&#8221;#e20d18&#8243; divider_weight=&#8221;6px&#8221; admin_label=&#8221;Otsikon alusviiva&#8221; _builder_version=&#8221;4.8.2&#8243; _module_preset=&#8221;default&#8221; width=&#8221;40px&#8221; module_alignment=&#8221;left&#8221; custom_margin=&#8221;-25px|0px||0px|false|false&#8221; custom_padding=&#8221;0px|||0px|false|false&#8221; global_module=&#8221;662&#8243; saved_tabs=&#8221;all&#8221; global_colors_info=&#8221;{}&#8221;][\/et_pb_divider][\/et_pb_column][\/et_pb_row][et_pb_row admin_label=&#8221;\u00c4\u00e4nitys ja teksti&#8221; _builder_version=&#8221;4.16&#8243; _module_preset=&#8221;default&#8221; positioning=&#8221;none&#8221; custom_padding=&#8221;30px|||||&#8221; border_width_all=&#8221;15px&#8221; border_color_all=&#8221;#26224E&#8221; global_colors_info=&#8221;{}&#8221;][et_pb_column type=&#8221;4_4&#8243; _builder_version=&#8221;4.16&#8243; _module_preset=&#8221;default&#8221; global_colors_info=&#8221;{}&#8221;][et_pb_text _builder_version=&#8221;4.16&#8243; _module_preset=&#8221;default&#8221; text_font=&#8221;||||||||&#8221; header_font=&#8221;|||on|||||&#8221; custom_padding=&#8221;1px|||||&#8221; global_colors_info=&#8221;{}&#8221;]<\/p>\n<h2><strong>\u00a0 Aineisto<\/strong><\/h2>\n<p>[\/et_pb_text][et_pb_text admin_label=&#8221;GPS&#8221; _builder_version=&#8221;4.16&#8243; _module_preset=&#8221;default&#8221; text_font=&#8221;||||||||&#8221; header_font=&#8221;|||on|||||&#8221; custom_padding=&#8221;1px||0px|||&#8221; global_colors_info=&#8221;{}&#8221;]<\/p>\n<h3><strong>\ud83e\udded <a title=\"Avaa Ilmatiedustelurykmentin majoitustila ja sen ymp\u00e4rist\u00f6 Google Maps -sivulla\" href=\"https:\/\/www.google.com\/maps\/place\/66%C2%B029'58.2%22N+25%C2%B045'45.3%22E\/@66.4994966,25.7603955,17z\/data=!3m1!4b1!4m5!3m4!1s0x0:0x0!8m2!3d66.4994966!4d25.7625842?hl=fi\"> N\u00e4yt\u00e4 sijainti Google Mapsissa <\/a><\/strong><\/h3>\n<p>[\/et_pb_text][et_pb_image src=&#8221;https:\/\/blogi.eoppimispalvelut.fi\/latu\/files\/2021\/11\/Ilmatiedustelyrykmentin-majoitustila.jpg&#8221; alt=&#8221;Ilmatiedustelyrykmentin majoitustila&#8221; title_text=&#8221;Ilmatiedustelyrykmentin majoitustila&#8221; align=&#8221;center&#8221; _builder_version=&#8221;4.16&#8243; _module_preset=&#8221;default&#8221; global_colors_info=&#8221;{}&#8221;][\/et_pb_image][et_pb_audio audio=&#8221;https:\/\/blogi.eoppimispalvelut.fi\/latu\/files\/2021\/11\/Ilmatiedustelurykmentin-majoitustila-final.mp3&#8243; title=&#8221;Kuuntele&#8221; admin_label=&#8221;Audio&#8221; _builder_version=&#8221;4.16&#8243; _module_preset=&#8221;default&#8221; title_font=&#8221;|800|||||||&#8221; title_text_align=&#8221;left&#8221; title_text_color=&#8221;#e20d18&#8243; background_enable_color=&#8221;off&#8221; background_layout=&#8221;light&#8221; width=&#8221;90%&#8221; module_alignment=&#8221;center&#8221; min_height=&#8221;182px&#8221; custom_padding=&#8221;||0px|||&#8221; global_colors_info=&#8221;{}&#8221;][\/et_pb_audio][et_pb_toggle title=&#8221;Lue&#8221; open_toggle_text_color=&#8221;#e20d18&#8243; open_toggle_background_color=&#8221;RGBA(0,0,0,0)&#8221; closed_toggle_background_color=&#8221;RGBA(0,0,0,0)&#8221; icon_color=&#8221;#e20d18&#8243; use_icon_font_size=&#8221;on&#8221; icon_font_size=&#8221;41px&#8221; open_icon_color=&#8221;#e20d18&#8243; open_use_icon_font_size=&#8221;on&#8221; open_icon_font_size=&#8221;41px&#8221; admin_label=&#8221;littera&#8221; _builder_version=&#8221;4.16&#8243; _module_preset=&#8221;default&#8221; title_text_color=&#8221;#e20d18&#8243; title_level=&#8221;h3&#8243; title_font=&#8221;|700|||||||&#8221; width=&#8221;90%&#8221; module_alignment=&#8221;center&#8221; border_width_all=&#8221;4px&#8221; border_color_all=&#8221;#26224e&#8221; global_colors_info=&#8221;{}&#8221;]<\/p>\n<p><strong>Ilmatiedustelurykmentin majoitustila ja sen ymp\u00e4rist\u00f6<\/strong><\/p>\n<p>Rovaniemen Ounasvaaran alue oli jatkosodan aikana laajalti saksalaisten k\u00e4yt\u00f6ss\u00e4. Siell\u00e4 oli useita<br \/>parakkialueita, sairaala-alue, leipomo, el\u00e4inl\u00e4\u00e4kint\u00e4- ja kuljetuskomppanioiden alue,<br \/>turvallisuuspalvelun vankila-alue, rintamaesikunnan alue, sotilaskoti sek\u00e4 tietysti Rommelin kentt\u00e4.<\/p>\n<p>Lastenkodin ja Ranuantien yl\u00e4puolen maastossa Ounasvaaran lounaan puoleisella rinteell\u00e4 oli<br \/>Luftwaffella eli Saksan ilmavoimilla isohko, vuosina 1942 ja 1943 rakennettu parakkileirialue.<br \/>Osa Luftnachtrichten-Regiment 56 :sta siirtyi Rovaniemelle joulukuussa 1941. Sen huhtikuussa 1943<br \/>muodostetun uuden tutkayksik\u00f6n, eli toinen II.\/Flugmelde-Me\u00df-Abteilungin majoitusparakkeja<br \/>sijaitsi Ounasvaaran rinteess\u00e4. Rinteen alaosassa oli joulukuussa 1940 Rovaniemelle tulleen<br \/>Fliegerf\u00fchrers Nordin eli Lentojohtaja Pohjoisen alueellisen p\u00e4\u00e4majan rakennuksia. Fliegerf\u00fchrers<br \/>Nordin p\u00e4\u00e4maja siirrettiin my\u00f6hemmin Norjan Kirkenesiin. Lis\u00e4ksi alueella oli ainakin yksi<br \/>suomalaisen aputy\u00f6voiman eli Finnische Hilfskr\u00e4ften parakki.<br \/>Olemme nyt varsin ison rakennuksen, eli ilmatiedustelurykmentin majoitusparakin j\u00e4\u00e4nteill\u00e4.<br \/>Rakennuksen koko on ollut noin kuusi ja puoli kertaa 28 metri\u00e4. T\u00e4m\u00e4 parakki valmistui syksyll\u00e4<br \/>1943. T\u00e4m\u00e4 lienee ollut lauta- tai levyparakki. Parakissa on ollut majoitustilat noin<br \/>kahdellekymmenelle henkil\u00f6lle. Parakkeja l\u00e4mmitettiin joskus muuratuilla uuneilla, mutta yleisimmin<br \/>kaminoilla. Polttopuun tarve oli erityisesti talviaikana eritt\u00e4in suuri nimenomaan l\u00e4mmityksen, mutta<br \/>my\u00f6s h\u00e4k\u00e4p\u00f6ntt\u00f6 -autojen takia. T\u00e4m\u00e4 on mahdollisesti ollut upseerien majoitusparakki. Parakeissa<br \/>oli varsin vaatimaton sisustus, yleens\u00e4 vain kerross\u00e4ngyt, yksi p\u00f6yt\u00e4, tuoleja ja joitakin kaappeja.<br \/>Viihdytykseksi saksalaisille toimitettiin muun muassa kirjallisuutta, \u00e4\u00e4nilevyj\u00e4 sek\u00e4 tietysti levysoitin<br \/>ja radio.<br \/>Saksalaisten suosimia laulajia olivat muun muassa kuuluisan Lili Marleen kappaleen levytt\u00e4nyt Lale<br \/>Andersen, elokuvissakin loistanut Ilse Werner, joka l\u00e4hetti Suomen kiertueellaan erityisterveiset<br \/>Lapissa oleville joukoille, vaikkei t\u00e4\u00e4ll\u00e4 k\u00e4ynytk\u00e4\u00e4n, Chilen satakieli Rosita Serrano sek\u00e4 ruotsalaiset<br \/>Zarah Leander ja Sickan Carlsson. T\u00e4m\u00e4n rakennuksen luoteispuolella on jo l\u00e4hes maastoon<br \/>hautautunut sirpalesuoja pommituksilta suojautumista varten. T\u00e4t\u00e4 aluetta ei kuitenkaan koskaan<br \/>pommitettu.<br \/>Ounasvaaran maasto oli sota-aikana hieman erilainen kuin nyky\u00e4\u00e4n, sill\u00e4 puustoa oli jonkin verran<br \/>v\u00e4hemm\u00e4n nykyiseen verrattuna. Parakkien kohdalla ja niiden ymp\u00e4rill\u00e4 ei ollut puita, eik\u00e4<br \/>tietenk\u00e4\u00e4n nyt kuntopoluiksi kaventuneiden alkuper\u00e4isten huoltoteiden kohdalla. Monet alueen<br \/>poluista ovat saksalaisten ajalta. L\u00e4hes kaikki lounaisrinteell\u00e4 nykyisin olevat puut ovat sodan j\u00e4lkeen<br \/>kasvaneet.<br \/>T\u00e4m\u00e4n rakennuksen alapuolella rinteess\u00e4 on my\u00f6s muutamien muiden majoitusparakkien j\u00e4\u00e4nteit\u00e4<br \/>sek\u00e4 varastorakennuksien, k\u00e4ym\u00e4l\u00f6iden ja kaivon j\u00e4\u00e4nteit\u00e4. Paloturvallisuussyist\u00e4 parakkien v\u00e4lill\u00e4<br \/>pyrittiin pit\u00e4m\u00e4\u00e4n ainakin kolmenkymmenen metrin turvav\u00e4li.<\/p>\n<p>[\/et_pb_toggle][et_pb_video src=&#8221;https:\/\/www.youtube.com\/watch?v=woZkH_t7g2M&#8221; play_icon_color=&#8221;#E20D18&#8243; _builder_version=&#8221;4.16&#8243; _module_preset=&#8221;default&#8221; max_width=&#8221;600px&#8221; module_alignment=&#8221;center&#8221; global_colors_info=&#8221;{}&#8221;][\/et_pb_video][\/et_pb_column][\/et_pb_row][\/et_pb_section][et_pb_section fb_built=&#8221;1&#8243; admin_label=&#8221;4. Saksalaisten huolto ja yhteiseloa suomalaisten kanssa<br \/>\n-osio&#8221; module_id=&#8221;Saksalaisten-huolto&#8221; _builder_version=&#8221;4.16&#8243; _module_preset=&#8221;default&#8221; box_shadow_style=&#8221;preset1&#8243; collapsed=&#8221;off&#8221; global_colors_info=&#8221;{}&#8221;][et_pb_row admin_label=&#8221;Otsikko&#8221; _builder_version=&#8221;4.16&#8243; _module_preset=&#8221;default&#8221; global_colors_info=&#8221;{}&#8221;][et_pb_column type=&#8221;4_4&#8243; _builder_version=&#8221;4.16&#8243; _module_preset=&#8221;default&#8221; global_colors_info=&#8221;{}&#8221;][et_pb_text _builder_version=&#8221;4.16&#8243; _module_preset=&#8221;default&#8221; global_colors_info=&#8221;{}&#8221;]<\/p>\n<h2><strong>4. Saksalaisten huolto ja yhteiseloa suomalaisten kanssa<\/strong><\/h2>\n<p>[\/et_pb_text][et_pb_divider color=&#8221;#e20d18&#8243; divider_weight=&#8221;6px&#8221; admin_label=&#8221;Otsikon alusviiva&#8221; _builder_version=&#8221;4.8.2&#8243; _module_preset=&#8221;default&#8221; width=&#8221;40px&#8221; module_alignment=&#8221;left&#8221; custom_margin=&#8221;-25px|0px||0px|false|false&#8221; custom_padding=&#8221;0px|||0px|false|false&#8221; global_module=&#8221;662&#8243; saved_tabs=&#8221;all&#8221; global_colors_info=&#8221;{}&#8221;][\/et_pb_divider][\/et_pb_column][\/et_pb_row][et_pb_row admin_label=&#8221;\u00c4\u00e4nitys ja teksti&#8221; _builder_version=&#8221;4.16&#8243; _module_preset=&#8221;default&#8221; positioning=&#8221;none&#8221; custom_padding=&#8221;30px|||||&#8221; border_width_all=&#8221;15px&#8221; border_color_all=&#8221;#26224E&#8221; global_colors_info=&#8221;{}&#8221;][et_pb_column type=&#8221;4_4&#8243; _builder_version=&#8221;4.16&#8243; _module_preset=&#8221;default&#8221; global_colors_info=&#8221;{}&#8221;][et_pb_text _builder_version=&#8221;4.16&#8243; _module_preset=&#8221;default&#8221; text_font=&#8221;||||||||&#8221; header_font=&#8221;|||on|||||&#8221; custom_padding=&#8221;1px|||||&#8221; global_colors_info=&#8221;{}&#8221;]<\/p>\n<h2><strong>\u00a0 Aineisto<\/strong><\/h2>\n<p>[\/et_pb_text][et_pb_text admin_label=&#8221;GPS&#8221; _builder_version=&#8221;4.16&#8243; _module_preset=&#8221;default&#8221; text_font=&#8221;||||||||&#8221; header_font=&#8221;|||on|||||&#8221; custom_padding=&#8221;1px||0px|||&#8221; global_colors_info=&#8221;{}&#8221;]<\/p>\n<h3><strong><img decoding=\"async\" role=\"img\" class=\"emoji\" alt=\"\ud83e\udded\" src=\"https:\/\/s.w.org\/images\/core\/emoji\/13.1.0\/svg\/1f9ed.svg\" \/><span>\u00a0<\/span><a title=\"Avaa Saksalaisten huolto ja yhteiseloa suomalaisten kanssa Google Maps -sivulla\" href=\"https:\/\/www.google.com\/maps\/place\/66%C2%B029'59.6%22N+25%C2%B045'33.8%22E\/@66.4998896,25.7572014,17z\/data=!3m1!4b1!4m5!3m4!1s0x0:0x0!8m2!3d66.4998896!4d25.7593901?hl=fi\"> N\u00e4yt\u00e4 sijainti Google Mapsissa<\/a><\/strong><\/h3>\n<p>[\/et_pb_text][et_pb_video admin_label=&#8221;barakin mallinnus&#8221; _builder_version=&#8221;4.16&#8243; _module_preset=&#8221;default&#8221; global_colors_info=&#8221;{}&#8221;][\/et_pb_video][et_pb_image src=&#8221;https:\/\/blogi.eoppimispalvelut.fi\/latu\/files\/2021\/11\/Saksalaisten-huolto-ja-yhteiseloa-suomalaisten-kanssa.jpg&#8221; alt=&#8221;Saksalaisten huolto ja yhteiseloa suomalaisten kanssa&#8221; title_text=&#8221;Saksalaisten huolto ja yhteiseloa suomalaisten kanssa&#8221; align=&#8221;center&#8221; _builder_version=&#8221;4.16&#8243; _module_preset=&#8221;default&#8221; global_colors_info=&#8221;{}&#8221;][\/et_pb_image][et_pb_audio audio=&#8221;https:\/\/blogi.eoppimispalvelut.fi\/latu\/files\/2021\/11\/Saksalaisten-huolto-ja-yhteiseloa-suomalaisten-kanssa.mp3&#8243; title=&#8221;Kuuntele&#8221; admin_label=&#8221;Audio&#8221; _builder_version=&#8221;4.16&#8243; _module_preset=&#8221;default&#8221; title_font=&#8221;|800|||||||&#8221; title_text_align=&#8221;left&#8221; title_text_color=&#8221;#e20d18&#8243; background_enable_color=&#8221;off&#8221; background_layout=&#8221;light&#8221; width=&#8221;90%&#8221; module_alignment=&#8221;center&#8221; min_height=&#8221;182px&#8221; custom_padding=&#8221;||0px|||&#8221; global_colors_info=&#8221;{}&#8221;][\/et_pb_audio][et_pb_toggle title=&#8221;Lue&#8221; open_toggle_text_color=&#8221;#e20d18&#8243; open_toggle_background_color=&#8221;RGBA(0,0,0,0)&#8221; closed_toggle_background_color=&#8221;RGBA(0,0,0,0)&#8221; icon_color=&#8221;#e20d18&#8243; use_icon_font_size=&#8221;on&#8221; icon_font_size=&#8221;41px&#8221; open_icon_color=&#8221;#e20d18&#8243; open_use_icon_font_size=&#8221;on&#8221; open_icon_font_size=&#8221;41px&#8221; admin_label=&#8221;littera&#8221; _builder_version=&#8221;4.16&#8243; _module_preset=&#8221;default&#8221; title_text_color=&#8221;#e20d18&#8243; title_level=&#8221;h3&#8243; title_font=&#8221;|700|||||||&#8221; width=&#8221;90%&#8221; module_alignment=&#8221;center&#8221; border_width_all=&#8221;4px&#8221; border_color_all=&#8221;#26224e&#8221; global_colors_info=&#8221;{}&#8221;]<\/p>\n<p><strong>Saksalaisten huolto ja yhteiseloa suomalaisten kanssa.<\/strong><\/p>\n<p>T\u00e4ss\u00e4kin paikassa on l\u00f6ydett\u00e4viss\u00e4 jonkin verran saksalaisten posliiniastioiden j\u00e4\u00e4nteit\u00e4, vaikka<br \/>melkein kaikki maan p\u00e4\u00e4ll\u00e4 n\u00e4kyv\u00e4 onkin siivottu pois ajat sitten. Posliinileimoista on voitu lukea,<br \/>ett\u00e4 astioita on tuotu Saksan omista tehtaista, muun muassa Rosenthalin astioita on l\u00f6ydetty<br \/>runsaasti n\u00e4ilt\u00e4 Luftwaffen eli ilmavoimien alueelta. Paljon posliinia on tuotu my\u00f6s Norjasta<br \/>sik\u00e4l\u00e4isen Porsgrunnin tehtailta. Saksalaiset ostivat my\u00f6s Arabian posliinia, jota l\u00f6ytyy j\u00e4\u00e4nteist\u00e4.<br \/>Mik\u00e4li t\u00e4ll\u00e4kin alueella joskus tehd\u00e4\u00e4n arkeologisia kaivauksia. Vuosikymmenten aikana kasvaneen<br \/>paksun turvekerroksen alta on varmasti l\u00f6ydett\u00e4viss\u00e4 runsaasti kaikenlaista sirpaletta ja muuta pikku<br \/>esineist\u00f6\u00e4. My\u00f6s l\u00e4hist\u00f6ll\u00e4 piilossa olevista roskakuopista arkeologit varmaankin saisivat<br \/>mielenkiintoista materiaalia tutkimuksiinsa.<br \/>Saksalaisten elintarviketilanne oli koko jatkosodan ajan hyv\u00e4, ruoka oli varsinkin upseereilla<br \/>monipuolista, miehist\u00f6ll\u00e4 toki p\u00e4\u00e4asiassa s\u00e4ilykeruokaa ja siihen kuului my\u00f6s erilaisia vihanneksia,<br \/>viiniryp\u00e4leit\u00e4 ja luumuja. N\u00e4in ollen Saksan selustatoimisto Kommandant R\u00fcckw\u00e4rtiges Armeegebiet<br \/>525 (Kor\u00fcck 525) antoi m\u00e4\u00e4r\u00e4yksen, ett\u00e4 kaikissa saksalaisissa varuskunnissa tulee jakaa l\u00e4mmin<br \/>ylij\u00e4\u00e4m\u00e4ruoka suomalaisille sotaorvoille ja k\u00f6yhille lapsille suomalaisten huoltoviranomaisten<br \/>kanssa. Rovaniemen maalaiskunnassa ja Rovaniemen kauppalassa saksalaiset joukko-osastot<br \/>antoivat huoltolautakunnan valitsemille lapsiperheille ruoka-annoksia saksalaisista<br \/>ruoanjakelupaikoista. Osittain n\u00e4iden toimenpiteiden takia Rovaniemen seudulla ei sodan aikana<br \/>ollut suoranaista n\u00e4l\u00e4nh\u00e4t\u00e4\u00e4, niin kuin monella muulla Suomen paikkakunnalla, vaikka yleist\u00e4<br \/>puutetta olikin v\u00e4h\u00e4n kaikesta.<br \/>Jo alun perin saksalaisten kanssa oli sovittu, ett\u00e4 he tuovat mukanaan jotakuinkin kaiken<br \/>tarvitsemansa, jottei alueen suomalainen siviiliv\u00e4est\u00f6 k\u00e4rsisi ruoka ja tavara pulasta. Saksalaisten<br \/>huolto vaati valtavaa logistista j\u00e4rjestely\u00e4, sill\u00e4 kymmenet laivat toivat jatkuvasti aseita, ammuksia,<br \/>ruokatarvikkeita ja kaikkea mahdollista heid\u00e4n tarvitsemaansa Suomen satamiin. Satamista tavara<br \/>jatkoi matkaansa rautatie- ja kuorma-autokuljetuksina eteenp\u00e4in valtaviin v\u00e4livarastoihin ja<br \/>rintamien l\u00e4heisyydess\u00e4 hevosten ja muulien vet\u00e4mill\u00e4 k\u00e4rryill\u00e4 hoidettiin loppumatka. Saksalaiset<br \/>toivat mukanaan muuleja muun muassa Kreikasta, mutta ilmastoon tottumattomina ne kuolivat jo<br \/>ensimm\u00e4isen talven aikana kylmyyteen. Muualta tuodut muulit p\u00e4rj\u00e4siv\u00e4t paremmin.<br \/>Saksan Luftwaffella oli lentotoimintaan liittyvien yksikk\u00f6jen lis\u00e4ksi paljon muutakin miehist\u00f6\u00e4, kuten<br \/>ilmatorjuntayksik\u00f6it\u00e4, rakennusyksik\u00f6it\u00e4 ja muun muassa omat kuorma-auto- ja hevosyksik\u00f6t.<br \/>T\u00e4ll\u00e4kin alueella oli Luftwaffen kuorma-autohalleja, jotka olivat niin sanottuja kuplahalleja. Sodan<br \/>lopussa Lapissa oli saksalaisia yli 200 000 ja lis\u00e4ksi suuri m\u00e4\u00e4r\u00e4 vankeja ja ty\u00f6velvollisia sek\u00e4<br \/>pakkoty\u00f6l\u00e4isi\u00e4 eli enemm\u00e4n kuin Lapissa oli silloin asukkaita. Esimerkiksi Luftwaffen t\u00f6iss\u00e4 oli<br \/>hollantilaisia ja virolaisia kirvesmiehi\u00e4, ehk\u00e4 jopa rakentamassa n\u00e4it\u00e4kin parakkeja.<br \/>Ankaran kiellon mukaan saksalaiset saivat Suomen kaupoista ostaa vain tarkasti rajattuja tuotteita.<br \/>K\u00e4yt\u00e4nn\u00f6ss\u00e4 asia ei ihan n\u00e4in mennyt, sill\u00e4 mustan p\u00f6rssin kauppa kukoisti ja rahaan, kahviin,<br \/>viinaan ja makeisiin vaihtui mit\u00e4 vain saksalaisten tarvitsemaa. Rangaistukset kiinnijoutuneelle<br \/>saksalaisille olivat ankarat. Kaikki saksalaisten rikokset hoitivat saksalaiset itse ja suomalaisten<br \/>rikokset suomalainen oikeuslaitos. Saksalaisilla ei ollut suomalaisiin mit\u00e4\u00e4n tuomiovaltaa eik\u00e4<br \/>suomalaisilla saksalaisiin n\u00e4hden.<\/p>\n<p>[\/et_pb_toggle][\/et_pb_column][\/et_pb_row][\/et_pb_section][et_pb_section fb_built=&#8221;1&#8243; admin_label=&#8221;5. Upseerikerho ja kulttuuritarjonta jatkosodan aikana<br \/>\n-osio&#8221; module_id=&#8221;Upseerikerho&#8221; _builder_version=&#8221;4.16&#8243; _module_preset=&#8221;default&#8221; box_shadow_style=&#8221;preset1&#8243; collapsed=&#8221;off&#8221; global_colors_info=&#8221;{}&#8221;][et_pb_row admin_label=&#8221;Otsikko&#8221; _builder_version=&#8221;4.16&#8243; _module_preset=&#8221;default&#8221; global_colors_info=&#8221;{}&#8221;][et_pb_column type=&#8221;4_4&#8243; _builder_version=&#8221;4.16&#8243; _module_preset=&#8221;default&#8221; global_colors_info=&#8221;{}&#8221;][et_pb_text _builder_version=&#8221;4.16&#8243; _module_preset=&#8221;default&#8221; global_colors_info=&#8221;{}&#8221;]<\/p>\n<h2><strong>5. Upseerikerho ja kulttuuritarjonta jatkosodan aikana<\/strong><\/h2>\n<p>[\/et_pb_text][et_pb_divider color=&#8221;#e20d18&#8243; divider_weight=&#8221;6px&#8221; admin_label=&#8221;Otsikon alusviiva&#8221; _builder_version=&#8221;4.8.2&#8243; _module_preset=&#8221;default&#8221; width=&#8221;40px&#8221; module_alignment=&#8221;left&#8221; custom_margin=&#8221;-25px|0px||0px|false|false&#8221; custom_padding=&#8221;0px|||0px|false|false&#8221; global_module=&#8221;662&#8243; saved_tabs=&#8221;all&#8221; global_colors_info=&#8221;{}&#8221;][\/et_pb_divider][\/et_pb_column][\/et_pb_row][et_pb_row admin_label=&#8221;\u00c4\u00e4nitys ja teksti&#8221; _builder_version=&#8221;4.16&#8243; _module_preset=&#8221;default&#8221; positioning=&#8221;none&#8221; custom_padding=&#8221;30px|||||&#8221; border_width_all=&#8221;15px&#8221; border_color_all=&#8221;#26224E&#8221; global_colors_info=&#8221;{}&#8221;][et_pb_column type=&#8221;4_4&#8243; _builder_version=&#8221;4.16&#8243; _module_preset=&#8221;default&#8221; global_colors_info=&#8221;{}&#8221;][et_pb_text _builder_version=&#8221;4.16&#8243; _module_preset=&#8221;default&#8221; text_font=&#8221;||||||||&#8221; header_font=&#8221;|||on|||||&#8221; custom_padding=&#8221;1px|||||&#8221; global_colors_info=&#8221;{}&#8221;]<\/p>\n<h2><strong>\u00a0 Aineisto<\/strong><\/h2>\n<p>[\/et_pb_text][et_pb_text admin_label=&#8221;GPS&#8221; _builder_version=&#8221;4.16&#8243; _module_preset=&#8221;default&#8221; text_font=&#8221;||||||||&#8221; header_font=&#8221;|||on|||||&#8221; custom_padding=&#8221;1px||0px|||&#8221; global_colors_info=&#8221;{}&#8221;]<\/p>\n<h3><strong>\ud83e\udded <a title=\"Avaa Upseerikerho ja kulttuuritarjonta jatkosodan aikana Google Maps -sivulla\" href=\"https:\/\/www.google.com\/maps\/place\/66%C2%B029'58.2%22N+25%C2%B045'29.9%22E\/@66.499506,25.7561049,17z\/data=!3m1!4b1!4m5!3m4!1s0x0:0x0!8m2!3d66.499506!4d25.7582936?hl=fi\"> N\u00e4yt\u00e4 sijainti Google Mapsissa <\/a><\/strong><\/h3>\n<p>[\/et_pb_text][et_pb_image src=&#8221;https:\/\/blogi.eoppimispalvelut.fi\/latu\/files\/2021\/11\/Upseerikerho.jpg&#8221; alt=&#8221;Upseerikerho&#8221; title_text=&#8221;Upseerikerho&#8221; align=&#8221;center&#8221; _builder_version=&#8221;4.16&#8243; _module_preset=&#8221;default&#8221; global_colors_info=&#8221;{}&#8221;][\/et_pb_image][et_pb_audio audio=&#8221;https:\/\/blogi.eoppimispalvelut.fi\/latu\/files\/2021\/11\/Upseerikerho-final.mp3&#8243; title=&#8221;Kuuntele&#8221; admin_label=&#8221;Audio&#8221; _builder_version=&#8221;4.16&#8243; _module_preset=&#8221;default&#8221; title_font=&#8221;|800|||||||&#8221; title_text_align=&#8221;left&#8221; title_text_color=&#8221;#e20d18&#8243; background_enable_color=&#8221;off&#8221; background_layout=&#8221;light&#8221; width=&#8221;90%&#8221; module_alignment=&#8221;center&#8221; min_height=&#8221;182px&#8221; custom_padding=&#8221;||0px|||&#8221; global_colors_info=&#8221;{}&#8221;][\/et_pb_audio][et_pb_toggle title=&#8221;Lue&#8221; open_toggle_text_color=&#8221;#e20d18&#8243; open_toggle_background_color=&#8221;RGBA(0,0,0,0)&#8221; closed_toggle_background_color=&#8221;RGBA(0,0,0,0)&#8221; icon_color=&#8221;#e20d18&#8243; use_icon_font_size=&#8221;on&#8221; icon_font_size=&#8221;41px&#8221; open_icon_color=&#8221;#e20d18&#8243; open_use_icon_font_size=&#8221;on&#8221; open_icon_font_size=&#8221;41px&#8221; admin_label=&#8221;littera&#8221; _builder_version=&#8221;4.16&#8243; _module_preset=&#8221;default&#8221; title_text_color=&#8221;#e20d18&#8243; title_level=&#8221;h3&#8243; title_font=&#8221;|700|||||||&#8221; width=&#8221;90%&#8221; module_alignment=&#8221;center&#8221; border_width_all=&#8221;4px&#8221; border_color_all=&#8221;#26224e&#8221; global_colors_info=&#8221;{}&#8221;]<\/p>\n<p><strong>Upseerikerho ja kulttuuritarjonta jatkosodan aikana<\/strong><\/p>\n<p>T\u00e4ll\u00e4 paikalla maavallien suojassa on todenn\u00e4k\u00f6isesti sijainnut alueen upseerikerho, jota saksalaiset<br \/>kutsuivat kasinoksi. Kyse ei siis ollut peli luolasta. Miehist\u00f6ll\u00e4 oli oma sotilaskoti ainakin nykyisen<br \/>Lukkarinkadun varrella. Upseerikerho oli upseerien vapaa ajanviettopaikka, jossa j\u00e4rjestettiin<br \/>lauluiltoja ja joskus my\u00f6s vierailevien esiintyjien, kuten laulajien tai taikureiden esityksi\u00e4. Muita<br \/>vapaa-ajan viettomahdollisuuksia niin upseereille kuin miehist\u00f6llekin oli elokuvien katsominen.<br \/>Saksalaiset toimittivat leiri alueille elokuvaprojektoreja ja filmikeloja liikkuvilla autoyksik\u00f6ill\u00e4.<br \/>Elokuvia saksalaiset k\u00e4viv\u00e4t katsomassa my\u00f6s muun muassa Kino Inarin n\u00e4yt\u00e4nn\u00f6iss\u00e4 ja Haus der<br \/>Kameradschaftissa eli Toveruuden talossa. Suosituimpia elokuvia olivat v\u00e4rielokuvat Kultainen<br \/>kaupunki, Lumpeenkukka ja M\u00fcnchhausen, jotka saivat valtavia katsojalukuja kaikissa paikoissa,<br \/>joissa niit\u00e4 esitettiin. Toveruuden talossa j\u00e4rjestettiin elokuvien lis\u00e4ksi my\u00f6s lukuisia<br \/>musiikkikonsertteja, tanssiesityksi\u00e4, oopperaesityksi\u00e4, taikuriesityksi\u00e4, komiikkaa ja teatteria. Yksi<br \/>suosituimmista oopperaesityksist\u00e4 oli Figaron h\u00e4\u00e4t, jota esitettiin Toveruuden talolla per\u00e4ti 35 kertaa<br \/>t\u00e4ydelle salille. Yhteens\u00e4 esitykset n\u00e4ki 12 000 katsojaa.<br \/>Kuuluisimpia esiintyji\u00e4 olivat laulaja Lizzi Waldm\u00fcller, tanssija Daisy Spies ja h\u00e4nen tanssiryhm\u00e4ns\u00e4,<br \/>tanssija-laulaja Marika R\u00f6kk, sveitsil\u00e4inen tenori Herbert Ernst Groh ja ruotsalainen oopperalaulaja<br \/>Lisa Tunell-Scharner. My\u00f6s suomalaisia artisteja esiintyi Toveruuden talon tapahtumissa, muun<br \/>muassa tanssiduo Lucia Nifontova ja Alexander Saxelin sek\u00e4 pianotaiteilija Kerttu Bernhardt.<br \/>Suomalaisten j\u00e4rjest\u00e4m\u00e4ss\u00e4 Asemiesillassa esiintyiv\u00e4t mm. sopraano Anna Mutanen,<br \/>harmonikkamestari Onni Laihonen ja koomikko Siiri Angerkoski. Toveruuden talon tapahtumiin<br \/>p\u00e4\u00e4siv\u00e4t osallistumaan my\u00f6s suomalaiset. Rovaniemen kulttuuritarjonta oli vuosina 1943 ja 1944<br \/>ennenn\u00e4kem\u00e4tt\u00f6m\u00e4n laajaa. Erityisesti koululaisille elokuvat olivat suuri tapaus. He p\u00e4\u00e4siv\u00e4t sis\u00e4\u00e4n<br \/>ilmaiseksi, jos tilaa oli.<br \/>My\u00f6s alkoholin k\u00e4yt\u00f6ll\u00e4 oli varsin iso osa pime\u00e4\u00e4n ja pitk\u00e4\u00e4n talveen tottumattomilla ja koti-ik\u00e4v\u00e4\u00e4<br \/>potevilla sotilailla. Saksalaisilla oli pohjoisessa eritt\u00e4in hyv\u00e4t varastot niin ruokatarvikkeita kuin<br \/>alkoholia varten. Juomina heill\u00e4 oli olut, viinit ja joskus konjakit. Saksalaiset toivat mukanaan my\u00f6s<br \/>omat astiansa ja ruokailuv\u00e4lineet.<\/p>\n<p>[\/et_pb_toggle][\/et_pb_column][\/et_pb_row][\/et_pb_section][et_pb_section fb_built=&#8221;1&#8243; admin_label=&#8221;6. Suomalaisten aputy\u00f6ntekij\u00f6iden parakki ja ty\u00f6voimakysymys jatkosodan aikana<br \/>\n-osio&#8221; module_id=&#8221;Suomalaisten&#8221; _builder_version=&#8221;4.16&#8243; _module_preset=&#8221;default&#8221; box_shadow_style=&#8221;preset1&#8243; collapsed=&#8221;off&#8221; global_colors_info=&#8221;{}&#8221;][et_pb_row admin_label=&#8221;Otsikko&#8221; _builder_version=&#8221;4.16&#8243; _module_preset=&#8221;default&#8221; global_colors_info=&#8221;{}&#8221;][et_pb_column type=&#8221;4_4&#8243; _builder_version=&#8221;4.16&#8243; _module_preset=&#8221;default&#8221; global_colors_info=&#8221;{}&#8221;][et_pb_text _builder_version=&#8221;4.16&#8243; _module_preset=&#8221;default&#8221; global_colors_info=&#8221;{}&#8221;]<\/p>\n<h2><strong>6. Suomalaisten aputy\u00f6ntekij\u00f6iden parakki ja ty\u00f6voimakysymys jatkosodan aikana<\/strong><\/h2>\n<p>[\/et_pb_text][et_pb_divider color=&#8221;#e20d18&#8243; divider_weight=&#8221;6px&#8221; admin_label=&#8221;Otsikon alusviiva&#8221; _builder_version=&#8221;4.8.2&#8243; _module_preset=&#8221;default&#8221; width=&#8221;40px&#8221; module_alignment=&#8221;left&#8221; custom_margin=&#8221;-25px|0px||0px|false|false&#8221; custom_padding=&#8221;0px|||0px|false|false&#8221; global_module=&#8221;662&#8243; saved_tabs=&#8221;all&#8221; global_colors_info=&#8221;{}&#8221;][\/et_pb_divider][\/et_pb_column][\/et_pb_row][et_pb_row admin_label=&#8221;\u00c4\u00e4nitys ja teksti&#8221; _builder_version=&#8221;4.16&#8243; _module_preset=&#8221;default&#8221; positioning=&#8221;none&#8221; custom_padding=&#8221;30px|||||&#8221; border_width_all=&#8221;15px&#8221; border_color_all=&#8221;#26224E&#8221; global_colors_info=&#8221;{}&#8221;][et_pb_column type=&#8221;4_4&#8243; _builder_version=&#8221;4.16&#8243; _module_preset=&#8221;default&#8221; global_colors_info=&#8221;{}&#8221;][et_pb_text _builder_version=&#8221;4.16&#8243; _module_preset=&#8221;default&#8221; text_font=&#8221;||||||||&#8221; header_font=&#8221;|||on|||||&#8221; custom_padding=&#8221;1px|||||&#8221; global_colors_info=&#8221;{}&#8221;]<\/p>\n<h2><strong>\u00a0 Aineisto<\/strong><\/h2>\n<p>[\/et_pb_text][et_pb_text admin_label=&#8221;GPS&#8221; _builder_version=&#8221;4.16&#8243; _module_preset=&#8221;default&#8221; text_font=&#8221;||||||||&#8221; header_font=&#8221;|||on|||||&#8221; custom_padding=&#8221;1px||0px|||&#8221; global_colors_info=&#8221;{}&#8221;]<\/p>\n<h3><strong>\ud83e\udded <a title=\"Avaa Suomalaisten aputy\u00f6ntekij\u00f6iden parakki ja ty\u00f6voimakysymys jatkosodan aikana Google Maps -sivulla\" href=\"https:\/\/www.google.com\/maps\/place\/66%C2%B029'58.2%22N+25%C2%B045'26.4%22E\/@66.4994943,25.7551545,17z\/data=!3m1!4b1!4m5!3m4!1s0x0:0x0!8m2!3d66.4994943!4d25.7573432?hl=fi\"> N\u00e4yt\u00e4 sijainti Google Mapsissa <\/a><\/strong><\/h3>\n<p>[\/et_pb_text][et_pb_image src=&#8221;https:\/\/blogi.eoppimispalvelut.fi\/latu\/files\/2021\/11\/Suomalaisten-aputyontekijoiden-parakki.jpg&#8221; alt=&#8221;Suomalaisten aputy\u00f6ntekij\u00f6iden parakki&#8221; title_text=&#8221;Suomalaisten aputy\u00f6ntekij\u00f6iden parakki&#8221; align=&#8221;center&#8221; _builder_version=&#8221;4.16&#8243; _module_preset=&#8221;default&#8221; global_colors_info=&#8221;{}&#8221;][\/et_pb_image][et_pb_audio audio=&#8221;https:\/\/blogi.eoppimispalvelut.fi\/latu\/files\/2021\/11\/Suomalaisten-aputyontekijoiden-parakki-final.mp3&#8243; title=&#8221;Kuuntele&#8221; admin_label=&#8221;Audio&#8221; _builder_version=&#8221;4.16&#8243; _module_preset=&#8221;default&#8221; title_font=&#8221;|800|||||||&#8221; title_text_align=&#8221;left&#8221; title_text_color=&#8221;#e20d18&#8243; background_enable_color=&#8221;off&#8221; background_layout=&#8221;light&#8221; width=&#8221;90%&#8221; module_alignment=&#8221;center&#8221; min_height=&#8221;182px&#8221; custom_padding=&#8221;||0px|||&#8221; global_colors_info=&#8221;{}&#8221;][\/et_pb_audio][et_pb_toggle title=&#8221;Lue&#8221; open_toggle_text_color=&#8221;#e20d18&#8243; open_toggle_background_color=&#8221;RGBA(0,0,0,0)&#8221; closed_toggle_background_color=&#8221;RGBA(0,0,0,0)&#8221; icon_color=&#8221;#e20d18&#8243; use_icon_font_size=&#8221;on&#8221; icon_font_size=&#8221;41px&#8221; open_icon_color=&#8221;#e20d18&#8243; open_use_icon_font_size=&#8221;on&#8221; open_icon_font_size=&#8221;41px&#8221; admin_label=&#8221;littera&#8221; _builder_version=&#8221;4.16&#8243; _module_preset=&#8221;default&#8221; title_text_color=&#8221;#e20d18&#8243; title_level=&#8221;h3&#8243; title_font=&#8221;|700|||||||&#8221; width=&#8221;90%&#8221; module_alignment=&#8221;center&#8221; border_width_all=&#8221;4px&#8221; border_color_all=&#8221;#26224e&#8221; global_colors_info=&#8221;{}&#8221;]<\/p>\n<p><strong>Suomalaisten aputy\u00f6ntekij\u00f6iden parakki ja ty\u00f6voimakysymys jatkosodan aikana<\/strong><\/p>\n<p>T\u00e4ll\u00e4 kohdalla sijaitsi saksalaisten piirustuksien mukaan suomalaisten aputy\u00f6ntekij\u00f6iden eli Finnische<br \/>Hilfskr\u00e4ftin parakki, joka rakennettiin marras-joulukuussa 1943. Se oli suomalaisten<br \/>puutavarayhti\u00f6iden muodostaman Puutalo Oy :n Polar niminen lautaparakki kooltaan noin<br \/>kahdeksan kertaa kaksitoista metri\u00e4. Parakki koottiin valmista puu elementeist\u00e4. Sen pystytt\u00e4minen<br \/>kesti suomalaisilta kirvesmiehilt\u00e4 pari p\u00e4iv\u00e4\u00e4, vangeilta huomattavasti kauemmin.<br \/>T\u00e4h\u00e4n parakkiin majoitettiin siis saksalaisten palveluksessa olleita suomalaisia ty\u00f6ntekij\u00f6it\u00e4 ehk\u00e4<br \/>noin kymmenest\u00e4 kahteenkymmeneen henkil\u00f6\u00e4. Todenn\u00e4k\u00f6isesti he olivat ulkopaikkakuntalaisia,<br \/>koska heille rakennettiin oma parakki. Rovaniemel\u00e4iset olivat tietenkin omissa kodeissaan. T\u00e4m\u00e4n<br \/>parakin asukkaat ovat ehk\u00e4 olleet Luftwaffen pesulan ty\u00f6ntekij\u00f6it\u00e4, jotka olivat joutuneet evakkoon<br \/>sota-alueelta. Pesula sijaitsi nykyisen Yliopistonkadun varrella.<br \/>Sodasta huolimatta sek\u00e4 palkansaajien m\u00e4\u00e4r\u00e4 ett\u00e4 kauppalan verotulot kasvoivat r\u00e4j\u00e4hdysm\u00e4isesti.<br \/>Monet l\u00e4hestulkoon k\u00f6yhyydess\u00e4 el\u00e4neet rovaniemel\u00e4iset saivat elintasoaan parannettua<br \/>aikaisempaan verrattuna. Ty\u00f6markkinoilla saksalaisten l\u00e4sn\u00e4olo vaikutti merkitt\u00e4v\u00e4sti. Ensimm\u00e4ist\u00e4<br \/>kertaa suomen historiassa oli ty\u00f6ntekij\u00e4n markkinat. Suurin osa nuoremmasta miespuolisesta<br \/>v\u00e4est\u00f6st\u00e4 oli rintamilla, joten ty\u00f6paikkoja liikenne-, kuljetus-, huolinta-, rakennus-, kauppa- ja<br \/>palvelualoilla oli runsaasti naisille ja asepalvelus ik\u00e4luokkien ulkopuolisille miehille.<br \/>Saksalaiset tarvitsivat miehi\u00e4 mets\u00e4-, linnoitus-, lentokentt\u00e4- ja rakennust\u00f6ihin, pilke- ja<br \/>puuhiilitehtaisiin, maanteiden tekoon ja korjauksiin sek\u00e4 rahdinajoon. Naisille t\u00f6it\u00e4 riitti<br \/>kanttiineissa, konttoreissa, sairaaloissa, keittoloissa, ompelimoissa ja pesuloissa. Kovan<br \/>ty\u00f6voimapulan takia saksalaisten maksamat palkat ammattimiehille olivat joskus kaksin, jopa<br \/>kolminkertaisia muuhun maahan verrattuna ja yleisemminkin palkkataso oli ainakin 25% korkeampi<br \/>kuin suomalaisten maksamat. Varsinkin Rovaniemen maalaiskunnan puolella monille ty\u00f6ntekij\u00f6ille ja<br \/>yrityksille j\u00e4i isoja veror\u00e4stej\u00e4, kun rahaa tuli niin paljon, ettei veroja ehtinyt maksamaan.<br \/>My\u00f6s muualta Suomesta tuli ty\u00f6voimaa Lappiin. Kes\u00e4ll\u00e4 1942 saksalaisten palveluksessa oli Lapissa<br \/>yli 10 000 ty\u00f6ntekij\u00e4\u00e4, joista osaa pime\u00e4sti tai suomalaisyritysten kautta, mik\u00e4 aiheutti monille<br \/>suomalaisille yrityksille ty\u00f6voimapulaa ja viiv\u00e4stytti monia ty\u00f6kohteita. Suomalaisten viranomaisten<br \/>tarkoituksena oli puolittaa saksalaisten palveluksessa olevan ty\u00f6voiman m\u00e4\u00e4r\u00e4. Siksi<br \/>paikallisviranomaiset yrittiv\u00e4t saada saksalaisia palkkaamaan ty\u00f6ntekij\u00e4ns\u00e4 suomalaisista yrityksist\u00e4<br \/>sen sijaan, ett\u00e4 n\u00e4m\u00e4 palkkaisivat vapailta markkinoilta.<br \/>Ty\u00f6voiman s\u00e4\u00e4nn\u00f6stely-yritykset eiv\u00e4t tietenk\u00e4\u00e4n saksalaisia erityisesti miellytt\u00e4neet ja he<br \/>pyrkiv\u00e4tkin jopa viranomaisten m\u00e4\u00e4r\u00e4ysten vastaisesti palkkaamaan suomalaisia t\u00f6ihins\u00e4. T\u00e4t\u00e4<br \/>kamppailua ty\u00f6voimasta k\u00e4ytiin koko jatkosodan ajan palkkatasoa kohtuullistamalla. Suomalaiset<br \/>vetosivat my\u00f6s Saksan ylimp\u00e4\u00e4n johtoon asian korjaamiseksi ja Saksan sotamarsalkka Wilhelm Keitel<br \/>antoikin m\u00e4\u00e4r\u00e4yksen, ett\u00e4 saksalaisten joukkojen on supistettava suomalaisen ty\u00f6v\u00e4en m\u00e4\u00e4r\u00e4\u00e4.<br \/>Kiinti\u00f6ksi m\u00e4\u00e4riteltiin 4000 henkil\u00f6\u00e4, joista Luftwaffen osuus oli 3000 ja Saksan maavoimien eli<br \/>Heerin 1000.<br \/>Kev\u00e4\u00e4seen 1943 menness\u00e4 kuitenkin saksalaisten palveluksessa olevan suomalaisen ty\u00f6voiman<br \/>osuus v\u00e4heni suurin piirtein kiinti\u00f6n mukaiseksi. T\u00e4m\u00e4 johtui paitsi ty\u00f6velvollisuus kutsunnoista,<br \/>my\u00f6s lis\u00e4\u00e4ntyneist\u00e4 ty\u00f6voiman ratsioista. Suomalaisen ty\u00f6voiman saannin supistuminen aiheutti<br \/>sen, ett\u00e4 saksalaiset joutuivat paikkaamaan ty\u00f6voiman puutetta. Apuja saatiin organisaatio Todtin<br \/>ty\u00f6voimasta, muista maista tuoduista ty\u00f6velvollisista, palkatuista henkil\u00f6ist\u00e4 sek\u00e4 tietysti<\/p>\n<p>vankity\u00f6voimasta. Saksalaisten vankity\u00f6voiman m\u00e4\u00e4r\u00e4 nousi Lapissa noin 30 000 henkil\u00f6\u00f6n.<br \/>Ty\u00f6palvelun joukoissa oli lukuisien saksan miehitt\u00e4minen alueiden kansalaisia enemm\u00e4n tai<br \/>v\u00e4hemm\u00e4n pakkoty\u00f6ss\u00e4.<\/p>\n<p>[\/et_pb_toggle][\/et_pb_column][\/et_pb_row][\/et_pb_section][et_pb_section fb_built=&#8221;1&#8243; admin_label=&#8221;7. Junaradan id\u00e4n puolen taisteluasemia ja betonikorsu<br \/>\n-osio&#8221; module_id=&#8221;Junaradan&#8221; _builder_version=&#8221;4.16&#8243; _module_preset=&#8221;default&#8221; box_shadow_style=&#8221;preset1&#8243; collapsed=&#8221;off&#8221; global_colors_info=&#8221;{}&#8221;][et_pb_row admin_label=&#8221;Otsikko&#8221; _builder_version=&#8221;4.16&#8243; _module_preset=&#8221;default&#8221; global_colors_info=&#8221;{}&#8221;][et_pb_column type=&#8221;4_4&#8243; _builder_version=&#8221;4.16&#8243; _module_preset=&#8221;default&#8221; global_colors_info=&#8221;{}&#8221;][et_pb_text _builder_version=&#8221;4.16&#8243; _module_preset=&#8221;default&#8221; global_colors_info=&#8221;{}&#8221;]<\/p>\n<h2><strong>7. Junaradan id\u00e4n puolen taisteluasemia ja betonikorsu<\/strong><\/h2>\n<p>[\/et_pb_text][et_pb_divider color=&#8221;#e20d18&#8243; divider_weight=&#8221;6px&#8221; admin_label=&#8221;Otsikon alusviiva&#8221; _builder_version=&#8221;4.8.2&#8243; _module_preset=&#8221;default&#8221; width=&#8221;40px&#8221; module_alignment=&#8221;left&#8221; custom_margin=&#8221;-25px|0px||0px|false|false&#8221; custom_padding=&#8221;0px|||0px|false|false&#8221; global_module=&#8221;662&#8243; saved_tabs=&#8221;all&#8221; global_colors_info=&#8221;{}&#8221;][\/et_pb_divider][\/et_pb_column][\/et_pb_row][et_pb_row admin_label=&#8221;\u00c4\u00e4nitys ja teksti&#8221; _builder_version=&#8221;4.16&#8243; _module_preset=&#8221;default&#8221; positioning=&#8221;none&#8221; custom_padding=&#8221;30px|||||&#8221; border_width_all=&#8221;15px&#8221; border_color_all=&#8221;#26224E&#8221; global_colors_info=&#8221;{}&#8221;][et_pb_column type=&#8221;4_4&#8243; _builder_version=&#8221;4.16&#8243; _module_preset=&#8221;default&#8221; global_colors_info=&#8221;{}&#8221;][et_pb_text _builder_version=&#8221;4.16&#8243; _module_preset=&#8221;default&#8221; text_font=&#8221;||||||||&#8221; header_font=&#8221;|||on|||||&#8221; custom_padding=&#8221;1px|||||&#8221; global_colors_info=&#8221;{}&#8221;]<\/p>\n<h2><strong>\u00a0 Aineisto<\/strong><\/h2>\n<p>[\/et_pb_text][et_pb_text admin_label=&#8221;GPS&#8221; _builder_version=&#8221;4.16&#8243; _module_preset=&#8221;default&#8221; text_font=&#8221;||||||||&#8221; header_font=&#8221;|||on|||||&#8221; custom_padding=&#8221;1px||0px|||&#8221; global_colors_info=&#8221;{}&#8221;]<\/p>\n<h3><strong>\ud83e\udded<a title=\"Avaa Junaradan id\u00e4n puolen taisteluasemia ja betonikorsu Google Maps -sivulla\" href=\"https:\/\/www.google.com\/maps\/place\/66%C2%B030'17.0%22N+25%C2%B045'12.6%22E\/@66.5047116,25.7513208,17z\/data=!3m1!4b1!4m5!3m4!1s0x0:0x0!8m2!3d66.5047116!4d25.7535095?hl=fi\"> N\u00e4yt\u00e4 sijainti Google Mapsissa <\/a><\/strong><\/h3>\n<p>[\/et_pb_text][et_pb_image src=&#8221;https:\/\/blogi.eoppimispalvelut.fi\/latu\/files\/2021\/11\/Betonikorsu.jpg&#8221; alt=&#8221;Betonikorsu&#8221; title_text=&#8221;Betonikorsu&#8221; align=&#8221;center&#8221; _builder_version=&#8221;4.16&#8243; _module_preset=&#8221;default&#8221; global_colors_info=&#8221;{}&#8221;][\/et_pb_image][et_pb_audio audio=&#8221;https:\/\/blogi.eoppimispalvelut.fi\/latu\/files\/2021\/11\/Junaradan-itapuolen-taisteluasemat-ja-betonikorsu-final.mp3&#8243; title=&#8221;Kuuntele&#8221; admin_label=&#8221;Audio&#8221; _builder_version=&#8221;4.16&#8243; _module_preset=&#8221;default&#8221; title_font=&#8221;|800|||||||&#8221; title_text_align=&#8221;left&#8221; title_text_color=&#8221;#e20d18&#8243; background_enable_color=&#8221;off&#8221; background_layout=&#8221;light&#8221; width=&#8221;90%&#8221; module_alignment=&#8221;center&#8221; min_height=&#8221;182px&#8221; custom_padding=&#8221;||0px|||&#8221; global_colors_info=&#8221;{}&#8221;][\/et_pb_audio][et_pb_toggle title=&#8221;Lue&#8221; open_toggle_text_color=&#8221;#e20d18&#8243; open_toggle_background_color=&#8221;RGBA(0,0,0,0)&#8221; closed_toggle_background_color=&#8221;RGBA(0,0,0,0)&#8221; icon_color=&#8221;#e20d18&#8243; use_icon_font_size=&#8221;on&#8221; icon_font_size=&#8221;41px&#8221; open_icon_color=&#8221;#e20d18&#8243; open_use_icon_font_size=&#8221;on&#8221; open_icon_font_size=&#8221;41px&#8221; admin_label=&#8221;littera&#8221; _builder_version=&#8221;4.16&#8243; _module_preset=&#8221;default&#8221; title_text_color=&#8221;#e20d18&#8243; title_level=&#8221;h3&#8243; title_font=&#8221;|700|||||||&#8221; width=&#8221;90%&#8221; module_alignment=&#8221;center&#8221; border_width_all=&#8221;4px&#8221; border_color_all=&#8221;#26224e&#8221; global_colors_info=&#8221;{}&#8221;]<\/p>\n<p><strong>Junaradan id\u00e4n puolen taisteluasemia ja betonikorsu<\/strong><\/p>\n<p>Ounasvaaran junaradan viereisell\u00e4 sivustalla on my\u00f6s lukuisia kaivantoja, joista voi p\u00e4\u00e4tell\u00e4 siell\u00e4<br \/>olleen paitsi taisteluhauta ja taistelupes\u00e4kkeit\u00e4, my\u00f6s vartiotoimintaan liittyvi\u00e4 kaivantoja. Ainakin<br \/>osa n\u00e4ist\u00e4 lienee Lapin sodan aikaisia. Vaaran laidassa radan vieress\u00e4 on pitk\u00e4 taisteluhautakaivanto,<br \/>taistelupes\u00e4kkeit\u00e4 ja ampumapoteroita. Taisteluja t\u00e4ll\u00e4 alueella ei kuitenkaan k\u00e4yty.<br \/>Ounasvaaran alueella on my\u00f6s pohjoislaidalla taistelupes\u00e4kkeit\u00e4 ja siell\u00e4 t\u00e4\u00e4ll\u00e4 vaaran<br \/>korkeammillakin osilla. Vaaranlaidoilla on ollut ilmeisesti pitk\u00e4hk\u00f6 taistelukaivantojen linja, joka on<br \/>ulottunut aina nykyisen golf -radan tienoilta Tottorakan ja V\u00e4lirakan ymp\u00e4rist\u00f6\u00f6n ja sielt\u00e4 kohti<br \/>nykyist\u00e4 urheiluopiston aluetta. Ehk\u00e4 osittain Lapin sodan aikaisia ampuma poteroita ja<br \/>taistelupes\u00e4kkeiden j\u00e4lki\u00e4 on maastossa viel\u00e4 n\u00e4kyviss\u00e4, mutta osa lienee jo kasvanut umpeen.<br \/>Saksalaiset hy\u00f6dynsiv\u00e4t my\u00f6s vaaran luontaisia onkaloita ja kivimuodostelmia pes\u00e4kkeiksi.<br \/>Niin sanottu betonikorsu on sis\u00e4lt\u00e4 noin 3 x 4 metrin kokoinen ja 2 :n metrin korkuinen. Oviaukko on<br \/>betonista ja sein\u00e4t on muurattu luonnonkivist\u00e4. Korsun katto on osittain sortunut, mutta muuten<br \/>rakennus on melko ehj\u00e4. Rakennuksen alueella ja hieman kauempana on muun muassa heteka tai<br \/>sen osia ja puinen ovi, joka voi olla my\u00f6hemm\u00e4lt\u00e4kin ajalta. T\u00e4t\u00e4 korsua ovat todenn\u00e4k\u00f6isesti<br \/>k\u00e4ytt\u00e4neet saksalaiset vartiomiehet lepopaikkana ja talvisin l\u00e4mmittelypaikkana. Korsu l\u00e4mpesi<br \/>kamiinan avulla.<\/p>\n<p>[\/et_pb_toggle][\/et_pb_column][\/et_pb_row][\/et_pb_section][et_pb_section fb_built=&#8221;1&#8243; admin_label=&#8221;8. Mysteeriparakki ja taisteluhauta<br \/>\n-osio&#8221; module_id=&#8221;Mysteeriparakki&#8221; _builder_version=&#8221;4.16&#8243; _module_preset=&#8221;default&#8221; box_shadow_style=&#8221;preset1&#8243; collapsed=&#8221;off&#8221; global_colors_info=&#8221;{}&#8221;][et_pb_row admin_label=&#8221;Otsikko&#8221; _builder_version=&#8221;4.16&#8243; _module_preset=&#8221;default&#8221; global_colors_info=&#8221;{}&#8221;][et_pb_column type=&#8221;4_4&#8243; _builder_version=&#8221;4.16&#8243; _module_preset=&#8221;default&#8221; global_colors_info=&#8221;{}&#8221;][et_pb_text _builder_version=&#8221;4.16&#8243; _module_preset=&#8221;default&#8221; global_colors_info=&#8221;{}&#8221;]<\/p>\n<h2><strong>8. Mysteeriparakki ja taisteluhauta<\/strong><\/h2>\n<p>[\/et_pb_text][et_pb_divider color=&#8221;#e20d18&#8243; divider_weight=&#8221;6px&#8221; admin_label=&#8221;Otsikon alusviiva&#8221; _builder_version=&#8221;4.8.2&#8243; _module_preset=&#8221;default&#8221; width=&#8221;40px&#8221; module_alignment=&#8221;left&#8221; custom_margin=&#8221;-25px|0px||0px|false|false&#8221; custom_padding=&#8221;0px|||0px|false|false&#8221; global_module=&#8221;662&#8243; saved_tabs=&#8221;all&#8221; global_colors_info=&#8221;{}&#8221;][\/et_pb_divider][\/et_pb_column][\/et_pb_row][et_pb_row admin_label=&#8221;\u00c4\u00e4nitys ja teksti&#8221; _builder_version=&#8221;4.16&#8243; _module_preset=&#8221;default&#8221; positioning=&#8221;none&#8221; custom_padding=&#8221;30px|||||&#8221; border_width_all=&#8221;15px&#8221; border_color_all=&#8221;#26224E&#8221; global_colors_info=&#8221;{}&#8221;][et_pb_column type=&#8221;4_4&#8243; _builder_version=&#8221;4.16&#8243; _module_preset=&#8221;default&#8221; global_colors_info=&#8221;{}&#8221;][et_pb_text _builder_version=&#8221;4.16&#8243; _module_preset=&#8221;default&#8221; text_font=&#8221;||||||||&#8221; header_font=&#8221;|||on|||||&#8221; custom_padding=&#8221;1px|||||&#8221; global_colors_info=&#8221;{}&#8221;]<\/p>\n<h2><strong>\u00a0 Aineisto<\/strong><\/h2>\n<p>[\/et_pb_text][et_pb_text admin_label=&#8221;GPS&#8221; _builder_version=&#8221;4.16&#8243; _module_preset=&#8221;default&#8221; text_font=&#8221;||||||||&#8221; header_font=&#8221;|||on|||||&#8221; custom_padding=&#8221;1px||0px|||&#8221; global_colors_info=&#8221;{}&#8221;]<\/p>\n<h3><strong>\ud83e\udded <a title=\"Avaa Mysteeriparakki ja taisteluhauta Google Maps -sivulla\" href=\"https:\/\/www.google.com\/maps\/place\/66%C2%B029'56.3%22N+25%C2%B045'23.5%22E\/@66.4989634,25.7543389,17z\/data=!3m1!4b1!4m5!3m4!1s0x0:0x0!8m2!3d66.4989634!4d25.7565276?hl=fi\"> N\u00e4yt\u00e4 sijainti Google Mapsissa <\/a><\/strong><\/h3>\n<p>[\/et_pb_text][et_pb_image src=&#8221;https:\/\/blogi.eoppimispalvelut.fi\/latu\/files\/2021\/11\/Kaivanto-mysteeriparakin-ylapuolella.jpg&#8221; alt=&#8221;Kaivanto mysteeriparakin yl\u00e4puolella&#8221; title_text=&#8221;Kaivanto mysteeriparakin yl\u00e4puolella&#8221; align=&#8221;center&#8221; _builder_version=&#8221;4.16&#8243; _module_preset=&#8221;default&#8221; global_colors_info=&#8221;{}&#8221;][\/et_pb_image][et_pb_audio audio=&#8221;https:\/\/blogi.eoppimispalvelut.fi\/latu\/files\/2021\/11\/Mysteeriparakki-final.mp3&#8243; title=&#8221;Kuuntele&#8221; admin_label=&#8221;Audio&#8221; _builder_version=&#8221;4.16&#8243; _module_preset=&#8221;default&#8221; title_font=&#8221;|800|||||||&#8221; title_text_align=&#8221;left&#8221; title_text_color=&#8221;#e20d18&#8243; background_enable_color=&#8221;off&#8221; background_layout=&#8221;light&#8221; width=&#8221;90%&#8221; module_alignment=&#8221;center&#8221; min_height=&#8221;182px&#8221; custom_padding=&#8221;||0px|||&#8221; global_colors_info=&#8221;{}&#8221;][\/et_pb_audio][et_pb_toggle title=&#8221;Lue&#8221; open_toggle_text_color=&#8221;#e20d18&#8243; open_toggle_background_color=&#8221;RGBA(0,0,0,0)&#8221; closed_toggle_background_color=&#8221;RGBA(0,0,0,0)&#8221; icon_color=&#8221;#e20d18&#8243; use_icon_font_size=&#8221;on&#8221; icon_font_size=&#8221;41px&#8221; open_icon_color=&#8221;#e20d18&#8243; open_use_icon_font_size=&#8221;on&#8221; open_icon_font_size=&#8221;41px&#8221; admin_label=&#8221;littera&#8221; _builder_version=&#8221;4.16&#8243; _module_preset=&#8221;default&#8221; title_text_color=&#8221;#e20d18&#8243; title_level=&#8221;h3&#8243; title_font=&#8221;|700|||||||&#8221; width=&#8221;90%&#8221; module_alignment=&#8221;center&#8221; border_width_all=&#8221;4px&#8221; border_color_all=&#8221;#26224e&#8221; global_colors_info=&#8221;{}&#8221;]<\/p>\n<p><strong>Mysteeriparakki ja taisteluhauta<\/strong><\/p>\n<p>Yksi parakki, josta ei ole tarkkaa tietoa olemassa, mutta jossa on n\u00e4ytt\u00e4v\u00e4 betoninen alusta sijaitsee<br \/>l\u00e4hell\u00e4 tornitaloja. Saksalaisten piirustuksissa t\u00e4h\u00e4n kohtaan oli merkitty autokorjaamo tai kuorma-<br \/>autohalli. Rakennus on voinut olla my\u00f6s keitti\u00f6rakennus. Betonin sis\u00e4lt\u00e4 ty\u00f6ntyy ulos putki, josta<br \/>sadevesi valuu pois. Rakennuksen maan pinnalla oleva betonivalu on kooltaan noin viisi kertaa viisi<br \/>metri\u00e4. Saksalaisten piirustusten mukaan rakennus on ollut kooltaan noin kymmenen kertaa<br \/>kuusitoista metri\u00e4.<br \/>T\u00e4m\u00e4n rakennuksen vierest\u00e4 l\u00e4htee yl\u00e4rinteeseen p\u00e4in pitk\u00e4hk\u00f6, kaiketi Lapin sodan aikainen<br \/>taisteluhauta, tai sirpalesuoja, jonka p\u00e4\u00e4linja on alun perin ollut noin kaksi kertaa 110 metri\u00e4. Linjan<br \/>p\u00e4\u00e4ss\u00e4 on ollut korsun paikka. Linjasta erkaneva varsin kapea ja matala, pitk\u00e4hk\u00f6 kaakonsuuntainen<br \/>kaivanto, lienee ehk\u00e4 alkua lukuunottamatta joskus sodan j\u00e4lkeen tehty oja. Korsusta on kaivettu<br \/>joitakin j\u00e4\u00e4nteit\u00e4, muun muassa s\u00e4ilykepurkki ja rikkoutunut viinipullo esiin. Siell\u00e4 on my\u00f6s<br \/>tuoreempaa roskaa.<\/p>\n<p>[\/et_pb_toggle][\/et_pb_column][\/et_pb_row][\/et_pb_section][et_pb_section fb_built=&#8221;1&#8243; admin_label=&#8221;9. Lastenkoti<br \/>\n-osio&#8221; module_id=&#8221;Lastenkoti&#8221; _builder_version=&#8221;4.16&#8243; _module_preset=&#8221;default&#8221; box_shadow_style=&#8221;preset1&#8243; collapsed=&#8221;off&#8221; global_colors_info=&#8221;{}&#8221;][et_pb_row admin_label=&#8221;Otsikko&#8221; _builder_version=&#8221;4.16&#8243; _module_preset=&#8221;default&#8221; global_colors_info=&#8221;{}&#8221;][et_pb_column type=&#8221;4_4&#8243; _builder_version=&#8221;4.16&#8243; _module_preset=&#8221;default&#8221; global_colors_info=&#8221;{}&#8221;][et_pb_text _builder_version=&#8221;4.16&#8243; _module_preset=&#8221;default&#8221; global_colors_info=&#8221;{}&#8221;]<\/p>\n<h2><strong>9. Lastenkoti\u00a0<\/strong><\/h2>\n<p>[\/et_pb_text][et_pb_divider color=&#8221;#e20d18&#8243; divider_weight=&#8221;6px&#8221; admin_label=&#8221;Otsikon alusviiva&#8221; _builder_version=&#8221;4.8.2&#8243; _module_preset=&#8221;default&#8221; width=&#8221;40px&#8221; module_alignment=&#8221;left&#8221; custom_margin=&#8221;-25px|0px||0px|false|false&#8221; custom_padding=&#8221;0px|||0px|false|false&#8221; global_module=&#8221;662&#8243; saved_tabs=&#8221;all&#8221; global_colors_info=&#8221;{}&#8221;][\/et_pb_divider][\/et_pb_column][\/et_pb_row][et_pb_row admin_label=&#8221;\u00c4\u00e4nitys ja teksti&#8221; _builder_version=&#8221;4.16&#8243; _module_preset=&#8221;default&#8221; positioning=&#8221;none&#8221; custom_padding=&#8221;30px|||||&#8221; border_width_all=&#8221;15px&#8221; border_color_all=&#8221;#26224E&#8221; global_colors_info=&#8221;{}&#8221;][et_pb_column type=&#8221;4_4&#8243; _builder_version=&#8221;4.16&#8243; _module_preset=&#8221;default&#8221; global_colors_info=&#8221;{}&#8221;][et_pb_text _builder_version=&#8221;4.16&#8243; _module_preset=&#8221;default&#8221; text_font=&#8221;||||||||&#8221; header_font=&#8221;|||on|||||&#8221; custom_padding=&#8221;1px|||||&#8221; global_colors_info=&#8221;{}&#8221;]<\/p>\n<h2><strong>\u00a0 Aineisto<\/strong><\/h2>\n<p>[\/et_pb_text][et_pb_text admin_label=&#8221;GPS&#8221; _builder_version=&#8221;4.16&#8243; _module_preset=&#8221;default&#8221; text_font=&#8221;||||||||&#8221; header_font=&#8221;|||on|||||&#8221; custom_padding=&#8221;1px||0px|||&#8221; global_colors_info=&#8221;{}&#8221;]<\/p>\n<h3><strong>\ud83e\udded <a title=\"Avaa Lastenkoti Google Maps -sivulla\" href=\"https:\/\/www.google.com\/maps\/place\/66%C2%B029'54.0%22N+25%C2%B045'16.7%22E\/@66.4983397,25.7524515,17z\/data=!3m1!4b1!4m5!3m4!1s0x0:0x0!8m2!3d66.4983397!4d25.7546402?hl=fi\"> N\u00e4yt\u00e4 sijainti Google Mapsissa <\/a><\/strong><\/h3>\n<p>[\/et_pb_text][et_pb_image src=&#8221;https:\/\/blogi.eoppimispalvelut.fi\/latu\/files\/2022\/02\/Lastenkoti-scaled.jpg&#8221; alt=&#8221;Lastenkoti&#8221; title_text=&#8221;Lastenkoti&#8221; align=&#8221;center&#8221; _builder_version=&#8221;4.16&#8243; _module_preset=&#8221;default&#8221; global_colors_info=&#8221;{}&#8221;][\/et_pb_image][et_pb_audio audio=&#8221;https:\/\/blogi.eoppimispalvelut.fi\/latu\/files\/2021\/11\/Lastenkoti-final.mp3&#8243; title=&#8221;Kuuntele&#8221; admin_label=&#8221;Audio&#8221; _builder_version=&#8221;4.16&#8243; _module_preset=&#8221;default&#8221; title_font=&#8221;|800|||||||&#8221; title_text_align=&#8221;left&#8221; title_text_color=&#8221;#e20d18&#8243; background_enable_color=&#8221;off&#8221; background_layout=&#8221;light&#8221; width=&#8221;90%&#8221; module_alignment=&#8221;center&#8221; min_height=&#8221;182px&#8221; custom_padding=&#8221;||0px|||&#8221; global_colors_info=&#8221;{}&#8221;][\/et_pb_audio][et_pb_toggle title=&#8221;Lue&#8221; open_toggle_text_color=&#8221;#e20d18&#8243; open_toggle_background_color=&#8221;RGBA(0,0,0,0)&#8221; closed_toggle_background_color=&#8221;RGBA(0,0,0,0)&#8221; icon_color=&#8221;#e20d18&#8243; use_icon_font_size=&#8221;on&#8221; icon_font_size=&#8221;41px&#8221; open_icon_color=&#8221;#e20d18&#8243; open_use_icon_font_size=&#8221;on&#8221; open_icon_font_size=&#8221;41px&#8221; admin_label=&#8221;littera&#8221; _builder_version=&#8221;4.16&#8243; _module_preset=&#8221;default&#8221; title_text_color=&#8221;#e20d18&#8243; title_level=&#8221;h3&#8243; title_font=&#8221;|700|||||||&#8221; width=&#8221;90%&#8221; module_alignment=&#8221;center&#8221; border_width_all=&#8221;4px&#8221; border_color_all=&#8221;#26224e&#8221; global_colors_info=&#8221;{}&#8221;]<\/p>\n<p><strong>Lastenkoti<\/strong><\/p>\n<p>Entinen lastenkoti oli saksalaisten k\u00e4yt\u00f6ss\u00e4 jatkosodan aikana maavoimien eli Heerin sairaalana.<br \/>Rakennus on edelleen olemassa. Lapin sodan aikana sairaala ja sen alue oli miinoitettu, mutta<br \/>miinoja ei r\u00e4j\u00e4ytetty. Kauppalan tuhon j\u00e4lkeen sinne sijoitettiin kauppalan virastot. Kauppalan<br \/>johtaja sek\u00e4 virkamiehet my\u00f6s asuivat rakennuksessa. My\u00f6hemmin se on toiminut muun muassa<br \/>lastensairaalana ja steinerkouluna.<\/p>\n<p>[\/et_pb_toggle][\/et_pb_column][\/et_pb_row][\/et_pb_section][et_pb_section fb_built=&#8221;1&#8243; admin_label=&#8221;10. Frontleitstelle 42 :n parakkileirialue<br \/>\n-osio&#8221; module_id=&#8221;Frontleitstelle&#8221; _builder_version=&#8221;4.16&#8243; _module_preset=&#8221;default&#8221; box_shadow_style=&#8221;preset1&#8243; collapsed=&#8221;off&#8221; global_colors_info=&#8221;{}&#8221;][et_pb_row admin_label=&#8221;Otsikko&#8221; _builder_version=&#8221;4.16&#8243; _module_preset=&#8221;default&#8221; global_colors_info=&#8221;{}&#8221;][et_pb_column type=&#8221;4_4&#8243; _builder_version=&#8221;4.16&#8243; _module_preset=&#8221;default&#8221; global_colors_info=&#8221;{}&#8221;][et_pb_text _builder_version=&#8221;4.16&#8243; _module_preset=&#8221;default&#8221; global_colors_info=&#8221;{}&#8221;]<\/p>\n<h2><strong>10. Frontleitstelle 42 :n parakkileirialue<\/strong><\/h2>\n<p>[\/et_pb_text][et_pb_divider color=&#8221;#e20d18&#8243; divider_weight=&#8221;6px&#8221; admin_label=&#8221;Otsikon alusviiva&#8221; _builder_version=&#8221;4.8.2&#8243; _module_preset=&#8221;default&#8221; width=&#8221;40px&#8221; module_alignment=&#8221;left&#8221; custom_margin=&#8221;-25px|0px||0px|false|false&#8221; custom_padding=&#8221;0px|||0px|false|false&#8221; global_module=&#8221;662&#8243; saved_tabs=&#8221;all&#8221; global_colors_info=&#8221;{}&#8221;][\/et_pb_divider][\/et_pb_column][\/et_pb_row][et_pb_row admin_label=&#8221;\u00c4\u00e4nitys ja teksti&#8221; _builder_version=&#8221;4.16&#8243; _module_preset=&#8221;default&#8221; positioning=&#8221;none&#8221; custom_padding=&#8221;30px|||||&#8221; border_width_all=&#8221;15px&#8221; border_color_all=&#8221;#26224E&#8221; global_colors_info=&#8221;{}&#8221;][et_pb_column type=&#8221;4_4&#8243; _builder_version=&#8221;4.16&#8243; _module_preset=&#8221;default&#8221; global_colors_info=&#8221;{}&#8221;][et_pb_text _builder_version=&#8221;4.16&#8243; _module_preset=&#8221;default&#8221; text_font=&#8221;||||||||&#8221; header_font=&#8221;|||on|||||&#8221; custom_padding=&#8221;1px|||||&#8221; global_colors_info=&#8221;{}&#8221;]<\/p>\n<h2><strong>\u00a0 Aineisto<\/strong><\/h2>\n<p>[\/et_pb_text][et_pb_text admin_label=&#8221;GPS&#8221; _builder_version=&#8221;4.16&#8243; _module_preset=&#8221;default&#8221; text_font=&#8221;||||||||&#8221; header_font=&#8221;|||on|||||&#8221; custom_padding=&#8221;1px||0px|||&#8221; global_colors_info=&#8221;{}&#8221;]<\/p>\n<h3><strong>\ud83e\udded <a title=\"Avaa Frontleitstelle 42 :n parakkileirialue Google Maps -sivulla\" href=\"https:\/\/www.google.com\/maps\/place\/66%C2%B029'53.8%22N+25%C2%B044'58.5%22E\/@66.4982838,25.7474023,17z\/data=!3m1!4b1!4m5!3m4!1s0x0:0x0!8m2!3d66.4982838!4d25.749591?hl=fi\"> N\u00e4yt\u00e4 sijainti Google Mapsissa <\/a><\/strong><\/h3>\n<p>[\/et_pb_text][et_pb_image src=&#8221;https:\/\/blogi.eoppimispalvelut.fi\/latu\/files\/2021\/11\/Frontleitstelle-42n-parakkileirialue.jpg&#8221; alt=&#8221;Frontleitstelle 42n parakkileirialue&#8221; title_text=&#8221;Frontleitstelle 42n parakkileirialue&#8221; align=&#8221;center&#8221; _builder_version=&#8221;4.16&#8243; _module_preset=&#8221;default&#8221; global_colors_info=&#8221;{}&#8221;][\/et_pb_image][et_pb_audio audio=&#8221;https:\/\/blogi.eoppimispalvelut.fi\/latu\/files\/2021\/11\/Frontleitsstelle-42n-parakkileiri-final.mp3&#8243; title=&#8221;Kuuntele&#8221; admin_label=&#8221;Audio&#8221; _builder_version=&#8221;4.16&#8243; _module_preset=&#8221;default&#8221; title_font=&#8221;|800|||||||&#8221; title_text_align=&#8221;left&#8221; title_text_color=&#8221;#e20d18&#8243; background_enable_color=&#8221;off&#8221; background_layout=&#8221;light&#8221; width=&#8221;90%&#8221; module_alignment=&#8221;center&#8221; min_height=&#8221;182px&#8221; custom_padding=&#8221;||0px|||&#8221; global_colors_info=&#8221;{}&#8221;][\/et_pb_audio][et_pb_toggle title=&#8221;Lue&#8221; open_toggle_text_color=&#8221;#e20d18&#8243; open_toggle_background_color=&#8221;RGBA(0,0,0,0)&#8221; closed_toggle_background_color=&#8221;RGBA(0,0,0,0)&#8221; icon_color=&#8221;#e20d18&#8243; use_icon_font_size=&#8221;on&#8221; icon_font_size=&#8221;41px&#8221; open_icon_color=&#8221;#e20d18&#8243; open_use_icon_font_size=&#8221;on&#8221; open_icon_font_size=&#8221;41px&#8221; admin_label=&#8221;littera&#8221; _builder_version=&#8221;4.16&#8243; _module_preset=&#8221;default&#8221; title_text_color=&#8221;#e20d18&#8243; title_level=&#8221;h3&#8243; title_font=&#8221;|700|||||||&#8221; width=&#8221;90%&#8221; module_alignment=&#8221;center&#8221; border_width_all=&#8221;4px&#8221; border_color_all=&#8221;#26224e&#8221; global_colors_info=&#8221;{}&#8221;]<\/p>\n<p><strong>Frontleitsstelle 42 :n parakkileiri<\/strong><\/p>\n<p>T\u00e4ll\u00e4 rautatien ja L\u00e4hteentien v\u00e4lisell\u00e4 alueella sijaitsi rintamaesikunnan eli Frontleitsstelle 42 :n<br \/>lager Ounasvaaran leirialue, joka otettiin k\u00e4ytt\u00f6\u00f6n 15.3.1943. T\u00e4\u00e4ll\u00e4 oli kivikoululta siirtyneen<br \/>entisen Frontsammelstellen lukuisia majoitus ja varasto parakkeja, ilmeisesti iso toimistorakennus<br \/>autotalli, perunakellari, sauna ja pukeutumistila ja useita k\u00e4ym\u00e4l\u00e4rakennuksia &#8211; kaikkiaan noin<br \/>kolmisenkymment\u00e4 rakennusta.<br \/>Alueella oli noin 10 x 60 metrin kokoinen keskusaukio, jonka ymp\u00e4rill\u00e4 oli nelj\u00e4 isohkoa rakennusta.<br \/>Alueelle oli j\u00e4rjestetty Rovaniemen rautatieasemalta sukkulalinja kuljetuksia varten. Kuorma-autot<br \/>kulkivat alueelle Ranuantien kautta ja jalankulkijat Ounaskosken rautatiesillan kautta ja sillan<br \/>vierest\u00e4 merkitty\u00e4 polkua pitkin. Osa t\u00e4t\u00e4 polkua on n\u00e4kyviss\u00e4 viel\u00e4kin. Leiri oli tarkoitettu lomalle<br \/>menevien ja lomalta tulevien sek\u00e4 komennusmiesten ilmoittautumispaikaksi ja tarvittaessa my\u00f6s<br \/>majoitukseen. T\u00e4nne majoitettiin my\u00f6s Rovaniemen l\u00e4pi menevi\u00e4 yksik\u00f6it\u00e4 tilap\u00e4ismajoitukseen.<br \/>Yksi n\u00e4ist\u00e4 rakennuksista oli rakennussuunnitelman mukaan isohko saunarakennus, jonka j\u00e4\u00e4nteill\u00e4<br \/>nyt olemme. T\u00e4h\u00e4n on tehty tukeva betonilattia, jota rakennuksissa ei yleens\u00e4 ollut. Ennen Suomeen<br \/>tuloaan saksalaiset eiv\u00e4t tienneet saunomisesta mit\u00e4\u00e4n, mutta pian Suomeen tulon j\u00e4lkeen he<br \/>ihastuivat eritt\u00e4in suuresti saunomiseen. Saksalaiset rakensivat kaikille leirialueilleen melkein ensi<br \/>t\u00f6ikseen saunan, joka olikin tietenkin tarpeellinen sek\u00e4 puhdistautumista ett\u00e4 virkist\u00e4ytymist\u00e4<br \/>varten. Kauppalan keskustassa saksalaiset saunoivat omilla saunavuoroillaan my\u00f6s silloisissa yleisiss\u00e4<br \/>saunoissa marssien ryhdikk\u00e4\u00e4sti joukko osastona paikalle.<br \/>Nykyisen leirint\u00e4alueen kohdalla oli my\u00f6s sy\u00f6p\u00e4l\u00e4isten puhdistuslaitos. Sen teht\u00e4v\u00e4n\u00e4 oli puhdistaa<br \/>muun muassa t\u00e4ist\u00e4 rintamalta tulleet sotilaat ja heid\u00e4n varusteensa lomalle l\u00e4ht\u00f6\u00e4 varten.<br \/>Laitoksen kapasiteetti on ollut noin 500 henkil\u00f6\u00e4 per p\u00e4iv\u00e4. Sy\u00f6p\u00e4l\u00e4isten puhdistuslaitoksia oli useita<br \/>rintamien takana ja l\u00e4pikulkuleireill\u00e4 puhdistaminen tapahtui p\u00e4\u00e4osin h\u00f6yryn ja saunan avulla.<br \/>Puhdistautumiseen j\u00e4lkeen lomalaiset saattoivat menn\u00e4 l\u00e4pikulkuleireihin, kuten Frontleitstellen<br \/>kokoamiskeskukseen, y\u00f6py\u00e4 siell\u00e4 p\u00e4iv\u00e4n tai pari ja jatkaa matkaansa eteenp\u00e4in kohti Saksaa.<br \/>Koska Saksalla oli paljon joukkoja Pohjois-Suomessa lomalaisia kulki sota-aikana kymmeni\u00e4tuhansia<br \/>n\u00e4iden puhdistuslaitosten ja l\u00e4pikulkuleirien kautta. Saksalaiset r\u00e4j\u00e4yttiv\u00e4t t\u00e4m\u00e4nkin alueen<br \/>rakennukset, joten alueen rakennuksista s\u00e4ilyi vain yksi asuinparakki ja yksi k\u00e4ym\u00e4l\u00e4rakennus, jotka<br \/>on sittemmin purettu. Joitakin rakennusten j\u00e4\u00e4nteit\u00e4, kaivantoja ja r\u00e4j\u00e4ytyskuoppia on viel\u00e4 alueella<br \/>n\u00e4kyviss\u00e4, vaikkakin alue on melko t\u00e4ysin metsittynyt ja j\u00e4\u00e4nteet ovat turvekerroksen alla piilossa.<br \/>Sodan j\u00e4lkeen t\u00e4\u00e4ll\u00e4 sattui my\u00f6s ik\u00e4v\u00e4 tapaus, kun lasten leikkiess\u00e4 l\u00f6yt\u00e4mill\u00e4\u00e4n r\u00e4j\u00e4hteill\u00e4 ilmeisesti<br \/>miina r\u00e4j\u00e4hti ja yksi lapsi kuoli ja useita loukkaantui.<\/p>\n<p>[\/et_pb_toggle][\/et_pb_column][\/et_pb_row][\/et_pb_section][et_pb_section fb_built=&#8221;1&#8243; admin_label=&#8221;11. Sicherheitsdientsin vankila<br \/>\n-osio&#8221; module_id=&#8221;Sicherheitsdientsin&#8221; _builder_version=&#8221;4.16&#8243; _module_preset=&#8221;default&#8221; box_shadow_style=&#8221;preset1&#8243; collapsed=&#8221;off&#8221; global_colors_info=&#8221;{}&#8221;][et_pb_row admin_label=&#8221;Otsikko&#8221; _builder_version=&#8221;4.16&#8243; _module_preset=&#8221;default&#8221; global_colors_info=&#8221;{}&#8221;][et_pb_column type=&#8221;4_4&#8243; _builder_version=&#8221;4.16&#8243; _module_preset=&#8221;default&#8221; global_colors_info=&#8221;{}&#8221;][et_pb_text _builder_version=&#8221;4.16&#8243; _module_preset=&#8221;default&#8221; global_colors_info=&#8221;{}&#8221;]<\/p>\n<h2><strong>11. Sicherheitsdientsin vankila<\/strong><\/h2>\n<p>[\/et_pb_text][et_pb_divider color=&#8221;#e20d18&#8243; divider_weight=&#8221;6px&#8221; admin_label=&#8221;Otsikon alusviiva&#8221; _builder_version=&#8221;4.8.2&#8243; _module_preset=&#8221;default&#8221; width=&#8221;40px&#8221; module_alignment=&#8221;left&#8221; custom_margin=&#8221;-25px|0px||0px|false|false&#8221; custom_padding=&#8221;0px|||0px|false|false&#8221; global_module=&#8221;662&#8243; saved_tabs=&#8221;all&#8221; global_colors_info=&#8221;{}&#8221;][\/et_pb_divider][\/et_pb_column][\/et_pb_row][et_pb_row admin_label=&#8221;\u00c4\u00e4nitys ja teksti&#8221; _builder_version=&#8221;4.16&#8243; _module_preset=&#8221;default&#8221; positioning=&#8221;none&#8221; custom_padding=&#8221;30px|||||&#8221; border_width_all=&#8221;15px&#8221; border_color_all=&#8221;#26224E&#8221; global_colors_info=&#8221;{}&#8221;][et_pb_column type=&#8221;4_4&#8243; _builder_version=&#8221;4.16&#8243; _module_preset=&#8221;default&#8221; global_colors_info=&#8221;{}&#8221;][et_pb_text _builder_version=&#8221;4.16&#8243; _module_preset=&#8221;default&#8221; text_font=&#8221;||||||||&#8221; header_font=&#8221;|||on|||||&#8221; custom_padding=&#8221;1px|||||&#8221; global_colors_info=&#8221;{}&#8221;]<\/p>\n<h2><strong>\u00a0 Aineisto<\/strong><\/h2>\n<p>[\/et_pb_text][et_pb_text admin_label=&#8221;GPS&#8221; _builder_version=&#8221;4.16&#8243; _module_preset=&#8221;default&#8221; text_font=&#8221;||||||||&#8221; header_font=&#8221;|||on|||||&#8221; custom_padding=&#8221;1px||0px|||&#8221; global_colors_info=&#8221;{}&#8221;]<\/p>\n<h3><strong>\ud83e\udded <a title=\"Avaa Sicherheitsdientsin vankila Google Maps -sivulla\" href=\"https:\/\/www.google.com\/maps\/place\/66%C2%B029'50.1%22N+25%C2%B045'10.9%22E\/@66.4972414,25.7508467,17z\/data=!3m1!4b1!4m5!3m4!1s0x0:0x0!8m2!3d66.4972414!4d25.7530354?hl=fi\"> N\u00e4yt\u00e4 sijainti Google Mapsissa <\/a><\/strong><\/h3>\n<p>[\/et_pb_text][et_pb_image src=&#8221;https:\/\/blogi.eoppimispalvelut.fi\/latu\/files\/2021\/11\/SDn-vankila-1.jpg&#8221; alt=&#8221;Vankila&#8221; title_text=&#8221;SDn vankila 1&#8243; align=&#8221;center&#8221; _builder_version=&#8221;4.16&#8243; _module_preset=&#8221;default&#8221; global_colors_info=&#8221;{}&#8221;][\/et_pb_image][et_pb_audio audio=&#8221;https:\/\/blogi.eoppimispalvelut.fi\/latu\/files\/2021\/11\/Vankila-final.mp3&#8243; title=&#8221;Kuuntele&#8221; admin_label=&#8221;Audio&#8221; _builder_version=&#8221;4.16&#8243; _module_preset=&#8221;default&#8221; title_font=&#8221;|800|||||||&#8221; title_text_align=&#8221;left&#8221; title_text_color=&#8221;#e20d18&#8243; background_enable_color=&#8221;off&#8221; background_layout=&#8221;light&#8221; width=&#8221;90%&#8221; module_alignment=&#8221;center&#8221; min_height=&#8221;182px&#8221; custom_padding=&#8221;||0px|||&#8221; global_colors_info=&#8221;{}&#8221;][\/et_pb_audio][et_pb_toggle title=&#8221;Lue&#8221; open_toggle_text_color=&#8221;#e20d18&#8243; open_toggle_background_color=&#8221;RGBA(0,0,0,0)&#8221; closed_toggle_background_color=&#8221;RGBA(0,0,0,0)&#8221; icon_color=&#8221;#e20d18&#8243; use_icon_font_size=&#8221;on&#8221; icon_font_size=&#8221;41px&#8221; open_icon_color=&#8221;#e20d18&#8243; open_use_icon_font_size=&#8221;on&#8221; open_icon_font_size=&#8221;41px&#8221; admin_label=&#8221;littera&#8221; _builder_version=&#8221;4.16&#8243; _module_preset=&#8221;default&#8221; title_text_color=&#8221;#e20d18&#8243; title_level=&#8221;h3&#8243; title_font=&#8221;|700|||||||&#8221; width=&#8221;90%&#8221; module_alignment=&#8221;center&#8221; border_width_all=&#8221;4px&#8221; border_color_all=&#8221;#26224e&#8221; global_colors_info=&#8221;{}&#8221;]<\/p>\n<p><strong>Sicherheitsdientsin vankila<\/strong><\/p>\n<p>Olemme nyt Geologisen tutkimuslaitoksen kohdalla, jossa oli saksalaisten rakennusten portaita ja<br \/>kaivantoja ennen tutkimuslaitoksen talon rakentamista. Alue oli lasten suosittu leikkipaikka, josta<br \/>l\u00f6ytyi runsaasti sodan aikaista tavaraa. Tutkimuslaitoksen talon kohdalla oli saksalaisilla heid\u00e4n<br \/>omille vangeilleen tarkoitettu muuratuilla selleill\u00e4 varustettu Sicherheitsdientsin eli<br \/>turvallisuusviraston vankila. Alue oli piikkilanka-aidalla ymp\u00e4r\u00f6ity. Tutkimuslaitoksen talon vieress\u00e4<br \/>on s\u00e4ilynyt isohko pengeralue, jossa oli rakennuksia, joissa oli luonnonkivireunukset. N\u00e4m\u00e4 voivat<br \/>olla ehk\u00e4 vankisellej\u00e4 tai vartijoiden ja muun henkil\u00f6kunnan huoneita.<br \/>Rinteeseen on kaivettu kaiketi Lapin sodan aikainen taisteluhauta, joka on noin 50 m pitk\u00e4, keskell\u00e4<br \/>ja pohjoisp\u00e4\u00e4ss\u00e4 on ilmeisesti ollut korsun paikka. Sicherheitsdients eli SD oli Saksan SS :n johtajan<br \/>Heinrich Himmlerin pahamaineinen tiedustelu- ja turvallisuusvirasto, jonka yhteydess\u00e4 toimivat<br \/>my\u00f6s Geheime Staatspolizei eli Gestapo, Kriminalpolizei eli Kripo sek\u00e4 Einsatzgruppet, jotka<br \/>murhasivat mm. juutalaisia miehitetyiss\u00e4 It\u00e4-Euroopan maissa.<br \/>T\u00e4ss\u00e4 SD :n vankilassa oli vangittuna saksalaisia sotilaita, jotka olivat syyllistyneet rikoksiin Suomessa.<br \/>Sinne on my\u00f6s tiett\u00e4v\u00e4sti toimitettu my\u00f6s vangiksi saatuja ven\u00e4l\u00e4isi\u00e4 komissaareja kuulusteltavaksi<br \/>ja todenn\u00e4k\u00f6isesti heid\u00e4t on siell\u00e4 my\u00f6s teloitettu. Vankilassa ei luultavasti ollut kovin paljoa<br \/>henkil\u00f6kuntaa ja muutenkin SD:n ja Gestapon toiminta Rovaniemell\u00e4 oli varsin v\u00e4h\u00e4ist\u00e4, eik\u00e4 liittynyt<br \/>mitenk\u00e4\u00e4n suomalaisiin siviileihin tai sotilaisiin. Enemm\u00e4n heill\u00e4 oli teht\u00e4vi\u00e4 pohjoisessa Norjan rajan<br \/>molemmin puolin.<br \/>Vankilan toiminnasta ei ole s\u00e4ilynyt asiakirjoja eik\u00e4 suomalaisilla virkamiehill\u00e4k\u00e4\u00e4n ollut sinne asiaa,<br \/>joten tiedot sen toiminnasta ovat v\u00e4h\u00e4iset. Pullinpuolella nykyisen Valdemarin tontilla sijaitsi<br \/>salaisen kentt\u00e4poliisin eli Geheime Feldpolizei 735 :n majoitusalue. Salainen kentt\u00e4poliisi oli nimens\u00e4<br \/>mukaisesti Saksan armeijan eli Wehrmachtin salainen sotilaspoliisi, jonka teht\u00e4vi\u00e4 oli muun muassa<br \/>vastavakoilu, maanpetoksellisen toiminnan est\u00e4minen, vastapropaganda, sotilaskohteiden vartiointi<br \/>ja avustaminen saksalaisten sotaoikeuksien rikostutkinnoissa. Salaisen kentt\u00e4poliisin tiedet\u00e4\u00e4n my\u00f6s<br \/>suorittaneen joitakin pakoon yritt\u00e4neiden sotavankien teloituksia ja mahdollisesti he my\u00f6s teloittivat<br \/>SD :n vankilassa olleita komissaareja. Suomalaisiin heill\u00e4 ei ollut mit\u00e4\u00e4n toimivaltaa, eiv\u00e4tk\u00e4 he<br \/>tietojen mukaan ole koskaan ylitt\u00e4neetk\u00e4\u00e4n valtuuksiaan.<\/p>\n<p>[\/et_pb_toggle][\/et_pb_column][\/et_pb_row][\/et_pb_section][et_pb_section fb_built=&#8221;1&#8243; admin_label=&#8221;12. Rommelin kentt\u00e4<br \/>\n-osio&#8221; module_id=&#8221;Rommelin&#8221; _builder_version=&#8221;4.16&#8243; _module_preset=&#8221;default&#8221; box_shadow_style=&#8221;preset1&#8243; collapsed=&#8221;off&#8221; global_colors_info=&#8221;{}&#8221;][et_pb_row admin_label=&#8221;Otsikko&#8221; _builder_version=&#8221;4.16&#8243; _module_preset=&#8221;default&#8221; global_colors_info=&#8221;{}&#8221;][et_pb_column type=&#8221;4_4&#8243; _builder_version=&#8221;4.16&#8243; _module_preset=&#8221;default&#8221; global_colors_info=&#8221;{}&#8221;][et_pb_text _builder_version=&#8221;4.16&#8243; _module_preset=&#8221;default&#8221; global_colors_info=&#8221;{}&#8221;]<\/p>\n<h2><strong>12. Rommelin kentt\u00e4<\/strong><\/h2>\n<p>[\/et_pb_text][et_pb_divider color=&#8221;#e20d18&#8243; divider_weight=&#8221;6px&#8221; admin_label=&#8221;Otsikon alusviiva&#8221; _builder_version=&#8221;4.8.2&#8243; _module_preset=&#8221;default&#8221; width=&#8221;40px&#8221; module_alignment=&#8221;left&#8221; custom_margin=&#8221;-25px|0px||0px|false|false&#8221; custom_padding=&#8221;0px|||0px|false|false&#8221; global_module=&#8221;662&#8243; saved_tabs=&#8221;all&#8221; global_colors_info=&#8221;{}&#8221;][\/et_pb_divider][\/et_pb_column][\/et_pb_row][et_pb_row admin_label=&#8221;\u00c4\u00e4nitys ja teksti&#8221; _builder_version=&#8221;4.16&#8243; _module_preset=&#8221;default&#8221; positioning=&#8221;none&#8221; custom_padding=&#8221;30px|||||&#8221; border_width_all=&#8221;15px&#8221; border_color_all=&#8221;#26224E&#8221; global_colors_info=&#8221;{}&#8221;][et_pb_column type=&#8221;4_4&#8243; _builder_version=&#8221;4.16&#8243; _module_preset=&#8221;default&#8221; global_colors_info=&#8221;{}&#8221;][et_pb_text _builder_version=&#8221;4.16&#8243; _module_preset=&#8221;default&#8221; text_font=&#8221;||||||||&#8221; header_font=&#8221;|||on|||||&#8221; custom_padding=&#8221;1px|||||&#8221; global_colors_info=&#8221;{}&#8221;]<\/p>\n<h2><strong>\u00a0 Aineisto<\/strong><\/h2>\n<p>[\/et_pb_text][et_pb_text admin_label=&#8221;GPS&#8221; _builder_version=&#8221;4.16&#8243; _module_preset=&#8221;default&#8221; text_font=&#8221;||||||||&#8221; header_font=&#8221;|||on|||||&#8221; custom_padding=&#8221;1px||0px|||&#8221; global_colors_info=&#8221;{}&#8221;]<\/p>\n<h3><strong>\ud83e\udded <a title=\"Avaa Rommelin kentt\u00e4  Google Maps -sivulla\" href=\"https:\/\/www.google.com\/maps\/place\/66%C2%B029'48.4%22N+25%C2%B045'32.9%22E\/@66.4967628,25.7569465,17z\/data=!3m1!4b1!4m5!3m4!1s0x0:0x0!8m2!3d66.4967628!4d25.7591352?hl=fi\"> N\u00e4yt\u00e4 sijainti Google Mapsissa <\/a><\/strong><\/h3>\n<p>[\/et_pb_text][et_pb_image src=&#8221;https:\/\/blogi.eoppimispalvelut.fi\/latu\/files\/2021\/11\/Rommelin-kentta.jpg&#8221; alt=&#8221;Rommelin kentt\u00e4&#8221; title_text=&#8221;Rommelin kentt\u00e4&#8221; align=&#8221;center&#8221; _builder_version=&#8221;4.16&#8243; _module_preset=&#8221;default&#8221; global_colors_info=&#8221;{}&#8221;][\/et_pb_image][et_pb_audio audio=&#8221;https:\/\/blogi.eoppimispalvelut.fi\/latu\/files\/2021\/11\/Rommelin-kentta-final.mp3&#8243; title=&#8221;Kuuntele&#8221; admin_label=&#8221;Audio&#8221; _builder_version=&#8221;4.16&#8243; _module_preset=&#8221;default&#8221; title_font=&#8221;|800|||||||&#8221; title_text_align=&#8221;left&#8221; title_text_color=&#8221;#e20d18&#8243; background_enable_color=&#8221;off&#8221; background_layout=&#8221;light&#8221; width=&#8221;90%&#8221; module_alignment=&#8221;center&#8221; min_height=&#8221;182px&#8221; custom_padding=&#8221;||0px|||&#8221; global_colors_info=&#8221;{}&#8221;][\/et_pb_audio][et_pb_toggle title=&#8221;Lue&#8221; open_toggle_text_color=&#8221;#e20d18&#8243; open_toggle_background_color=&#8221;RGBA(0,0,0,0)&#8221; closed_toggle_background_color=&#8221;RGBA(0,0,0,0)&#8221; icon_color=&#8221;#e20d18&#8243; use_icon_font_size=&#8221;on&#8221; icon_font_size=&#8221;41px&#8221; open_icon_color=&#8221;#e20d18&#8243; open_use_icon_font_size=&#8221;on&#8221; open_icon_font_size=&#8221;41px&#8221; admin_label=&#8221;littera&#8221; _builder_version=&#8221;4.16&#8243; _module_preset=&#8221;default&#8221; title_text_color=&#8221;#e20d18&#8243; title_level=&#8221;h3&#8243; title_font=&#8221;|700|||||||&#8221; width=&#8221;90%&#8221; module_alignment=&#8221;center&#8221; border_width_all=&#8221;4px&#8221; border_color_all=&#8221;#26224e&#8221; global_colors_info=&#8221;{}&#8221;]<\/p>\n<p><strong>Rommelin kentt\u00e4 eli Sportsbahn Feldmarschall Rommel<\/strong><\/p>\n<p>Ranuantien it\u00e4puolella on Rommelin kent\u00e4ksi kutsuttu urheilukentt\u00e4. Kent\u00e4n rakensivat saksalaisen<br \/>Heerin leipomokomppanian B\u00e4ckerei-Kompanie 602:n ja viereisen Heerin kuljetuskomppanian<br \/>miehet vuonna 1943 virkistysalueekseen, antaen kent\u00e4lle mahtipontisen nimen Sportsbahn<br \/>Feldmarschall Rommel eli Sotamarsalkka Rommelin urheilukentt\u00e4. Nimi oli kirjoitettu kent\u00e4n portin<br \/>yl\u00e4laudoitukseen.<br \/>Sotamarsalkka Erwin Rommel oli sodan aikana kuuluisin saksalainen sotap\u00e4\u00e4llikk\u00f6 ja sotasankari<br \/>lempinimell\u00e4 \u201cEr\u00e4maan kettu\u201d. Rommel osallistui jossakin m\u00e4\u00e4rin Hitlerin salamurhayritykseen<br \/>vuonna 1944 ja koska h\u00e4n oli kansallissankari, Hitler antoi hirtt\u00e4misen ja maineenmustaamisen sijaan<br \/>h\u00e4nelle mahdollisuuden tehd\u00e4 itsemurha ja s\u00e4\u00e4st\u00e4\u00e4 siten perheens\u00e4 ja perheen omaisuuden. Asiassa<br \/>painoi my\u00f6s se, ett\u00e4 Rommelin nimi liitettyn\u00e4 Hitlerin salamurhahankkeeseen olisi ollut Hitlerille<br \/>kiusallista ja varmasti olisi aiheuttanut kuohuntaa Saksassa. Rommelin kerrottiin kuolleen<br \/>lentokonehy\u00f6kk\u00e4yksess\u00e4 saamiinsa vammoihin ja haudattiin kunniamenoin. Rommel itse ei koskaan<br \/>k\u00e4ynyt Suomessa.<br \/>Rommelin kent\u00e4n juhlalliset avajaiset olivat 18.7.1943. Ohjelmassa oli kahdeksan saksalaisen<br \/>jalkapallojoukkueen v\u00e4linen jalkapalloturnaus sek\u00e4 kahden saksalaisen k\u00e4sipallojoukkueen v\u00e4linen<br \/>ottelu. Kenraalieversti Eduard Dietl vihki kent\u00e4n k\u00e4ytt\u00f6\u00f6n ja jakoi parhaan pelaajan palkinnot.<br \/>Kent\u00e4ll\u00e4 j\u00e4rjestettiin muutamia j\u00e4\u00e4pallo- ja jalkapallo-otteluja my\u00f6s saksalaisten ja suomalaisten<br \/>v\u00e4lill\u00e4. Kentt\u00e4\u00e4 ymp\u00e4r\u00f6i silloin koivuaita ja my\u00f6s kenraalieversti Dietl istui joskus seuraamassa pelej\u00e4<br \/>koivusta tehdyss\u00e4 juhlakatsomossa. Parhaimmillaan otteluita saattoi katsoa jopa yli 1000 katsojaa.<br \/>Seuraava isompi urheilutapahtuma kent\u00e4ll\u00e4 oli 16.9.1943 j\u00e4rjestetty Wehrmacht sportfest, johon<br \/>osallistui 18 eri yksik\u00f6iden joukkuetta.<br \/>Vuosina 1942, 1943 ja 1944 saksalaisten joukkojen urheilutoiminta sai vauhtia asemasotavaiheen<br \/>ansiosta. Dietl oli innokas urheilumies ja halusi sotilaiden pysyv\u00e4n virkist\u00e4ytynein\u00e4 ja hyv\u00e4ss\u00e4<br \/>kunnossa urheilun avulla. T\u00e4ll\u00e4 oli tietysti vaikutusta my\u00f6s joukkojen mielialan yll\u00e4pit\u00e4misess\u00e4<br \/>varsinkin kun sota it\u00e4rintamalla k\u00e4\u00e4ntyi heid\u00e4n kannaltaan huonoon suuntaan. Rommelin kent\u00e4n<br \/>tapahtumien ja talviurheilulajien lis\u00e4ksi ainakin kesin\u00e4 1942 ja 1943 j\u00e4rjestettiin kenraali Ferdinand<br \/>Sch\u00f6rnerin toimeksiannosta Pohjois-Lapissa saksalaisten joukko-osastojen v\u00e4linen jalkapallon cup-<br \/>muotoinen turnaus loppuotteluineen, k\u00e4sipalloilun Tundra-Pokal -kilpailu ja monia muita<br \/>urheilukilpailuja.<br \/>Rovaniemen kauppalan vuoden 1946 kunnalliskertomuksen mukaan kentt\u00e4 oli varsin huonosti tehty,<br \/>vino ja pehme\u00e4 hiekkakentt\u00e4, ja sen takia p\u00f6lyinen &#8211; eli vanhaa vapaapalokuntavitsi\u00e4 lainaten:<br \/>\u201cv\u00e4\u00e4rin sammutettu\u201d. Kunnostettu kentt\u00e4 on edelleen k\u00e4yt\u00f6ss\u00e4 Kiirunan alueella. Rommelin kentt\u00e4<br \/>on ainoa saksalaisajasta muistuttava paikannimi Rovaniemell\u00e4. Rommelin kent\u00e4n nimi eli<br \/>vuosikymmeni\u00e4 vain paikallisten asukkaiden ja urheilua harrastavan nuorison suullisena perinteen\u00e4,<br \/>koska kaupunki saksalaisajan menneisyytt\u00e4 h\u00e4veten ei hyv\u00e4ksynyt nime\u00e4m\u00e4\u00e4n asemakaavakarttaan<br \/>ennen kuin 2000 -luvun alussa.<\/p>\n<p>[\/et_pb_toggle][\/et_pb_column][\/et_pb_row][\/et_pb_section][et_pb_section fb_built=&#8221;1&#8243; admin_label=&#8221;Yhteisty\u00f6ss\u00e4&#8221; _builder_version=&#8221;4.16&#8243; _module_preset=&#8221;default&#8221; global_colors_info=&#8221;{}&#8221;][et_pb_row _builder_version=&#8221;4.16&#8243; _module_preset=&#8221;default&#8221; global_colors_info=&#8221;{}&#8221;][et_pb_column type=&#8221;4_4&#8243; _builder_version=&#8221;4.16&#8243; _module_preset=&#8221;default&#8221; global_colors_info=&#8221;{}&#8221;][et_pb_text admin_label=&#8221;Otsikko&#8221; _builder_version=&#8221;4.16&#8243; _module_preset=&#8221;default&#8221; global_colors_info=&#8221;{}&#8221;]<\/p>\n<h2><strong>Yhteisty\u00f6ss\u00e4<\/strong><\/h2>\n<p>[\/et_pb_text][et_pb_divider color=&#8221;#e20d18&#8243; divider_weight=&#8221;6px&#8221; admin_label=&#8221;Otsikon alusviiva&#8221; _builder_version=&#8221;4.8.2&#8243; _module_preset=&#8221;default&#8221; width=&#8221;40px&#8221; module_alignment=&#8221;left&#8221; custom_margin=&#8221;-25px|0px||0px|false|false&#8221; custom_padding=&#8221;0px|||0px|false|false&#8221; global_module=&#8221;662&#8243; saved_tabs=&#8221;all&#8221; global_colors_info=&#8221;{}&#8221;][\/et_pb_divider][et_pb_text admin_label=&#8221;Text&#8221; _builder_version=&#8221;4.16&#8243; _module_preset=&#8221;default&#8221; global_colors_info=&#8221;{}&#8221;]Historiakierroksen asiantuntijana on toiminut Kalevi Mikkonen. Tutustu Mikkosen blogiin\u00a0<a title=\"https:\/\/kalevimikkonen27.blogspot.com\/\" href=\"https:\/\/kalevimikkonen27.blogspot.com\/\">t\u00e4st\u00e4 linkist\u00e4<\/a>.<\/p>\n<p>Saksalaisajan tunnelmiin el\u00e4ytymist\u00e4 vahvistaa taiteilija\/tuottaja Timo Mets\u00e4joen \u00e4\u00e4nisuunnittelu<\/p>\n<p>Saksan ilmavoimien parakkileirialue Ounasvaaralla 1941-1944 -videon on mallintanut Studio Sallamar.<\/p>\n<p>Reittikartan on mallintanut Ounasvaaran hiihtoseura, Matti Kivel\u00e4.[\/et_pb_text][\/et_pb_column][\/et_pb_row][et_pb_row column_structure=&#8221;1_3,1_3,1_3&#8243; _builder_version=&#8221;4.16&#8243; _module_preset=&#8221;default&#8221; global_colors_info=&#8221;{}&#8221;][et_pb_column type=&#8221;1_3&#8243; _builder_version=&#8221;4.16&#8243; _module_preset=&#8221;default&#8221; global_colors_info=&#8221;{}&#8221;][et_pb_image src=&#8221;https:\/\/blogi.eoppimispalvelut.fi\/latu\/files\/2021\/10\/lapin-maakuntamuseo.jpg&#8221; alt=&#8221;Lapin Maakuntamuseo -logo&#8221; title_text=&#8221;Lapin Maakuntamuseo&#8221; align=&#8221;center&#8221; admin_label=&#8221;Maakuntamuseo -logo&#8221; _builder_version=&#8221;4.16&#8243; _module_preset=&#8221;default&#8221; global_colors_info=&#8221;{}&#8221;][\/et_pb_image][\/et_pb_column][et_pb_column type=&#8221;1_3&#8243; _builder_version=&#8221;4.16&#8243; _module_preset=&#8221;default&#8221; global_colors_info=&#8221;{}&#8221;][et_pb_image src=&#8221;https:\/\/blogi.eoppimispalvelut.fi\/latu\/files\/2022\/01\/Sallamar-JPG.jpg&#8221; alt=&#8221;Ounasvaaran hiihtoseura -logo&#8221; title_text=&#8221;Sallamar JPG&#8221; align=&#8221;center&#8221; admin_label=&#8221;OH -logo&#8221; _builder_version=&#8221;4.16&#8243; _module_preset=&#8221;default&#8221; max_height=&#8221;60px&#8221; global_colors_info=&#8221;{}&#8221;][\/et_pb_image][\/et_pb_column][et_pb_column type=&#8221;1_3&#8243; _builder_version=&#8221;4.16&#8243; _module_preset=&#8221;default&#8221; global_colors_info=&#8221;{}&#8221;][et_pb_image src=&#8221;https:\/\/blogi.eoppimispalvelut.fi\/latu\/files\/2022\/01\/oh_logo_web_png-200&#215;200-1.png&#8221; alt=&#8221;Ounasvaaran hiihtoseura -logo&#8221; title_text=&#8221;oh_logo&#8221; align=&#8221;center&#8221; admin_label=&#8221;OH -logo&#8221; _builder_version=&#8221;4.16&#8243; _module_preset=&#8221;default&#8221; max_height=&#8221;60px&#8221; global_colors_info=&#8221;{}&#8221;][\/et_pb_image][\/et_pb_column][\/et_pb_row][\/et_pb_section]<\/p>\n","protected":false},"excerpt":{"rendered":"<p>Saksalaisaika Ounasvaaralla &#8211; Historiakierros jatkosodan maisemiinOunasvaara on tunnettu Rovaniemen liikunta -ja virkistyskohteena, mutta tiesitk\u00f6, ett\u00e4 vuosina 1941-1944 se oli my\u00f6s Saksan armeijan, varsinkin Saksan ilmavoimien, eli Luftwaffen leirialuetta? T\u00e4m\u00e4 k\u00e4velyreitti johdattaa sinut virtuaalisesti tai konkreettisesti saksalaisajan j\u00e4\u00e4nteille Ounasvaaran ja L\u00e4hteentien alueella. Reitin eri pisteill\u00e4 voit kuunnella \u00e4\u00e4nisuunnittelun avulla el\u00e4voitettyj\u00e4 \u00e4\u00e4niraitoja, joilla historiantutkija Kalevi Mikkonen kertoo [&hellip;]<\/p>\n","protected":false},"author":7367,"featured_media":0,"parent":0,"menu_order":0,"comment_status":"closed","ping_status":"closed","template":"","meta":{"_et_pb_use_builder":"on","_et_pb_old_content":"","_et_gb_content_width":"","footnotes":""},"class_list":["post-1319","page","type-page","status-publish","hentry"],"_links":{"self":[{"href":"https:\/\/blogi.eoppimispalvelut.fi\/latu\/wp-json\/wp\/v2\/pages\/1319","targetHints":{"allow":["GET"]}}],"collection":[{"href":"https:\/\/blogi.eoppimispalvelut.fi\/latu\/wp-json\/wp\/v2\/pages"}],"about":[{"href":"https:\/\/blogi.eoppimispalvelut.fi\/latu\/wp-json\/wp\/v2\/types\/page"}],"author":[{"embeddable":true,"href":"https:\/\/blogi.eoppimispalvelut.fi\/latu\/wp-json\/wp\/v2\/users\/7367"}],"replies":[{"embeddable":true,"href":"https:\/\/blogi.eoppimispalvelut.fi\/latu\/wp-json\/wp\/v2\/comments?post=1319"}],"version-history":[{"count":64,"href":"https:\/\/blogi.eoppimispalvelut.fi\/latu\/wp-json\/wp\/v2\/pages\/1319\/revisions"}],"predecessor-version":[{"id":2869,"href":"https:\/\/blogi.eoppimispalvelut.fi\/latu\/wp-json\/wp\/v2\/pages\/1319\/revisions\/2869"}],"wp:attachment":[{"href":"https:\/\/blogi.eoppimispalvelut.fi\/latu\/wp-json\/wp\/v2\/media?parent=1319"}],"curies":[{"name":"wp","href":"https:\/\/api.w.org\/{rel}","templated":true}]}}