{"id":463,"date":"2021-06-08T12:47:49","date_gmt":"2021-06-08T09:47:49","guid":{"rendered":"https:\/\/blogi.eoppimispalvelut.fi\/latu\/?page_id=463"},"modified":"2022-04-14T18:14:50","modified_gmt":"2022-04-14T15:14:50","slug":"yrittajyyden-jaljilla","status":"publish","type":"page","link":"https:\/\/blogi.eoppimispalvelut.fi\/latu\/yrittajyyden-jaljilla\/","title":{"rendered":"Yritt\u00e4jyyden j\u00e4ljill\u00e4 -podcast sarja"},"content":{"rendered":"<p>[et_pb_section fb_built=&#8221;1&#8243; admin_label=&#8221;Johdanto -osio&#8221; _builder_version=&#8221;4.8.2&#8243; _module_preset=&#8221;default&#8221; min_height=&#8221;511.4px&#8221;][et_pb_row admin_label=&#8221;Johdannon sis\u00e4ll\u00f6t&#8221; _builder_version=&#8221;4.8.2&#8243; _module_preset=&#8221;default&#8221;][et_pb_column type=&#8221;4_4&#8243; _builder_version=&#8221;4.8.2&#8243; _module_preset=&#8221;default&#8221;][et_pb_text admin_label=&#8221;Saatesanat otsikko&#8221; _builder_version=&#8221;4.8.2&#8243; _module_preset=&#8221;default&#8221; custom_padding=&#8221;||0px|||&#8221;]<\/p>\n<h1><strong>Yritt\u00e4jyyden j\u00e4ljill\u00e4 -podcast sarja<\/strong><\/h1>\n<p>[\/et_pb_text][et_pb_divider color=&#8221;#e20d18&#8243; divider_weight=&#8221;6px&#8221; admin_label=&#8221;Otsikon alusviiva&#8221; _builder_version=&#8221;4.8.2&#8243; _module_preset=&#8221;default&#8221; width=&#8221;40px&#8221; module_alignment=&#8221;left&#8221; custom_margin=&#8221;-25px|0px||0px|false|false&#8221; custom_padding=&#8221;0px|||0px|false|false&#8221; global_module=&#8221;662&#8243; saved_tabs=&#8221;all&#8221;][\/et_pb_divider][et_pb_text admin_label=&#8221;Saatesanat leip\u00e4teksti&#8221; _builder_version=&#8221;4.8.2&#8243; _module_preset=&#8221;default&#8221; custom_padding=&#8221;||0px|||&#8221;]<\/p>\n<p>T\u00e4ss\u00e4 lukiolaisille suunnatussa podcast -sarjassa tarkastellaan yritt\u00e4jyytt\u00e4, ty\u00f6n merkityksellisyytt\u00e4 ja laaja-alaisen osaamisen osa-alueita rovaniemel\u00e4isten matkailuyritysten ja matkailututkimuksen n\u00e4k\u00f6kulmasta. Sarja sis\u00e4lt\u00e4\u00e4 viisi jaksoa, jotka kuljettavat sinut maastopy\u00f6r\u00e4ilyn, Joulupukin, valokuvamatkailun, huskyjen ja Lapin Yliopiston matkailututkimuksen maailmaan mielenkiintoisten haastattelujen my\u00f6t\u00e4.<\/p>\n<p>Mit\u00e4 vastuullisuus tarkoittaa matkailuyrityksille? Mik\u00e4 matkailualan ty\u00f6st\u00e4 tekee merkityksellist\u00e4? Millaista on yritt\u00e4jyys Arktisessa p\u00e4\u00e4kaupungissa?\u00a0 Millaisia vahvuuksia matkailuyritt\u00e4j\u00e4 tarvitsee? Miten globaalius m\u00e4\u00e4rittelee matkailuyritysten toimintaa?<\/p>\n<p>Jaksojen yhteydest\u00e4 l\u00f6yd\u00e4t oppimisteht\u00e4vi\u00e4, joita voit hy\u00f6dynt\u00e4\u00e4 osana opetusta. Nelj\u00e4 jaksoista on suomen kielell\u00e4, yksi englanniksi.<\/p>\n<p>Tuotanto: LaTu -hanke, opettajat ja opiskelijat, toimittaja\/taiteilija Timo Mets\u00e4joki, yhteisty\u00f6ss\u00e4 <a href=\"https:\/\/www.visitrovaniemi.fi\/fi\/\">VisitRovaniemi<\/a> ja <a href=\"https:\/\/rovaniemi.likiliike.fi\/\">Likiliike<\/a>\u00a0\u00a0<\/p>\n<p>Voit kuunnella kaikki jaksot t\u00e4lt\u00e4 sivulta, halutessasi l\u00f6yd\u00e4t ne my\u00f6s\u00a0<a href=\"https:\/\/soundcloud.com\/lukiomateriaali\">Soundcloudista<\/a><\/p>\n<p>&nbsp;<\/p>\n<p>[\/et_pb_text][\/et_pb_column][\/et_pb_row][\/et_pb_section][et_pb_section fb_built=&#8221;1&#8243; admin_label=&#8221;Valikko -osio&#8221; _builder_version=&#8221;4.8.2&#8243; _module_preset=&#8221;default&#8221; min_height=&#8221;667.8px&#8221; box_shadow_style=&#8221;preset1&#8243;][et_pb_row admin_label=&#8221;lis\u00e4valikko&#8221; _builder_version=&#8221;4.8.2&#8243; _module_preset=&#8221;default&#8221;][et_pb_column type=&#8221;4_4&#8243; _builder_version=&#8221;4.8.2&#8243; _module_preset=&#8221;default&#8221;][et_pb_text admin_label=&#8221;Lis\u00e4materiaalit -otsikko&#8221; _builder_version=&#8221;4.8.2&#8243; _module_preset=&#8221;default&#8221;]<\/p>\n<h1><strong>Jaksot<\/strong><\/h1>\n<p>[\/et_pb_text][et_pb_divider color=&#8221;#e20d18&#8243; divider_weight=&#8221;6px&#8221; admin_label=&#8221;Otsikon alusviiva&#8221; _builder_version=&#8221;4.8.2&#8243; _module_preset=&#8221;default&#8221; width=&#8221;40px&#8221; module_alignment=&#8221;left&#8221; custom_margin=&#8221;-25px|0px||0px|false|false&#8221; custom_padding=&#8221;0px|||0px|false|false&#8221; global_module=&#8221;662&#8243; saved_tabs=&#8221;all&#8221;][\/et_pb_divider][et_pb_text admin_label=&#8221;Lis\u00e4materiaalit-valikko&#8221; _builder_version=&#8221;4.8.2&#8243; _module_preset=&#8221;default&#8221;]<\/p>\n<h3><strong>\ud83d\udd17 <a title=\"Siirry sivulla Minttu Kariniemi-Aula -materiaaliin\" href=\"#minttu\"> Minttu Kariniemi-Aula<\/a><\/strong><\/h3>\n<h3><strong>\ud83d\udd17 <a title=\"Siirry sivulla Johannes Perkki\u00f6 -materiaaliin\" href=\"#johannes\">Johannes Perkki\u00f6<\/a><\/strong><\/h3>\n<h3><strong>\ud83d\udd17 <a title=\"Siirry sivulla Valentijn Beets -materiaaliin\" href=\"#valentijn\">Valentijn Beets<\/a><\/strong><\/h3>\n<h3><strong>\ud83d\udd17 <a title=\"Siirry sivulla Juho Uutela -materiaaliin\" href=\"#juho\">Juho Uutela<\/a><\/strong><\/h3>\n<h3><strong>\ud83d\udd17 <a title=\"Siirry sivulla Suvi Autio -materiaaliin\" href=\"#suvi\">Suvi Autio<\/a><\/strong><\/h3>\n<p>[\/et_pb_text][et_pb_text admin_label=&#8221;otsikko&#8221; _builder_version=&#8221;4.8.2&#8243; _module_preset=&#8221;default&#8221;]<\/p>\n<h2><b>Lis\u00e4materiaalit<\/b><\/h2>\n<p>[\/et_pb_text][et_pb_text admin_label=&#8221;valikko&#8221; _builder_version=&#8221;4.8.2&#8243; _module_preset=&#8221;default&#8221;]<\/p>\n<h3><strong>\ud83d\udd17 <a title=\"Siirry sivulla Valentijn Beets -materiaaliin\" href=\"#beets\">Valentijn Beets PART 2<\/a><\/strong><\/h3>\n<h3><strong>\ud83d\udd17 <a title=\"Siirry sivulla Podcast -sarjan tuottaminen -osioon\" href=\"#podcast\">Podcast -sarjan tuottaminen<\/a><\/strong><\/h3>\n<p>[\/et_pb_text][\/et_pb_column][\/et_pb_row][\/et_pb_section][et_pb_section fb_built=&#8221;1&#8243; admin_label=&#8221;Minttu -osio&#8221; module_id=&#8221;minttu&#8221; _builder_version=&#8221;4.8.2&#8243; _module_preset=&#8221;default&#8221; box_shadow_style=&#8221;preset1&#8243;][et_pb_row admin_label=&#8221;Minttu henkil\u00f6kuvauksesta&#8221; _builder_version=&#8221;4.8.2&#8243; _module_preset=&#8221;default&#8221;][et_pb_column type=&#8221;4_4&#8243; _builder_version=&#8221;4.8.2&#8243; _module_preset=&#8221;default&#8221;][et_pb_team_member name=&#8221;Minttu Kariniemi-Aula&#8221; position=&#8221;Joulupukin kammarin p\u00e4\u00e4tonttu, Santa&#8217;s Most Trusted Friend&#8221; image_url=&#8221;https:\/\/blogi.eoppimispalvelut.fi\/latu\/files\/2021\/06\/Minttu-Kariniemi-Aula-kuva-sivustolle-scaled.jpg&#8221; facebook_url=&#8221;https:\/\/www.facebook.com\/SantaClausOffice\/&#8221; twitter_url=&#8221;https:\/\/twitter.com\/santas_office&#8221; icon_color=&#8221;#e20d18&#8243; admin_label=&#8221;Person Minttu Kariniemi-Aula&#8221; _builder_version=&#8221;4.8.2&#8243; _module_preset=&#8221;default&#8221; header_font=&#8221;|800|||||||&#8221; header_text_color=&#8221;#26224E&#8221; position_text_color=&#8221;#26224E&#8221; custom_margin=&#8221;||||false|false&#8221;]<\/p>\n<p><strong><\/strong><\/p>\n<p><strong>Koulutus:<\/strong><\/p>\n<p>Ylioppilas. Avoimen Yliopiston opintoja. Esimies- ja asiakaspalvelukoulutuksia ja -kursseja. Matkailun restonomin koulutus keskeytynyt.<\/p>\n<p><strong>Kuka:<\/strong><br \/> Joulupukin Kammarin operatiivista toimintaa py\u00f6ritt\u00e4v\u00e4 P\u00e4\u00e4tonttu. Tonttuna h\u00e4n on toiminut vuodesta 1992, ymp\u00e4ri vuotisesti vuodesta 1999.<\/p>\n<p><strong>Teemat:<\/strong><\/p>\n<p>Globaaliosaaminen, Kulttuuriosaaminen, Ty\u00f6n merkityksellisyys, Joulupukki sek\u00e4 tietysti tonttuilu!<\/p>\n<p>Kuva: Minttu Kariniemi-Aula<\/p>\n<p><a href=\"https:\/\/santaclausoffice.com\">&gt; Siirry Joulupukin kammarin kotisivuille.<\/a><\/p>\n<p>[\/et_pb_team_member][\/et_pb_column][\/et_pb_row][et_pb_row admin_label=&#8221;Mintun aineisto ja teht\u00e4v\u00e4&#8221; _builder_version=&#8221;4.8.2&#8243; _module_preset=&#8221;default&#8221; positioning=&#8221;none&#8221; custom_padding=&#8221;30px|||||&#8221; border_width_all=&#8221;15px&#8221; border_color_all=&#8221;#26224E&#8221;][et_pb_column type=&#8221;4_4&#8243; _builder_version=&#8221;4.8.2&#8243; _module_preset=&#8221;default&#8221;][et_pb_text _builder_version=&#8221;4.8.2&#8243; _module_preset=&#8221;default&#8221; text_font=&#8221;||||||||&#8221; header_font=&#8221;|||on|||||&#8221; custom_padding=&#8221;1px|||||&#8221;]<\/p>\n<h2><strong>\u00a0 Aineisto<\/strong><\/h2>\n<p>[\/et_pb_text][et_pb_audio audio=&#8221;https:\/\/blogi.eoppimispalvelut.fi\/latu\/files\/2021\/06\/Minttu-Kariniemi-Aula-final.mp3&#8243; title=&#8221;Kuuntele Podcast&#8221; admin_label=&#8221;Audio&#8221; _builder_version=&#8221;4.8.2&#8243; _module_preset=&#8221;default&#8221; title_font=&#8221;|800|||||||&#8221; title_text_align=&#8221;left&#8221; title_text_color=&#8221;#e20d18&#8243; background_enable_color=&#8221;off&#8221; background_layout=&#8221;light&#8221; width=&#8221;90%&#8221; module_alignment=&#8221;center&#8221; min_height=&#8221;182px&#8221; custom_padding=&#8221;||0px|||&#8221;][\/et_pb_audio][et_pb_toggle title=&#8221;Lue podcast&#8221; open_toggle_text_color=&#8221;#e20d18&#8243; open_toggle_background_color=&#8221;RGBA(0,0,0,0)&#8221; closed_toggle_background_color=&#8221;RGBA(0,0,0,0)&#8221; icon_color=&#8221;#e20d18&#8243; use_icon_font_size=&#8221;on&#8221; icon_font_size=&#8221;41px&#8221; admin_label=&#8221;littera&#8221; _builder_version=&#8221;4.8.2&#8243; _module_preset=&#8221;default&#8221; title_text_color=&#8221;#e20d18&#8243; title_level=&#8221;h3&#8243; title_font=&#8221;|700|||||||&#8221; width=&#8221;90%&#8221; module_alignment=&#8221;center&#8221; border_width_all=&#8221;4px&#8221; border_color_all=&#8221;#26224e&#8221;]<\/p>\n<p>Minttu Kariniemi-Aula: Joskus sit\u00e4 miettii, ett\u00e4 kahdeksasta nelj\u00e4\u00e4n ty\u00f6 voisi olla ihan hyv\u00e4kin vaihtoehto, mutta en usko, ett\u00e4 pystyisin siihen, koska t\u00e4h\u00e4n olen kasvanut \u2013 t\u00e4mm\u00f6iseen yritt\u00e4jyyden el\u00e4m\u00e4\u00e4n.<\/p>\n<p>(tunnusmusiikkia)<\/p>\n<p>Timo Mets\u00e4joki: Moikka! M\u00e4 oon Mets\u00e4joen Timo ja m\u00e4 oon yritt\u00e4jyyden j\u00e4ljill\u00e4. T\u00e4ss\u00e4 podcastissa meik\u00e4l\u00e4inen kohtaa mielenkiintoisia yritt\u00e4ji\u00e4, joiden kanssa sukelletaan pintaa syvemm\u00e4lle. M\u00e4 otan selv\u00e4\u00e4, kuinka heist\u00e4 tuli yritt\u00e4ji\u00e4 ja miten he haluaisivat rohkaista ty\u00f6el\u00e4m\u00e4\u00e4n siirtyvi\u00e4 nuoria (taustalla soi podcast \u2013sarjan tunnusmusiikki)<\/p>\n<p>Timo Mets\u00e4joki: T\u00e4m\u00e4n jakson vieraan kohdalla voin iloisesti todeta, ett\u00e4 h\u00e4n on tontuksi kasvanut ja lapsesta l\u00e4htien. T\u00e4m\u00e4 yritys on ottanut my\u00f6s melkoisia digiloikkia viimeisten vuosien aikana ja on muutenkin \u00e4\u00e4rett\u00f6m\u00e4n globaali. Tervetuloa Santa Claus Officen eli joulupukin kammarin p\u00e4\u00e4tonttu Minttu Kariniemi-Aula.<\/p>\n<p>Minttu Kariniemi-Aula: No kiitos.<\/p>\n<p>Timo Mets\u00e4joki: Mun t\u00e4ytyy heti kysy\u00e4, kun s\u00e4 olet P\u00e4\u00e4tonttu, niin kuinka tonttu s\u00e4 Minttu oikeastaan olet?<\/p>\n<p>Minttu Kariniemi-Aula: No kyll\u00e4h\u00e4n mie oon, ihan niink\u00f6 pienest\u00e4 pit\u00e4en tontuksi kasvanut niin n\u00e4inh\u00e4n se on, ett\u00e4 tonttu olen, t\u00f6iss\u00e4 ja vapaa-ajalla (naurua)<\/p>\n<p>Timo Mets\u00e4joki: Aja meid\u00e4t Minttu lyhyesti niinkun historiasta nykyp\u00e4iv\u00e4\u00e4n sis\u00e4\u00e4n siihen, ett\u00e4 mik\u00e4 Joulupukin kammari eli Santa Claus Office oikeastaan on?<\/p>\n<p>Minttu Kariniemi-Aula: Se on yritys, joka on perustettu vuonna 1992, eli hetken p\u00e4\u00e4st\u00e4 kolkyt vuotta, auki joka p\u00e4iv\u00e4, ymp\u00e4ri vuoden, taitaa tulla kohta 11\u00a0000 p\u00e4iv\u00e4\u00e4. Ja is\u00e4ni Jarmo Kariniemi perusti yrityksen silloin 1992, p\u00e4\u00e4tarkoitus on ihan alusta asti se, ett\u00e4 tarjotaan kaikille maailman ihmisille mahdollisuus tavata Joulupukki ihan ilmaiseksi ymp\u00e4ri vuoden.<\/p>\n<p>Timo Mets\u00e4joki: No mutta tossa tulee heti nyt kysymys, ett\u00e4 kun ilmaiseksi p\u00e4\u00e4see tapaamaan ja kuitenkin puhutaan yritystoiminnasta niin kyll\u00e4h\u00e4n sen jotenkin t\u00e4ytyy my\u00f6s rahaa tuottaa?<\/p>\n<p>Minttu Kariniemi-Aula: No tottahan toki, ei raha puussa kasva. Kaikki vieraat, jotka Joulupukin luona k\u00e4y valokuvataan ja videokuvataan nykyp\u00e4iv\u00e4n\u00e4 ja niit\u00e4 valokuvia ja videoita on mahdollista ostaa tapaamisen j\u00e4lkeen. Ollaan siit\u00e4 ehk\u00e4 v\u00e4h\u00e4n nurinkurinen yritys, ett\u00e4 annetaan el\u00e4mys asiakkaalle tai meid\u00e4n vieraalle ja sen j\u00e4lkeen kysyt\u00e4\u00e4n, ett\u00e4 haluatko maksaa siit\u00e4, kun normaaliel\u00e4m\u00e4ss\u00e4 ensin maksetaan p\u00e4\u00e4symaksu ja sit\u00e4 kautta bisnes tulee, mutta me ollaan tehty se toisin ja se tuntuu toimivan.<\/p>\n<p>Timo Mets\u00e4joki: Milt\u00e4 se tuntuu sitten n\u00e4in P\u00e4\u00e4tontun n\u00e4k\u00f6kulmasta, ett\u00e4 toki se varmaan mielt\u00e4 l\u00e4mmitt\u00e4\u00e4, mutta tokihan koko ajan taustalla on ajatus siit\u00e4, ett\u00e4 toivottavasti k\u00e4vij\u00e4 jotain ostaakin?<\/p>\n<p>Minttu Kariniemi-Aula: No tottahan toki, mutta kun siihen on jotenkin kasvanut mukaan, niin kyll\u00e4 se tuntuu hyv\u00e4lt\u00e4 asialta, ett\u00e4 annetaan ilmaiseksi mahdollisuus tavata Joulupukki, joka on hyv\u00e4n tahdon l\u00e4hettil\u00e4s ja optimistinen mies, niin kyll\u00e4h\u00e4n minusta on hienoa, ett\u00e4 liikeideaksi on t\u00e4mm\u00f6inen alun perin valikoitunut.<\/p>\n<p>Timo Mets\u00e4joki: Is\u00e4si j\u00e4i vuonna 2015 sinun paikaltasi pois ja sin\u00e4 tulit sit\u00e4 jatkamaan, oliko se sulle itsellesi selke\u00e4\u00e4, ett\u00e4 s\u00e4 halusit jatkaa is\u00e4n jalanj\u00e4ljiss\u00e4 vai jouduitko s\u00e4 ik\u00e4\u00e4n kuin siihen ty\u00f6h\u00f6n, jossa s\u00e4 nyt olet? 2015 :han teill\u00e4 oli t\u00e4\u00e4 iso konkurssiuhka, mutta oletko s\u00e4 kasvanut vai kasvatettu p\u00e4\u00e4tontuksi?<\/p>\n<p>Minttu Kariniemi-Aula: (Naurahdus) Varmasti sek\u00e4 ett\u00e4, sanotaan, ett\u00e4 jossain vaiheessa siell\u00e4 kahdenkympin tienoilla olin sit\u00e4 mielt\u00e4 vahvasti, ett\u00e4 t\u00e4h\u00e4n firmaan en t\u00f6ihin j\u00e4\u00e4, olin sit\u00e4 n\u00e4hnyt ja mukavaa ty\u00f6t\u00e4h\u00e4n se oli, mutta olin sit\u00e4 mielt\u00e4, ett\u00e4 en siell\u00e4 tule loppuel\u00e4m\u00e4\u00e4ni viett\u00e4m\u00e4\u00e4n. Mutta niinh\u00e4n siin\u00e4 sitten k\u00e4vi, ett\u00e4 siihen j\u00e4in, ja olen t\u00e4ll\u00e4 hetkell\u00e4 siit\u00e4 kovin onnellinen, ett\u00e4 sinne j\u00e4in \u2013 t\u00e4m\u00e4 on oikein mukavaa ty\u00f6t\u00e4.<\/p>\n<p>Timo Mets\u00e4joki: No mitenk\u00e4 sitten t\u00e4\u00e4 2015, joka oli siis iso vuosi, koska konkurssiuhka tosiaan silloin oli, mutta siit\u00e4 selvittiin, niin haluatko ja pystytk\u00f6 s\u00e4 Minttu avaamaan v\u00e4h\u00e4n sit\u00e4 puolta, ett\u00e4 miten se homma meni?<\/p>\n<p>Minttu Kariniemi-Aula: Noo (huokaus), se kes\u00e4&#8230; se oli elokuun loppua ja se kes\u00e4 oli aika hurjaa aikaa, mutta niin siit\u00e4 selvittiin. (Oli) Konkurssiuhka, mutta sitten tuli onneksi Lapin Safarit pelastamaan tilannetta ja ostivat meist\u00e4 osake-enemmist\u00f6n ja mie j\u00e4in sitten v\u00e4hemmist\u00f6 osakkeiden omistajaksi. Oikein mukavasti meid\u00e4n yhteisty\u00f6 siit\u00e4 sitten l\u00e4hti, oli minun 35 \u2013vuotis p\u00e4iv\u00e4 kun t\u00e4m\u00e4 homma selvisi ja sain siin\u00e4 syntt\u00e4rilahjan sitten itsellenikin ja k\u00e4yt\u00e4nn\u00f6ss\u00e4 se kuitenkin menee niin, ett\u00e4 mie sit\u00e4 paikkaa py\u00f6rit\u00e4n ja Lapin Safarit siell\u00e4 sitten olkap\u00e4\u00e4n\u00e4 takana.<\/p>\n<p>Timo Mets\u00e4joki: No milt\u00e4 se tuntu siin\u00e4 vaiheessa, kun perheyrityksest\u00e4 tavallaan myyd\u00e4\u00e4n osa pois?<\/p>\n<p>Minttu Kariniemi-Aula: Oli siin\u00e4 haastetta ja joutui aika paljon tekem\u00e4\u00e4n t\u00f6it\u00e4 itsens\u00e4 kanssa siin\u00e4, ett\u00e4 jotenkin hyv\u00e4ksyy tilanteen, mutta kyll\u00e4 lopullinen fiilis ja varsinkin nyt n\u00e4in korona-aikaan olen kyll\u00e4 kovin onnellinen, etten ole yksin omistamassa sataa prosenttia yrityksest\u00e4.<\/p>\n<p>(tunnusmusiikkia)<\/p>\n<p>Timo Mets\u00e4joki: Joulupukki kun on todella globaali, niin kuinka paljon globaalius m\u00e4\u00e4rittelee teid\u00e4n p\u00e4\u00e4t\u00f6ksi\u00e4nne, on varmasti asioita tai juttuja, joita pukki ei voi esimerkiksi sanoa tai tehd\u00e4?<\/p>\n<p>Minttu Kariniemi-Aula: No totta kai, kyll\u00e4h\u00e4n globaalius on t\u00e4rke\u00e4 asia meid\u00e4n ty\u00f6ss\u00e4 ja on asioita, joihin Joulupukki ei ota kantaa \u2013 politiikka, uskonto, t\u00e4mm\u00f6isi\u00e4 isompia asioita. H\u00e4n ei halua olla mill\u00e4\u00e4n kannalla t\u00e4mm\u00f6isiss\u00e4 isoissa, t\u00e4rkeiss\u00e4 asioissa. T\u00e4m\u00e4 on totta kai hyv\u00e4 asia, koska meid\u00e4n vieraat tulee ihan ymp\u00e4ri maailmaa, 192 maata vuonna 2019, eli tosissaankin ihan ymp\u00e4ri maailman ja koska kuitenkin meid\u00e4n perusperiaate on se, ett\u00e4 tuodaan suomalaista joulua meid\u00e4n asiakkaille. Toki jos meid\u00e4n asiakas, vaikkapa intialainen sanoo, ett\u00e4 kun h\u00e4n tulee tapaamaan Joulupukkia, niin se on niin kuin h\u00e4n tapaisi yhden jumalan tai jotain t\u00e4mm\u00f6ist\u00e4, niin eih\u00e4n me aleta sit\u00e4 kielt\u00e4m\u00e4\u00e4n, jokainen asiakas saa ajatella Joulupukin niin kuin he itse haluavat. Mutta me ei l\u00e4hdet\u00e4 Joulupukkia viem\u00e4\u00e4n mihink\u00e4\u00e4n suuntaan vaan semmoinen keskitie yritet\u00e4\u00e4n l\u00f6yt\u00e4\u00e4.<\/p>\n<p>Timo Mets\u00e4joki: Teill\u00e4 kun k\u00e4y Joulupukkia tapaamassa v\u00e4ke\u00e4 useista eri maista niin millaista erilaista kulttuuriosaamista tai vuorovaikutusosaamista t\u00e4llaisen ison paletin py\u00f6ritt\u00e4minen vaatii?<\/p>\n<p>Minttu Kariniemi-Aula: Vaatii totta kai tosi paljonkin. Kielitaito on varmasti yksi niist\u00e4 t\u00e4rkeist\u00e4 asioista, on hyv\u00e4, ett\u00e4 puhuu enemm\u00e4nkin kuin suomea tai englantia. Esimerkiksi silloin, kun aasialaiset ja kiinalaiset isommin tuli Suomeen ja Rovaniemelle niin kyll\u00e4 me k\u00e4ytiin kiinalaisen kulttuurin kaikenlaisia koulutuksia, ett\u00e4 ymm\u00e4rret\u00e4\u00e4n meid\u00e4n asiakkaita v\u00e4h\u00e4n paremmin. Ja sama oli my\u00f6s silloin, kun ven\u00e4l\u00e4iset aikoinaan (tulivat) niin sama homma, silloin my\u00f6s tarvittiin sit\u00e4 ymm\u00e4rryst\u00e4, ett\u00e4 miksi asiakas k\u00e4ytt\u00e4ytyy t\u00e4ll\u00e4 tavalla.<\/p>\n<p>Timo Mets\u00e4joki: Mit\u00e4 kaikkea t\u00e4ytyy ottaa huomioon, jos ajatellaan ett\u00e4 tulee toisesta kulttuurista vieras k\u00e4ym\u00e4\u00e4n?<\/p>\n<p>Minttu Kariniemi-Aula: No sanotaan, ett\u00e4 hymy toimii aina. Ihan sama mist\u00e4 p\u00e4in maailmaa tulet, niin hymyll\u00e4 p\u00e4\u00e4see jo pitk\u00e4lle (naurahdus), kun kuitenkin lopulta meid\u00e4n ty\u00f6 on asiakaspalveluty\u00f6t\u00e4 niin ihan normaalit kauniit k\u00e4yt\u00f6stavat ja hymy, \u201dkiitos\u201d, \u201dole hyv\u00e4\u201d, \u201dp\u00e4iv\u00e4\u00e4\u201d (naurahdus).<\/p>\n<p>Timo Mets\u00e4joki: Niin ja siin\u00e4 on varmaan erona se, ett\u00e4 harva tulee huonoin mielin Pukkia tapaamaan?<\/p>\n<p>Minttu Kariniemi-Aula: Juuri n\u00e4in ja totta kai pyrimme my\u00f6s siihen, ett\u00e4 kun l\u00e4hdet\u00e4\u00e4n, niin ollaan ihan yht\u00e4 hyvill\u00e4 mielin ja viel\u00e4 pikkuisen paremmalla tuulella. Todella harvinaista on se, ett\u00e4 meille tullaan huonolla mielell\u00e4. Toki monta kertaa ollaan tavattu, tai my\u00f6s sellaisia tapaamisia on meid\u00e4n vierailla ja Joulupukilla ollut, ett\u00e4 vieras siis itku silm\u00e4ss\u00e4 tulee ja l\u00e4htee, mutta ne on yleens\u00e4 onnen kyyneli\u00e4 \u2013 ett\u00e4 viimein p\u00e4\u00e4stiin tapaamaan Joulupukkia, t\u00e4m\u00e4 on ollut lapsuuden haave ja semmoista kaikkea niin on ne herkki\u00e4 hetki\u00e4. (hym\u00e4hdys\/naurahdus)<\/p>\n<p>Timo Mets\u00e4joki: Tulee varmaan yritt\u00e4j\u00e4llekin aika hyv\u00e4 olo siit\u00e4?<\/p>\n<p>Minttu Kariniemi-Aula: No todellakin, kyll\u00e4 tulee.<\/p>\n<p>Timo Mets\u00e4joki: No mitenk\u00e4 sitten kun siell\u00e4 eri kulttuurit my\u00f6skin t\u00f6rm\u00e4\u00e4 v\u00e4kisinkin, niin onko sattunut tai tapahtunut jotain ehk\u00e4 kummallista tai erikoista? Pukillahan t\u00e4ytyy tietysti olla todella laaja yleissivistys ja tiet\u00e4mys kaikista kulttuureista.<\/p>\n<p>Minttu Kariniemi-Aula: Totta kai on vuosien varrella sattunut vaikka mit\u00e4, mutta en ehk\u00e4 mene niihin rajuimpiin hetkiin. Ei siell\u00e4 Joulupukin luona oikeastaan ole tapahtunut, ei siell\u00e4 tapahdu mit\u00e4\u00e4n sellaista isompaa, mutta niiss\u00e4 hetkiss\u00e4 kun meill\u00e4 on pitk\u00e4 jono Joulupukin luokse ja siell\u00e4 eri kulttuurit ja kansallisuudet jonottaa vuoroansa niin niiss\u00e4 hetkiss\u00e4 on aina v\u00e4lill\u00e4 v\u00e4h\u00e4n kuumat tunteet, mutta hyvin niist\u00e4 on selvitty ja turvamiehien avulla silloin, kun meill\u00e4 on se kaikista kiireisin sesonki niin turvamiehi\u00e4, tai ei oikeastaan turvamiehi\u00e4 vaan turvatonttuja on meill\u00e4 sitten paikalla ja heid\u00e4n paikalla olo jo riitt\u00e4\u00e4.<\/p>\n<p>Minttu Kariniemi-Aula: Meill\u00e4 oli muutama vuosi sitten italialainen perhe, joka oli tulossa Joulupukkia tapaamaan ja k\u00e4vi semmonen homma, ett\u00e4 perheen nuorimmainen lapsi menehtyi kaksi viikkoa ennen kuin heid\u00e4n piti tulla. Oli j\u00e4rjestetty t\u00e4mm\u00f6inen v\u00e4h\u00e4n spessumpi tapaaminen, kun h\u00e4n oli kuolemansairas, mutta h\u00e4nen viimeinen toive oli tavata Joulupukki ja kaksi viikkoa aikaisemmin, kun heid\u00e4n oli tarkoitus tulla, niin h\u00e4n menehtyi, mutta perhe sitten kuitenkin p\u00e4\u00e4tti tulla ja toivat t\u00e4m\u00e4n Maria \u2013tytt\u00f6sen kirjeen Joulupukille ja koko se tapaaminen oli (huokaus) varmasti minun ty\u00f6uran (huokaus) sanotaan isoin haaste jopa, ett\u00e4 sai itsens\u00e4 pysym\u00e4\u00e4n kasassa, koska se oli tosi surullista. Sen tapaamisen j\u00e4lkeen Joulupukki antoi mulle sen kirjeen (tauko) ja se oli mulle tosi iso juttu, mie laitoin sen kehyksiin ja se on minun toimiston sein\u00e4ll\u00e4 muistuttamassa minua siit\u00e4, ett\u00e4 kuinka hienoa ty\u00f6t\u00e4 me tehd\u00e4\u00e4n ja kuinka paljon me annetaan ihmisille toivoa ja\u2026 (henk\u00e4ys) semmosta&#8230; mahtavaa fiilist\u00e4.<\/p>\n<p>(tunnusmusiikkia)<\/p>\n<p>Timo Mets\u00e4joki: No millaista se on tehd\u00e4 yrityst\u00e4 koskevia p\u00e4\u00e4t\u00f6ksi\u00e4, kun teill\u00e4kin on toinen jalka koko ajan satumaailmassa ja toinen jalka sitten kuitenkin t\u00e4ss\u00e4 maailmassa miss\u00e4 me nyt t\u00e4ll\u00e4 hetkell\u00e4 elet\u00e4\u00e4n?<\/p>\n<p>Minttu Kariniemi-Aula: Totta kai on ihan pakko jokaista asiaa, jota bisneksen kannalta tehd\u00e4\u00e4n, niin t\u00e4ytyy mietti\u00e4 sit\u00e4, ett\u00e4 miten se istuu t\u00e4h\u00e4n Joulupukin maailmaan.<\/p>\n<p>Timo Mets\u00e4joki: Te olette kautta vuosien jo vieneet Joulupukkia entist\u00e4 enemm\u00e4n my\u00f6s verkkoon ja digimaailmaan, on ollut instagram \u2013livee ja erilaisia videoita ja tonttuklubia ja ties mit\u00e4, niin kuinka iso merkitys digitaalisuudella teille on?<\/p>\n<p>Minttu Kariniemi-Aula: No kyll\u00e4 se on nykyp\u00e4iv\u00e4n\u00e4 yks meid\u00e4n elinehdoista, ett\u00e4 valokuvat ja videot, joita Joulupukin kanssa otetaan niin ne on meid\u00e4n nettisivuilta ladattavissa eli digimuodossa. Ja toki n\u00e4in korona-aikaan sitten huhtikuussa 2020 kun koko maailma periaatteessa sulkeutui, niin jouduttiin alkaa miettim\u00e4\u00e4n sit\u00e4, ett\u00e4 mitenk\u00e4 nyt viel\u00e4 edelleenkin pystyt\u00e4\u00e4n t\u00e4m\u00e4 meid\u00e4n arvolupaus \u2013 eli tavata Joulupukki ymp\u00e4ri vuoden joka p\u00e4iv\u00e4 \u2013 niin miten me pystyt\u00e4\u00e4n se toteuttamaan, kun meid\u00e4n ovet on kiinni. Ja silloin alettiin pit\u00e4m\u00e4\u00e4n p\u00e4ivitt\u00e4in some-kanavissa ja youtubessa live \u2013tapaamisia elikk\u00e4 ett\u00e4 kaikille maailman ihmisille edelleen annettiin mahdollisuus Joulupukki tavata. Ja sitten sit\u00e4 kautta tuli my\u00f6s t\u00e4mm\u00f6nen videopuhelu, eli on mahdollista Joulupukille soittaa, tai Joulupukki soittaa Whats app puhelun tai Skypen tai Teamsin tai mit\u00e4 n\u00e4it\u00e4 nykyp\u00e4iv\u00e4n\u00e4 kaikkia onkaan niin (henk\u00e4ys) sit\u00e4 kautta meid\u00e4n nettisivuilta varataan aika ja maksetaan sinne ja Joulupukki sitten soittaa tiettyyn kellonaikaan tiettyn\u00e4 p\u00e4iv\u00e4n\u00e4 meid\u00e4n asiakkaille ymp\u00e4ri maailman. Siell\u00e4 on ollut kyll\u00e4 hienoja hetki\u00e4, puhuin aikaisemmin niist\u00e4 hetkist\u00e4, kun asiakas kohtaa Joulupukin itku silm\u00e4ss\u00e4, kun on niin onnellinen, niin niit\u00e4kin on n\u00e4hty siis n\u00e4iden videopuheluiden kautta ja se ihmisten iloisuus ja onnellisuus siit\u00e4, ett\u00e4 mahdollista tavata Joulupukki ja Joulupukki antaa toivoa, ett\u00e4 kyll\u00e4 t\u00e4st\u00e4 selvit\u00e4\u00e4n, niin on ne hienoja hetki\u00e4.<\/p>\n<p>Timo Mets\u00e4joki: Voiko se digitaalinen toiminta koskaan korvata niinku tulevaisuudessa sen aidon kohtaamisen, vaikka vr \u2013laseilla ja sellaisella teknologialla p\u00e4\u00e4sisi Joulupukin kammariin ihan kotoa k\u00e4sin?<\/p>\n<p>Minttu Kariniemi-Aula: En usko, ett\u00e4 se koskaan ihan kokonaan voi korvata, totta kai sill\u00e4 mahdollistetaan, ett\u00e4 jos asut filippiineill\u00e4 ja et p\u00e4\u00e4se t\u00e4nne vaan mitenk\u00e4\u00e4n matkustamaan niin tottakai se on mahdollistajana, t\u00e4mm\u00f6inen digitaaliaika Joulupukin tapaamiseen mutta kyll\u00e4 mie v\u00e4it\u00e4n, ett\u00e4 kuitenkin se kohtaaminen siell\u00e4 kammarilla niin kyll\u00e4 se on korvaamaton, ett\u00e4 kyll\u00e4 siihen tarvitaan kuitenkin se semmoinen (huokaus) ihmisten kohtaaminen ihan fyysisesti.<\/p>\n<p>Timo Mets\u00e4joki: Eli vaikka maailma digitalisoituu niin kohtaaminen ei v\u00e4hene.<\/p>\n<p>Minttu Kariniemi-Aula: Juuri n\u00e4in, sanoit sen hienosti.<\/p>\n<p>Timo Mets\u00e4joki: Jotain osaan min\u00e4kin (naurua)<\/p>\n<p>(opiskelijan kysymys, tunnusmusiikkia)<\/p>\n<p>Opiskelija: Yrityksenne on laaja ja koostuu monista osista. Kuinka haastavaa on n\u00e4iden osien sujuva hallinta?<\/p>\n<p>Minttu Kariniemi-Aula: No juurikin t\u00e4m\u00e4 osien hallinta ja niiden yhdist\u00e4minen, se on sit\u00e4 minun ty\u00f6t\u00e4, sit\u00e4 kaikkein syvint\u00e4 ydint\u00e4 mit\u00e4 min\u00e4 teen, kaikki asiat mit\u00e4 meill\u00e4 firmassa tehd\u00e4\u00e4n, kun tasapainoillaan sen sadun ja bisneksen v\u00e4lill\u00e4 ja tehd\u00e4\u00e4n p\u00e4\u00e4t\u00f6ksi\u00e4 sit\u00e4 kautta, se on minun ty\u00f6t\u00e4 ja v\u00e4lill\u00e4 v\u00e4h\u00e4n haastavaa, mutta todella iso ja t\u00e4rke\u00e4 juttu.<\/p>\n<p>Timo Mets\u00e4joki: No jos t\u00e4st\u00e4 nyt otetaan hypoteettinen tilanne, joku tulis t\u00e4st\u00e4 nyt kysym\u00e4\u00e4n, ett\u00e4 Minttu Kariniemi-Aula millainen on sun ty\u00f6p\u00e4iv\u00e4, niin millainen se on?<\/p>\n<p>Minttu Kariniemi-Aula: No joka ikinen p\u00e4iv\u00e4 on t\u00e4ysin erilainen. T\u00e4n\u00e4\u00e4n istun toimistossa, koneella mietin ens joulun videopuhelujen aikatauluttamista. Huomenna olen asiakaspalvelupuolella t\u00f6iss\u00e4 ja kohtaan meid\u00e4n vieraita ja palvelen heit\u00e4.<\/p>\n<p>Timo Mets\u00e4joki: Eli kahta samanlaista p\u00e4iv\u00e4\u00e4 ei ole?<\/p>\n<p>Minttu Kariniemi-Aula: Ei todellakaan, ei.<\/p>\n<p>Timo Mets\u00e4joki: Mik\u00e4 sulle Minttu yritt\u00e4jyydess\u00e4 on parasta, ja vastaavasti mik\u00e4 on haastavinta?<\/p>\n<p>Minttu Kariniemi-Aula: Minun mielest\u00e4 yritt\u00e4jyydess\u00e4 on parasta se, ett\u00e4 voi itse tehd\u00e4 ne p\u00e4\u00e4t\u00f6kset, ett\u00e4 mitenk\u00e4 asiat etenee ja jollain tasolla pystyt p\u00e4\u00e4tt\u00e4m\u00e4\u00e4n, ett\u00e4 mink\u00e4laisessa aikataulussa t\u00f6it\u00e4 teet. Yritt\u00e4jyydess\u00e4 haastavinta on ehdottomasti se sama asia eli aikatauluttaminen ja se oman aikataulun tekeminen. Joskus sit\u00e4 miettii, ett\u00e4 kahdeksasta nelj\u00e4\u00e4n ty\u00f6 voisi olla ihan hyv\u00e4kin vaihtoehto, mutta en usko, ett\u00e4 pystyisin siihen, koska t\u00e4h\u00e4n olen kasvanut \u2013 t\u00e4mm\u00f6iseen yritt\u00e4jyyden el\u00e4m\u00e4\u00e4n.<\/p>\n<p>Timo Mets\u00e4joki: Millaisia terveisi\u00e4 s\u00e4 haluaisit l\u00e4hett\u00e4\u00e4 nuorille, jotka on valmistautumassa ty\u00f6el\u00e4m\u00e4\u00e4n tai siirtym\u00e4ss\u00e4 muihin jatko-opintoihin?<\/p>\n<p>Minttu Kariniemi-Aula: Opiskelkaa. Opiskelkaa, opiskelkaa, opiskelkaa. Oppikaa uutta, olkaa kiinnostuneita siit\u00e4, mit\u00e4 teette, miten ootte ja rohkeesti ja iloisesti aina eteenp\u00e4in. Eik\u00e4 j\u00e4\u00e4d\u00e4 murehtimaan sit\u00e4, jos joku meni pieleen, ei se haittaa. Huomenna on uusi, hyv\u00e4 p\u00e4iv\u00e4.<\/p>\n<p>Timo Mets\u00e4joki: Kiitos Minttu Kariniemi-Aula, ett\u00e4 p\u00e4\u00e4sit vieraaksi Yritt\u00e4jyyden j\u00e4ljill\u00e4 podcastiin.<\/p>\n<p>Minttu Kariniemi-Aula: Kiitos!<\/p>\n<p>[\/et_pb_toggle][\/et_pb_column][\/et_pb_row][et_pb_row admin_label=&#8221;Teht\u00e4v\u00e4 ja aineisto&#8221; _builder_version=&#8221;4.8.2&#8243; _module_preset=&#8221;default&#8221; custom_margin=&#8221;23px|auto||auto||&#8221; border_width_all=&#8221;15px&#8221; border_color_all=&#8221;#e20d18&#8243;][et_pb_column type=&#8221;4_4&#8243; _builder_version=&#8221;4.8.2&#8243; _module_preset=&#8221;default&#8221;][et_pb_text admin_label=&#8221;Otsikko&#8221; _builder_version=&#8221;4.8.2&#8243; _module_preset=&#8221;default&#8221; text_font=&#8221;||||||||&#8221; header_font=&#8221;|||on|||||&#8221;]<\/p>\n<h2><strong>\u00a0 Teht\u00e4v\u00e4t<\/strong><\/h2>\n<p>[\/et_pb_text][et_pb_text admin_label=&#8221;teht\u00e4v\u00e4n sis\u00e4lt\u00f6&#8221; _builder_version=&#8221;4.8.2&#8243; _module_preset=&#8221;default&#8221; width=&#8221;98.1%&#8221; custom_padding=&#8221;|||13px||&#8221;]<\/p>\n<p>Ohje: Kuuntele podcast, pohdi ja kirjoita oma vastauksesi 1-7 itsen\u00e4isesti ty\u00f6skennellen. Ty\u00f6skentele ryhm\u00e4ss\u00e4 teht\u00e4v\u00e4t 8-13.<\/p>\n<p>Teht\u00e4v\u00e4t 1-7:<br \/>1. Miksi Minttu Kariniemi-Aula alkoi yritt\u00e4j\u00e4ksi?<br \/>2. Mik\u00e4 on yrityksen nimi?<br \/>3. Mik\u00e4 on yrityksen \u201ctuote\u201d?<br \/>4. Mit\u00e4 erityist\u00e4 on yrityksen ideassa?<br \/>5. Mit\u00e4 kulttuurisia asioita pit\u00e4\u00e4 ottaa huomioon t\u00e4llaisessa yrityksess\u00e4?<br \/>6. Mit\u00e4 vahvuuksia sinulla olisi ryhty\u00e4 yritt\u00e4j\u00e4ksi?<br \/>7. Mitk\u00e4 asiat askarruttavat yritt\u00e4jyydess\u00e4?<\/p>\n<p>Teht\u00e4v\u00e4t 8-13 (ryhm\u00e4ty\u00f6n\u00e4)<\/p>\n<p>8. Miettik\u00e4\u00e4 pieness\u00e4 ryhm\u00e4ss\u00e4 millainen olisi teid\u00e4n lappilainen yrityksenne?<br \/>9. Mit\u00e4 tai mit\u00e4 asioita te tuotteistaisitte?<br \/>10. Kenelle \u201ctuote\u201d olisi tarkoitettu?<br \/>11. Mik\u00e4 olisi sen sanoma\/tarina?<br \/>12. Miten te markkinoisitte yrityst\u00e4nne?<br \/>13. Miten ja mill\u00e4 keinoin yritys toisi teille tuloja?<\/p>\n<p>[\/et_pb_text][\/et_pb_column][\/et_pb_row][\/et_pb_section][et_pb_section fb_built=&#8221;1&#8243; admin_label=&#8221;Johannes Perkki\u00f6&#8221; module_id=&#8221;johannes&#8221; _builder_version=&#8221;4.8.2&#8243; _module_preset=&#8221;default&#8221; background_color=&#8221;rgba(0,0,0,0.02)&#8221; border_width_all=&#8221;0px&#8221; border_color_all=&#8221;#26224E&#8221; box_shadow_style=&#8221;preset1&#8243; custom_css_before_last_edited=&#8221;on|desktop&#8221;][et_pb_row admin_label=&#8221;Row esimerkki henkil\u00f6kuvauksesta&#8221; _builder_version=&#8221;4.8.2&#8243; _module_preset=&#8221;default&#8221;][et_pb_column type=&#8221;4_4&#8243; _builder_version=&#8221;4.8.2&#8243; _module_preset=&#8221;default&#8221;][et_pb_team_member name=&#8221;Johannes Perkki\u00f6&#8221; position=&#8221;Roll Outdoors, yritt\u00e4j\u00e4 ja toimitusjohtaja&#8221; image_url=&#8221;https:\/\/blogi.eoppimispalvelut.fi\/latu\/files\/2021\/06\/Johannes-Perkkio.jpg&#8221; facebook_url=&#8221;https:\/\/www.facebook.com\/rolloutdoors&#8221; linkedin_url=&#8221;https:\/\/www.linkedin.com\/company\/roll-outdoors&#8221; icon_color=&#8221;#e20d18&#8243; admin_label=&#8221;Person Johannes Perkki\u00f6&#8221; _builder_version=&#8221;4.8.2&#8243; _module_preset=&#8221;default&#8221; header_font=&#8221;|800|||||||&#8221; header_text_color=&#8221;#26224E&#8221; position_text_color=&#8221;#26224E&#8221; custom_margin=&#8221;||||false|false&#8221;]<\/p>\n<p><strong style=\"font-size: 14px\"><\/strong><\/p>\n<p><strong style=\"font-size: 14px\">Koulutus:<\/strong><\/p>\n<p>Lukio (ylioppilas), Muotoilija (AMK)<\/p>\n<p><strong>Kuka:<\/strong><br \/>Rovaniemel\u00e4inen perheenis\u00e4 ja py\u00f6r\u00e4ilyn harrastaja. Muotoilun ja markkinoinnin ammattilainen, joka ei osannut p\u00e4\u00e4st\u00e4\u00e4 irti intohimostaan. Sen seurauksena ajautui kokop\u00e4iv\u00e4iseen ihmisten innostamiseen maastopy\u00f6r\u00e4n selk\u00e4\u00e4n ja nauttimaan luonnosta.<\/p>\n<p><strong>Teemat:<\/strong><\/p>\n<p>Vuorovaikutusosaaminen, Hyvinvointiosaaminen, Liikunta- ja hyvinvointimatkailu, Arktisen luonnon kest\u00e4v\u00e4 k\u00e4ytt\u00e4minen, Ty\u00f6n merkityksellisyys<\/p>\n<p>Kuva: Johannes Perkki\u00f6<\/p>\n<p><a href=\"https:\/\/rolloutdoors.com\/fi\">&gt; Avaa Roll Outdoors kotisivut.<\/a><\/p>\n<p>[\/et_pb_team_member][\/et_pb_column][\/et_pb_row][et_pb_row admin_label=&#8221;Row Esimerkki audioraidasta&#8221; _builder_version=&#8221;4.8.2&#8243; _module_preset=&#8221;default&#8221; positioning=&#8221;none&#8221; custom_padding=&#8221;30px|||||&#8221; border_width_all=&#8221;15px&#8221; border_color_all=&#8221;#26224E&#8221;][et_pb_column type=&#8221;4_4&#8243; _builder_version=&#8221;4.8.2&#8243; _module_preset=&#8221;default&#8221;][et_pb_text _builder_version=&#8221;4.8.2&#8243; _module_preset=&#8221;default&#8221; text_font=&#8221;||||||||&#8221; header_font=&#8221;|||on|||||&#8221; custom_padding=&#8221;1px|||||&#8221;]<\/p>\n<h2><strong>\u00a0 Aineisto<\/strong><\/h2>\n<p>[\/et_pb_text][et_pb_audio audio=&#8221;https:\/\/blogi.eoppimispalvelut.fi\/latu\/files\/2021\/06\/Johannes-Perkkio\u0308-RollOutdoors-final.mp3&#8243; title=&#8221;Kuuntele Podcast&#8221; _builder_version=&#8221;4.8.2&#8243; _module_preset=&#8221;default&#8221; title_font=&#8221;|800|||||||&#8221; title_text_align=&#8221;left&#8221; title_text_color=&#8221;#e20d18&#8243; background_enable_color=&#8221;off&#8221; background_layout=&#8221;light&#8221; width=&#8221;90%&#8221; module_alignment=&#8221;center&#8221; min_height=&#8221;182px&#8221; custom_padding=&#8221;||0px|||&#8221;][\/et_pb_audio][et_pb_toggle title=&#8221;Lue podcast&#8221; open_toggle_text_color=&#8221;#e20d18&#8243; open_toggle_background_color=&#8221;RGBA(0,0,0,0)&#8221; closed_toggle_background_color=&#8221;RGBA(0,0,0,0)&#8221; icon_color=&#8221;#e20d18&#8243; use_icon_font_size=&#8221;on&#8221; icon_font_size=&#8221;41px&#8221; _builder_version=&#8221;4.8.2&#8243; _module_preset=&#8221;default&#8221; title_text_color=&#8221;#e20d18&#8243; title_level=&#8221;h3&#8243; title_font=&#8221;|700|||||||&#8221; width=&#8221;90%&#8221; module_alignment=&#8221;center&#8221; border_width_all=&#8221;4px&#8221; border_color_all=&#8221;#26224e&#8221;]Johannes Perkki\u00f6: Ne ihmiskohtaamiset on itseasiassa paljon sit\u00e4 ite py\u00f6r\u00e4ily\u00e4 arvokkaampia, et se on todella iso voimavara ollu t\u00e4ss\u00e4 hommassa.<\/p>\n<p>(tunnusmusiikkia)<\/p>\n<p>Timo Mets\u00e4joki: Moikka! M\u00e4 oon Mets\u00e4joen Timo ja m\u00e4 oon yritt\u00e4jyyden j\u00e4ljill\u00e4. T\u00e4ss\u00e4 podcastissa meik\u00e4l\u00e4inen kohtaa mielenkiintoisia yritt\u00e4ji\u00e4, joiden kanssa sukelletaan pintaa syvemm\u00e4lle. M\u00e4 otan selv\u00e4\u00e4, kuinka heist\u00e4 tuli yritt\u00e4ji\u00e4 ja miten he haluaisivat rohkaista ty\u00f6el\u00e4m\u00e4\u00e4n siirtyvi\u00e4 nuoria (taustalla soi podcast \u2013sarjan tunnusmusiikki)<\/p>\n<p>Timo Mets\u00e4joki: Tuuli tuivertaa korvissa ja vapauden huuma valtaa koko kehon \u2013 aaa, ett\u00e4. T\u00e4ll\u00e4 kertaa nimitt\u00e4in menn\u00e4\u00e4n eteenp\u00e4in niin, ett\u00e4 lumi ja sora sen kun vaan p\u00f6lly\u00e4v\u00e4t. Pois alta siis risut ja m\u00e4nnynk\u00e4vyt, kun studiovieraaksi on py\u00f6r\u00e4ht\u00e4nyt RollOutdoorssin toimitusjohtaja Johannes Perkki\u00f6 Perkki\u00f6. Moikka ja tervetuloa!<\/p>\n<p>Johannes Perkki\u00f6: Moikka ja kiitos kutsusta.<\/p>\n<p>Timo Mets\u00e4joki: Onko se Johannes Perkki\u00f6 niin, ett\u00e4 pakki vaan puuttuu?<\/p>\n<p>Johannes Perkki\u00f6: Kyll\u00e4 se pakkikin l\u00f6ytyy, se vaatii vaan v\u00e4h\u00e4n treenaamista, mutta kyll\u00e4 se likimain noin silti menee.<\/p>\n<p>Timo Mets\u00e4joki: No pakkia tai ei niin menn\u00e4\u00e4n suoraan asiaan. Johannes Perkki\u00f6, mik\u00e4 on RollOutdoors ja miten yritys sai alkunsa?<\/p>\n<p>Johannes Perkki\u00f6: No jos aloitan siit\u00e4, ett\u00e4 miten se sai alkunsa, ihan lyhyt taustatarina. Pikkupoikana, lapsena tuolla ukin kans Inarilla, mulla oli sellainen vahva visio, ett\u00e4 musta tulee isona poromies. Se ei menny ihan l\u00e4pi, mulle annettiin, ett\u00e4 keksi v\u00e4h\u00e4n parempi ammatti, sellainen mist\u00e4 saa rahaa. Seuraava hyv\u00e4 idea oli liikunnanopettaja, is\u00e4 ja \u00e4iti kehotti, ett\u00e4 mieti nyt oikeesti viel\u00e4 kaks kertaa (naurua). Lopulta minusta tuli muotoilija, tein kymmenisen vuotta muotoilun, markkinoinnin ja v\u00e4h\u00e4n kaiken muunki t\u00e4mm\u00f6sen parissa t\u00f6it\u00e4, mut mulla koko ajan kaihersi se, ett\u00e4 m\u00e4 haluaisin itse asiassa palata sinne niinku liikkumisen rakkaitten harrastusten lumilautailun, skeittailun, maastopy\u00f6r\u00e4ilyn pariin ja tossa niin ku sattu vaan tapahtumaan asioita. Avasin ehk\u00e4 suuta, tai itse asiassa se tais olla chatti facebookin messengeriss\u00e4, miss\u00e4 vaan sanoin kahdella sanalla jotakin aiheesta, kaveri sano ett\u00e4 \u201dhei, soita Heikille\u201d. Soitin St\u00f6ckellin Heikille ja se puhelu ei j\u00e4\u00e4nyt yhteen eik\u00e4 kahteen eik\u00e4 viiteen puheluun, sen j\u00e4lkeen vaihdettiin viestej\u00e4 ja puhelin lauloi aika pitk\u00e4\u00e4nkin. Me ruvettiin miettim\u00e4\u00e4n, ett\u00e4 miten me saatais tuo mei\u00e4n hieno Ounasvaara tossa jalostettua parempaan k\u00e4ytt\u00f6\u00f6n eli miten me p\u00e4\u00e4st\u00e4is viem\u00e4\u00e4n ihmisi\u00e4 py\u00f6r\u00e4ilem\u00e4\u00e4n sinne ja n\u00e4ytt\u00e4m\u00e4\u00e4n, miten upee luonto meill\u00e4 on t\u00e4ss\u00e4 ihan kaupungin ytimess\u00e4. RollOutdoors l\u00e4hti liikkeelle hirveest\u00e4 intohimosta py\u00f6r\u00e4ilyyn, oli semmonen voimakas tarve p\u00e4\u00e4st\u00e4 py\u00f6r\u00e4ilem\u00e4\u00e4n huomattavasti enemm\u00e4n ja sitten me todettiin Heikin kans, ett\u00e4 eih\u00e4n siin\u00e4 oo muuta tiet\u00e4 kuin ett\u00e4 meid\u00e4n pit\u00e4\u00e4 alkaa tekem\u00e4\u00e4n sit\u00e4 tosissaan. T\u00e4n\u00e4 p\u00e4iv\u00e4n\u00e4 tosiaan vuokrataan fillareita ja j\u00e4rjestet\u00e4\u00e4n opastettuja eri n\u00e4k\u00f6isi\u00e4 maastopy\u00f6r\u00e4lenkkej\u00e4 sek\u00e4 kotimaisille, ett\u00e4 p\u00e4\u00e4asiassa ne opastetetut lenkit ulkomaisille asiakkaille ja toimitaan Rovaniemen lis\u00e4ksi kolmella muulla paikkakunnalla, Kiilop\u00e4\u00e4ll\u00e4, Helsingiss\u00e4 ja Fiskarsissa tuolla Etel\u00e4-Suomessa. Me ty\u00f6llistet\u00e4\u00e4n ymp\u00e4rivuotisesti semmonen reilu kymmenen henkee.<\/p>\n<p>Timo Mets\u00e4joki: Eli lapsuudesta asti selk\u00e4nahassa tai selk\u00e4rangassa on ollu ajatus siit\u00e4, ett\u00e4 liikunnan parissa min\u00e4 haluan t\u00f6it\u00e4 tehd\u00e4, niin lopulta johti t\u00e4h\u00e4n?<\/p>\n<p>Johannes Perkki\u00f6: No niin siin\u00e4 on k\u00e4yny, ett\u00e4 kaikki ulkona se touhuaminen ja luonnossa liikkuminen ja muu t\u00e4mm\u00f6nen niin kyll\u00e4 se on ollu ihan valtavan t\u00e4rkeet\u00e4 ihan lapsesta asti. Jotenkin tavallaan se viesti, mik\u00e4 on ehk\u00e4 ollu yhteiskunnasta, ett\u00e4 pit\u00e4\u00e4 opiskella kunnon ammatti, ja sitten sit\u00e4 ihminen miettii ett\u00e4 mik\u00e4s se on kunnon ammatti ja sitten yritt\u00e4\u00e4 kaikkee j\u00e4nn\u00e4\u00e4 ja mik\u00e4 kiinnostais ehk\u00e4 v\u00e4h\u00e4sen ja ei sill\u00e4, muotoilu- ja markkinointihommat on ollu ihan valtavan mielenkiintoisia ja siell\u00e4 on oppinut ihan hirveen paljon, mutta tuota, en valita t\u00e4st\u00e4k\u00e4\u00e4n hetkest\u00e4.<\/p>\n<p>Timo Mets\u00e4joki: Teill\u00e4h\u00e4n on tilanne nyt ylip\u00e4\u00e4t\u00e4\u00e4n se, ett\u00e4 liikuntamatkailu on ollu jo hyvin tovin nouseva trendi.<\/p>\n<p>Johannes Perkki\u00f6: Kyll\u00e4.<\/p>\n<p>Timo Mets\u00e4joki: Niin mik\u00e4 ihmisi\u00e4 sit vet\u00e4\u00e4 liikuntamatkailuun ja miksi juuri py\u00f6r\u00e4ily on nyt todella suosittua?<\/p>\n<p>Johannes Perkki\u00f6: Tuo on tosi iso ja vaikea vastata, ett\u00e4 miks se py\u00f6r\u00e4ily ja miks liikuntamatkailu oikeesti on niinku niin isoa, mutta yks mihin se liittyy, on ymp\u00e4rist\u00f6arvoihin, ihmiset ymm\u00e4rt\u00e4\u00e4 ja ajattelee luontoa paljon enemm\u00e4n ja se kasvattaa tarvetta my\u00f6s luontoyhteyteen. Samaan aikaan my\u00f6s se oma hyvinvointi \u2013teema on ollut tosi voimakkaassa kasvussa, sit\u00e4 kautta se tulee varmasti. Miks se py\u00f6r\u00e4ily nyt on tullu niin siihen ei voi sanoo my\u00f6sk\u00e4\u00e4n niinku kauheen lyhyesti, mutta se liittyy mun mielest\u00e4 siihen, ett\u00e4 fillari on mielett\u00f6m\u00e4n hyv\u00e4 harrastev\u00e4line silleen et se toimii my\u00f6s liikkumisv\u00e4lineen\u00e4. Siit\u00e4 on oikeesti hy\u00f6ty\u00e4. Se on oikeesti liikkumisv\u00e4line, s\u00e4 p\u00e4\u00e4set sill\u00e4 paikasta A paikkaan B ja s\u00e4 pystyt harrastamaan sen liikkumisajan. Ainakin mulle se kiteytyy siihen tosi paljon, ett\u00e4 m\u00e4 avaan oven, hypp\u00e4\u00e4n fillarin selk\u00e4\u00e4n, p\u00e4\u00e4sen sinne vapauteen mit\u00e4 se polkupy\u00f6r\u00e4 antaa ja se kuulostaa silt\u00e4, ett\u00e4 aika monelle se on se sama juttu.<\/p>\n<p>Timo Mets\u00e4joki: No miten tarkkaan te ootte miettiny tai valinnu sen, et kenelle juuri te tuotatte palvelua, eli kuinka tarkaan te ootte miettiny sen teid\u00e4n oman asiakassegmenttinne, ett\u00e4 juuri n\u00e4ille me tehd\u00e4\u00e4n?<\/p>\n<p>Johannes Perkki\u00f6: Kyll\u00e4 me aika tarkkaan sit\u00e4 alkuun mietittiin, ehk\u00e4 me mietittiin jopa varmaan liian tarkkaan. Me l\u00e4hdettiin m\u00e4\u00e4rittelem\u00e4\u00e4n tosi tiukasti, ett\u00e4 t\u00e4n ja t\u00e4n tyyppiset Rovaniemelle tulevat ulkomaiset matkailijat, jotka harrastaa kotipuolessa maastopy\u00f6r\u00e4ily\u00e4 tai ja niinku ik\u00e4\u00e4 ja muuta. Se oli hyv\u00e4\u00e4 ty\u00f6t\u00e4, mutta sitten loppujen lopuksi me todettiin aika nopeesti ett\u00e4 se on paljon laajempi se meid\u00e4n asiakasryhm\u00e4 kuin me ajateltiin. Meill\u00e4 oli sellaisia asiakkaita, jotka nippanappa osas edes fillaroida, et ne ei meinannu pysy\u00e4 py\u00f6r\u00e4n sel\u00e4ss\u00e4, joitain aasialaisia, joitten kans meill\u00e4 oli silti niinku tosi hauskaa tekemist\u00e4. Ei me p\u00e4\u00e4sty siihen tavotteeseen, mik\u00e4 meill\u00e4 itell\u00e4 oli, mut p\u00e4\u00e4stiin siihen tavoitteeseen, ett\u00e4 se asiakas sai aivan valtavan hienon el\u00e4myksen, kun py\u00f6r\u00e4ili talven keskell\u00e4 ulkona. Se oli oikeestaan tosi iso oivallus ett\u00e4 me ehk\u00e4 m\u00e4\u00e4riteltiin liikaa itsemme kautta sit\u00e4, eik\u00e4 sitten sen asiakkaan kautta, et mit\u00e4 se asiakas ihan oikeasti tulee hakemaan t\u00e4\u00e4lt\u00e4 n\u00e4in. Ja se oli se el\u00e4mys, mit\u00e4 me ei tajuttu ihan niinku kunnolla ett\u00e4 me haluttiin tarjota maastopy\u00f6r\u00e4ilyel\u00e4myst\u00e4, mutta meid\u00e4n asiakkaat saikin jotain pikkusen muuta.<\/p>\n<p>Timo Mets\u00e4joki: No mut tavallaan tuohan on hyv\u00e4 asia, te ootte vastanneet siihen, mit\u00e4 asiakas haluu?<\/p>\n<p>Johannes Perkki\u00f6: Joo kyll\u00e4, kyll\u00e4, niin siin\u00e4 sitten p\u00e4\u00e4si k\u00e4ym\u00e4\u00e4n (naurahdus)<\/p>\n<p>(tunnusmusiikkia)<\/p>\n<p>Timo Mets\u00e4joki: Nyt kun me puhutaan hyvinvointi- ja liikuntamatkailusta, niin ehditk\u00f6 s\u00e4 itse pit\u00e4m\u00e4\u00e4n itsest\u00e4s huolta ja miten kenen tahansa meist\u00e4 pit\u00e4s vaan pit\u00e4\u00e4 itsest\u00e4\u00e4n huolta, mit\u00e4\u00e4n vinkkej\u00e4 tai tipsej\u00e4?<\/p>\n<p>Johannes Perkki\u00f6: No mulla on ollu t\u00e4ss\u00e4 semmonen hyv\u00e4 koelaboratorio itell\u00e4 ett\u00e4 m\u00e4 oikeestaan burn outin partaalta l\u00e4hin ite yritt\u00e4j\u00e4ksi ja siin\u00e4 oli muutenkin pikkusen alkuhaasteita, niinku Rovaniemelle muutto ja muitten haasteiden kanssa ja tuota, siit\u00e4 huolimatta paiskin oikeesti pitk\u00e4\u00e4 p\u00e4iv\u00e4\u00e4 ja se on v\u00e4lill\u00e4 p\u00e4\u00e4ssy unohtumaan se itsest\u00e4 huolehtiminen, et on yritt\u00e4nyt huolehtia kaikesta muusta, mutta unohtunut se oma napa. Ja kyll\u00e4 se jossakin vaiheessa, oikeestaan aika nopeesti alkaa niinku kostamaan et oikeesti niinku el\u00e4m\u00e4 alkaa maistuun tosi huonolta ja kurjalta, jos ei oikeesti pid\u00e4 huolta. Kyll\u00e4 se niinku s\u00e4\u00e4nn\u00f6llinen, m\u00e4 oon yritt\u00e4ny pit\u00e4\u00e4 sellasta kalenteria itelle et m\u00e4 oon laittanu ihan etuk\u00e4teen jo kalenteriin sit\u00e4 aikaa ett\u00e4, tossa m\u00e4 meen urheileen ja ei se aina pid\u00e4, mutta se kuitenkin muistuttaa ja sitten m\u00e4 meen jonakin toisena hetken\u00e4. Kyll\u00e4 se jaksamiseen vaikuttaa, liikkuminen, lepo ja ravinto niin ei niist\u00e4 turhaan puhuta. Kyll\u00e4 sen heti n\u00e4kee, jos ev\u00e4stys menee pieleen, et unohtaa sen sy\u00f6misen kaiken innon keskell\u00e4 niin se on ihan samalla lailla kuin lepokin, kyll\u00e4 jos ne puuttuu, niin kyll\u00e4 miehest\u00e4 alkaa sitten vauhti loppumaan ihan totaalisesti. Kyll\u00e4 se tasapainoilua on.<\/p>\n<p>Timo Mets\u00e4joki: Mitk\u00e4 s\u00e4 n\u00e4et mitk\u00e4 on yritt\u00e4j\u00e4n\u00e4 just sun vahvuudet tai ett\u00e4 miksi s\u00e4 olet hyv\u00e4 yritt\u00e4j\u00e4?<\/p>\n<p>Johannes Perkki\u00f6: T\u00e4\u00e4 on vaikee mulle. Mulla on itell\u00e4 tuotekehitys tausta miss\u00e4 m\u00e4 oon tehny aika paljon niinku my\u00f6s ollu mukana jollakin lailla yrityksi\u00e4 kehitt\u00e4m\u00e4ss\u00e4 ja yrityskulttuuria kehitt\u00e4m\u00e4ss\u00e4. Aikaisempi ty\u00f6historia on ollut semmonen, ett\u00e4 m\u00e4 oon n\u00e4hnyt aika monenlaista yrityskulttuuria, niinku ihan kaivosty\u00f6ntekij\u00e4st\u00e4 rakennuksille ja sitten tuota, ns. hienompiin hommiin. Ja se tausta on ollu yks varmaan mink\u00e4 m\u00e4 koen. M\u00e4 oon lapsesta asti oppinu tekem\u00e4\u00e4n t\u00f6it\u00e4, sitten mulla on tosi monenn\u00e4k\u00f6ist\u00e4 ty\u00f6kokemusta ja kun ne kaikki laittaa yhteen, niin m\u00e4 luulen, ett\u00e4 ne ja se intohimo t\u00e4h\u00e4n tekemiseen on varmaan se avain siin\u00e4, ett\u00e4 mik\u00e4 on tehny mun yritt\u00e4misest\u00e4 sen yritt\u00e4misen arvoista.<\/p>\n<p>(tunnusmusiikkia)<\/p>\n<p>Timo Mets\u00e4joki: Miten te pid\u00e4tte huolta siit\u00e4, ett\u00e4 teid\u00e4n toimintanne on mm. t\u00e4\u00e4ll\u00e4 arktisella kest\u00e4v\u00e4\u00e4 eik\u00e4 se kuormita luontoa?<\/p>\n<p>Johannes Perkki\u00f6: T\u00e4\u00e4 on sellanen asia, mit\u00e4 me keskustellaan t\u00e4n\u00e4 p\u00e4iv\u00e4n\u00e4 ihan valtavasti. Justiinsa t\u00e4n p\u00e4iv\u00e4n puheenaihe oli biohajoavat pesuaineet, ett\u00e4 py\u00f6r\u00e4t vaatii pesua paljon ja siell\u00e4 et niinku mit\u00e4 aineita siell\u00e4 k\u00e4ytet\u00e4\u00e4n ja muuta ja tuli tuossa uusia pesuaineita ja heti ensimm\u00e4inen kysyj\u00e4 oli ett\u00e4 \u201donhan n\u00e4\u00e4 biohajoavia\u201d, et on n\u00e4m\u00e4 ja totta kai t\u00e4m\u00e4n tyyppiset asiat liittyy siihen, mutta kyll\u00e4 se isoin kysymys on siin\u00e4, ett\u00e4 kun me py\u00f6r\u00e4ill\u00e4\u00e4n, liikutaan maastossa ja pyrit\u00e4\u00e4n lis\u00e4\u00e4m\u00e4\u00e4n sit\u00e4 liikennett\u00e4, totta kai meid\u00e4n tavoite on ett\u00e4 me saadaan enemm\u00e4n ja enemm\u00e4n ihmisi\u00e4 innostumaan siit\u00e4 maastossa liikkumisesta oli se py\u00f6r\u00e4 tai mik\u00e4 tahansa v\u00e4line, mutta se luonnon l\u00f6yt\u00e4minen on yks iso missio niin siihen liittyy aika paljon tommonen niinku reitist\u00f6n ja reitill\u00e4 liikkumisen kulttuuri, se etiketti ett\u00e4 miten maastossa liikutaan ja miten sit\u00e4 luontoa k\u00e4ytet\u00e4\u00e4n, miten sit\u00e4 roskataan tai ei roskata ja kaikki t\u00e4mm\u00f6nen n\u00e4in. Sit\u00e4 ty\u00f6t\u00e4h\u00e4n me tehd\u00e4\u00e4n koko ajan ja ollaan t\u00e4ll\u00e4kin hetkell\u00e4 reittisuunnittelu \u2013asioissa tosi paljon mukana. Et pyrit\u00e4\u00e4n rakentamaan sit\u00e4 reitist\u00f6\u00e4 meid\u00e4n ymp\u00e4rille ja ohjaamaan ihmisi\u00e4 k\u00e4ytt\u00e4m\u00e4\u00e4n tiettyj\u00e4 reittej\u00e4 et se ei se valtava k\u00e4ytt\u00e4j\u00e4m\u00e4\u00e4r\u00e4 ei hajoa tonne ymp\u00e4ri metsi\u00e4. Tuo on varmasti se meid\u00e4n isoin semmonen, ett\u00e4 me ei tuota meid\u00e4n herkk\u00e4\u00e4 luontoa kulutettais ja oltais sit\u00e4 ruokkimassa sit\u00e4 kuluttavaa luonnon k\u00e4ytt\u00f6\u00e4. Se on semmonen asia, mist\u00e4 m\u00e4 oon ite ollu eniten huolissaan ja jonka eteen me koko ajan ihan valtavasti t\u00f6it\u00e4.<\/p>\n<p>(tunnusmusiikkia, opiskelijan kysymys)<\/p>\n<p>Opiskelija: Ulkomaalaisten matkailijoiden odotukset voivat olla kirjavat, onko heille kierrosten kohokohdat matka, p\u00e4\u00e4m\u00e4\u00e4r\u00e4 vai tunne-el\u00e4mys. Mihin n\u00e4ist\u00e4 olette panostaneet?<\/p>\n<p>Johannes Perkki\u00f6: Kyll\u00e4 me ollaan panostettu noihin kaikkiin. Jos m\u00e4 n\u00e4en matkana, sen itse py\u00f6r\u00e4ilyn niin se on t\u00e4rke\u00e4ss\u00e4 roolissa, mutta ihan valtavan t\u00e4rkeen\u00e4 on se, ett\u00e4 aika monen asiakkaan kanssa tavoitellaan sit\u00e4, ett\u00e4 p\u00e4\u00e4st\u00e4\u00e4n Tottorakalle. Se kuulostaa, ett\u00e4 se on tossa ihan vieress\u00e4, mutta se talviolosuhteissa on v\u00e4hemm\u00e4n py\u00f6r\u00e4illeelle itse asiassa aika kova saavutus, ett\u00e4 p\u00e4\u00e4see py\u00f6r\u00e4ll\u00e4 sinne Tottorakalle. Sitten kun sinne p\u00e4\u00e4see niin ne maisemat, jotka sielt\u00e4 avautuu, niin ne on aika monelle paikalliselle ja itellekin oli jossain vaiheessa ett\u00e4 tajus yht\u00e4kki\u00e4 ett\u00e4 ei vitsi t\u00e4\u00e4 on parhaimmillaan jotain ihan mielett\u00f6m\u00e4n hienoa, oot siell\u00e4 auringonnousun tai laskun aikaan tai muuta niin se on todella hienoa ja tavallaan se palkinto siell\u00e4 reissun p\u00e4\u00e4tteen\u00e4. Ja kyll\u00e4 siihen sis\u00e4ltyy tosi paljon sitten, et me tehd\u00e4\u00e4n pienryhmille sit\u00e4 hommaa ja se on tosi henkil\u00f6kohtaista, se on niin kuin kaverisuhde vaikka se ei ois kauheen pitk\u00e4kestoinen, sit\u00e4 tehd\u00e4\u00e4n yhdess\u00e4 ja siin\u00e4 autetaan toinen toisiamme, se semmonen inhimillinen ihmisten kanssa tekeminen on siell\u00e4 niinku tosi isossa roolissa. Mit\u00e4 me ei aluksi edes tajuttu, mutta se sattu vaan olemaan ett\u00e4 meill\u00e4 luonteet ja se tilanne meni siihen ett\u00e4 tajuttiin ett\u00e4 ei vitsi t\u00e4\u00e4 on yks isoimpia juttuja, ett\u00e4 me tehd\u00e4\u00e4n tosi pienell\u00e4 porukalla, ne on tosi hienoja kohtaamisia, ne on meille hienoja asiakaskohtaamisia ja me n\u00e4hd\u00e4\u00e4n ihmisi\u00e4 ymp\u00e4ri maapalloa erilaisista kolkista ja ett\u00e4 se on my\u00f6s niille tosi huippua ett\u00e4 hei n\u00e4\u00e4 paikalliset j\u00e4b\u00e4t t\u00e4\u00e4ll\u00e4 vie meid\u00e4t, et meit\u00e4 oli vaan kolme ihmist\u00e4 siell\u00e4 tai viis tai jotakin ja sitten me k\u00e4ytiin niitten kanssa ajamassa tuolla nuin et, ne on niinku tosi isoja juttuja.<\/p>\n<p>Timo Mets\u00e4joki: Mik\u00e4 yritt\u00e4jyydess\u00e4 on Johannes Perkki\u00f6 sun mielest\u00e4 parasta ja vastaavasti, mik\u00e4 on haastavinta?<\/p>\n<p>Johannes Perkki\u00f6: Mulle haastavinta on aivan ehdottomasti se kurinalainen asioiden organisoiminen, talouden ja hallinnon yll\u00e4pit\u00e4minen. M\u00e4 oon v\u00e4h\u00e4n t\u00e4mm\u00f6nen taiteilijasielu ja se on ollu tosi iso haaste mulle. Totta kai kirjanpit\u00e4j\u00e4n palkkaaminen on ollu ihan pakollinen, mut mit\u00e4 m\u00e4 ootan niin sit\u00e4 p\u00e4iv\u00e4\u00e4 ett\u00e4 saan tosta hallinnollisesta vastuusta antaa taloushallinnon jollekin muulle, kaiken sen vastuun siit\u00e4 (naurahtaa) ja sen py\u00f6ritt\u00e4misen varsinkin. Ylivoimaisesti siistein juttu on mulle ainakin alusta asti ollu se, ett\u00e4 saan tietenki teh\u00e4 sen alan parissa, sen intohimon parissa, mutta se itse asiassa oli aika yll\u00e4tt\u00e4v\u00e4\u00e4 itellekin ett\u00e4 saa tehd\u00e4, a) m\u00e4 oon saanu ite olla valitsemassa t\u00e4t\u00e4 joukkoo, kenen kanssa me tehd\u00e4\u00e4n, vaikka m\u00e4 en oo kaikkia ottanut ite t\u00f6ihin, mutta saanu olla rakentamassa sit\u00e4 joukkuetta, ihan oikeita tyyppej\u00e4 ymp\u00e4rill\u00e4 ja ihan mielett\u00f6m\u00e4n hienoja asiakkaita, et ne ihmiset joiden kanssa me tehd\u00e4\u00e4n mukavaa asiaa tuolla nuin ulkona, ne ihmiskohtaamiset on itse asiassa paljon sit\u00e4 ite py\u00f6r\u00e4ily\u00e4 arvokkaampia. Se on todella iso voimavara ollut t\u00e4ss\u00e4 hommassa.<\/p>\n<p>Timo Mets\u00e4joki: Mit\u00e4 terveisi\u00e4 s\u00e4 haluaisit l\u00e4hett\u00e4\u00e4 nuorille, jotka on valmistautumassa ty\u00f6el\u00e4m\u00e4\u00e4n tai siirtym\u00e4ss\u00e4 muihin jatko-opintoihin.<\/p>\n<p>Johannes Perkki\u00f6: No semmosia terveisi\u00e4 varmaan, ett\u00e4 ehk\u00e4 ite tajus asian vasta aikuisi\u00e4ll\u00e4, m\u00e4 luulin, ett\u00e4 mun pit\u00e4\u00e4 ensin kasvaa aikuiseksi ja menn\u00e4 oikeisiin t\u00f6ihin ja tavallaan kuuntelin ja kuvittelin ulkopuolelta ett\u00e4 mit\u00e4 ne oikeat ty\u00f6t on. M\u00e4 en tajunnu, ett\u00e4 m\u00e4 voin tehd\u00e4 sen oman oikean duunin itse itselleni ja tehd\u00e4 just sit\u00e4, mit\u00e4 kaikista eniten itse haluan ja menn\u00e4 oikeesti sen per\u00e4ss\u00e4 et ihan sama, mit\u00e4 muut sanoo, ett\u00e4 kannattaa opiskella l\u00e4\u00e4k\u00e4riksi tai poliisiksi tai mit\u00e4 se ikin\u00e4 on, niin jos sulla on joku asia, joka kiinnostaa niin tee sit\u00e4 vaikka se tuntuis ett\u00e4 se ei oo kovin j\u00e4rkev\u00e4\u00e4, mutta jos se oikeasti kiinnostaa. Jos se on skeittaus tai jos se on pitsinnypl\u00e4ys tai ihan mit\u00e4 vaan, niin tee sit\u00e4, panosta siihen ihan sikana. Se antaa voimavaroja ihan kaikki tommonen mit\u00e4 s\u00e4 teet intohimolla niin se opettaa paljon, sielt\u00e4 saa isoja kokemuksia, jotka vie eteenp\u00e4in, et ei sen tarvi olla tulevaisuuden ammatti mit\u00e4 s\u00e4 teet ja mihin s\u00e4 panostat. Mutta kun s\u00e4 ved\u00e4t oikeesti meet syv\u00e4\u00e4n p\u00e4\u00e4tyyn niitten juttujen kans, niin sielt\u00e4 oppii paljon.<\/p>\n<p>Timo Mets\u00e4joki: Kiitos Johannes Perkki\u00f6, ett\u00e4 p\u00e4\u00e4sit vieraaksi Yritt\u00e4jyyden j\u00e4ljill\u00e4 \u2013podcastiin.<\/p>\n<p>Johannes Perkki\u00f6: Kiitos oli mukava k\u00e4yd\u00e4 t\u00e4\u00e4ll\u00e4.<br \/>\n[\/et_pb_toggle][\/et_pb_column][\/et_pb_row][et_pb_row admin_label=&#8221;Teht\u00e4v\u00e4 ja aineisto&#8221; _builder_version=&#8221;4.8.2&#8243; _module_preset=&#8221;default&#8221; custom_margin=&#8221;23px|auto||auto||&#8221; border_width_all=&#8221;15px&#8221; border_color_all=&#8221;#e20d18&#8243;][et_pb_column type=&#8221;4_4&#8243; _builder_version=&#8221;4.8.2&#8243; _module_preset=&#8221;default&#8221;][et_pb_text admin_label=&#8221;Aineisto&#8221; _builder_version=&#8221;4.8.2&#8243; _module_preset=&#8221;default&#8221; text_font=&#8221;||||||||&#8221; header_font=&#8221;|||on|||||&#8221;]<\/p>\n<h2><strong>\u00a0 Teht\u00e4v\u00e4t<\/strong><\/h2>\n<p>[\/et_pb_text][et_pb_text admin_label=&#8221;Teht\u00e4v\u00e4&#8221; _builder_version=&#8221;4.8.2&#8243; _module_preset=&#8221;default&#8221; width=&#8221;98.1%&#8221; custom_padding=&#8221;|||13px||&#8221;]<\/p>\n<p>Oppimisteht\u00e4v\u00e4t<\/p>\n<p>1) Miksi py\u00f6r\u00e4ll\u00e4 tapahtuvat matkailupalvelut ovat nyt suosiossa?<br \/>2) Kenelle Roll Outdoors tuottaa palveluita? Ketk\u00e4 kaikki ovat kohderyhm\u00e4n\u00e4?<br \/>3) Millaisia erilaisia el\u00e4myksi\u00e4 py\u00f6r\u00e4ily luonnossa voi tuottaa?<br \/>4) Miten luontomatkailun br\u00e4ndi\u00e4 voidaan edelleen kehitt\u00e4\u00e4?<br \/>5) Mik\u00e4 on yritt\u00e4jyyden anti Johannes Perkki\u00f6lle?<\/p>\n<p>[\/et_pb_text][\/et_pb_column][\/et_pb_row][\/et_pb_section][et_pb_section fb_built=&#8221;1&#8243; admin_label=&#8221;Valentijn Beets&#8221; module_id=&#8221;valentijn&#8221; _builder_version=&#8221;4.8.2&#8243; _module_preset=&#8221;default&#8221; background_color=&#8221;rgba(0,0,0,0.02)&#8221; border_width_all=&#8221;0px&#8221; border_color_all=&#8221;#26224E&#8221; box_shadow_style=&#8221;preset1&#8243;][et_pb_row admin_label=&#8221;Row esimerkki henkil\u00f6kuvauksesta&#8221; _builder_version=&#8221;4.8.2&#8243; _module_preset=&#8221;default&#8221;][et_pb_column type=&#8221;4_4&#8243; _builder_version=&#8221;4.8.2&#8243; _module_preset=&#8221;default&#8221;][et_pb_team_member name=&#8221;Valentijn Beets&#8221; position=&#8221;Bearhill Husky entrepreneur and CEO&#8221; image_url=&#8221;https:\/\/blogi.eoppimispalvelut.fi\/latu\/files\/2021\/07\/Valentijn-kuvakaappaus.jpg&#8221; facebook_url=&#8221;https:\/\/www.facebook.com\/Bearhillhusky&#8221; icon_color=&#8221;#e20d18&#8243; admin_label=&#8221;Person Valentijn Beets&#8221; _builder_version=&#8221;4.8.2&#8243; _module_preset=&#8221;default&#8221; header_font=&#8221;|800|||||||&#8221; header_text_color=&#8221;#26224E&#8221; position_text_color=&#8221;#26224E&#8221; custom_margin=&#8221;||||false|false&#8221;]<\/p>\n<p><strong><\/strong><\/p>\n<p><strong>Educational background:<\/strong><br \/>Highschool, Wilderness guide program (er\u00e4opaskurssi), worked for several companies as a subcontractor or a contracted employee before starting Bearhill Husky.<\/p>\n<p><strong>Who:<\/strong><br \/>An entrepreneur with a severe dedication to enhance animal welfare,\u00a0 sustainability and responsibility.\u00a0Valentijn grew up in South Africa, came to Finland to take a wilderness guide course, enjoyed northern nature, met his wife and ended up fulfilling his dream in Rovaniemi.\u00a0Together with his wife Veronika, Valentijn runs a kennel that is a home for\u00a065 amazing huskies.<\/p>\n<p><strong>Topics:<\/strong><\/p>\n<p>Ethical and environmental competence, Sustainability and responsibility, Animal welfare, Huskies<\/p>\n<p>Kuva: Valentijn Beets<\/p>\n<p><a href=\"https:\/\/bearhillhusky.com\/fi\/\">&gt; Open Bearhill Husky homepage<\/a><\/p>\n<p>[\/et_pb_team_member][\/et_pb_column][\/et_pb_row][et_pb_row admin_label=&#8221;Row Esimerkki audioraidasta&#8221; _builder_version=&#8221;4.8.2&#8243; _module_preset=&#8221;default&#8221; positioning=&#8221;none&#8221; custom_padding=&#8221;30px|||||&#8221; border_width_all=&#8221;15px&#8221; border_color_all=&#8221;#26224E&#8221;][et_pb_column type=&#8221;4_4&#8243; _builder_version=&#8221;4.8.2&#8243; _module_preset=&#8221;default&#8221;][et_pb_text _builder_version=&#8221;4.8.2&#8243; _module_preset=&#8221;default&#8221; text_font=&#8221;||||||||&#8221; header_font=&#8221;|||on|||||&#8221; custom_padding=&#8221;1px|||||&#8221;]<\/p>\n<h2><strong>\u00a0 Aineisto<\/strong><\/h2>\n<p>[\/et_pb_text][et_pb_audio audio=&#8221;https:\/\/blogi.eoppimispalvelut.fi\/latu\/files\/2021\/07\/Valentjin-Beets-Bearhill-Husky.mp3&#8243; title=&#8221;Kuuntele Podcast&#8221; _builder_version=&#8221;4.8.2&#8243; _module_preset=&#8221;default&#8221; title_font=&#8221;|800|||||||&#8221; title_text_align=&#8221;left&#8221; title_text_color=&#8221;#e20d18&#8243; background_enable_color=&#8221;off&#8221; background_layout=&#8221;light&#8221; width=&#8221;90%&#8221; module_alignment=&#8221;center&#8221; min_height=&#8221;182px&#8221; custom_padding=&#8221;||0px|||&#8221;][\/et_pb_audio][et_pb_toggle title=&#8221;Lue podcast&#8221; open_toggle_text_color=&#8221;#e20d18&#8243; open_toggle_background_color=&#8221;RGBA(0,0,0,0)&#8221; closed_toggle_background_color=&#8221;RGBA(0,0,0,0)&#8221; icon_color=&#8221;#e20d18&#8243; use_icon_font_size=&#8221;on&#8221; icon_font_size=&#8221;41px&#8221; _builder_version=&#8221;4.8.2&#8243; _module_preset=&#8221;default&#8221; title_text_color=&#8221;#e20d18&#8243; title_level=&#8221;h3&#8243; title_font=&#8221;|700|||||||&#8221; width=&#8221;90%&#8221; module_alignment=&#8221;center&#8221; border_width_all=&#8221;4px&#8221; border_color_all=&#8221;#26224e&#8221;]Haastateltava: Valentijn Beets<\/p>\n<p>Toimittaja: Timo Mets\u00e4joki<\/p>\n<p>Tuotanto: Timo Mets\u00e4joki, Katri Kykyri (LaTu \u2013hanke)<\/p>\n<p>Valentijn Beets: But at the same time they have this hard core dedication to get the job done, to just run and run and run and run some more and you wouldn\u2019t think that this small, scrawny kind of animal would be able to do these amazing things but they just do it over and over and over again and they make it look easy.<\/p>\n<p>Timo Mets\u00e4joki: Hi! My name is Timo Mets\u00e4joki, and you are listening to the footsteps of an entrepreneur. In this podcast I meet interesting entrepreneurs as they share their stories. I\u2019m going to find out, how they became entrepreneurs in the first place and what they would like to say to encourage young people in transition from school to work.<\/p>\n<p>Timo Mets\u00e4joki: Todays guest has a wide perspective when it comes to huskies and ecological tourism. Responsibility for nature and sustainability is a matter of heart to this company. So welcome to the studio Valentijn Beets from Bearhill Husky!<\/p>\n<p>Valentijn Beets: Thank you for having me!<\/p>\n<p>Timo Mets\u00e4joki: I suppose you didn\u2019t come here with any dogs?<\/p>\n<p>Valentijn Beets: No, it\u2019s too warm for that at the moment, so I just drove here.<\/p>\n<p>Timo Mets\u00e4joki: What is Bearhill Husky and when it was founded?<\/p>\n<p>Valentijn Beets: Bearhill Husky is a sled dog kennel that I founded in 2003 together with my wife Veronika and we started it way back in a place called Lieksa, which is in south-east Finland. If you thought Lapland was far away, go to Lieksa, you will find out how far it really is. So we started together there, living on a little farm in the middle of nowhere with small bunch of dogs and we decided to offer our guests a real experience, a very small, intimate experience. We usually took only about four customers, went out for a five day -tour, travelled around, these people lived with us in our house, experienced this kind of thing. This was really nice, it was a really nice way to earn some money but it wasn\u2019t a nice way of earning a living, because we were not getting enough money to make living out of it and eventually when my daughter was born and living in the middle of nowhere and facilities and schools, these kind of things we decided or we got an opportunity to come to Rovaniemi, to work here. At first it was seasonal work we would be here a month in December, then it got slightly longer and longer \u2018til we were here for the whole season and then we moved up here with the family, because it suited us better, for our family situation. The business changed from making very long, intimate and original tours to something which is a bit more suitable in Rovaniemi, which is of course a bit more masstourism with shorter tours, bigger group numbers, mainly day trips, no overnight tours anymore, this kind of thing.<\/p>\n<p>Timo Mets\u00e4joki: I\u2019m eager to ask how did you become an entrepreneur and how did you end up in Finland in the first place? What brought you here, since you weren\u2019t born here?<\/p>\n<p>Valentijn Beets: I came to do a \u201cer\u00e4opaskurssi\u201d (wilderness guide program) in Kurun Mets\u00e4oppilaitos. I finished high school but I never, started on some university stuff or whatever but never finished that because I got distracted by this \u201cer\u00e4opaskurssi\u201d and came up to Finland, enjoyed it, decided to specialize in dogs, met my wife and kinf of started to work for some other kennels and eventually, pretty soon, figured out that I want to do my own thing I want to do it my own way. I\u2019m not a very good employee because I will tell my boss pretty soon how to do his job even if he does actually know what he\u2019s doing, I still try to tell him what to do. This is not really appreciated very often. Eventually we decided together with my wife I said \u201cHey let\u2019s do this crazy thing let\u2019s go living in a forest and do something original and live an interesting life. And I didn\u2019t want to do a nine to five \u2013job, little did I know that I would enp up doing a five to nine \u2013job for a while because that\u2019s what\u2019s being an \u201cyritt\u00e4j\u00e4\u201d (entrepreneur) is, five to nine. So we ended up in Lieksa doing it that way. It was just a way to live our own life and to stand on our own two feet and not work for the man. That was also, I didn\u2019t want to do nine to five and I didn\u2019t want to work for the man. I don\u2019t like working for a boss so this was an interesting way of doing it. In the meantime, we got good at it, enjoyed doing it so if you find something you are good at and you enjoy doing, best to stick with it.<\/p>\n<p>(theme music)<\/p>\n<p>Timo Mets\u00e4joki: Let\u2019s open up the important topic, sustainability and responsibility, what do these words mean to you and Bearhill Husky?<\/p>\n<p>Valentijn Beets: Sustainability and responsibility, now sustainability means that we are trying to run a business which is in it for the long term on many levels, it\u2019s not just we want to be financially sustainable, but we want to create something which is permanent, which stays. And to be able to that, you need to think on many levels it has to be of course environmentally sustainable. We can\u2019t just keep on doing what we\u2019re doing without at least thinking about it. When we started out with our business, we worked for quite many different companies either as a subcontractor or as a contracted employee and we did so many jobs which we were not actually comfortable doing. Very often we felt exploited by some of the companies we were working for. We decided that if we would ever do our own business we would not do that. So we wanted to be better than what we had been treated before. So for us that\u2019s part on the responsibility. We want to be a place that builds up long term relationships with our employees, with our subcontractors and the other businesses in the area. Of course we are always going to have some kind of impact on our environment, but we want to make sure that it will be as little as possible and maybe in the future we can even compensate for some of the damage we do, but means that at first we need to be aware of the damage that we do before we can compensate. So, for it\u2019s a way of running our business it\u2019s woven into the DNA of our sled. It\u2019s a funny way to explain it because we are also a dog kennel. We are also a place where our dogs live, work and in some cases die. So this is also a form of, we have a community a little \u201cecosystem\u201d of dogs that has to be sustainable as well. So we are also responsible for our dogs\u2019 life and our dogs\u2019 welfare.\u00a0 So that means, to do that we need to have money to feed them, to pay for them, we need to have good employees, who are in it for the long term, who build up relationships with these dogs, who want to stay and work with them and develop these dogs as well. We need to have a steady supply of guests coming to us, because otherwise we can\u2019t afford what we want to give our dogs. So, for us the sustainability it really is a way of thinking about it, it\u2019s not something temporary that we just do, but we are creating something which is in the long term. Bearhill Husky is an OY (Ltd), which is a financial, you know legal construction, but that OY (Ltd) is also the financial and legal home of our dogs, that\u2019s where they live. So, the survival of this OY (Ltd) ans it\u2019s sustainability directly is related to how well our dogs will live. So it all goes together the welfare of the dogs is a part of the responsibility, is a part of sustainability if you wish. And we sometimes run into challenges with specifically sometimes finnish cultural challenges that we have, one of the things is that for a while we have owned some forest where we run our dog teams and where we have our kennel, a \u201cmets\u00e4palsta\u201d (a wood lot) and we would actually like to use the forest on that to compensate the carbon emissions that we create as a business. But if we go to Mets\u00e4keskus* (*state authority responsible for promoting forestry and good care of nation&#8217;s forest resources) and we ask them how can we do this literally they don\u2019t really know how to answer it because the finnish forest consultant services are all geared towards cutting and producing, they\u2019re not \u2013 you know yet there \u2013 how do we not cut the trees, anything you are there to say they\u2019re gonna come back to that you have to cut it. So this is where our idea of sustainability clashes a little bit with what is current in Finland at the moment. And I believe that at the moment this whole forestry certification and things is a bit of a hot topic as well. So we are trying to go forward on this, for us, so it\u2019s really a part of how we run our business, it\u2019s all interconnected.<\/p>\n<p>(theme music)<\/p>\n<p>Timo Mets\u00e4joki: What it is like to work with huskies, what kind of dogs they are. And does their howling still impress you?<\/p>\n<p>Valentijn Beets: Howling huskies, it\u2019s still impressive to me, although it can also be very \u201c\u00e4rsytt\u00e4v\u00e4\u00e4\u201d (irritating) if it\u2019s for the wrong reason. It\u2019s an indication on what the dogs are feeling like, you know they can be howling out of boredom, they can be howling out of team spirit, they can be howling because the females are on heat and the boys just want to have fun. So there\u2019s many different ways of howling. A good kennel is a quiet, calm kennel that howls occasionally for team spirit. If it goes any other way it can be a bit irritating, but it\u2019s a good way of finding out how your dogs are feeling. And of course if you\u2019re a neighbor howling huskies can be a bit of an irritation. But then again, I live in Vennivaara, I don\u2019t actually live in the kennel at the moment I live in Vennivaara, and there\u2019s a bunch of barking dogs in Vennivaara, in some cases, there are even more barking dogs than in my kennel. Huskies don\u2019t, you know the noise they make can be quite impressive, but it\u2019s not out of the ordinary in Finland I believe, barking and howling huskies.<\/p>\n<p>Timo Mets\u00e4joki: But how are huskies to work with?<\/p>\n<p>Valentijn Beets: To work with, let\u2019s put it this way my huskies are amazing dogs to work with they are tough, hard core, loyal dogs, that are so friendly and so funny and playful and cute in many ways. They\u2019re just really characterful animals, but at the same time they have this hard core dedication to get the job done, to just run and run and run and run some more and you wouldn\u2019t think that this small, scrawny kind of animal would be able to do these amazing things but they just do it over and over and over again and they make it look easy. And that is actually what I really enjoy about working with them that they\u2019re really awesome, but they are not the \u201cwild animals\u201d many people make them out to be.<\/p>\n<p>(theme music, students question)<\/p>\n<p>Student: Huskies\u2019 fur is very thick and warm and could be recycled in many ways. When it\u2019s shedding season do you let it all fall off on its own or do you brush it out? What do you do with the fur, if brushed?<\/p>\n<p>Valentijn Beets: That\u2019s actually a very interesting question and I have a very interesting answer. No we don\u2019t let it all come out, it would be very messy and uncomfortable for the dogs, so we try and brush out as much as we can. We save it, then we have it sent off to a place where they turn it into wool. They mix it in two, in fifty-fifty with sheep wool and clean it and wash and this kind of things. Then it comes back to us and we actually have a big bag of it lying around which we will sell on our web shop, when our new website is up so we are actually going to turn that into a little side project. I don\u2019t think it\u2019s going to be a big economical hit but it\u2019s an interesting way of using our wool. I do know of an initiative by another kennel in Lapland that they\u2019re trying to collect the wool from a lot of the kennels and they are going to send that of to some manufacturer who will then include it in some ecological fabric that they\u2019re making. They asked me to participate to this project as well but I said no, we\u2019re going to do this husky wool thing that we have already.<\/p>\n<p>Timo Mets\u00e4joki: So how would you feel wearing a woolen jacket made out of your huskies\u2019 fur?<\/p>\n<p>Valentijn Beets: I think it would be rather itchy and smelly, I would prefer gloves and socks (laughter). Let\u2019s put it this way not a jacket but gloves and socks I would happily wear.<\/p>\n<p>Timo Mets\u00e4joki: What makes you a good entrepreneur? And what is the best about being an entrepreneur and what is the worst?<\/p>\n<p>Valentijn Beets: The worst part is, if you\u2019re doing it well and you\u2019re really into it, you will never have any freetime, because you\u2019re always thinking about your business. It\u2019s like having a kid or a dog or a baby, you know it is always there. Your business becomes your life and this can be very irritating to your friends and family because all you want to talk about is your business. Then after a while you figure out that they don\u2019t understand you, and you will start to make friends with other entrepreneurs because they do. The downside is that it\u2019s all consuming in many ways, it\u2019s going to take a lot of time and effort for you to do it. And if you want to succeed that is what you, I wouldn\u2019t say you have to be like that to succeed but I think that for a lot of people who have succeeded with this that\u2019s how they did it just became something that they were obsessed with. That\u2019s the downside. What I like about it is, I\u2019m doing what I want, I\u2019m not doing something someone else is telling me to do, I am making may own life, my own money, I\u2019m walking through this path of life, my own path, not one that someone else has laid out for me. I\u2019m not working for the man. So this is the good part you are your own boss literally. If you don\u2019t want to work you don\u2019t have to but it might come back and bite you in the ass, but the biggest thing is you can do what you want to do yourself you\u2019re not working to fulfil someone else\u2019s dream, you are working to fulfil your own.<\/p>\n<p>Timo Mets\u00e4joki: What would you like to say to encourage young people who are finishing their studies or are in transition from school to work?<\/p>\n<p>Valentijn Beets: Get up early, go to work. Work hard and always give your best. It doesn\u2019t matter if you want to continue studying or if you want to continue working, basically be proud of the work you deliver, stand behind your work and remember that every job you do, everything you do is something that you have created, it is something that you are doing. And even if it is for a boss of something stand behind your work, be proud of it and do it well. If you don\u2019t want to become an entrepreneur at least the employers will value that you have given everything that you had to that job and that quality. And if you\u2019re going to be an entrepreneur, that is something that you have to succeed with, because no one is going to want to work for or buy something from someone who did it with fifty percent effort or interest you know. The difference is passion, the effort you put into it and the pride you put into it. And that is something that I would say is that, whatever you do, go out and do it well and do it with passion.<\/p>\n<p>Timo Mets\u00e4joki: Thanks Valentijn Beets for visiting us today.<\/p>\n<p>Valentijn Beets: My pleasure, thank you for having me!<br \/>\n[\/et_pb_toggle][\/et_pb_column][\/et_pb_row][et_pb_row admin_label=&#8221;Teht\u00e4v\u00e4 ja aineisto&#8221; _builder_version=&#8221;4.8.2&#8243; _module_preset=&#8221;default&#8221; custom_margin=&#8221;23px|auto||auto||&#8221; border_width_all=&#8221;15px&#8221; border_color_all=&#8221;#e20d18&#8243;][et_pb_column type=&#8221;4_4&#8243; _builder_version=&#8221;4.8.2&#8243; _module_preset=&#8221;default&#8221;][et_pb_text admin_label=&#8221;Aineisto&#8221; _builder_version=&#8221;4.8.2&#8243; _module_preset=&#8221;default&#8221; text_font=&#8221;||||||||&#8221; header_font=&#8221;|||on|||||&#8221;]<\/p>\n<h2><strong>\u00a0 Assignments<\/strong><\/h2>\n<p>[\/et_pb_text][et_pb_text admin_label=&#8221;Teht\u00e4v\u00e4&#8221; _builder_version=&#8221;4.8.2&#8243; _module_preset=&#8221;default&#8221; width=&#8221;98.1%&#8221; custom_padding=&#8221;|||13px||&#8221;]<\/p>\n<p><strong>Warm-up: Internet research and discussion<\/strong><br \/> 1. What do you know about Siberian huskies as a breed? Do some research on the internet, and then report your findings orally to your partner or small group.<\/p>\n<p>2. What is the difference between \u2018Ecotourism\u2019, \u2018Sustainable Tourism\u2019 and \u2018Responsible Travel\u2019? Find your own sources on the internet or <a href=\"https:\/\/www.gstcouncil.org\/ecotourism\/\">click here<\/a>. Report your findings orally to your partner or small group.<\/p>\n<p>3. What comes to your mind when you think of husky farms? Consider aspects such as animal welfare, sustainability, and responsibility \u2013 how could these be promoted at a husky farm? Discuss with your partner or small group.<\/p>\n<p><strong>Listening comprehension<\/strong><br \/> Listen to the podcast of Valentijn telling about his company, Bearhill Husky Tours. Then answer the following questions.<\/p>\n<p>1. What does Valentijn do for living? Describe his career path so far.<\/p>\n<p>2. How do the principles of sustainability and responsibility show at Bearhill Husky based on what you heard?<\/p>\n<p>3. What pros and cons of entrepreneurship does he mention?<\/p>\n<p>4. Then visit Bearhill Husky Tours\u2019 website and explore Responsible Tourism section for more information on their choices for responsible tourism.<\/p>\n<p><strong>Application<\/strong><\/p>\n<p>A. Explore Bearhill Husky Tours\u2019 website and choose the best tour for each of the following tourists. Explain your choices.<br \/>&#8211; your 18-year-old friends from India visiting Finland for the first time<br \/>&#8211; your godfather\u2019s family with children aged 3, 7 and 11<br \/>&#8211; a sports enthusiast looking for action and adventure<\/p>\n<p>B. Build and Pitch<br \/> Imagine you have inherited a large piece of land in a perfect location in the Finnish Lapland. It is now possible to fulfill your long-term dream of becoming an entrepreneur and setting up your own ecotourism company, be it a husky farm or something else. All you need now is some more funding. Fortunately, a group of investors have announced a pitching competition for ecologically sustainable and responsible tourist start-ups. The top five start-ups will be awarded sizable grants to ensure the income of the new entrepreneur to get the business up and running within the next 12 months. You are determined to be among the five!<\/p>\n<p>Together with your partner or small group, create a business plan presentation and pitch it to the potential investors in 5 minutes.<\/p>\n<p>[\/et_pb_text][\/et_pb_column][\/et_pb_row][\/et_pb_section][et_pb_section fb_built=&#8221;1&#8243; admin_label=&#8221;Juho Uutela&#8221; module_id=&#8221;juho&#8221; _builder_version=&#8221;4.8.2&#8243; _module_preset=&#8221;default&#8221; background_color=&#8221;rgba(0,0,0,0.02)&#8221; border_width_all=&#8221;0px&#8221; border_color_all=&#8221;#26224E&#8221; box_shadow_style=&#8221;preset1&#8243;][et_pb_row admin_label=&#8221;Row esimerkki henkil\u00f6kuvauksesta&#8221; _builder_version=&#8221;4.8.2&#8243; _module_preset=&#8221;default&#8221;][et_pb_column type=&#8221;4_4&#8243; _builder_version=&#8221;4.8.2&#8243; _module_preset=&#8221;default&#8221;][et_pb_team_member name=&#8221;Juho Uutela&#8221; position=&#8221;Beyond Arctic yritt\u00e4j\u00e4 ja toimitusjohtaja&#8221; image_url=&#8221;https:\/\/blogi.eoppimispalvelut.fi\/latu\/files\/2021\/07\/Juho-Uutela.jpg&#8221; facebook_url=&#8221;https:\/\/www.facebook.com\/beyondarctic&#8221; icon_color=&#8221;#e20d18&#8243; admin_label=&#8221;Person Juho Uutela&#8221; _builder_version=&#8221;4.8.2&#8243; _module_preset=&#8221;default&#8221; header_font=&#8221;|800|||||||&#8221; header_text_color=&#8221;#26224E&#8221; position_text_color=&#8221;#26224E&#8221; custom_margin=&#8221;||||false|false&#8221;]<\/p>\n<p><strong style=\"font-size: 14px\"><\/strong><\/p>\n<p><strong style=\"font-size: 14px\">Koulutus:<\/strong><\/p>\n<p>Matkailun restonomi (AMK), Lapin yliopiston yhteiskuntatieteiden maisterin tutkinto lopputy\u00f6t\u00e4 vaille valmis.<\/p>\n<p><strong>Kuka:<\/strong><br \/>Juho on valokuvaaja, yritt\u00e4j\u00e4 ja toimitusjohtaja, joka vastaa monipuolisesti yrityksen eri osa-alueista, kuten myynnist\u00e4, markkinoinnista ja jokap\u00e4iv\u00e4isest\u00e4 toiminnasta. Juho on aikaisemmin ty\u00f6skennellyt monipuolisesti ravintoloissa, hotelleissa, matkatoimistoissa ja lomaresorteissa koti- ja ulkomaissa. Kansainv\u00e4list\u00e4 kokemusta on kertynyt mm. Tansaniasta ja Kyprokselta. Juhon ymm\u00e4rrys erilaisista kulttuureista syventyi ja kiinnostus matkailualaa kohtaan vahvistui vuoden mittaisella Aasian reissulla.<\/p>\n<p><strong>Teemat:<\/strong><\/p>\n<p>Luova osaaminen, Innovaatiot, Uusien palveluiden ja tuotteiden kehitt\u00e4minen, Valokuvamatkailu, Yhteisty\u00f6n merkitys<\/p>\n<p>SOME-linkit voidaan laittaa tuomaan lis\u00e4\u00e4 syvyytt\u00e4 ja ajankohtaisuutta materiaaliin.<\/p>\n<p>Kuva: Juho Uutela<\/p>\n<p><a href=\"https:\/\/beyondarctic.com\/\">&gt; Siirry Beyond Arctic -kotisivuille<\/a><\/p>\n<p>[\/et_pb_team_member][\/et_pb_column][\/et_pb_row][et_pb_row admin_label=&#8221;Row Esimerkki audioraidasta&#8221; _builder_version=&#8221;4.8.2&#8243; _module_preset=&#8221;default&#8221; positioning=&#8221;none&#8221; custom_padding=&#8221;30px|||||&#8221; border_width_all=&#8221;15px&#8221; border_color_all=&#8221;#26224E&#8221;][et_pb_column type=&#8221;4_4&#8243; _builder_version=&#8221;4.8.2&#8243; _module_preset=&#8221;default&#8221;][et_pb_text _builder_version=&#8221;4.8.2&#8243; _module_preset=&#8221;default&#8221; text_font=&#8221;||||||||&#8221; header_font=&#8221;|||on|||||&#8221; custom_padding=&#8221;1px|||||&#8221;]<\/p>\n<h2><strong>\u00a0 Aineisto<\/strong><\/h2>\n<p>[\/et_pb_text][et_pb_audio audio=&#8221;https:\/\/blogi.eoppimispalvelut.fi\/latu\/files\/2021\/07\/Juho-Uutela-Beyond-Arctic-final.mp3&#8243; title=&#8221;Kuuntele Podcast&#8221; _builder_version=&#8221;4.8.2&#8243; _module_preset=&#8221;default&#8221; title_font=&#8221;|800|||||||&#8221; title_text_align=&#8221;left&#8221; title_text_color=&#8221;#e20d18&#8243; background_enable_color=&#8221;off&#8221; background_layout=&#8221;light&#8221; width=&#8221;90%&#8221; module_alignment=&#8221;center&#8221; min_height=&#8221;182px&#8221; custom_padding=&#8221;||0px|||&#8221;][\/et_pb_audio][et_pb_toggle title=&#8221;Lue podcast&#8221; open_toggle_text_color=&#8221;#e20d18&#8243; open_toggle_background_color=&#8221;RGBA(0,0,0,0)&#8221; closed_toggle_background_color=&#8221;RGBA(0,0,0,0)&#8221; icon_color=&#8221;#e20d18&#8243; use_icon_font_size=&#8221;on&#8221; icon_font_size=&#8221;41px&#8221; _builder_version=&#8221;4.8.2&#8243; _module_preset=&#8221;default&#8221; title_text_color=&#8221;#e20d18&#8243; title_level=&#8221;h3&#8243; title_font=&#8221;|700|||||||&#8221; width=&#8221;90%&#8221; module_alignment=&#8221;center&#8221; border_width_all=&#8221;4px&#8221; border_color_all=&#8221;#26224e&#8221;]Haastateltava: Juho Uutela<\/p>\n<p>Toimittaja: Timo Mets\u00e4joki<\/p>\n<p>Tuotanto: Timo Mets\u00e4joki, Katri Kykyri (LaTu \u2013hanke)<\/p>\n<p>Juho Uutela: Joskus ne hullutkin ideat pit\u00e4\u00e4 katsoa maaliin asti ja niist\u00e4 voi ihan oikeasti synty\u00e4 jotain siisti\u00e4, uutta toimintaa.<\/p>\n<p>(tunnusmusiikki)<\/p>\n<p>Timo Mets\u00e4joki: Moikka! M\u00e4 oon Mets\u00e4joen Timo ja m\u00e4 oon yritt\u00e4jyyden j\u00e4ljill\u00e4. T\u00e4ss\u00e4 podcastissa meik\u00e4l\u00e4inen kohtaa mielenkiintoisia yritt\u00e4ji\u00e4, joiden kanssa sukelletaan pintaa syvemm\u00e4lle. M\u00e4 otan selv\u00e4\u00e4, kuinka heist\u00e4 tuli yritt\u00e4ji\u00e4 ja miten he haluaisivat rohkaista ty\u00f6el\u00e4m\u00e4\u00e4n siirtyvi\u00e4 nuoria (taustalla soi podcast \u2013sarjan tunnusmusiikki)<\/p>\n<p>Timo Mets\u00e4joki: T\u00e4ll\u00e4 kertaa liikutaan valokuvamatkailun maailmassa, mutta sivutaan hieman my\u00f6s vuokrattavaa elokuva- ja pelitila \u2013puolta, kun mulla on vieraana Beyond Arcticin ja Kuru Loungen yritt\u00e4j\u00e4 Juho Uutela, moikka moi.<\/p>\n<p>Juho Uutela: No niin, terve vaan.<\/p>\n<p>Timo Mets\u00e4joki: L\u00e4hdet\u00e4\u00e4n Juho liikkeelle ihan siit\u00e4, ett\u00e4 mik\u00e4 on Beyond Arctic?<\/p>\n<p>Juho Uutela: Beyond Arctic on tosiaan rovaniemel\u00e4inen ohjelmapalveluyritys ja perustin sen vuonna 2016. Alusta alkaen meid\u00e4n k\u00e4rken\u00e4 oli ruveta j\u00e4rjest\u00e4m\u00e4\u00e4n valokuvausretki\u00e4 ja \u2013matkoja t\u00e4\u00e4ll\u00e4 Rovaniemen alueella ja Lapissa. T\u00e4n\u00e4 p\u00e4iv\u00e4n\u00e4 meill\u00e4 on aika isokin valikoima erilaisia valokuvausretki\u00e4 t\u00e4\u00e4ll\u00e4 Rovaniemell\u00e4, niit\u00e4 tehd\u00e4\u00e4n monipuolisesti l\u00e4hiluontoon ja joitain v\u00e4h\u00e4n kauemmaksikin. Talvisesongin aikana meill\u00e4 on noin 12-14 henkil\u00f6\u00e4 meid\u00e4n tiimiss\u00e4 vet\u00e4m\u00e4ss\u00e4 t\u00e4t\u00e4 toimintaa.<\/p>\n<p>Timo Mets\u00e4joki: Eli siin\u00e4, miss\u00e4 Beyond Arctic on valokuvamatkailua, niin Kuru Lounge on jotain aivan muuta?<\/p>\n<p>Juho Uutela: Joo, me rakennettiin se viime vuonna, kun korona oli iskenyt pahiten matkailualaan ja aika lailla kaikki toiminta vedettiin seis siin\u00e4 vaiheessa. Meill\u00e4 oli meid\u00e4n toimistolla t\u00e4llainen teatteritila, miss\u00e4 on sohvat ja tykit ynn\u00e4 muut \u00e4\u00e4nentoistot, se oli valmiina ja meill\u00e4 oli siin\u00e4 tuotteistettuna Revontuli \u2013ty\u00f6paja kansainv\u00e4lisille matkailijoille. Sit\u00e4 konseptia ruvettiin muokkaamaan vauhdikkaasti uuteen muotoon ja siit\u00e4 syntyi sitten Kuru Lounge. Se on paikallisille tarjottava oma, yksityinen elokuvateatteri- ja pelitila, syntym\u00e4p\u00e4iv\u00e4 tila ja yrityksille erilaisten webinaarien pit\u00e4miseen ja\u2026 Haluttiin tehd\u00e4 tila, joka palvelee monipuolisesti eri palveluissa.<\/p>\n<p>Timo Mets\u00e4joki: Sukelletaan innovointiin ja uuden keksimiseen kohta v\u00e4h\u00e4n lis\u00e4\u00e4, mutta mun t\u00e4ytyy kysy\u00e4 sun koulutustaustasta. M\u00e4 tied\u00e4n, ett\u00e4 s\u00e4 oot ollu Tansaniassa hakemassa my\u00f6s t\u00e4h\u00e4n matkailuun v\u00e4h\u00e4n uutta vauhtia, mutta mill\u00e4 pohjilla mies menee?<\/p>\n<p>Juho Uutela: Matkailuala on ollut mukana omissa ty\u00f6kuvioissa reippaasti yli kymmenen vuotta. Tampereelta l\u00e4ht\u00f6isen\u00e4 on tullut tehty\u00e4 siell\u00e4 ravintola- ja hotellipuolen hommia ja kuten totesit, niin Tansaniassakin on tullut k\u00e4yty\u00e4 hakemassa v\u00e4h\u00e4n vauhtia erityisesti safarituotteisiin ja matkatoimistotoimintaan. Sielt\u00e4 sitten tulin alun perin t\u00e4nne Rovaniemelle opintojen per\u00e4ss\u00e4 avopuolison kanssa ja siin\u00e4 sitten pikkuhiljaa alkoi idea omasta yrityksest\u00e4 kehittym\u00e4\u00e4n. Pari vuotta makusteltiin ideaa ja sitten 2016 todettiin ett\u00e4 oltiin sellaisessa pisteess\u00e4, ett\u00e4 laitetaan t\u00e4m\u00e4 toiminta pystyyn ja ruvetaan vet\u00e4m\u00e4\u00e4n valokuvausmatkailua t\u00e4\u00e4ll\u00e4 Rovaniemell\u00e4.<\/p>\n<p>Timo Mets\u00e4joki: Kun mietit\u00e4\u00e4n yksitt\u00e4ist\u00e4 matkailijaa, joka tulee valokuvausretkelle, niin mit\u00e4 t\u00e4m\u00e4 matkailija sielt\u00e4 hakee?<\/p>\n<p>Juho Uutela: Meill\u00e4 on alusta asti ollut revontulet t\u00e4rke\u00e4ss\u00e4 osassa, me ruvettiin jahtaamaan niit\u00e4 t\u00e4\u00e4ll\u00e4 Rovaniemen seudulla jo heti alussa ja valokuva revontulten alla on ollut sellainen juttu, jonka matkailija haluaa muistoksi t\u00e4\u00e4lt\u00e4 Lapin lomaltaan. Yht\u00e4 lailla sitten kaikkeen muuhun tuotteistamiseen, oli sitten kyseess\u00e4 arktinen luonto, porot, huskyt, joulupukki, niin halutaan muisto siit\u00e4, ett\u00e4 on ollut t\u00e4\u00e4ll\u00e4 (Lapissa) ja me pystyt\u00e4\u00e4n tarjoamaan se kuva ammattilaisten ottamana, se muisto on todella arvokas, kun palataan kotiin.<\/p>\n<p>(lyhyt p\u00e4tk\u00e4 tunnusmusiikkia)<\/p>\n<p>Timo Mets\u00e4joki: Mitk\u00e4 on teid\u00e4n yrityksen vahvuudet tai vastaavasti yritt\u00e4j\u00e4n\u00e4 sun omat vahvuudet, miksi s\u00e4 olet hyv\u00e4 yritt\u00e4j\u00e4?<\/p>\n<p>Juho Uutela: Sanoisin ett\u00e4 uuden luominen on ollut alusta asti eteenp\u00e4in viev\u00e4 asia. M\u00e4 haluan ajatella ja tehd\u00e4 asioita eri tavalla, kuin ne on tehty t\u00e4h\u00e4n asti. Sama on koskenut ohjelmapalveluita ja kaikkia konsepteja, joita on l\u00e4hdetty vet\u00e4m\u00e4\u00e4n. Se, ett\u00e4 tehd\u00e4\u00e4n jotain uutta ja tarjotaan jotain uutta, on ollut ainakin itselle yritt\u00e4j\u00e4n\u00e4 tosi inspiroivaa. Ja sitten parhaan palautteen saa, kun tajuaa ett\u00e4 okei, t\u00e4m\u00e4 oma ideahan oli siisti juttu my\u00f6s asiakkaalle, se on ehdottomasti parasta t\u00e4ss\u00e4 yritt\u00e4jyydess\u00e4.<\/p>\n<p>Timo Mets\u00e4joki: S\u00e4 puhut siit\u00e4, ett\u00e4 t\u00e4ytyy ajatella v\u00e4h\u00e4n uudella tavalla asioita, niin onko sulla antaa jotain konkreettista esimerkki\u00e4 t\u00e4mm\u00f6isest\u00e4 ajatteluprosessista, ett\u00e4 miten se on p\u00e4\u00e4tynyt yrityksess\u00e4 ihan k\u00e4ytt\u00f6\u00f6n asti?<\/p>\n<p>Juho Uutela: Hyv\u00e4 kysymys! (Nauraa). Odotas nyt, t\u00e4t\u00e4 mun t\u00e4ytyy hetki kyll\u00e4 mietti\u00e4.<\/p>\n<p>Timo Mets\u00e4joki: Joo, t\u00e4\u00e4 on aika vaikea, kun puhutaan ett\u00e4 ajatellaan eri tavalla, mutta mit\u00e4 tarkoittaa ajatella eri tavalla?<\/p>\n<p>Juho Uutela: Sanoisin, ett\u00e4 se l\u00e4htee siit\u00e4, ett\u00e4 kyseenalaistetaan sit\u00e4, miten asioita on tehty t\u00e4h\u00e4n asti. Olen sit\u00e4 mielt\u00e4, ett\u00e4 kaikkia palveluita ja tuotteita voi aina jollain tavalla parantaa, niin monesti t\u00e4llainen ajattelu, kyseenalaistaminen, toimii l\u00e4ht\u00f6kohtana siin\u00e4 prosessissa. Omalla kohdallani se pitk\u00e4lti kiteytyy siihen, ett\u00e4 kun on jo vuosia ollut monipuolisesti matkailualan eri hommissa ja ehk\u00e4 sit\u00e4 kautta on syntynyt kohtuullisen laaja ymm\u00e4rrys kent\u00e4st\u00e4. Sen pohjalta sitten l\u00e4hdettiin miettim\u00e4\u00e4n sit\u00e4, mit\u00e4 sielt\u00e4 puuttuu ja mit\u00e4 asioita me halutaan tehd\u00e4 viel\u00e4 paremmin.<\/p>\n<p>Timo Mets\u00e4joki: Eli tavallaan olet v\u00e4h\u00e4n tutkinut, mit\u00e4 muut tekee ja sitten laittanut \u201dtop of the notch\u201d eli pikkuisen paremmaksi, ja tehnyt omalla tavalla?<\/p>\n<p>Juho Uutela: Kyll\u00e4, sanoisin ett\u00e4 benchmarkkaus on t\u00e4n\u00e4 p\u00e4iv\u00e4n\u00e4 yksi niit\u00e4 l\u00e4ht\u00f6kohtia uuden palvelun kehitt\u00e4miselle. Katsotaan, mit\u00e4 muut tekev\u00e4t ja mietit\u00e4\u00e4n, miten se oma palvelu voisi olla viel\u00e4 parempi ja erottua muista.<\/p>\n<p>Timo Mets\u00e4joki: Miten sun kohdalla tai teid\u00e4n yrityksen kohdalla innovaatioprosessi etenee? Voiko sit\u00e4 jotenkin purkaa palasiin, meneek\u00f6 se aina samalla tavalla, vai tuleeko se vaan jostain?<\/p>\n<p>Juho Uutela: Monesti se perustuu my\u00f6s isompaan kuvaan eli kaikkeen siihen kokemukseen, mik\u00e4 on johtanut t\u00e4h\u00e4n pisteeseen. Sit\u00e4 kautta sitten joskus tulee se hullu idea, ett\u00e4 hei, pit\u00e4isk\u00f6 tehd\u00e4 t\u00e4mm\u00f6inen, siit\u00e4 ideasta se l\u00e4htee. Heitet\u00e4\u00e4n idea ilmoille, eik\u00e4 miss\u00e4\u00e4n nimess\u00e4 lyt\u00e4t\u00e4 mit\u00e4\u00e4n, joskus ne hullut ideat pit\u00e4\u00e4 katsoa maaliin asti ja niist\u00e4 voi oikeasti synty\u00e4 jotain siisti\u00e4, uutta toimintaa mahdollisesti. Siit\u00e4 se prosessi oikeastaan l\u00e4htee eteenp\u00e4in, sitten katsotaan vain, ett\u00e4 kuinka paljon resursseja pystyt\u00e4\u00e4n k\u00e4ytt\u00e4m\u00e4\u00e4n sen uuden idean maaliin viemiseen.<\/p>\n<p>Timo Mets\u00e4joki: Kun puhuit resursseista, niin avaa v\u00e4h\u00e4n mit\u00e4 ja millaisia n\u00e4m\u00e4 resurssit voi olla?<\/p>\n<p>Juho Uutela: Resurssit on ehdottomasti olleet meid\u00e4n oman tiimin resurssit. Ja sitten yht\u00e4 lailla ollaan t\u00e4ss\u00e4 apuna k\u00e4ytetty erin\u00e4isi\u00e4 paikallisia toimijoita, joilta on pystytty sitten ostamaan, vaikka palvelumuotoilua tai br\u00e4ndin ynn\u00e4 muun kehitysty\u00f6t\u00e4 tai apua siihen. Ne on auttanut paljon, kaikkea ei tarvitse itse osata, mutta kun osaa nimenomaan koota sen kokonaisuuden kasaan, niin siihen tarvitaan sitten aika paljon niit\u00e4 tekij\u00f6it\u00e4.<\/p>\n<p>(muutaman sekunnin p\u00e4tk\u00e4 tunnusmusiikkia)<\/p>\n<p>Timo Mets\u00e4joki: Paljon puhutaan nyky\u00e4\u00e4n luovasta osaamisesta, mutta mit\u00e4 se luova osaaminen oikeastaan on, tai mist\u00e4 se luova osaaminen rakentuu?<\/p>\n<p>Juho Uutela: Siihen vaikuttaa mun mielest\u00e4 se, mink\u00e4laista kokemusta sulla on, ei v\u00e4li\u00e4 sill\u00e4 milt\u00e4 alalta se on, vaan yleisesti mink\u00e4laista kokemusta sulla on el\u00e4m\u00e4st\u00e4 ja kaikesta. Luovuutta voidaan mun mielest\u00e4 ruokkia sill\u00e4, ett\u00e4 tehd\u00e4\u00e4n yhdess\u00e4 ty\u00f6t\u00e4 ja ideoidaan. M\u00e4 haluan aina testata sit\u00e4 (ideaa) ja kysy\u00e4 my\u00f6s muilta siihen mielipiteen, se on ainoa tapa, jolla pystyt\u00e4\u00e4n saamaan v\u00e4h\u00e4n vahvistusta siihen, ett\u00e4 voiskohan t\u00e4\u00e4 homma toimia.<\/p>\n<p>Timo Mets\u00e4joki: Mik\u00e4 yritt\u00e4jyydess\u00e4 on sulle Juho parasta?<\/p>\n<p>Juho Uutela: Se vapaus tehd\u00e4 ja toteuttaa on varmasti niit\u00e4 parhaita puolia.<\/p>\n<p>Timo Mets\u00e4joki: Mik\u00e4 vastaavasti on sitten huonoa tai haasteellista?<\/p>\n<p>Juho Uutela: Sanoisin ett\u00e4, kun l\u00e4hdet\u00e4\u00e4n yritt\u00e4m\u00e4\u00e4n, niin siin\u00e4 monesti on oma p\u00e4\u00e4oma sitten vaarassa. Tavallaan se, ett\u00e4 kuinka paljon uskot itseesi, sun tiimiin ja siihen ideaan niin se m\u00e4\u00e4ritt\u00e4\u00e4 aika paljon sit\u00e4, kuinka haastava se sun yritt\u00e4j\u00e4n polku tulee olemaan. Muistan sen, ett\u00e4 alussa ensimm\u00e4inen puoli vuotta oli tosi haastavaa henkisestikin ihan sen takia, ett\u00e4 me oltiin tekem\u00e4ss\u00e4 sellaisia palveluja, joita ei oltu aikaisemmin tehty, niin eih\u00e4n me tiedetty ostaako se asiakas meit\u00e4.<\/p>\n<p>Timo Mets\u00e4joki: Mutta on ostanut.<\/p>\n<p>Juho Uutela: On ostanut, eli oltiin siin\u00e4 kohtaa oikealla polulla ja t\u00e4ll\u00e4 polulla on hyv\u00e4 jatkaa ja sitten t\u00e4ss\u00e4 matkan varrella kehitell\u00e4 kaikenlaista uutta toimintaa.<\/p>\n<p>(Tunnusmusiikki: opiskelijan kysymys)<\/p>\n<p>Opiskelija: Miten paljon olette joutuneet tekem\u00e4\u00e4n kompromissej\u00e4, jos mahdollisuudet eiv\u00e4t ole olleet yks yhteen teid\u00e4n arvojenne kanssa?<\/p>\n<p>Juho Uutela: Meill\u00e4 on ollut alusta asti yrityksen arvot keski\u00f6ss\u00e4 palveluissa, joita me tuotetaan ja matkailun kest\u00e4vyyden ajattelussa. Me ollaan pidetty siin\u00e4 aika tiukka linja suoraan sanoen, me ei olla erityisesti kest\u00e4v\u00e4n matkailun suhteen tehty hirve\u00e4sti kompromisseja, eli me toimitaan sellaisten yritysten ja toimihenkil\u00f6iden kanssa, jotka jakaa samat arvot, mitk\u00e4 meill\u00e4kin on. Monesti se arvomaailma saattaa olla niit\u00e4 t\u00e4rkeimpi\u00e4 asioita yrityksess\u00e4, mik\u00e4 n\u00e4kyy my\u00f6s asiakkaille. Omista arvoista kiinni pit\u00e4minen on tosi t\u00e4rke\u00e4 asia my\u00f6s yrityksen br\u00e4ndin kannalta.<\/p>\n<p>Timo Mets\u00e4joki: Pystytk\u00f6 s\u00e4 sanallistamaan teid\u00e4n arvoja jollain tavalla?<\/p>\n<p>Juho Uutela: P\u00e4\u00e4s\u00e4\u00e4nt\u00f6isesti ne keskittyy paljon henkil\u00f6kohtaiseen palveluun ja aitouteen, asiakas otetaan huomioon nimenomaan henkil\u00f6n\u00e4, eik\u00e4 vain sellaisena retken mukana matkassa olevana asiakkaana. Se on sellaista tiimity\u00f6t\u00e4, oli sitten kyseess\u00e4 asiakas tai oma tiimil\u00e4inen niin yhdess\u00e4 tekem\u00e4ll\u00e4 p\u00e4\u00e4st\u00e4\u00e4n pitk\u00e4lle.<\/p>\n<p>Timo Mets\u00e4joki: Millaisia terveisi\u00e4 s\u00e4 haluaisit l\u00e4hett\u00e4\u00e4 nuorille, jotka ovat valmistautumassa ty\u00f6el\u00e4m\u00e4\u00e4n tai siirtym\u00e4ss\u00e4 mahdollisiin jatko-opintoihin?<\/p>\n<p>Juho Uutela: Voisin sanoa, ett\u00e4 pit\u00e4k\u00e4\u00e4 kaikki vaihtoehdot auki, koskaan ei voi tiet\u00e4\u00e4, ett\u00e4 mist\u00e4 se l\u00f6ytyy se huippuidea, mit\u00e4 voi l\u00e4hte\u00e4 mahdollisesti sitten ihan omana yrityksen\u00e4 viem\u00e4\u00e4n eteenp\u00e4in. Ikin\u00e4 ei pid\u00e4 sanoa ei millek\u00e4\u00e4n mahdollisuudelle.<\/p>\n<p>Timo Mets\u00e4joki: Kiitos Juho Uutela, ett\u00e4 p\u00e4\u00e4sit vieraaksi Yritt\u00e4jyyden j\u00e4ljill\u00e4 \u2013podcastiin.<\/p>\n<p>Juho Uutela: Kiitoksia paljon.<br \/>\n[\/et_pb_toggle][\/et_pb_column][\/et_pb_row][et_pb_row admin_label=&#8221;Teht\u00e4v\u00e4 ja aineisto&#8221; _builder_version=&#8221;4.8.2&#8243; _module_preset=&#8221;default&#8221; custom_margin=&#8221;23px|auto||auto||&#8221; border_width_all=&#8221;15px&#8221; border_color_all=&#8221;#e20d18&#8243;][et_pb_column type=&#8221;4_4&#8243; _builder_version=&#8221;4.8.2&#8243; _module_preset=&#8221;default&#8221;][et_pb_text admin_label=&#8221;Aineisto&#8221; _builder_version=&#8221;4.8.2&#8243; _module_preset=&#8221;default&#8221; text_font=&#8221;||||||||&#8221; header_font=&#8221;|||on|||||&#8221;]<\/p>\n<h2><strong>\u00a0 Teht\u00e4v\u00e4t<\/strong><\/h2>\n<p>[\/et_pb_text][et_pb_text admin_label=&#8221;Teht\u00e4v\u00e4&#8221; _builder_version=&#8221;4.8.2&#8243; _module_preset=&#8221;default&#8221; width=&#8221;98.1%&#8221; custom_padding=&#8221;||0px|13px||&#8221;]<\/p>\n<p>1. Mit\u00e4 on &#8220;benchmarkkaaminen&#8221; ja miksi siit\u00e4 voi olla apua uusia palveluja tai tuotteita suunniteltaessa?<br \/>2. Miksi valokuvamatkailu on juuri nyt niin suosittua?<br \/>3. Miksi yrityksen arvot ovat t\u00e4rkeit\u00e4 ja miten ne voivat edesauttaa yrityst\u00e4 menestym\u00e4\u00e4n?<br \/>4. Mit\u00e4 on luova osaaminen? Mit\u00e4 se tarkoittaa yritt\u00e4misen n\u00e4k\u00f6kulmasta? Ent\u00e4 miten voisit vahvistaa ja hy\u00f6dynt\u00e4\u00e4 luovuutta opiskelussa?<br \/>5. Miksi kyseenalaistaminen on t\u00e4rke\u00e4\u00e4 palveluja kehitett\u00e4ess\u00e4? Oletko sin\u00e4 hy\u00f6tynyt asioiden kyseenalaistamisesta?<\/p>\n<p>[\/et_pb_text][\/et_pb_column][\/et_pb_row][\/et_pb_section][et_pb_section fb_built=&#8221;1&#8243; admin_label=&#8221;Suvi Autio&#8221; module_id=&#8221;suvi&#8221; _builder_version=&#8221;4.8.2&#8243; _module_preset=&#8221;default&#8221; box_shadow_style=&#8221;preset1&#8243;][et_pb_row admin_label=&#8221;Row esimerkki henkil\u00f6kuvauksesta&#8221; _builder_version=&#8221;4.8.2&#8243; _module_preset=&#8221;default&#8221;][et_pb_column type=&#8221;4_4&#8243; _builder_version=&#8221;4.8.2&#8243; _module_preset=&#8221;default&#8221;][et_pb_team_member name=&#8221;Suvi Autio&#8221; position=&#8221;Arctisen project designer&#8221; image_url=&#8221;https:\/\/blogi.eoppimispalvelut.fi\/latu\/files\/2021\/06\/Suvi-Autio.jpeg&#8221; linkedin_url=&#8221;https:\/\/fi.linkedin.com\/in\/suvi-autio-23063ab0&#8243; icon_color=&#8221;#e20d18&#8243; admin_label=&#8221;Person Suvi Autio&#8221; _builder_version=&#8221;4.8.2&#8243; _module_preset=&#8221;default&#8221; header_font=&#8221;|800|||||||&#8221; header_text_color=&#8221;#26224E&#8221; position_text_color=&#8221;#26224E&#8221; custom_margin=&#8221;||||false|false&#8221;]<\/p>\n<p><strong style=\"font-size: 14px\"><\/strong><\/p>\n<p><strong style=\"font-size: 14px\">Koulutus:<\/strong><\/p>\n<p>Taiteiden maisteri (TaM), p\u00e4\u00e4aineena kuvataidekasvatus, vuoden opinnot steinerpedagogiikasta, vaihto-opintoja Costa Ricassa (lukio), Alaskan Fairbanksissa ja Espanjan Cuencassa<\/p>\n<p><strong>Kuka:<\/strong><br \/>Eloisa ja seikkailumielinen asiantuntija, joka nauttii taiteesta tekien ja kokien. Rakastaa luontoa sek\u00e4 el\u00e4imi\u00e4\u00a0ja suurkuluttaa kauralattea. Rentona ja yst\u00e4v\u00e4llisen\u00e4 luonteena viihtyy kansainv\u00e4lisess\u00e4 ilmapiiriss\u00e4. T\u00e4m\u00e4 helposti l\u00e4hestytt\u00e4v\u00e4 projektisuunnittelija\u00a0haluaa olla heikkojen puolella ja hermostuu ep\u00e4reiluudesta maailmassa.<\/p>\n<p><strong>Teemat:<\/strong><\/p>\n<p>Luova- ja monitieteinen osaaminen, Kulttuuriosaaminen, Globaaliosaaminen ja kulttuurisensitiivisyys, matkailualan tulevaisuuden n\u00e4kym\u00e4t, ilmi\u00f6t ja trendit sek\u00e4 Lappi matkailuyritysten toimintaymp\u00e4rist\u00f6n\u00e4.<\/p>\n<p>Kuva: Suvi Autio<\/p>\n<p>[\/et_pb_team_member][\/et_pb_column][\/et_pb_row][et_pb_row admin_label=&#8221;Row Esimerkki audioraidasta&#8221; _builder_version=&#8221;4.8.2&#8243; _module_preset=&#8221;default&#8221; positioning=&#8221;none&#8221; custom_padding=&#8221;30px|||||&#8221; border_width_all=&#8221;15px&#8221; border_color_all=&#8221;#26224E&#8221;][et_pb_column type=&#8221;4_4&#8243; _builder_version=&#8221;4.8.2&#8243; _module_preset=&#8221;default&#8221;][et_pb_text _builder_version=&#8221;4.8.2&#8243; _module_preset=&#8221;default&#8221; text_font=&#8221;||||||||&#8221; header_font=&#8221;|||on|||||&#8221; custom_padding=&#8221;1px|||||&#8221;]<\/p>\n<h2><strong>\u00a0 Aineisto<\/strong><\/h2>\n<p>[\/et_pb_text][et_pb_audio audio=&#8221;https:\/\/blogi.eoppimispalvelut.fi\/latu\/files\/2021\/06\/Suvi-Autio-matkailututkimus-final.mp3&#8243; title=&#8221;Kuuntele Podcast&#8221; _builder_version=&#8221;4.8.2&#8243; _module_preset=&#8221;default&#8221; title_font=&#8221;|800|||||||&#8221; title_text_align=&#8221;left&#8221; title_text_color=&#8221;#e20d18&#8243; background_enable_color=&#8221;off&#8221; background_layout=&#8221;light&#8221; width=&#8221;90%&#8221; module_alignment=&#8221;center&#8221; min_height=&#8221;182px&#8221; custom_padding=&#8221;||0px|||&#8221;][\/et_pb_audio][et_pb_toggle title=&#8221;Lue podcast&#8221; open_toggle_text_color=&#8221;#e20d18&#8243; open_toggle_background_color=&#8221;RGBA(0,0,0,0)&#8221; closed_toggle_background_color=&#8221;RGBA(0,0,0,0)&#8221; icon_color=&#8221;#e20d18&#8243; use_icon_font_size=&#8221;on&#8221; icon_font_size=&#8221;41px&#8221; _builder_version=&#8221;4.8.2&#8243; _module_preset=&#8221;default&#8221; title_text_color=&#8221;#e20d18&#8243; title_level=&#8221;h3&#8243; title_font=&#8221;|700|||||||&#8221; width=&#8221;90%&#8221; module_alignment=&#8221;center&#8221; border_width_all=&#8221;4px&#8221; border_color_all=&#8221;#26224e&#8221;]Suvi Autio: Kannustetaan ihmisi\u00e4 avoimuuteen, semmoseen dialogisuuteen, kuuntelevuuteen, ett\u00e4 kuunnellaan mit\u00e4 muilla on sanottavaa ja yritet\u00e4\u00e4n ymm\u00e4rt\u00e4\u00e4<\/p>\n<p>(tunnusmusiikkia)<\/p>\n<p>Timo Mets\u00e4joki: Moikka! M\u00e4 oon Mets\u00e4joen Timo ja m\u00e4 oon yritt\u00e4jyyden j\u00e4ljill\u00e4. T\u00e4ss\u00e4 podcastissa meik\u00e4l\u00e4inen kohtaa mielenkiintoisia yritt\u00e4ji\u00e4, joiden kanssa sukelletaan pintaa syvemm\u00e4lle. M\u00e4 otan selv\u00e4\u00e4, kuinka heist\u00e4 tuli yritt\u00e4ji\u00e4 ja miten he haluaisivat rohkaista ty\u00f6el\u00e4m\u00e4\u00e4n siirtyvi\u00e4 nuoria (taustalla soi podcast \u2013sarjan tunnusmusiikki)<\/p>\n<p>Timo Mets\u00e4joki: T\u00e4ll\u00e4 kertaa vieraana ei olekaan yritt\u00e4j\u00e4, vaan suunnittelija, kun ollaan niin sanotusti isomman kuvan \u00e4\u00e4rell\u00e4. Voiko tulevaisuutta ennustaa ja mit\u00e4 tied\u00e4mme tulevista vuosista tai vuosikymmenist\u00e4. Millainen paikka Lappi on matkailun n\u00e4k\u00f6kulmasta? T\u00e4st\u00e4 ja monesta muusta otetaan nyt selv\u00e4\u00e4, kun toivotan tervetulleeksi Lapin Yliopiston matkailututkimuksen hankesuunnittelijan, Suvi Aution. Terve!<\/p>\n<p>Suvi Autio: Moikka ja kiitos, ett\u00e4 sain tulla t\u00e4nne puhumaan.<\/p>\n<p>Timo Mets\u00e4joki: Mahtavaa kun p\u00e4\u00e4sit, hei ihan ensi alkuun pit\u00e4\u00e4 kysy\u00e4, ett\u00e4 mink\u00e4 hankkeen parissa s\u00e4 nyt ty\u00f6skentelet?<\/p>\n<p>Suvi Autio: No t\u00e4\u00e4 on sellainen superkiinnostava kv- eli kansainv\u00e4linen hanke kuin, Culturally sensitive tourism in the arctic, eli kulttuurisensitiivisyys arktisen alueen matkailussa.<\/p>\n<p>Timo Mets\u00e4joki: No kulttuurisensitiivisyys ei monelle tarkoita mit\u00e4\u00e4n, ellei sit\u00e4 v\u00e4h\u00e4n avaa, niin avaa Suvi sit\u00e4.<\/p>\n<p>Suvi Autio: Kulttuurisensitiivisyys on sit\u00e4, ett\u00e4 kun s\u00e4 meet matkailijana johonkin, niin kuinka s\u00e4 reagoit, millaisia palveluja s\u00e4 etsit ja haluat kokea. Sit se my\u00f6s tarkottaa sit\u00e4, ett\u00e4 jos s\u00e4 oot matkailualalla toimiva ty\u00f6ntekij\u00e4 tai sulla on oma yritys, niin millaisia palveluja s\u00e4 tuotat ja miten s\u00e4 otat sen paikallisuuden huomioon, niiss\u00e4 sun tuotteissa. Se on huomaavaisuutta, sit\u00e4 ett\u00e4 ottaa huomioon muita ja paikallista kulttuuria.<\/p>\n<p>Timo Mets\u00e4joki: Mit\u00e4 ylip\u00e4\u00e4t\u00e4\u00e4n, nyt kun s\u00e4 oot matkailututkimuksen alla, niin mit\u00e4 on matkailun tutkimus?<\/p>\n<p>Suvi Autio: Matkailuntutkimus on semmonen monitieteinen ja poikkitieteinen tieteen ala, joka kohdistuu matkailuun liittyviin ilmi\u00f6ihin. Elikk\u00e4 niit\u00e4 tutkitaan eri menetelmin ja erilaisin todellisuusolettamuksin. T\u00e4\u00e4 siis tarkoittaa sit\u00e4, ett\u00e4 monet tieteenalat ovat l\u00e4sn\u00e4 matkailututkimuksessa ja niit\u00e4 my\u00f6s yhdistell\u00e4\u00e4n. Usein matkailututkimuksen opiskelijalla voi olla sivuaineena vaikka ja mit\u00e4, n\u00e4it\u00e4 on siis oikeesti heng\u00e4stytt\u00e4v\u00e4 lista m\u00e4 mainitsen t\u00e4\u00e4lt muutaman.<\/p>\n<p>Timo Mets\u00e4joki: No nosta pari.<\/p>\n<p>Suvi Autio: No esim. antropologia, filosofia, hallintotieteet, historia, johtaminen, j\u00e4teyhteiskunta ja matkailu on yks teema, kehitysmaatutkimus, kielitiede, no okei kohta m\u00e4 oon luetellu n\u00e4\u00e4 kaikki (Timo naurahtaa), ymp\u00e4rist\u00f6tiede, markkinointi, laskentatoimi siis n\u00e4it\u00e4 on ihan sikana. Tavallaan se kentt\u00e4 on tosi laaja mit\u00e4 siihen voi yhdist\u00e4\u00e4.<\/p>\n<p>Timo Mets\u00e4joki: Niin, kentt\u00e4 on laaja, mutta voiko sit\u00e4 tavallaan ennakoida, tai tavallaan voidaanko me ennakoida tai ennustaa tulevaa? T\u00e4llaiset tilanteet kuin esimerkiksi koronavirus tai joku muu vastaava maailmanlaajuinen pandemia sekottaa pakan kerta heitosta tietysti.<\/p>\n<p>Suvi Autio: Joo siis koronahan oli ihan t\u00e4ys fiasko, niinku me kaikki tiedet\u00e4\u00e4n, et tulevaisuuden ennustaminen on aika haastavaa, ett\u00e4 kell\u00e4\u00e4nh\u00e4n meill\u00e4 ei oo kristallipalloja, mutta se mit\u00e4 voi tehd\u00e4 on haistella trendej. Ett\u00e4 mik\u00e4 vaikuttais olevan maailmalla nouseva trendi niinku vaikka se, ett\u00e4 ihmiset haluu p\u00e4\u00e4st\u00e4 aitojen ja autenttisten kokemusten \u00e4\u00e4relle, l\u00e4hemm\u00e4s luontoon, terveellisiin paikkoihin. Ja sit se autenttisuus liittyy my\u00f6s kulttuuriel\u00e4myksiin, et on niinku aitoja oikeita juttuja eik\u00e4 sellasta, niinkun muovista, tekem\u00e4ll\u00e4 tehty\u00e4.<\/p>\n<p>Timo Mets\u00e4joki: Mutta nyt ku oli t\u00e4\u00e4 koronaviruspandemia, niin muuttuiko tai muuttuuko matkailu nyt t\u00e4m\u00e4n seurauksena jollain tavalla? T\u00e4h\u00e4n ei varmasti oo mit\u00e4\u00e4n yksiselitteist\u00e4 vastausta, mutta varmasti t\u00e4t\u00e4 asiaa on jo alettu tutkimaan.<\/p>\n<p>Suvi Autio: On todellakin. Ja sit sit\u00e4 on yritetty ennakoida, et mit\u00e4 kaikkee vois tehd\u00e4. Suuret muutokset, mit\u00e4 nyt on jo tapahtunu on se, ett\u00e4 yritykset on yritt\u00e4nyt tarjota palveluita et\u00e4n\u00e4, niinku t\u00e4mm\u00f6nen kajakki \u2013yritt\u00e4j\u00e4 norjasta otti tommosen Gopro \u2013kameran mukaansa ja sit jengi sai maksaa vapaaehtoisen maksun, ett\u00e4 ne p\u00e4\u00e4see mukaan live \u2013striimill\u00e4 siihen sen kanoottiretkelle el\u00e4m\u00e4\u00e4n sit\u00e4 juttua. Samaten husky-yritt\u00e4jill\u00e4 on ollut n\u00e4it\u00e4, ett\u00e4 adoptoi husky \u2013hommia, et pyrit\u00e4\u00e4n tarjoamaan palveluita et\u00e4n\u00e4, sitten t\u00e4ss\u00e4 on ollut my\u00f6s, no, kamala sanoa \u201dhyv\u00e4 puoli\u201d, et yritt\u00e4jille on ehk\u00e4 aikaa, niill\u00e4 jotka siis selvi\u00e4\u00e4 t\u00e4st\u00e4, niin mietti\u00e4 ett\u00e4 millaista tulevaisuutta ne haluaa, ja tarkemmin mietti\u00e4, ett\u00e4 mik\u00e4 on se asiakaskunta, mihin ne haluaa satsata, ett\u00e4 jokainen yritysh\u00e4n joutuu miettim\u00e4\u00e4n ett\u00e4 mik\u00e4 se on se niiden kohderyhm\u00e4.<\/p>\n<p>Timo Mets\u00e4joki: No mitenk\u00e4 sitten, kun puhutaan tulevaisuuden trendeist\u00e4, t\u00e4ss\u00e4 muutamii on jo noussu, mutta onko meill\u00e4 jotain selke\u00e4\u00e4 ilmi\u00f6t\u00e4, joka on nyt nousussa? Onko joku tosi vahva tai onko jotain tosi hiljaisia signaaleja, mit\u00e4 kuitenkin v\u00e4h\u00e4n pyrit\u00e4\u00e4n haisteleen?<\/p>\n<p>Suvi Autio: Kyl semmonen luonnonl\u00e4heisyys, terveellisyys ja on toi kulttuurisensitiivisyys kyll\u00e4 aika iso teema, ett\u00e4 matkailijoista tulee entist\u00e4 tiedostavampia, koska internetin kautta l\u00f6yt\u00e4\u00e4 sit\u00e4 tietoa kaikesta jo valmiiks, et ihmiset voi olla hyvinkin perehtyneit\u00e4 jonkun alueen kulttuuriin jo etuk\u00e4teen. Vaikka pohjois-Lapissa on voinut lukea saamelaisista ja silloin on eritt\u00e4in t\u00e4rkeet\u00e4 se, ett\u00e4 siin\u00e4 alalla toimijat on my\u00f6s k\u00e4rryill\u00e4 ja tiet\u00e4\u00e4 faktansa.<\/p>\n<p>Timo Mets\u00e4joki: Millainen paikka Lappi on yritt\u00e4\u00e4, n\u00e4in matkailuyritysten n\u00e4k\u00f6kulmasta?<\/p>\n<p>Suvi Autio: Ainaki ennen koronaa voi hyvin sanoa, ett\u00e4 talviaikaan tosi hyv\u00e4, mut sit sen haasteen tuo kes\u00e4ajan matkailu, et yritysten t\u00e4ytyy olla aika innovatiivisia ja keksi\u00e4 uusia tuotteita kes\u00e4ajalle, jotta pystyis ty\u00f6llist\u00e4m\u00e4\u00e4n henkil\u00f6kuntaa my\u00f6s kes\u00e4ll\u00e4. Sellanen ongelmakohta on ollut se, ett\u00e4 sulla voi olla vaikka oppaita ja ty\u00f6ntekij\u00f6it\u00e4 tuon talvikauden, joille ei sit en\u00e4\u00e4 kes\u00e4ll\u00e4 l\u00f6ydyk\u00e4\u00e4n t\u00f6it\u00e4 ja sitten ty\u00f6ntekij\u00e4 taas joutuu reissaamaan vaikka, sanotaan Rovaniemelt\u00e4 Naantaliin t\u00f6iden per\u00e4ss\u00e4 et on kes\u00e4n siell\u00e4 ja talven t\u00e4\u00e4ll\u00e4, niin harvempi ihminen haluu pidemm\u00e4n p\u00e4\u00e4lle el\u00e4\u00e4 silleen ett\u00e4 on puolet vuodesta jossain ja puolet toisaalla.<\/p>\n<p>(tunnusmusiikkia)<\/p>\n<p>Timo Mets\u00e4joki: Miten Suvi, matkailualan yritt\u00e4jyys poikkeaa ehk\u00e4 muista yritt\u00e4jyyden aloista tai poikkeaako se, tai millaisia tulevaisuuden taitoja tai luonteenpiirteit\u00e4 tai jotain muuta matkailuyritt\u00e4j\u00e4 tarvitsee?<\/p>\n<p>Suvi Autio: No siit\u00e4 on ainakin hy\u00f6tyy, ett\u00e4 on sosiaalinen, tietty hei kielitaitoinen, ett\u00e4 sanotaanko ett\u00e4 suomen kielell\u00e4 p\u00e4rj\u00e4\u00e4 aika pienill\u00e4 markkinoilla, ett\u00e4 mit\u00e4 laajempi kielitaito sit\u00e4 parempi. Ja sit semmonen muiden kulttuurien ymm\u00e4rrys, et s\u00e4 tuut paljon paremmin toimeen asiakkaiden kanssa, jos s\u00e4 ymm\u00e4rr\u00e4t, ett\u00e4 mik\u00e4 on intialainen mentaliteetti tai thaimaalainen tai espanjalainen, kun ne kuitenkin eroaa Suomesta tosi paljon. Et joku suomalainen voi helposti vet\u00e4\u00e4 herneet nen\u00e4\u00e4n, jos espanjalainen tulee vartin my\u00f6h\u00e4ss\u00e4, kun sit taas espanjalainen aattelee ett\u00e4 h\u00e4nh\u00e4n on t\u00e4ysin ajoissa. Et kyll\u00e4 se kulttuurien ymm\u00e4rrys ja tuntemus ja uteliaisuus, et se on hyv\u00e4 olla utelias ja idearikas ja miettii sit\u00e4, ett\u00e4 mik\u00e4 vois olla kivaa ja kiinnostavaa muiden mielest\u00e4 ja siin\u00e4 ty\u00f6ss\u00e4 pysyy mielenkiinto my\u00f6s, jos on utelias.<\/p>\n<p>Timo Mets\u00e4joki: No miten sitten, mahtuuko meille yritt\u00e4ji\u00e4 viel\u00e4 t\u00e4lle seudulle vai tuleeko jossain v\u00e4liss\u00e4 niin sanotusti raja vastaan, jollon vaan kaikki yritykset ei yksinkertaisesti p\u00e4rj\u00e4\u00e4 ja t\u00e4ll\u00f6in osa tuhoutuu, ett\u00e4 tuleeko meid\u00e4n arktisella luonnolla jossain vaiheessa vaan raja vastaan?<\/p>\n<p>Suvi Autio: Eritt\u00e4in hyv\u00e4 kysymys ja my\u00f6s hyvin olennainen ja ajankohtainen. Ennen koronaa, sori kaikki on nyt v\u00e4h\u00e4n korona sit\u00e4, korona t\u00e4t\u00e4, mutta ennen koronaa kyll\u00e4 se oli ihan realistinen huoli, ett\u00e4 pit\u00e4isk\u00f6 alkaa johonkin rajoitustoimiin ja miten meid\u00e4n luonto kest\u00e4\u00e4. Jos miettii esimerkiksi vaikka Galapagos \u2013saaria niin siell\u00e4h\u00e4n on tiukat rajoitukset k\u00e4ynniss\u00e4. En m\u00e4 nyt sano, ett\u00e4 Lappi ois Galapagos, mut v\u00e4h\u00e4n sama mentaliteetti vois olla. Kyll\u00e4h\u00e4n t\u00e4nne yritt\u00e4ji\u00e4 mahtuu, t\u00e4rkeint\u00e4 on se, ett\u00e4 olisi yhteiset pelis\u00e4\u00e4nn\u00f6t, siit\u00e4 et miten sit\u00e4 luontoa kuormitetaan ja my\u00f6s ohjeistus siit\u00e4, ett\u00e4 miten t\u00e4\u00e4ll\u00e4 pit\u00e4\u00e4 toimia niin suomalaisten kuin ulkomaalaistenkin vieraiden. V\u00e4h\u00e4n et selitett\u00e4isiin v\u00e4h\u00e4n jokamiehen oikeuksista ja polkujen k\u00e4ytt\u00e4misest\u00e4 ja n\u00e4in p\u00e4in pois.<\/p>\n<p>(tunnusmusiikkia)<\/p>\n<p>Timo Mets\u00e4joki: Millaisia haasteita tai ongelmia matkailualan yritykset kohtaa t\u00e4\u00e4ll\u00e4 arktisessa ymp\u00e4rist\u00f6ss\u00e4?<\/p>\n<p>Suvi Autio: Haasteita muodostaa t\u00e4\u00e4 ymp\u00e4rist\u00f6, miss\u00e4 me ollaan, vaikka tietenkin meilleh\u00e4n se, ett\u00e4 me asutaan t\u00e4\u00e4ll\u00e4 Suomen Lapissa, niin me tiedet\u00e4\u00e4n se, ett\u00e4 s\u00e4\u00e4olosuhteet vaihtelee ja tiedet\u00e4\u00e4n miten talvella tulee pukeutua ja meilt\u00e4 yleens\u00e4 l\u00f6ytyykin passelit varustukset, mutta sit matkailuyritt\u00e4j\u00e4lle haastavaa on se, ett\u00e4 sun t\u00e4ytyy pit\u00e4\u00e4 huoli sun vieraista, sun asiakkaista ja sun t\u00e4ytyy ymm\u00e4rt\u00e4\u00e4 tai osata opettaa niille se, ett\u00e4 miten niiden pit\u00e4\u00e4 pukeutua, sulla pit\u00e4\u00e4 olla varusteet, mit\u00e4 tarjota niille, sun pit\u00e4\u00e4 osata kouluttaa ett\u00e4 ne ei j\u00e4\u00e4dy tonne ja sit tehd\u00e4 se viel\u00e4 silleen n\u00e4tisti, ett\u00e4 niille on hyv\u00e4 kokemus. Et kyll\u00e4 se kylmyys antaa meille haasteita t\u00e4\u00e4ll\u00e4 ja sit\u00e4 kaikki ei ymm\u00e4rr\u00e4 ja monet ulkomailta tulijat ois l\u00e4hd\u00f6ss\u00e4 tyyliin tekonahkahousut jalassa luontoon ja sit j\u00e4\u00e4tyis sinne pystyyn, ett\u00e4 t\u00e4m\u00e4 on se arki ja aika iso haaste. Ja sitten tietenkin se aikaisemmin mainittu, ett\u00e4 sesonki on hyvin talvikeskeinen, niin se on haastavaa, ett\u00e4 kuinka saada tuloa koko vuodeksi.<\/p>\n<p>Timo Mets\u00e4joki: Siin\u00e4h\u00e4n t\u00e4ytyy yritt\u00e4j\u00e4ll\u00e4 olla iso varasto ylip\u00e4\u00e4t\u00e4\u00e4n talvihaalareita, k\u00e4sineit\u00e4, kenki\u00e4, kyp\u00e4ri\u00e4 ja ties mit\u00e4 useita eri kokoja, seh\u00e4n on paljon my\u00f6s varaston hallintaa?<\/p>\n<p>Suvi Autio: On on, ehdottomasti varaston hallintaa ja huoltoa, haalareita ja kenki\u00e4 pit\u00e4\u00e4 putsata ja sit se, ett\u00e4 sulla pit\u00e4\u00e4 olla my\u00f6s aika paljon p\u00e4\u00e4omaa kiinni niiss\u00e4, koska eih\u00e4n nyt hyv\u00e4t kelkkahaalarit oo ilmaisia, tai keng\u00e4t. Ja niit\u00e4 pit\u00e4\u00e4 olla useempi samaa kokoa, koska ent\u00e4 jos sulle tulee kymmenen asiakasta ja kaikki haluu kokoa 54 olevan haalarin, niin et s\u00e4 voi niille jotain nelikasia (48) tunkea p\u00e4\u00e4lle.<\/p>\n<p>Timo Mets\u00e4joki: Toinen, mik\u00e4 tulee v\u00e4litt\u00f6m\u00e4sti mieleen, on se, mit\u00e4 tapahtuu joka vuosi, ett\u00e4 kun turistit vuokraavat auton ja sitten l\u00f6yt\u00e4v\u00e4t itsens\u00e4 sielt\u00e4 \u201dkeskelt\u00e4 ei mit\u00e4\u00e4n\u201d, koska GPS sanoi, ett\u00e4 t\u00e4nne voi ajaa?<\/p>\n<p>Suvi Autio: Joo, keskelt\u00e4 jokea esimerkiksi, ett\u00e4 hei, t\u00e4st\u00e4 menee tie ja eip\u00e4 mee. Oon joskus ollut kuulemassa, kun espanjalaisia on hinattu pois joelta, kun ne on mennyt navigaattorin varassa sinne.<\/p>\n<p>Timo Mets\u00e4joki: N\u00e4illeh\u00e4n me ei voida mit\u00e4\u00e4n vai onko olemassa jotain, ett\u00e4 (naurua) toimi n\u00e4in, \u00e4l\u00e4 aja jokeen?<\/p>\n<p>Suvi Autio: Niin siis absurdiltahan se kuulostaa. Se mit\u00e4 vois tehd\u00e4 ois, et kehitt\u00e4is jonkun somekampanjan ihan vaan siit\u00e4, ett\u00e4 k\u00e4yt\u00e4 maalaisj\u00e4rke\u00e4 liikenteess\u00e4 ja jos et ole varma siit\u00e4, minne ajat niin mieti kahdesti ja pukeutumiseen ja muuhunkin liittyen. Niinku t\u00e4n tyyppist\u00e4 materiaalia, kuinka olla hyv\u00e4 turisti Lapissa, vois ihan hyvin tehd\u00e4, v\u00e4h\u00e4n sellaista turvallisuusorientoitunutta. On sekin turhauttavaa, et jos s\u00e4 oot ajamassa vaikka Kemiin ja sit sun edess\u00e4 ajaa pakettiautoletka viitt\u00e4kymppi\u00e4 (50km\/h), kun ne ei uskalla ajaa kovempaa, siin\u00e4 vaiheessa miettii, ett\u00e4 oisko nyt vaan kannattanut palkata paikallinen kuski.<\/p>\n<p>(tunnusmusiikkia, Opiskelijan kysymys)<\/p>\n<p>&nbsp;<\/p>\n<p>Opiskelija: Mitk\u00e4 ovat konkreettisia keinoja edist\u00e4\u00e4 kulttuurien v\u00e4list\u00e4 ymm\u00e4rt\u00e4mist\u00e4 eli sit\u00e4, ett\u00e4 tullaan toimeen kesken\u00e4\u00e4n?<\/p>\n<p>Suvi Autio: Ihana kysymys ensinn\u00e4kin, vitsi tuli ihan kylm\u00e4t v\u00e4reet. Kiitos t\u00e4st\u00e4 kysymyksest\u00e4. Haastava homma, mut l\u00e4htisin siit\u00e4, ett\u00e4 kannustetaan ihmisi\u00e4 avoimuuteen, semmoseen dialogisuuteen, kuuntelevuuteen, ett\u00e4 kuunnellaan mit\u00e4 muilla on sanottavaa ja yritet\u00e4\u00e4n ymm\u00e4rt\u00e4\u00e4, et ku me kaikki tullaan erilaisista kulttuuritaustoista, niin ne n\u00e4ytt\u00e4ytyy my\u00f6s hyvin erilaisina, et ois avoin sille, ett\u00e4 toiset ei v\u00e4ltt\u00e4m\u00e4tt\u00e4 tarkoita pahaa tai haluu loukata ja koitettais ymm\u00e4rt\u00e4\u00e4 ja kysyt\u00e4\u00e4n, ett\u00e4 hei miten t\u00e4\u00e4 asia on, mit\u00e4 s\u00e4 haet t\u00e4ll\u00e4 takaa. Siis avoimuus ja ymm\u00e4rryksen lis\u00e4\u00e4minen, kyll\u00e4h\u00e4n matkailu todellakin lis\u00e4\u00e4 t\u00e4t\u00e4 silloin kun se on toteutettu kulttuurisensitiivisesti, eli silloin kun s\u00e4 matkustat ja otat huomioon sen millasii palveluita s\u00e4 k\u00e4yt\u00e4t, millasii el\u00e4myksii s\u00e4 saat ja oot kiva vieras, et s\u00e4 et oo vaan semmonen saappaat jalassa paikalle marssiva tyyppi, vaan otat vastaan ja keskustelet, niin kyll\u00e4 m\u00e4 uskon, ett\u00e4 sekin tuo meit\u00e4 l\u00e4hemm\u00e4s toisiamme.<\/p>\n<p>Timo Mets\u00e4joki: Mik\u00e4 sai sut innostumaan matkailualasta vai ajauduitko s\u00e4 t\u00e4nne ihan vaan sattumalta? Eli mik\u00e4 sun koulutus- ja ty\u00f6polku t\u00e4h\u00e4n pisteeseen on ollut?<\/p>\n<p>Suvi Autio: M\u00e4 saatan olla tosi ep\u00e4tyypillinen t\u00e4m\u00e4n polun kulkija, mut voi meit\u00e4 olla muitakin. Ihan alun alkaen m\u00e4 oon aina ollu todella kiinnostunut kansainv\u00e4lisyydest\u00e4 ja oon jo nuorena ollu vaihdoissa mm. Costa Ricassa ja sittemmin tulin yliopistoon ja yliopistossa ihan alun alkaen tulin t\u00e4nne opiskeleen kuvataidekasvatusta ja oonkin siis valmistunu siit\u00e4, m\u00e4 oon siis kuvisope my\u00f6s koulutukseltani. Opintojen aikana m\u00e4 ty\u00f6skentelin safarioppaana ainakin viis vuotta. Aina sen, mit\u00e4 pystyi opintojen aikana ja m\u00e4 sain siit\u00e4 aika hyv\u00e4n pohjan ja kosketuksen siit\u00e4, ett\u00e4 mit\u00e4 se matkailumaailma oikeasti on ja sittemmin mut pyydettiin t\u00f6ihin t\u00e4h\u00e4n hankkeeseen ihan senkin takia, ett\u00e4 on sit\u00e4 k\u00e4yt\u00e4nn\u00f6n kokemusta niin paljon ja sit on visuaalista ymm\u00e4rryst\u00e4 siit\u00e4, miten tuotetaan opetusmateriaaleja ja sosiaalisen median markkinointia ja t\u00e4mm\u00f6st\u00e4, et t\u00e4t\u00e4 kautta p\u00e4\u00e4dyin t\u00e4nne. Ja matkailu on edelleenkin mulle semmonen intohimo, mutta siihen suhtautuu vaan vakavammin nyky\u00e4\u00e4n.<\/p>\n<p>Timo Mets\u00e4joki: Mit\u00e4 terveisi\u00e4 s\u00e4 haluaisit l\u00e4hett\u00e4\u00e4 nuorille, jotka ovat valmistautumassa ty\u00f6el\u00e4m\u00e4\u00e4n tai siirtym\u00e4ss\u00e4 muihin jatko-opintoihin?<\/p>\n<p>Suvi Autio: No ensinn\u00e4kin, uskokaa itseenne, te ootte mahtavia tyyppej\u00e4, m\u00e4 luotan siihen, ett\u00e4 te teette hyvi\u00e4 valintoja. Jos matkailuntutkimus innostaa teit\u00e4 niin k\u00e4yk\u00e4\u00e4 tsekkaamassa Matkailevat tutkijat \u2013blogi, niin sill\u00e4 pit\u00e4is l\u00f6yt\u00e4\u00e4, kun sen laittaa Googleen ja siell\u00e4 on siis opiskelijoiden tekemi\u00e4 blogipostauksia, mitk\u00e4 on tosi mielenkiintoisia et siell\u00e4 oli esimerkiksi nyt semmonen postaus, jossa tutkittiin matkailua ja roskaa, sitten oli sellanen, jossa oli tutkittu euroviisujen poliittisuutta. K\u00e4yk\u00e4\u00e4 vilkaisemassa siell\u00e4, niin saatte v\u00e4h\u00e4n semmosta tuntumaa siihen, ett\u00e4 mit\u00e4 t\u00e4\u00e4 opiskelu on, mutta \u2013 nauttikaa!<\/p>\n<p>Timo Mets\u00e4joki: Kiitos Suvi Autio, ett\u00e4 p\u00e4\u00e4sit vieraaksi yritt\u00e4jyyden j\u00e4jill\u00e4 \u2013podcastiin.<\/p>\n<p>Suvi Autio: Kiitos, oli tosi kiva olla t\u00e4\u00e4ll\u00e4 vastailemassa sun kysymyksiin.<br \/>\n[\/et_pb_toggle][\/et_pb_column][\/et_pb_row][et_pb_row admin_label=&#8221;Teht\u00e4v\u00e4 ja aineisto&#8221; _builder_version=&#8221;4.8.2&#8243; _module_preset=&#8221;default&#8221; custom_margin=&#8221;23px|auto||auto||&#8221; border_width_all=&#8221;15px&#8221; border_color_all=&#8221;#e20d18&#8243;][et_pb_column type=&#8221;4_4&#8243; _builder_version=&#8221;4.8.2&#8243; _module_preset=&#8221;default&#8221;][et_pb_text admin_label=&#8221;Aineisto&#8221; _builder_version=&#8221;4.8.2&#8243; _module_preset=&#8221;default&#8221; text_font=&#8221;||||||||&#8221; header_font=&#8221;|||on|||||&#8221;]<\/p>\n<h2><strong>\u00a0 Teht\u00e4v\u00e4t<\/strong><\/h2>\n<p>[\/et_pb_text][et_pb_text admin_label=&#8221;Teht\u00e4v\u00e4&#8221; _builder_version=&#8221;4.8.2&#8243; _module_preset=&#8221;default&#8221; width=&#8221;98.1%&#8221; custom_padding=&#8221;|||13px||&#8221;]<\/p>\n<p>Oppimisteht\u00e4vi\u00e4:<\/p>\n<p>1. Mit\u00e4 tarkoitetaan kulttuurisensitiivisyydell\u00e4?<\/p>\n<p>2. Miten paikallinen kulttuuri ja el\u00e4m\u00e4ntapa voitaisiin paremmin ottaa huomioon matkailussa? <em>\u201dihmiset haluu p\u00e4\u00e4st\u00e4 aitojen ja autenttisten kokemusten \u00e4\u00e4relle, l\u00e4hemm\u00e4s luontoon, terveellisiin paikkoihin. Ja sit se autenttisuus liittyy my\u00f6s kulttuuriel\u00e4myksiin, et on niinku<\/em><br \/><em>aitoja oikeita juttuja eik\u00e4 sellasta, niinkun muovista, tekem\u00e4ll\u00e4 tehty\u00e4.\u201d<\/em> (Suvi Autio)<\/p>\n<p>3. Podcastissa puhutaan, ett\u00e4 matkailututkimus on monitieteist\u00e4 ja poikkitieteist\u00e4. Mit\u00e4 eri tieteenaloilla voisi olla annettavaa matkailuelinkeinolle? Haastattelussa mainittiin tieteenaloina esim. antropologia, filosofia, hallintotieteet, historia, johtaminen,\u201d j\u00e4teyhteiskunta ja matkailu\u201d yhten\u00e4 teemana, kehitysmaatutkimus, kielitiede, ymp\u00e4rist\u00f6tiede, markkinointi, laskentatoimi.\u00a0Pohdi n\u00e4ist\u00e4 joitain.<\/p>\n<p>4. Miten matkailijan kokemuksia paikan p\u00e4\u00e4ll\u00e4 voisi syvent\u00e4\u00e4? Mit\u00e4 keinoja nykyajan teknologia voisi tarjota? Voisiko vuorovaikutuksesta tehd\u00e4 pidempikestoisen, jolloin fyysinen kohtaaminen olisikin vain huipentuma?<\/p>\n<p>5. Voiko matkailulla parantaa maailmaa?<\/p>\n<p>[\/et_pb_text][\/et_pb_column][\/et_pb_row][\/et_pb_section][et_pb_section fb_built=&#8221;1&#8243; admin_label=&#8221;Lis\u00e4materiaalit&#8221; _builder_version=&#8221;4.8.2&#8243; _module_preset=&#8221;default&#8221;][et_pb_row _builder_version=&#8221;4.8.2&#8243; _module_preset=&#8221;default&#8221;][et_pb_column type=&#8221;4_4&#8243; _builder_version=&#8221;4.8.2&#8243; _module_preset=&#8221;default&#8221;][et_pb_text _builder_version=&#8221;4.8.2&#8243; _module_preset=&#8221;default&#8221;]<\/p>\n<h1><strong>Lis\u00e4materiaalit<\/strong><\/h1>\n<p>[\/et_pb_text][et_pb_divider color=&#8221;#e20d18&#8243; divider_weight=&#8221;6px&#8221; admin_label=&#8221;Otsikon alusviiva&#8221; _builder_version=&#8221;4.8.2&#8243; _module_preset=&#8221;default&#8221; width=&#8221;40px&#8221; module_alignment=&#8221;left&#8221; custom_margin=&#8221;-25px|0px||0px|false|false&#8221; custom_padding=&#8221;0px|||0px|false|false&#8221; global_module=&#8221;662&#8243; saved_tabs=&#8221;all&#8221;][\/et_pb_divider][\/et_pb_column][\/et_pb_row][\/et_pb_section][et_pb_section fb_built=&#8221;1&#8243; admin_label=&#8221;Valentijn Beets PART 2&#8243; module_id=&#8221;beets&#8221; _builder_version=&#8221;4.8.2&#8243; _module_preset=&#8221;default&#8221; background_color=&#8221;rgba(0,0,0,0.02)&#8221; border_width_all=&#8221;0px&#8221; border_color_all=&#8221;#26224E&#8221; box_shadow_style=&#8221;preset1&#8243;][et_pb_row admin_label=&#8221;Row esimerkki henkil\u00f6kuvauksesta&#8221; _builder_version=&#8221;4.8.2&#8243; _module_preset=&#8221;default&#8221;][et_pb_column type=&#8221;4_4&#8243; _builder_version=&#8221;4.8.2&#8243; _module_preset=&#8221;default&#8221;][et_pb_team_member name=&#8221;Valentijn Beets PART 2&#8243; image_url=&#8221;https:\/\/blogi.eoppimispalvelut.fi\/latu\/files\/2021\/04\/LaTu-mini-ikoni.png&#8221; icon_color=&#8221;#e20d18&#8243; admin_label=&#8221;Person Valentijn Beets PART 2&#8243; _builder_version=&#8221;4.8.2&#8243; _module_preset=&#8221;default&#8221; header_font=&#8221;|800|||||||&#8221; header_text_color=&#8221;#26224E&#8221; position_text_color=&#8221;#26224E&#8221; custom_margin=&#8221;||||false|false&#8221;][\/et_pb_team_member][\/et_pb_column][\/et_pb_row][et_pb_row admin_label=&#8221;Row Esimerkki audioraidasta&#8221; _builder_version=&#8221;4.8.2&#8243; _module_preset=&#8221;default&#8221; positioning=&#8221;none&#8221; custom_padding=&#8221;30px|||||&#8221; border_width_all=&#8221;15px&#8221; border_color_all=&#8221;#26224E&#8221;][et_pb_column type=&#8221;4_4&#8243; _builder_version=&#8221;4.8.2&#8243; _module_preset=&#8221;default&#8221;][et_pb_text _builder_version=&#8221;4.8.2&#8243; _module_preset=&#8221;default&#8221; text_font=&#8221;||||||||&#8221; header_font=&#8221;|||on|||||&#8221; custom_padding=&#8221;1px|||||&#8221;]<\/p>\n<h2><strong>\u00a0 Aineisto<\/strong><\/h2>\n<p>[\/et_pb_text][et_pb_audio audio=&#8221;https:\/\/blogi.eoppimispalvelut.fi\/latu\/files\/2021\/08\/Valentjin-Beets-extra-material.mp3&#8243; title=&#8221;Kuuntele Podcast&#8221; _builder_version=&#8221;4.8.2&#8243; _module_preset=&#8221;default&#8221; title_font=&#8221;|800|||||||&#8221; title_text_align=&#8221;left&#8221; title_text_color=&#8221;#e20d18&#8243; background_enable_color=&#8221;off&#8221; background_layout=&#8221;light&#8221; width=&#8221;90%&#8221; module_alignment=&#8221;center&#8221; min_height=&#8221;182px&#8221; custom_padding=&#8221;||0px|||&#8221;][\/et_pb_audio][et_pb_toggle title=&#8221;Lue podcast&#8221; open_toggle_text_color=&#8221;#e20d18&#8243; open_toggle_background_color=&#8221;RGBA(0,0,0,0)&#8221; closed_toggle_background_color=&#8221;RGBA(0,0,0,0)&#8221; icon_color=&#8221;#e20d18&#8243; use_icon_font_size=&#8221;on&#8221; icon_font_size=&#8221;41px&#8221; _builder_version=&#8221;4.8.2&#8243; _module_preset=&#8221;default&#8221; title_text_color=&#8221;#e20d18&#8243; title_level=&#8221;h3&#8243; title_font=&#8221;|700|||||||&#8221; width=&#8221;90%&#8221; module_alignment=&#8221;center&#8221; border_width_all=&#8221;4px&#8221; border_color_all=&#8221;#26224e&#8221;]Haastateltava: Valentijn Beets (extra material)<\/p>\n<p>Toimittaja: Timo Mets\u00e4joki<\/p>\n<p>Tuotanto: Timo Mets\u00e4joki, Katri Kykyri (LaTu \u2013hanke)<\/p>\n<p>Timo Mets\u00e4joki: Hi, you are listening to some extra material from the footsteps of an entrepreneur. Together me, Timo Mets\u00e4joki and Valentijn Beets are going to discuss a little bit more about the huskies.<\/p>\n<p>(theme music)<\/p>\n<p>Timo Mets\u00e4joki: I have to ask that you have 65 dogs at the moment. Do you know each and every dog by their name or do you sometimes have to take second guesses?<\/p>\n<p>Valentijn Beets: \u00a0I sometimes need to second guess but all of them I know by name. What usually happens is I work with a small group of dogs, twenty of them, to me to keep track of all 65, exactly who they are, I know all of the dogs in many cases I gave them names myself. But for instance some of the younger dogs, I might still mix their names up. But once I get to the point that I \u2013 that they are in my responsibility area then I will definitely know them. So it\u2019s usually the younger dogs that, when they get into teenage years there might be a couple of black dogs that I have not worked with for some time, I might mix them up but all of the dogs I do know.<\/p>\n<p>Timo Mets\u00e4joki: How do you feed the dogs, raw meat or kibble and how much does it cost per month or per year?<\/p>\n<p>Valentijn Beets: \u00a0It costs, varying, let\u2019s put it this way. We feed both raw meat and we feed kibble. So dry food and raw meat and raw fish. Where you get your meat from, this is actually a very interesting conversation and a very deep one in some ways. So, the way we feed our dogs when we use leftover meet, which would be leftover slaughter refuse from the slaughter house, this is considered to be carbon neutral, because the actual carbon cost of this has already been counted in the stake, or the chicken fillet, or the chicken wing, which you as a human are eating. The leftovers, that\u2019s rubbish, it has no carbon footprint it is not counted there. So, when you go out and eat your chicken wing, the carbon footprint of the rubbish is included in the chicken wing. So when I take the actual rubbish and feed it to my dogs it is kind of counted as carbon neutral. If we would use food which would not be, erm, rubbish, leftovers, then we would need to count. We end up having two ethical dilemmas. First of all, if we would take proper meat, something that would still be good for human consumption, now we are ending up taking \u201cgood food\u201d, which could feed a starving human here or in Africa you know the classic in Africa they are hungry, but these days you can freeze it, you can dry it, you can ship it. In theory we can take food and we can send it all over the world to feed hungry humans and we would be feeding it to dogs, which is kind of, you know, stupid.<\/p>\n<p>Timo Mets\u00e4joki: In a way, yes.<\/p>\n<p>Valentijn Beets: \u00a0So you should not take prime food, prime meat or even any grains or anything and be eating it to dog. A dog is an animal that during its 20-30 thousand years of domestication has been fed with leftovers. It has either been eating scraps from the hunt or the scraps from the table. So a dogs very essence is that of a refuse eater. And it should not in my opinion be fed with anything but refuse. Now these days we have industrial, agricultural and animal husbandry practices, we create thousands of tons of rubbish, which of course being rubbish we can feed it to our dogs. To put it a bit more difficultly, think about it again ethically all the modern dog food or sorry not even dog food but food processing technology, you could almost say that there is no more any real leftover rubbish anymore, we can take that food and those, unsavory bits and turn them into something eatable, for humans. So with dogs, when you are running one dog it\u2019s something you can think about but if you are running sixty or sixty-five or a hundred or even more it\u2019s part of the ethical dilemma that you get, for me I haven\u2019t exactly solved it further than, it\u2019s rubbish, therefore we can feed it. And dry food the same, a lot of dry food is made with leftovers from the bio industry production things. So as long as what you are feeding to your dogs is a leftover, I\u2019m actually pretty happy feeding it and in some cases it is considered to be without carbon emission although that is a bit of a trick (laugh). In a sense that another good way to thinking about this is Neste recently they have this zero emission diesel that they make, and they it\u2019s zero emissions because they use a leftover palm oil product, a rest product. So they say because it\u2019s a rest product it has no carbon emissions.<\/p>\n<p>Timo Mets\u00e4joki: But it has?<\/p>\n<p>Valentijn Beets: \u00a0Of course it has! (laughter)<\/p>\n<p>Timo Mets\u00e4joki: It\u2019s diesel!<\/p>\n<p>Valentijn Beets: \u00a0It\u2019s diesel but the legal categorization is, it\u2019s just been categorized as waste therefore it has no carbon emission, because the carbon emission is counted in a shampoo they made from the palm oil. But of course when you drive that car it\u2019s still going to bump out that diesel. Same thing goes with this meat it\u2019s not really of course zero or neutral but it\u2019s where they count it so it\u2019s a bureaucratic zero emission, not a real zero emission. This is one of things that when you are feeding your dogs, you\u2019re not going to worry about this when you are standing outside with your bucket feeding your dogs, then you are just going to look at does the dog want to eat it, is it good for the dog and in the end what does it cost. You asked what it does cost to feed a dog, roughly a euro to euro and half (1\u20ac &#8211; 1,50\u20ac) per dog, per day. You can get by some tricks if you manage to find a fisherman, who has \u201croskakala\u201d (rough fish), you know the ones they clean from the lakes, you can get fish from them, cook that, that\u2019s a good source of protein and calcium for your dogs. It\u2019s also cheap but you have to actually go out and pick up the fish and cook it and freeze it and all this kind of things, so it requires some manual labor. So there are ways to get this dog food build down, but just like every athlete, if you\u2019re going to have quality performance, you need to have quality food and that needs to be a good protein, good fat and good carbs in there.<\/p>\n<p>Timo Mets\u00e4joki: How much do you share your values with the customers, do they accept them or do they understand them or how they react?<\/p>\n<p>Valentijn Beets: \u00a0We haven\u2019t made a big deal out of it just yet. We use green \u201cs\u00e4hk\u00f6\u201d, green electricity, certificates. We haven\u2019t actually been using that a lot in our marketing, what we do a lot is that we show how we are working with the dogs and how we are taking care of them. These certificates are so natural for us to have it\u2019s not something that we need to promote but we will be doing this more in the future because we do believe that we have done this and it differentiates us from our competitors in many ways. So it\u2019s a way for us to differentiate ourselves and to put the word out there: hey guys, this is what we\u2019re doing and come book a tour with us.<\/p>\n<p>Timo Mets\u00e4joki: How about animal welfare, I suppose it\u2019s an important topic as well?<\/p>\n<p>Valentijn Beets: \u00a0It goes back to this, how we run the business, part of is that we want to challenge, especially on animal welfare, there was a time when in Finland the huskies were not being treated very well and this is due to some cultural things, a very utilitarian approach to animals here in north here in Lapland. They were people who were in it for the money, not for the love of dogs or the love for running dogs and the level of care in some cases was a bit poor. When we came in and we had this chance to build this new kennel we decided to build a kennel, which would be newer, more fantastic, more animal friendly, in many ways more expensive as well but we were going to make some serious investments in the kennel and the welfare where the dogs actually live, or where the dogs live and their welfare. The idea was to challenge our competitors, to say hey guys, if I, a foreigner with sixty-five to eighty dogs can do this then why can\u2019t you with two hundred dogs do this, I\u2019m going to come in here and I\u2019m going to tell everyone about this fantastic kennel we are going to have and I\u2019m going to take your work and I will take your customers and if you want to stay in this game, get better. It was a challenge, it was literally get better, I\u2019m going to compete hard, I\u2019m going to take your customers and by doing that, we are going to force you to get better, because we are going the move the competitive field to a new level, which is not anymore price or who has the most dogs. We were going towards who has the best kennel, who has the best animal welfare. And by forcing, what we have seen over the last couple of years that people have actually gotten better. Every kennel or every new kennel because kennels get renewed every now and again, they were getting renewed better than they were before up to the better standard. I don\u2019t want to take credit for that myself that we did it but we do see that we have inspired some other kennels to get better. And that is I guess that be forceful, spread it out there, be forceful, go for it and don\u2019t\u2026 You know we are strangers me and my wife we don\u2019t have that many contacts so there\u2019s not that many that we can piss off other than strangers, which is in our case pretty good. It does mean that we don\u2019t have a network, which makes it really hard (laughter) in some cases, but it does make it easier to do something that is different from what has been done before. So, be forceful, stand before your principals and go for it.<\/p>\n<p>(theme music)<br \/>\n[\/et_pb_toggle][\/et_pb_column][\/et_pb_row][et_pb_row admin_label=&#8221;Teht\u00e4v\u00e4 ja aineisto&#8221; _builder_version=&#8221;4.8.2&#8243; _module_preset=&#8221;default&#8221; custom_margin=&#8221;23px|auto||auto||&#8221; border_width_all=&#8221;15px&#8221; border_color_all=&#8221;#e20d18&#8243;][et_pb_column type=&#8221;4_4&#8243; _builder_version=&#8221;4.8.2&#8243; _module_preset=&#8221;default&#8221;][et_pb_text admin_label=&#8221;Aineisto&#8221; _builder_version=&#8221;4.8.2&#8243; _module_preset=&#8221;default&#8221; text_font=&#8221;||||||||&#8221; header_font=&#8221;|||on|||||&#8221;]<\/p>\n<h2><strong>\u00a0 Teht\u00e4v\u00e4t<\/strong><\/h2>\n<p>[\/et_pb_text][et_pb_text admin_label=&#8221;Teht\u00e4v\u00e4&#8221; _builder_version=&#8221;4.8.2&#8243; _module_preset=&#8221;default&#8221; width=&#8221;98.1%&#8221; custom_padding=&#8221;|||13px||&#8221;]<\/p>\n<p>Oppimisteht\u00e4v\u00e4t tulossa.<\/p>\n<p>[\/et_pb_text][\/et_pb_column][\/et_pb_row][\/et_pb_section][et_pb_section fb_built=&#8221;1&#8243; admin_label=&#8221;Podcast -sarjan tuottaminen&#8221; module_id=&#8221;podcast&#8221; _builder_version=&#8221;4.8.2&#8243; _module_preset=&#8221;default&#8221; background_color=&#8221;rgba(0,0,0,0.02)&#8221; border_width_all=&#8221;0px&#8221; border_color_all=&#8221;#26224E&#8221; box_shadow_style=&#8221;preset1&#8243;][et_pb_row _builder_version=&#8221;4.8.2&#8243; _module_preset=&#8221;default&#8221;][et_pb_column type=&#8221;4_4&#8243; _builder_version=&#8221;4.8.2&#8243; _module_preset=&#8221;default&#8221;][et_pb_text _builder_version=&#8221;4.8.2&#8243; _module_preset=&#8221;default&#8221; custom_padding=&#8221;||0px|||&#8221; link_option_url_new_window=&#8221;on&#8221;]<\/p>\n<h1>Podcast -sarjan tuottaminen<\/h1>\n<p>&nbsp;<\/p>\n<p>Podcastit ovat t\u00e4t\u00e4 p\u00e4iv\u00e4\u00e4 ja niiden tuottaminen on ty\u00f6t\u00e4 yh\u00e4 useammalle. Mutta miten tuottajaksi tai toimittajaksi valmistutaan? Miss\u00e4 oppii tekem\u00e4\u00e4n mediasis\u00e4lt\u00f6j\u00e4? T\u00e4ss\u00e4 osiossa Yritt\u00e4jyyden j\u00e4ljill\u00e4 -sarjan tuottaja\/toimittaja Timo Mets\u00e4joki kertoo omasta koulutus- sek\u00e4 urapolustaan ja kertoo, miksi h\u00e4n haluaa tehd\u00e4 kuunnelmia ja dokumentteja.<\/p>\n<p>[\/et_pb_text][\/et_pb_column][\/et_pb_row][et_pb_row admin_label=&#8221;Row esimerkki henkil\u00f6kuvauksesta&#8221; _builder_version=&#8221;4.8.2&#8243; _module_preset=&#8221;default&#8221;][et_pb_column type=&#8221;4_4&#8243; _builder_version=&#8221;4.8.2&#8243; _module_preset=&#8221;default&#8221;][et_pb_team_member name=&#8221;Timo Mets\u00e4joki, Yritt\u00e4jyyden j\u00e4ljill\u00e4 -podcast sarjan tuottaja&#8221; position=&#8221;Tuottaja, journalisti, nuorisoty\u00f6n ja kulttuurialan moniottelija&#8221; image_url=&#8221;https:\/\/blogi.eoppimispalvelut.fi\/latu\/files\/2021\/07\/Timo-Metsajoki-Mia-Sivula.jpg&#8221; linkedin_url=&#8221;https:\/\/fi.linkedin.com\/in\/timo-mets%C3%A4joki-b4898b24&#8243; icon_color=&#8221;#e20d18&#8243; admin_label=&#8221;Person &#8221; _builder_version=&#8221;4.8.2&#8243; _module_preset=&#8221;default&#8221; header_font=&#8221;|800|||||||&#8221; header_text_color=&#8221;#26224E&#8221; position_text_color=&#8221;#26224E&#8221; custom_margin=&#8221;||||false|false&#8221;]<\/p>\n<p><strong style=\"font-size: 14px\"><\/strong><\/p>\n<p><strong style=\"font-size: 14px\">Koulutus:<\/strong><\/p>\n<p>Taiteiden kandidaatti (TaK), Taiteiden maisteriopiskelija (sivuaineena kasvatustiede), Restonomi (AMK), ylioppilas<\/p>\n<p><strong>Kuka:<\/strong><br \/>Timo on tehnyt vaikka mit\u00e4 ja tykk\u00e4\u00e4 tehd\u00e4 monenlaista. T\u00e4ll\u00e4 hetkell\u00e4 h\u00e4n suorittaa taiteiden maisterin tutkintoa Lapin Yliopistossa audiovisuaalisen mediakulttuurin linjalla ja tekee samalla uraa tuottajana ja taiteilijana. Timo on palkittu kuunnelmistaan mm. radiofestivaaleilla useampaan otteeseen ja dokumentteja py\u00f6rii maailmalla t\u00e4ll\u00e4kin hetkell\u00e4.<\/p>\n<p><strong>Teemat:<\/strong><\/p>\n<p>Taiteiden maisterin koulutus ja ty\u00f6llistymismahdollisuudet, kuunnelmien ja dokumenttien tuottaminen, Timon ura- ja koulutuspolku, Ty\u00f6n merkityksellisyys<\/p>\n<p>Kuva: Timo Mets\u00e4joki<\/p>\n<p>[\/et_pb_team_member][\/et_pb_column][\/et_pb_row][et_pb_row admin_label=&#8221;Row Esimerkki audioraidasta&#8221; _builder_version=&#8221;4.8.2&#8243; _module_preset=&#8221;default&#8221; positioning=&#8221;none&#8221; custom_padding=&#8221;30px|||||&#8221; border_width_all=&#8221;15px&#8221; border_color_all=&#8221;#26224E&#8221;][et_pb_column type=&#8221;4_4&#8243; _builder_version=&#8221;4.8.2&#8243; _module_preset=&#8221;default&#8221;][et_pb_text _builder_version=&#8221;4.8.2&#8243; _module_preset=&#8221;default&#8221; text_font=&#8221;||||||||&#8221; header_font=&#8221;|||on|||||&#8221; custom_padding=&#8221;1px|||||&#8221;]<\/p>\n<h2><strong>\u00a0 Aineisto<\/strong><\/h2>\n<p>[\/et_pb_text][et_pb_audio audio=&#8221;https:\/\/blogi.eoppimispalvelut.fi\/latu\/files\/2021\/07\/Timo-Metsa\u0308joki-haastattelu-final.mp3&#8243; title=&#8221;Kuuntele Podcast&#8221; _builder_version=&#8221;4.8.2&#8243; _module_preset=&#8221;default&#8221; title_font=&#8221;|800|||||||&#8221; title_text_align=&#8221;left&#8221; title_text_color=&#8221;#e20d18&#8243; background_enable_color=&#8221;off&#8221; background_layout=&#8221;light&#8221; width=&#8221;90%&#8221; module_alignment=&#8221;center&#8221; min_height=&#8221;182px&#8221; custom_padding=&#8221;||0px|||&#8221;][\/et_pb_audio][et_pb_toggle title=&#8221;Lue podcast&#8221; open_toggle_text_color=&#8221;#e20d18&#8243; open_toggle_background_color=&#8221;RGBA(0,0,0,0)&#8221; closed_toggle_background_color=&#8221;RGBA(0,0,0,0)&#8221; icon_color=&#8221;#e20d18&#8243; use_icon_font_size=&#8221;on&#8221; icon_font_size=&#8221;41px&#8221; _builder_version=&#8221;4.8.2&#8243; _module_preset=&#8221;default&#8221; title_text_color=&#8221;#e20d18&#8243; title_level=&#8221;h3&#8243; title_font=&#8221;|700|||||||&#8221; width=&#8221;90%&#8221; module_alignment=&#8221;center&#8221; border_width_all=&#8221;4px&#8221; border_color_all=&#8221;#26224e&#8221;]Haastateltava: Timo Mets\u00e4joki<\/p>\n<p>Toimittaja: Timo Mets\u00e4joki (Mysteeriolennon hahmossa)<\/p>\n<p>Tuotanto: Timo Mets\u00e4joki, Katri Kykyri (LaTu \u2013hanke)<\/p>\n<p>(musiikkia)<\/p>\n<p>Mysteeriolento: Ohjelmasarjassamme Jonkin \u00e4\u00e4rell\u00e4 tapaamme t\u00e4n\u00e4\u00e4n j\u00e4lleen jonkinlaisen mukamas ammattilaisen.<\/p>\n<p>(musiikkia)<\/p>\n<p>Mysteeriolento: Kuka olet Timo Mets\u00e4joki ja miten olet p\u00e4\u00e4tynyt tuottamaan erilaisia sis\u00e4lt\u00f6j\u00e4, mm. podcasteja?<\/p>\n<p>Timo Mets\u00e4joki: Kiitos kysym\u00e4st\u00e4 sin\u00e4 mystinen olio, olento, mik\u00e4 oletkaan. Kaikki saadaan olla sellaisia, kun ollaan ja sie olet semmonen, se on hyv\u00e4 n\u00e4in. M\u00e4 oon p\u00e4\u00e4ttynyt tuottamaan n\u00e4it\u00e4 silkasta mielenkiinnosta t\u00e4t\u00e4 alaa kohtaan. M\u00e4 oon lapsena kuunnellut jo aika paljon p\u00e4\u00e4asiassa sellaisia kuvakirjoja, Miina ja Manu, R\u00f6lli, ne tulee nopeesti mieleen. Etenkin R\u00f6lli ja Allu Tuppuraisen tuotannolla on ollut itselleni suuri vaikutus omaan tuotantoon. Sit\u00e4 kautta on mielenkiinto erilaiseen \u00e4\u00e4nikikkailuun l\u00e4htenyt ja on tullu jo lapsena nauhoiteltua c-kasetille ties mit\u00e4, kaikenlaista sis\u00e4lt\u00f6\u00e4, ett\u00e4 n\u00e4k\u00f6j\u00e4\u00e4n koira ei sitte karvoistaan mihink\u00e4\u00e4n p\u00e4\u00e4se, ett\u00e4 t\u00e4ss\u00e4 menn\u00e4\u00e4n ja n\u00e4in se nyt sitten on.<\/p>\n<p>Mysteeriolento: Mist\u00e4 matkasi kuunnelmien ja haastattelujen toimittajaksi tai tuottajaksi alkoi?<\/p>\n<p>Timo Mets\u00e4joki: Mun opinto- ja ty\u00f6polku on aika moninainen ja hyvin sekava. M\u00e4 oon tehny uraa niin nuorisoty\u00f6ss\u00e4, osittain v\u00e4h\u00e4n my\u00f6skin n\u00e4yttelij\u00e4n\u00e4, kulttuurituottajana, puolustusvoimillakin olin pienen hetken t\u00f6iss\u00e4 tuossa viestiasemalla ja kouluttamassa sopimussotilaana. Ja e-urheilu puolella olen jossain m\u00e4\u00e4rin tunnettu kasvo my\u00f6skin, 100k esportsissa toimin edelleen yh\u00e4 ja monenlaista on tullut tehty\u00e4. Opintopolkuni on seuraavanlainen: Eurajoen yl\u00e4asteen j\u00e4lkeen menin Eurajoen lukioon, joka on draama- ja ilmaisutaito painotteinen, tai ainakin oli. Sielt\u00e4 matkani jatkui sitten opiskelemaan Jyv\u00e4skyl\u00e4n ammattikorkeakouluun matkailua, jossa silloin oli painotuksena ohjelma- ja tapahtumapalvelut. Siihen aikaan meik\u00e4l\u00e4inen tuotti ennen kaikkea itse hyvin paljon my\u00f6skin festivaaleja tuolla Satakunnan ja Rauman suunnalla, p\u00e4\u00e4asiassa Eurajoella ja tuli oltua mukana ties miss\u00e4 niin se oli j\u00e4rkev\u00e4 valinta siin\u00e4 suhteessa tuo ohjelma- ja tapahtumapalvelupuoli. Sielt\u00e4 aikoinani valmistuin ja maailmalla tuli py\u00f6ritty\u00e4 Uudessa-Seelannissa ja Tansaniassakin, oon ollu humanitaarisen ty\u00f6n tekij\u00e4n\u00e4 ja opettanut nuorille kajakointia ja muita ulkoilmajuttuja. Siin\u00e4 sitten jossain vaiheessa ollessani Mannerheimin Lastensuojeluliitolla, totesin ett\u00e4 vitsi sent\u00e4\u00e4n, ett\u00e4 vois jotain muutakin ehk\u00e4 viel\u00e4 opiskella t\u00e4n el\u00e4m\u00e4n aikana, ett\u00e4 t\u00e4\u00e4h\u00e4n on mukavaa touhua t\u00e4\u00e4 opiskelu. Elikk\u00e4 opiskelu ja ty\u00f6t on mennyt mulla aika rinta rinnan, en suosittele ellei oo ihan pakko, v\u00e4lill\u00e4 tosi raskasta, kai se on sitten antoisaakin, mutta itse\u00e4\u00e4n kannattaa kuunnella ja omaa jaksamistaan ennen kaikkea. Sitten p\u00e4\u00e4dyin opiskelemaan kasvatustieteit\u00e4 t\u00e4nne Lappiin ja siit\u00e4 sitten aikoinani vaihdoin audiovisuaalisen mediakulttuurin puolelle, elikk\u00e4 mun pitk\u00e4 sivuaine on kasvatustiede ja muuten audiovisuaalisen mediakulttuuria olen tahkonnut, n\u00e4in.<\/p>\n<p>Mysteeriolento: Valmistut pian taiteiden maisteriksi, millaisiin teht\u00e4viin koulutus antaa p\u00e4tevyyden tai minne taiteiden maisterit yleens\u00e4 p\u00e4\u00e4tyv\u00e4t?<\/p>\n<p>Timo Mets\u00e4joki: Neh\u00e4n p\u00e4\u00e4tyy mit\u00e4 moninaisimpiin teht\u00e4viin. Mun koulutusohjelmani on audiovisuaalinen mediakulttuuri ja t\u00e4t\u00e4 kauttahan on nyt sitten voinut p\u00e4\u00e4ty\u00e4, toki taiteilijaksi, taiteen puolelle, museoihin, tv-, radio-, elokuvapuoli. T\u00e4\u00e4 koulutus on v\u00e4h\u00e4n semmonen, ett\u00e4 sulle annetaan k\u00e4yt\u00e4nn\u00f6ss\u00e4 pulla eteen, mist\u00e4 s\u00e4 poimit rusinat p\u00e4\u00e4lt\u00e4, elikk\u00e4 s\u00e4 valkkaat ite, mihin s\u00e4 haluat syventy\u00e4. Verrattain siihen esimerkiksi Aalto yliopisto, joka on toinen taideyliopisto meill\u00e4 Suomessa niin kouluttaa p\u00e4\u00e4asiassa sitten taas, ett\u00e4 sun t\u00e4ytyy jo ennen kun s\u00e4 meet sinne kouluun valita se sun rusina, ett\u00e4 mit\u00e4 s\u00e4 haluat tehd\u00e4. Haluatko tehd\u00e4 \u00e4\u00e4nt\u00e4, kuvaa, jotain muuta, ohjata, se pit\u00e4\u00e4 valita ennakkoon, mutta t\u00e4\u00e4ll\u00e4 Lapissa ei tarvinnut valita ennakkoon ja m\u00e4 oon siit\u00e4 tosi ylpee ja ilonen, koska m\u00e4 oon p\u00e4\u00e4ssyt tekem\u00e4\u00e4n tosi monialaisesti kaikkee, mutta taiteiden maisterit p\u00e4\u00e4tyy yleens\u00e4 asiantuntijateht\u00e4viin. No mik\u00e4 on asiantuntija. No se voi olla sit melkeen mit\u00e4 vaan.<\/p>\n<p>Mysteeriolento: Mik\u00e4 on parasta ty\u00f6ss\u00e4si? Miksi haluat tuottaa kuunnelmia tai haastatteluja?<\/p>\n<p>Timo Mets\u00e4joki: Parasta mun ty\u00f6ss\u00e4ni on kohdata ihmisi\u00e4 ja v\u00e4litt\u00e4\u00e4 niiden tarinat ja niiden kertomukset muille. M\u00e4 oon dokumentaristi ennen kaikkea ja kaks mun dokkaria on my\u00f6skin py\u00f6riny maailmalla. Lyhytdokkareita, viimeisin oli just Intiassa elokuvafestivaaleilla ja niin, mun mielest\u00e4 se parasta on se ihmisten tarinoiden v\u00e4litt\u00e4minen. Siks m\u00e4 t\u00e4t\u00e4 teen, ett\u00e4 m\u00e4 voin kertoo t\u00e4t\u00e4 asiaa ja sit\u00e4 asiaa, mik\u00e4 toisella on se toinen ei v\u00e4ltt\u00e4m\u00e4tt\u00e4 saa sit\u00e4 kerrottua, mutta m\u00e4 voin kertoa sen maailmalle, koska mulla ilmeisesti on joku taito sitten n\u00e4it\u00e4 asioita (nauraa) maailmalle kertoa. En m\u00e4 tied\u00e4 onks se taitoo, opittuu, tuuria, osaltaan varmaan sit\u00e4kin, opin ja erehdyksen kautta, mut se on parasta \u2013 ihmisten kohtaaminen.<\/p>\n<p>Mysteeriolento: Sinut on palkittu useaan otteeseen radiofestivaaleilla, mitk\u00e4 ovat vahvuutesi tuottajana ja mist\u00e4 intohimo tekemist\u00e4 kohtaan syntyy?<\/p>\n<p>Timo Mets\u00e4joki: Joo, mut on tosiaan palkittu, m\u00e4 oon kuunnelma \u2013sarjan voittanut 2018 ja 2019 ja t\u00e4n\u00e4 vuonna voitin, eli 2021 voitin podcast- ja dokkarisarjan. Ja tota, mist\u00e4 intohimo syntyy\u2026 Voi ett\u00e4, se syntyy\u2026sis\u00e4lt\u00e4 k\u00e4sin, se on mussa sis\u00e4ll\u00e4. M\u00e4 haluan tehd\u00e4, t\u00e4\u00e4 on mulle samalla sek\u00e4 harrastus ett\u00e4 ty\u00f6. Se, ett\u00e4 m\u00e4 p\u00e4\u00e4sen v\u00e4litt\u00e4m\u00e4\u00e4n jotain t\u00e4rkeet\u00e4 asiaa, huumoria, tunnetilaa, vihaa, turhautumista, mik\u00e4 se sill\u00e4 hetkell\u00e4 siin\u00e4 kyseisess\u00e4 ty\u00f6ss\u00e4 onkin, niin se tekee sen intohimon. N\u00e4in m\u00e4 sen itse koen. Et intohimo ei oo opittua, intohimo, se vaan on ja se mystisesti ehk\u00e4 tulee jostain.<\/p>\n<p>Mysteeriolento: Millaisia terveisi\u00e4 kertoisit media-alasta, tai taide-alasta haaveilevalle nuorelle?<\/p>\n<p>Timo mets\u00e4joki: No m\u00e4 voisin sanoa, ett\u00e4 seuraa sit\u00e4, mit\u00e4 s\u00e4 haluat tehd\u00e4 ja vaikka s\u00e4 joskus valitsisit ehk\u00e4 v\u00e4\u00e4rin, niin s\u00e4 voit valita useimmiten my\u00f6s uudelleen. Mun k\u00e4sitykseni mukaan me ollaan kaikki t\u00e4\u00e4ll\u00e4 ilmeisesti vaan kerran, niin sillon se aika, mik\u00e4 me ollaan saatu kannattaa k\u00e4ytt\u00e4\u00e4 just niinku sen haluu k\u00e4ytt\u00e4\u00e4. Seuraa sun unelmia, tavoittele niit\u00e4, p\u00e4ivi\u00e4 on ehk\u00e4 rajallinen m\u00e4\u00e4r\u00e4, ni mieti, miten s\u00e4 haluat ne k\u00e4ytt\u00e4\u00e4. Ole yst\u00e4v\u00e4llinen muita kohtaan ja hymyill\u00e4\u00e4n kun tavataan.<\/p>\n<p>Mysteeriolento: Sin\u00e4 olet Timo hieno mies!<\/p>\n<p>Timo Mets\u00e4joki: Jaa, no, kiitos!<br \/>\n[\/et_pb_toggle][\/et_pb_column][\/et_pb_row][\/et_pb_section][et_pb_section fb_built=&#8221;1&#8243; admin_label=&#8221;Yhteisty\u00f6ss\u00e4&#8221; _builder_version=&#8221;4.8.2&#8243; _module_preset=&#8221;default&#8221;][et_pb_row _builder_version=&#8221;4.8.2&#8243; _module_preset=&#8221;default&#8221;][et_pb_column type=&#8221;4_4&#8243; _builder_version=&#8221;4.8.2&#8243; _module_preset=&#8221;default&#8221;][et_pb_text admin_label=&#8221;Otsikko&#8221; _builder_version=&#8221;4.8.2&#8243; _module_preset=&#8221;default&#8221;]<\/p>\n<h2><strong>Yhteisty\u00f6ss\u00e4:<\/strong><\/h2>\n<p>[\/et_pb_text][et_pb_divider color=&#8221;#e20d18&#8243; divider_weight=&#8221;6px&#8221; admin_label=&#8221;Otsikon alusviiva&#8221; _builder_version=&#8221;4.8.2&#8243; _module_preset=&#8221;default&#8221; width=&#8221;40px&#8221; module_alignment=&#8221;left&#8221; custom_margin=&#8221;-25px|0px||0px|false|false&#8221; custom_padding=&#8221;0px|||0px|false|false&#8221; global_module=&#8221;662&#8243; saved_tabs=&#8221;all&#8221;][\/et_pb_divider][et_pb_text _builder_version=&#8221;4.8.2&#8243; _module_preset=&#8221;default&#8221; hover_enabled=&#8221;0&#8243; sticky_enabled=&#8221;0&#8243;]<\/p>\n<p>Virpi Vahtola, Salomo Juupaluoma, Anu Turunen, Allan Valasmo<\/p>\n<p>[\/et_pb_text][\/et_pb_column][\/et_pb_row][et_pb_row column_structure=&#8221;1_3,1_3,1_3&#8243; _builder_version=&#8221;4.8.2&#8243; _module_preset=&#8221;default&#8221;][et_pb_column type=&#8221;1_3&#8243; _builder_version=&#8221;4.8.2&#8243; _module_preset=&#8221;default&#8221;][et_pb_image src=&#8221;https:\/\/blogi.eoppimispalvelut.fi\/latu\/files\/2022\/01\/rovaniemi-RGB-logo.jpg&#8221; alt=&#8221;Rovaniemi &#8211; The Official Hometown Of Santa Claus&#8221; title_text=&#8221;Visit Rovaniemi -logo&#8221; align=&#8221;center&#8221; admin_label=&#8221;Image&#8221; _builder_version=&#8221;4.8.2&#8243; _module_preset=&#8221;default&#8221;][\/et_pb_image][\/et_pb_column][et_pb_column type=&#8221;1_3&#8243; _builder_version=&#8221;4.8.2&#8243; _module_preset=&#8221;default&#8221;][et_pb_image src=&#8221;https:\/\/blogi.eoppimispalvelut.fi\/latu\/files\/2022\/01\/Bearhill-Husky-White-Background.jpg&#8221; alt=&#8221;Rovaniemi &#8211; The Official Hometown Of Santa Claus&#8221; title_text=&#8221;Bearhill-Husky-White-Background&#8221; align=&#8221;center&#8221; admin_label=&#8221;Image&#8221; _builder_version=&#8221;4.8.2&#8243; _module_preset=&#8221;default&#8221;][\/et_pb_image][\/et_pb_column][et_pb_column type=&#8221;1_3&#8243; _builder_version=&#8221;4.8.2&#8243; _module_preset=&#8221;default&#8221;][et_pb_image src=&#8221;https:\/\/blogi.eoppimispalvelut.fi\/latu\/files\/2022\/01\/Roll-Outdoors-stacked-text-bw-1500px.jpg&#8221; alt=&#8221;Rovaniemi &#8211; The Official Hometown Of Santa Claus&#8221; title_text=&#8221;Roll-Outdoors-stacked-text-bw-1500px&#8221; align=&#8221;center&#8221; admin_label=&#8221;Image&#8221; _builder_version=&#8221;4.8.2&#8243; _module_preset=&#8221;default&#8221;][\/et_pb_image][\/et_pb_column][\/et_pb_row][et_pb_row column_structure=&#8221;1_3,1_3,1_3&#8243; _builder_version=&#8221;4.8.2&#8243; _module_preset=&#8221;default&#8221;][et_pb_column type=&#8221;1_3&#8243; _builder_version=&#8221;4.8.2&#8243; _module_preset=&#8221;default&#8221;][\/et_pb_column][et_pb_column type=&#8221;1_3&#8243; _builder_version=&#8221;4.8.2&#8243; _module_preset=&#8221;default&#8221;][\/et_pb_column][et_pb_column type=&#8221;1_3&#8243; _builder_version=&#8221;4.8.2&#8243; _module_preset=&#8221;default&#8221;][\/et_pb_column][\/et_pb_row][\/et_pb_section]<\/p>\n","protected":false},"excerpt":{"rendered":"<p>Yritt\u00e4jyyden j\u00e4ljill\u00e4 -podcast sarja T\u00e4ss\u00e4 lukiolaisille suunnatussa podcast -sarjassa tarkastellaan yritt\u00e4jyytt\u00e4, ty\u00f6n merkityksellisyytt\u00e4 ja laaja-alaisen osaamisen osa-alueita rovaniemel\u00e4isten matkailuyritysten ja matkailututkimuksen n\u00e4k\u00f6kulmasta. Sarja sis\u00e4lt\u00e4\u00e4 viisi jaksoa, jotka kuljettavat sinut maastopy\u00f6r\u00e4ilyn, Joulupukin, valokuvamatkailun, huskyjen ja Lapin Yliopiston matkailututkimuksen maailmaan mielenkiintoisten haastattelujen my\u00f6t\u00e4. Mit\u00e4 vastuullisuus tarkoittaa matkailuyrityksille? Mik\u00e4 matkailualan ty\u00f6st\u00e4 tekee merkityksellist\u00e4? Millaista on yritt\u00e4jyys Arktisessa p\u00e4\u00e4kaupungissa?\u00a0 [&hellip;]<\/p>\n","protected":false},"author":7367,"featured_media":0,"parent":0,"menu_order":0,"comment_status":"closed","ping_status":"closed","template":"","meta":{"_et_pb_use_builder":"on","_et_pb_old_content":"","_et_gb_content_width":"","footnotes":""},"class_list":["post-463","page","type-page","status-publish","hentry"],"_links":{"self":[{"href":"https:\/\/blogi.eoppimispalvelut.fi\/latu\/wp-json\/wp\/v2\/pages\/463","targetHints":{"allow":["GET"]}}],"collection":[{"href":"https:\/\/blogi.eoppimispalvelut.fi\/latu\/wp-json\/wp\/v2\/pages"}],"about":[{"href":"https:\/\/blogi.eoppimispalvelut.fi\/latu\/wp-json\/wp\/v2\/types\/page"}],"author":[{"embeddable":true,"href":"https:\/\/blogi.eoppimispalvelut.fi\/latu\/wp-json\/wp\/v2\/users\/7367"}],"replies":[{"embeddable":true,"href":"https:\/\/blogi.eoppimispalvelut.fi\/latu\/wp-json\/wp\/v2\/comments?post=463"}],"version-history":[{"count":157,"href":"https:\/\/blogi.eoppimispalvelut.fi\/latu\/wp-json\/wp\/v2\/pages\/463\/revisions"}],"predecessor-version":[{"id":2762,"href":"https:\/\/blogi.eoppimispalvelut.fi\/latu\/wp-json\/wp\/v2\/pages\/463\/revisions\/2762"}],"wp:attachment":[{"href":"https:\/\/blogi.eoppimispalvelut.fi\/latu\/wp-json\/wp\/v2\/media?parent=463"}],"curies":[{"name":"wp","href":"https:\/\/api.w.org\/{rel}","templated":true}]}}