{"id":4884,"date":"2023-06-13T09:27:38","date_gmt":"2023-06-13T06:27:38","guid":{"rendered":"https:\/\/blogi.eoppimispalvelut.fi\/latu\/?page_id=4884"},"modified":"2024-01-17T10:33:14","modified_gmt":"2024-01-17T08:33:14","slug":"tuva-tutkintoon-valmentava-koulutus","status":"publish","type":"page","link":"https:\/\/blogi.eoppimispalvelut.fi\/latu\/tuva-tutkintoon-valmentava-koulutus\/","title":{"rendered":"TUVA-koulutus"},"content":{"rendered":"<p>[et_pb_section fb_built=&#8221;1&#8243; admin_label=&#8221;Johdanto-osa&#8221; module_id=&#8221;tiivistelma&#8221; _builder_version=&#8221;4.20.4&#8243; _module_preset=&#8221;default&#8221; min_height=&#8221;684.2px&#8221; custom_margin=&#8221;0px|30px|0px|30px|true|true&#8221; custom_padding=&#8221;||0px|||&#8221; global_colors_info=&#8221;{}&#8221;][et_pb_row _builder_version=&#8221;4.18.0&#8243; _module_preset=&#8221;default&#8221; custom_margin=&#8221;10px|auto||auto||&#8221; global_colors_info=&#8221;{}&#8221;][et_pb_column type=&#8221;4_4&#8243; _builder_version=&#8221;4.18.0&#8243; _module_preset=&#8221;default&#8221; global_colors_info=&#8221;{}&#8221;][et_pb_text _builder_version=&#8221;4.20.4&#8243; _module_preset=&#8221;default&#8221; global_colors_info=&#8221;{}&#8221;]<\/p>\n<h1><strong>TUVA &#8211; tutkintokoulutukseen valmentava koulutus<\/strong><\/h1>\n<p>[\/et_pb_text][et_pb_divider color=&#8221;#e20d18&#8243; divider_weight=&#8221;6px&#8221; admin_label=&#8221;Otsikon alusviiva&#8221; _builder_version=&#8221;4.18.0&#8243; _module_preset=&#8221;default&#8221; width=&#8221;40px&#8221; module_alignment=&#8221;left&#8221; custom_margin=&#8221;-25px|0px||0px|false|false&#8221; custom_padding=&#8221;0px|||0px|false|false&#8221; global_module=&#8221;662&#8243; saved_tabs=&#8221;all&#8221; global_colors_info=&#8221;{}&#8221;][\/et_pb_divider][et_pb_text _builder_version=&#8221;4.20.4&#8243; _module_preset=&#8221;default&#8221; custom_padding=&#8221;||32px||false|false&#8221; hover_enabled=&#8221;0&#8243; global_colors_info=&#8221;{}&#8221; sticky_enabled=&#8221;0&#8243;]<\/p>\n<p><strong><\/strong><\/p>\n<p><span style=\"font-weight: 400\">TUVA-koulutus on tarkoitettu henkil\u00f6ille, joilla ei ole toisen asteen tutkintoa tai jotka syyst\u00e4 tai toisesta tarvitsevat valmentavaa koulutusta. TUVA-koulutukseen voi hakea peruskoulun p\u00e4\u00e4tt\u00e4nyt oppivelvollinen tai aikuinen, joka tarvitsee valmiuksia ja\/tai ohjauksellista tukea siirty\u00e4kseen lukiokoulutukseen tai ammatilliseen koulutukseen. TUVA:lle voi hakea kev\u00e4\u00e4n yhteishaussa tai jatkuvan haun kautta ymp\u00e4ri vuoden.<\/span><\/p>\n<p><span style=\"font-weight: 400\">TUVA-koulutuksen tavoitteena on antaa sellaiset opiskeluvalmiudet, joiden avulla opiskelija voi siirty\u00e4 lukioon tai ammatilliseen koulutukseen. Opiskeluvalmiudet voivat tarkoittaa esimerkiksi tutkintokielen osaamista, opiskelutaitoja tai el\u00e4m\u00e4nhallinnan taitoja. TUVA-koulutuksen aikana voi korottaa peruskoulun arvosanoja sek\u00e4 suorittaa lukion tai ammatillisen koulutuksen opintoja.\u00a0<\/span><\/p>\n<p><span style=\"font-weight: 400\">Koulutuksen laajuus on 38 viikkoa ja suoritusaika enint\u00e4\u00e4n yksi opintovuosi. TUVA:lla voi opiskella my\u00f6s lyhyemm\u00e4n jakson, ja siirty\u00e4 joustavasti lukioon tai ammatilliseen koulutukseen.<\/span><\/p>\n<p><span style=\"font-weight: 400\"><\/span><\/p>\n<p><strong>Lis\u00e4\u00e4 TUVA-koulutuksesta Opetushallituksen sivulla:<\/strong><\/p>\n<p><a href=\"https:\/\/www.oph.fi\/fi\/koulutus-ja-tutkinnot\/mita-tutkintokoulutukseen-valmentava-koulutus-tuva\"><span style=\"font-weight: 400\">https:\/\/www.oph.fi\/fi\/koulutus-ja-tutkinnot\/mita-tutkintokoulutukseen-valmentava-koulutus-tuva<\/span><\/a><span style=\"font-weight: 400\">\u00a0<\/span><\/p>\n<p><strong>TUVA-koulutusta Lapissa:<\/strong><\/p>\n<p><strong><span style=\"font-weight: 400\">Ammattiopisto Lappia: <a href=\"https:\/\/www.lappia.fi\/kurssi\/tuva-tutkintokoulutukseen-valmentava-koulutus-2\/\">https:\/\/www.lappia.fi\/kurssi\/tuva-tutkintokoulutukseen-valmentava-koulutus-2\/<\/a><\/span><\/strong><\/p>\n<p><strong><span style=\"font-weight: 400\">Luovi: <a href=\"https:\/\/luovi.fi\/tutustu-ja-hae-luoviin\/paikkakunnat-ja-asuntolat\/rovaniemi\/\">https:\/\/luovi.fi\/tutustu-ja-hae-luoviin\/paikkakunnat-ja-asuntolat\/rovaniemi\/<\/a><\/span><\/strong><\/p>\n<p><strong><span style=\"font-weight: 400\">Rovaniemen kaupungin TUVA-koulutuksen tietoja p\u00e4ivitet\u00e4\u00e4n kev\u00e4\u00e4ll\u00e4 2024.<\/span><\/strong><\/p>\n<p>Rovaniemen koulutuskuntayhtym\u00e4 REDU: <a href=\"https:\/\/www.redu.fi\/fi\/hakijalle\/tutkinnot-ja-koulutukset\/valmentavat-koulutukset\/tuva\"><span style=\"font-weight: 400\">https:\/\/www.redu.fi\/fi\/hakijalle\/tutkinnot-ja-koulutukset\/valmentavat-koulutukset\/tuva<\/span><\/a><span style=\"font-weight: 400\">\u00a0<\/span><\/p>\n<p><span style=\"font-weight: 400\"><\/span><\/p>\n<p>[\/et_pb_text][\/et_pb_column][\/et_pb_row][\/et_pb_section][et_pb_section fb_built=&#8221;1&#8243; admin_label=&#8221;Tarinat&#8221; module_id=&#8221;tiivistelma&#8221; _builder_version=&#8221;4.20.4&#8243; _module_preset=&#8221;default&#8221; custom_margin=&#8221;0px|30px|0px|30px|true|true&#8221; custom_padding=&#8221;||||false|false&#8221; box_shadow_style=&#8221;preset1&#8243; global_colors_info=&#8221;{}&#8221;][et_pb_row _builder_version=&#8221;4.20.4&#8243; _module_preset=&#8221;default&#8221; custom_margin=&#8221;0px|auto|32px|auto|false|false&#8221; global_colors_info=&#8221;{}&#8221;][et_pb_column type=&#8221;4_4&#8243; _builder_version=&#8221;4.18.0&#8243; _module_preset=&#8221;default&#8221; global_colors_info=&#8221;{}&#8221;][et_pb_text admin_label=&#8221;Otsikko 2&#8243; _builder_version=&#8221;4.20.4&#8243; _module_preset=&#8221;default&#8221; global_colors_info=&#8221;{}&#8221;]<\/p>\n<h2><strong>TUVA-tarinat<\/strong><\/h2>\n<p>[\/et_pb_text][et_pb_divider color=&#8221;#e20d18&#8243; divider_weight=&#8221;6px&#8221; admin_label=&#8221;Otsikon alusviiva&#8221; _builder_version=&#8221;4.18.0&#8243; _module_preset=&#8221;default&#8221; width=&#8221;40px&#8221; module_alignment=&#8221;left&#8221; custom_margin=&#8221;-25px|0px||0px|false|false&#8221; custom_padding=&#8221;0px|||0px|false|false&#8221; global_module=&#8221;662&#8243; saved_tabs=&#8221;all&#8221; global_colors_info=&#8221;{}&#8221;][\/et_pb_divider][et_pb_text _builder_version=&#8221;4.20.4&#8243; _module_preset=&#8221;default&#8221; global_colors_info=&#8221;{}&#8221;]<\/p>\n<p>Suvi ja Kasperi kertovat omista kokemuksistaan TUVA-vuoden aikana. Kuulet muun muassa, mik\u00e4 merkitys TUVA-koulutuksella on opiskelijoille ollut ja mit\u00e4 terveisi\u00e4 he l\u00e4hett\u00e4v\u00e4t omaa tulevaisuuttaan pohtivalle nuorelle.<\/p>\n<p>[\/et_pb_text][\/et_pb_column][\/et_pb_row][et_pb_row admin_label=&#8221;Mintun aineisto ja teht\u00e4v\u00e4&#8221; _builder_version=&#8221;4.20.4&#8243; _module_preset=&#8221;default&#8221; positioning=&#8221;none&#8221; custom_padding=&#8221;30px|||||&#8221; border_width_all=&#8221;15px&#8221; border_color_all=&#8221;#26224E&#8221; global_colors_info=&#8221;{}&#8221;][et_pb_column type=&#8221;4_4&#8243; _builder_version=&#8221;4.16&#8243; _module_preset=&#8221;default&#8221; global_colors_info=&#8221;{}&#8221;][et_pb_text _builder_version=&#8221;4.20.4&#8243; _module_preset=&#8221;default&#8221; text_font=&#8221;||||||||&#8221; header_font=&#8221;|||on|||||&#8221; custom_padding=&#8221;1px|||4px|false|false&#8221; global_colors_info=&#8221;{}&#8221;]<\/p>\n<h3><strong>Suvin tarina<\/strong><\/h3>\n<p>[\/et_pb_text][et_pb_audio audio=&#8221;https:\/\/blogi.eoppimispalvelut.fi\/latu\/files\/2024\/01\/Suvin-tarina.mp3&#8243; title=&#8221;Kuuntele Suvin tarina (18:48)&#8221; admin_label=&#8221;Audio&#8221; _builder_version=&#8221;4.20.4&#8243; _module_preset=&#8221;default&#8221; title_font=&#8221;|800|||||||&#8221; title_text_align=&#8221;left&#8221; title_text_color=&#8221;#e20d18&#8243; background_enable_color=&#8221;off&#8221; background_layout=&#8221;light&#8221; width=&#8221;90%&#8221; module_alignment=&#8221;center&#8221; min_height=&#8221;182px&#8221; custom_padding=&#8221;||0px|||&#8221; global_colors_info=&#8221;{}&#8221;][\/et_pb_audio][et_pb_toggle title=&#8221;Lue Suvin tarina&#8221; open_toggle_text_color=&#8221;#e20d18&#8243; open_toggle_background_color=&#8221;RGBA(0,0,0,0)&#8221; closed_toggle_background_color=&#8221;RGBA(0,0,0,0)&#8221; icon_color=&#8221;#e20d18&#8243; use_icon_font_size=&#8221;on&#8221; icon_font_size=&#8221;41px&#8221; open_icon_color=&#8221;#e20d18&#8243; open_use_icon_font_size=&#8221;on&#8221; open_icon_font_size=&#8221;41px&#8221; admin_label=&#8221;littera&#8221; _builder_version=&#8221;4.20.4&#8243; _module_preset=&#8221;default&#8221; title_text_color=&#8221;#e20d18&#8243; title_level=&#8221;h3&#8243; title_font=&#8221;|700|||||||&#8221; width=&#8221;90%&#8221; module_alignment=&#8221;center&#8221; border_width_all=&#8221;4px&#8221; border_color_all=&#8221;#26224e&#8221; global_colors_info=&#8221;{}&#8221;]<\/p>\n<p>Opettaja: Mink\u00e4laiset muistikuvat sulla on ysiluokasta? Mink\u00e4laiset fiilikset sulla oli kun s\u00e4 tiesit, ett\u00e4 esimerkiksi yhteishaku l\u00e4hestyy ja jotain pit\u00e4isi tehd\u00e4? Mit\u00e4 muistat siit\u00e4?<br \/>Suvi: Yhteishaku ei ollut hirve\u00e4n ahdistava asia. Mulla ehk\u00e4 enemm\u00e4n j\u00e4nnitti se, ett\u00e4 sitten tulee taas muutos, koska ne oli hirve\u00e4n vaikeita. Mut m\u00e4 olin jo seiskalla p\u00e4\u00e4tt\u00e4nyt, ett\u00e4 m\u00e4 haen TUVAan.<\/p>\n<p>Opettaja: Joo.<br \/>Suvi: Niin m\u00e4 tiesin, ett\u00e4 m\u00e4 menen sinne.<\/p>\n<p>Opettaja: Elikk\u00e4 se oli sulla tosi selke\u00e4 p\u00e4\u00e4t\u00f6s ollut pitk\u00e4\u00e4n. Miten se oli niin selke\u00e4? Miten s\u00e4 ajattelet?<br \/>Suvi: Mulla oli koulusta niin paljon stressi\u00e4 seiskaluokalla. M\u00e4 pelk\u00e4sin koko ajan, ett\u00e4 m\u00e4 ep\u00e4onnistun, mulla tulee huono todistus, miten m\u00e4 p\u00e4rj\u00e4\u00e4n ja mit\u00e4, jos m\u00e4 en saa hyv\u00e4\u00e4 keskiarvoa. \u00c4iti oli kai sanonut mulle, ett\u00e4 kyll\u00e4 s\u00e4 voit hakea TUVAan.<\/p>\n<p>Opettaja: Joo. Mietitk\u00f6 s\u00e4 edes muuta vaihtoehtoa?<br \/>Suvi: En oikein.<\/p>\n<p>Opettaja: Oliko siin\u00e4 vaiheessa tiedossa, mihin s\u00e4 tuut TUVAn j\u00e4lkeen menem\u00e4\u00e4n? Oliko sulla ajatusta siit\u00e4?<br \/>Suvi: Ei oikein. M\u00e4 en ajatellut, ett\u00e4 m\u00e4 tuun p\u00e4\u00e4see el\u00e4m\u00e4ss\u00e4 ollenkaan eteenp\u00e4in.<\/p>\n<p>Opettaja: Milt\u00e4 se sitten syksyll\u00e4 tuntui l\u00e4hte\u00e4 TUVAlle?<br \/>Suvi: M\u00e4 ajattelin, ett\u00e4 kaikki muut oppilaat on paljon parempia kuin m\u00e4. Sitten me mentiin piiriin ja se oli ihan hirve\u00e4\u00e4.<\/p>\n<p>Opettaja: Oliko siin\u00e4 joku piirileikki? Muistaks s\u00e4?<br \/>Suvi: Jonkinlaista tutustumista ainakin. Se oli hirve\u00e4n j\u00e4nnitt\u00e4v\u00e4\u00e4 ja ep\u00e4mukavaa, mutta se oli varmaan ihan hyv\u00e4 juttu kumminkin, ett\u00e4 ihmisiin tutustuu.<\/p>\n<p>Opettaja: Mit\u00e4 sitten tapahtui? Miten se syksy l\u00e4hti liikkeelle?<br \/>Suvi: Aluksi ahdistus helpotti ja sen j\u00e4lkeen se nousi ihan hirve\u00e4sti. Oli koko ajan hirve\u00e4n vaikeata. Mua alkoi pelottamaan, ett\u00e4 se l\u00e4htee samalla tavalla kuin ysiluokalla; m\u00e4 en saa ollenkaan kavereita ja kaikki vihaa mua. Se onneksi helpotti sitten siit\u00e4. Luokan ilmapiiri oli rento. Oli hyv\u00e4 ryhm\u00e4henki ja, koska kukaan ei tuntenut toisiaan, ei p\u00e4\u00e4ssyt muodostumaan saman tien ryhmi\u00e4.<\/p>\n<p>Opettaja: Joo ja se oli tosi hyv\u00e4. S\u00e4 koit, ett\u00e4 sulla oli aika rento olla loppujen lopuksi aika nopeasti, jos s\u00e4 mietit siit\u00e4 alku piirist\u00e4 eteenp\u00e4in. Jos m\u00e4 t\u00e4st\u00e4 t\u00e4ydenn\u00e4n v\u00e4h\u00e4n, niin sin\u00e4 aika nopeasti my\u00f6skin uskalsit kertoa omista asioista ryhm\u00e4ss\u00e4. Mit\u00e4 s\u00e4 siit\u00e4 ajattelet? Olisitko s\u00e4 uskonut, ett\u00e4 se menee niin?<br \/>Suvi: En.<\/p>\n<p>Opettaja: Se oli aika uusi kokemus sulle, ett\u00e4 hei m\u00e4 voinkin tulla t\u00e4h\u00e4n n\u00e4in ja ehk\u00e4 pystyy v\u00e4h\u00e4n hengitt\u00e4m\u00e4\u00e4n vapaammin.<br \/>Suvi: Joo.<\/p>\n<p>Opettaja: Sitten tuli v\u00e4h\u00e4n lis\u00e4haasteita, ryhm\u00e4 muuttui. Mit\u00e4 silloin tapahtu? Miten s\u00e4 reagoit siihen?<br \/>Suvi: Vet\u00e4ydyin kaikista muista ihmisist\u00e4, mutta sitten kun huomasi, ett\u00e4 ei siin\u00e4 oikeasti oo se tilanne samanlainen, niin sitten se alkoi taas menn\u00e4 paremmin.<\/p>\n<p>Opettaja: Oli hyv\u00e4 alkuvaihe, jossa s\u00e4 itse asiassa p\u00e4\u00e4sit tosi paljon erilaiseen toimintatapaan mit\u00e4 aikaisemmin. Aika pieni ryhm\u00e4, miss\u00e4 s\u00e4\u00e4 uskalsit olla vapaasti. Sitten tuli v\u00e4h\u00e4n lis\u00e4haastetta, joka aluksi v\u00e4h\u00e4n s\u00e4ik\u00e4ytti, mutta itse asiassa saattoi olla aika merkitt\u00e4v\u00e4 asia, ett\u00e4 s\u00e4 p\u00e4\u00e4set my\u00f6skin siit\u00e4 yli ja sitten toisaalta s\u00e4 p\u00e4\u00e4sit n\u00e4kem\u00e4\u00e4n itte\u00e4 my\u00f6s v\u00e4h\u00e4n eri ymp\u00e4rist\u00f6ss\u00e4. Menit ty\u00f6harjoitteluun. Mit\u00e4 s\u00e4 muistat ty\u00f6harjoittelusta? Mit\u00e4 s\u00e4 teit koulun ulkopuolella muuta?<br \/>Suvi: M\u00e4 olin kai kirjastossa. Se oli oikeastaan aika kiva. Se antoi suuntaa v\u00e4h\u00e4n siihen, mit\u00e4 voisi olla hauska tehd\u00e4 aikuisena.<\/p>\n<p>Opettaja: Joo. Ajattelitko s\u00e4 silloin, ett\u00e4 kirjastoty\u00f6skentely voisi olla yksi ihan mukava vaihtoehto? Mit\u00e4 s\u00e4 ajattelet siit\u00e4 nyt?<br \/>Suvi: Se vaikuttaa edelleen hirveen mukavalta.<\/p>\n<p>Opettaja: Niinp\u00e4. Itse asiassa sielt\u00e4 tietynlainen unelma on j\u00e4\u00e4nyt el\u00e4m\u00e4\u00e4n. K\u00e4vitk\u00f6 s\u00e4 silloin syksyll\u00e4 jo kurkkaamassa lukioon?<br \/>Suvi: Ai niin joo.<\/p>\n<p>Opettaja: Miten se meni?<br \/>Suvi: Me kai k\u00e4ytiin ensin lukiolla ja se oli kai kev\u00e4\u00e4ll\u00e4, ett\u00e4 k\u00e4ytiin toisen kerran. Me k\u00e4ytiin Lyseonpuiston lukiolla ja Oukulla kans katsomassa, millaista siell\u00e4 on.<\/p>\n<p>Opettaja: S\u00e4 kuljit tunneilla mukana, mut sulla ei ollut ajatus, ett\u00e4 s\u00e4 tekisit opintoja varsinaisesti. S\u00e4 seurasit vaan, ett\u00e4 mink\u00e4laista siell\u00e4 on. Mit\u00e4 s\u00e4 muistat siit\u00e4, mink\u00e4lainen kokemus oli kun s\u00e4 olit yht\u00e4kki\u00e4 lukiossa?<br \/>Suvi: Se oli tosi ahdistavaa. Se paikka oli hirve\u00e4n pieni. Siell\u00e4 oli ihan hirve\u00e4sti \u00e4\u00e4ni\u00e4. Siell\u00e4 oli paljon ihmisi\u00e4. Musta tuntu, ett\u00e4 kaikki katsoo mua alasp\u00e4in ja ajattelee, ett\u00e4 m\u00e4 oon huonompi kun ne.<\/p>\n<p>Opettaja: Sulla meni viikko siin\u00e4 ja se oli aika raju kokemus sill\u00e4 tavalla. Mit\u00e4 s\u00e4 ajattelit silloin lukiosta sen viikon j\u00e4lkeen?<br \/>Suvi: M\u00e4\u00e4 en varmaan mene ikin\u00e4 lukioon. Lukuj\u00e4rjestykset mun mielest\u00e4 oli aika\u2026niiss\u00e4 ei kai ollut ihan hirve\u00e4sti tunteja. Niiss\u00e4 kumminkin oli pidempi\u00e4 p\u00e4ivi\u00e4 ja ne asiat, mit\u00e4 siell\u00e4 h\u00f6p\u00f6tettiin, meni ihan yli hilseen. M\u00e4 ajattelin, ett\u00e4 t\u00e4\u00e4 ei oo kyll\u00e4 varmaan semmoinen paikka, mihin mun kannattaa tulla.<\/p>\n<p>Opettaja: Harjoittelujakson j\u00e4lkeen, mit\u00e4 sitten tapahtu?<br \/>Suvi: M\u00e4 olin selvinnyt siit\u00e4 TETist\u00e4, niin oli semmoinen\u2026 Ne omat rajat oli v\u00e4h\u00e4n levinnyt tai ei ollut en\u00e4\u00e4 niin&#8230; Ei tarvinnut olla niin suurta kontrollia siihen ymp\u00e4rist\u00f6\u00f6n.<\/p>\n<p>Opettaja: Pystyit oleen vapaampi. Olit saanut ehk\u00e4 varmuutta my\u00f6skin harjoittelun kautta?<br \/>Suvi: Joo.<\/p>\n<p>Opettaja: Mit\u00e4 me sitten tehtiin koulussa? Mit\u00e4 s\u00e4 muistat mink\u00e4laista toiminta oli? Auttoko se siin\u00e4, ett\u00e4 s\u00e4 p\u00e4\u00e4sitkin yli niist\u00e4 ehk\u00e4 hankalista tunteista?<br \/>Suvi: Kirjastolta tuli se tyyppi vet\u00e4m\u00e4\u00e4n niit\u00e4 jotain&#8230; Mik\u00e4k\u00f6h\u00e4n juttu se oli?<\/p>\n<p>Opettaja: Sanataidetta.<br \/>Suvi: Joo ja kun huomasi, ett\u00e4 p\u00e4rj\u00e4\u00e4 kokeissa ihan kivasti. Oikeasti p\u00e4rj\u00e4\u00e4 siin\u00e4 ryhm\u00e4ss\u00e4 ja oikeasti on taitoja opiskella ja, ett\u00e4 ei oo niin tyhm\u00e4 kun kuvittelee olevansa. Sitten se helpotti.<\/p>\n<p>Opettaja: Sai varmuutta. Uskalsit olla esill\u00e4 my\u00f6skin enempi.<br \/>Suvi: Joo.<\/p>\n<p>Opettaja: Joo. Uskalsit olla oma ittes. Aika monenlaista harjoitetta tehtiin, miss\u00e4 s\u00e4 harjoittelit my\u00f6skin v\u00e4h\u00e4n v\u00e4ist\u00e4m\u00e4tt\u00e4 sit\u00e4 ryhm\u00e4n toimintaa, miten siin\u00e4 ollaan. Mutta ei ollut aina helppoa?<br \/>Suvi: Ei ollut aina helppoa.<\/p>\n<p>Opettaja: Mut s\u00e4 teit silti. Joskus aika\u2026 Miten sanoisi, ehk\u00e4 v\u00e4h\u00e4n vihaisenaki teit juttuja.<br \/>Suvi: Joo.<\/p>\n<p>Opettaja: Se ei tuntunut hirve\u00e4n hyv\u00e4lt\u00e4, ett\u00e4 sun pit\u00e4\u00e4 muiden kanssa hoitaa juttuja. Eik\u00f6 vaan?<br \/>Suvi: Joo oli aika raivostuttavia juttuja aina silloin t\u00e4ll\u00f6n.<\/p>\n<p>Opettaja: Joo, mutta s\u00e4 teit ne silti.<br \/>Suvi: Joo.<\/p>\n<p>Opettaja: Mit\u00e4 s\u00e4 aattelet nyt niist\u00e4?<br \/>Suvi: Ne oli hirveit\u00e4, mutta ne oli oikeasti aika t\u00e4rkeit\u00e4. Oppii ilmaisemaan sit\u00e4 omaa tunnetta ja kumminkin, ett\u00e4 selvisi siit\u00e4 asiasta.<\/p>\n<p>Opettaja: Muistatko s\u00e4 jotain asioita, mitk\u00e4 tuntui tosi haastavilta, jotka s\u00e4 teit silti?<br \/>Suvi: Ruotsi.<\/p>\n<p>Opettaja: Joo, ruotsin opiskelu?<br \/>Suvi: Se oli tuskasta. Sitten oli kai ruoanlaittoa, se oli semmoinen juttu. Sitten t\u00e4ss\u00e4 studiossa tehtiin filmin p\u00e4tk\u00e4. Siit\u00e4 m\u00e4 oon kyll\u00e4 edelleen v\u00e4h\u00e4n kiukkuinen. Se oli kumminkin varmaan ihan hyv\u00e4. Ett\u00e4 selvi\u00e4\u00e4 siit\u00e4.<\/p>\n<p>Opettaja: Niin, jopa tommoisia juttuja voit tehd\u00e4. Vaikka ehk\u00e4 ei kaikki ole mennyt ihan putkeen, niin aika hieno huomata, ett\u00e4 sekin oli itse asiassa aika kasvattava kokemus sitten kuitenkin.<br \/>Suvi: Se oli ep\u00e4mukavaa, kun oli jotain toiminnallista. M\u00e4 en luottanut siihen omaan tekemiseen ja m\u00e4 ajattelin, ett\u00e4 kaikki tuomitsee sen, miten m\u00e4 teen asioita. Siin\u00e4kin oli ihan kiva huomata, ett\u00e4 se ei oikeasti pid\u00e4 paikkaansa.<br \/>Opettaja: S\u00e4 onnistuit niiss\u00e4 jutuissa ja sait kivaa palautetta muilta my\u00f6skin.<\/p>\n<p>Opettaja: TUVA-vuoden aikana l\u00e4hestyt\u00e4\u00e4n kuitenkin jo yhteishakua niin, mihin s\u00e4 sitten p\u00e4\u00e4dyit? Mit\u00e4 s\u00e4 mietit silloin yhteishausta?<br \/>Suvi: Se, ett\u00e4 huomasi, ett\u00e4 mua kuunnellaan siin\u00e4 ryhm\u00e4ss\u00e4 ja ihmiset ei ajattele, ett\u00e4 m\u00e4 oon ihan t\u00e4ysin nolla, auttoi siihen, ett\u00e4 oli enemm\u00e4n varmuutta itsest\u00e4\u00e4n ja omasta toiminnasta. Olin huomannut, ett\u00e4 oikeasti on kyky\u00e4 opiskella ja oppia niit\u00e4 asioita. Ei ollut kiinni yl\u00e4asteella ne mun huonot numerot siit\u00e4, ett\u00e4 m\u00e4 olisin ollut huono vaan se ymp\u00e4rist\u00f6 oli huono. Mulla on oikeasti mahdollisuuksia lukioon, niin sai siit\u00e4 oppimisesta iloa. Onkin mielenkiintoista opiskella, niin se loi varmuutta siihen, ett\u00e4 uskalsi hakea lukioon.<\/p>\n<p>Opettaja: Miten s\u00e4 sait sitten k\u00e4\u00e4nnetty\u00e4 sen, ett\u00e4 se oliski ihan ok se lukio? S\u00e4 koit, ett\u00e4 s\u00e4 pystytkin opiskelemaan, s\u00e4 pystyt p\u00e4rj\u00e4\u00e4m\u00e4\u00e4n hyvin oppiaineissa? K\u00e4vitk\u00f6 s\u00e4 viel\u00e4 uudestaan hakeen varmuutta siihen lukioon?<br \/>Suvi: Joo, kun meill\u00e4 oli se toinen TET-jakso siin\u00e4 kev\u00e4\u00e4ll\u00e4.<\/p>\n<p>Opettaja: Ennen yhteishakua viel\u00e4?<br \/>Suvi: Niin, se vaikutti siihen. Sitten se, ett\u00e4 opo oli siin\u00e4 mukana. Sinne ei j\u00e4tetty vaan yksin ja sanottu, ett\u00e4 p\u00e4rj\u00e4\u00e4 vaan siin\u00e4 oli opo, joka tuli aina silloin t\u00e4ll\u00f6n kysyyn, ett\u00e4 miten menee. Siihen paikkaan tutustuttiin ja se opo ensin kertoi niist\u00e4 asioista siell\u00e4 lukiossa. Ei ahdistanut niin paljon. Tunneilla pysty keskittyy v\u00e4h\u00e4n paremmin siihen, mit\u00e4 siell\u00e4 puhutaan. Niin se alkoi tuntua j\u00e4rkev\u00e4lt\u00e4.<\/p>\n<p>Opettaja: Se toinen lukiok\u00e4ynti v\u00e4h\u00e4n eri fiiliksell\u00e4 varmastikin sen, ett\u00e4 kyll\u00e4 t\u00e4\u00e4 ehk\u00e4 onkin ihan ok ja sitten yhteishaussa hait lukioon?<br \/>Suvi: Joo. Ja p\u00e4\u00e4sin.<\/p>\n<p>Opettaja: Miten s\u00e4 aattelet, mik\u00e4 sulla oli fiilis l\u00e4hte\u00e4 kev\u00e4\u00e4ll\u00e4 TUVAlta ja menn\u00e4 eteenp\u00e4in?<br \/>Suvi: Mua pelotti se muutos, mutta v\u00e4hemm\u00e4n. Se oli ehk\u00e4 haikeutta, kun oli ollut niin hyv\u00e4 vuosi. Harmitti, ett\u00e4 se loppuu ja \u00e4rsytti, ett\u00e4 yl\u00e4aste oli mennyt niin vaikka se olisi voinut olla ihan erilainen.<\/p>\n<p>Opettaja: Miten s\u00e4 itse sanottasit, mit\u00e4 s\u00e4 TUVA-vuodelta sait?<br \/>Suvi: Varmuutta itseens\u00e4 ja toimintaan ja opiskeluun. Huomasi eri tavalla kuin peruskoulussa, ett\u00e4 oppiminen voi olla ihan mielenkiintosta. Kaikki ihmiset ei oikeasti ole mua vastaan vaan ne on oikeasti ihan kivoja. Mun jutut voi olla ihan hauskoja ja ihmiset saattaa ihan oikeasti haluta olla mun kanssa tekemisiss\u00e4. \u00c4iti on puhunut siit\u00e4 koko ajan, ett\u00e4 se mukavuusalue, sit\u00e4 pit\u00e4\u00e4 saada laajennettua. Jutut, mit\u00e4 siell\u00e4 teki, niin varmaan aika paljon laajensi sit\u00e4 mun mukavuusaluetta, ett\u00e4 kest\u00e4\u00e4 paremmin niit\u00e4 asioita.<\/p>\n<p>Opettaja: Aattelekko s\u00e4 niin, ett\u00e4 s\u00e4 uskalsit olla enempi oma itsesi?<br \/>Suvi: Joo.<\/p>\n<p>Opettaja: Sait my\u00f6s korotettua peruskoulun arvosanoja. Itse asiassa aika paljon, eik\u00f6 vaan? Sulla oli my\u00f6skin sit\u00e4 kautta varma pohja, ett\u00e4 kyll\u00e4 s\u00e4 p\u00e4rj\u00e4\u00e4t my\u00f6skin lukiossa?<br \/>Suvi: Joo.<\/p>\n<p>Opettaja: Miten se lukio on l\u00e4htenyt liikkeelle?<br \/>Suvi: Se on l\u00e4htenyt hyvin. Se on ollut alussa v\u00e4h\u00e4n sekavaa, m\u00e4\u00e4 en viel\u00e4k\u00e4\u00e4n ymm\u00e4rr\u00e4, miten lukuj\u00e4rjestykset teh\u00e4\u00e4n. M\u00e4\u00e4 varmaan tuun tulevaisuudessaki aina meneen opon luokse.<\/p>\n<p>Opettaja: Sit\u00e4 varten ne opot on my\u00f6skin.<br \/>Suvi: On saanut oikeasti hy\u00f6dyllist\u00e4 tietoa, mit\u00e4 voi k\u00e4ytt\u00e4\u00e4 tulevaisuudessa ja sitten ne kurssit on ollut helpompia kuin m\u00e4 oon kuvitellut. Pystyy alkaa luottaa siihen, ett\u00e4 m\u00e4 pystyn oikeasti sis\u00e4ist\u00e4\u00e4 sit\u00e4 tietoa.<\/p>\n<p>Opettaja: Mik\u00e4 on se juttu, mit\u00e4 s\u00e4 oot saanut TUVAlta matkaan, jonka avulla s\u00e4 p\u00e4rj\u00e4\u00e4t lukiossa noin hyvin?<br \/>Suvi: Varmaan taitoja opiskeluun. Siell\u00e4 sai v\u00e4h\u00e4n kokeilla, mitk\u00e4 opiskelutavat on. On pystynyt olla rennommin ja sit\u00e4 energiaa ei ole mennyt niin paljon siihen, ett\u00e4 pit\u00e4\u00e4 koko ajan j\u00e4nnitt\u00e4\u00e4 sit\u00e4 omaa olemista. Varmaan TUVAlla sai sen kokemuksen, ett\u00e4 aikuisetkin ei vaan ole siell\u00e4 t\u00f6iss\u00e4 ja halua, ett\u00e4 tekee vaan ne opinnot. Aikuiset v\u00e4litt\u00e4\u00e4 oikeasti.<\/p>\n<p>Opettaja: Miten s\u00e4 kuvailisit sit\u00e4, mit\u00e4 se tarkoitti k\u00e4yt\u00e4nn\u00f6ss\u00e4?<br \/>Suvi: No siis, asioista keskusteltiin. Oikeasti oli ratkaisuja niihin asioihin. Aikuisilta sai oikeasti tukea. Eik\u00e4 se ollut vaan jotain puhetta, ett\u00e4 saat l\u00e4hte\u00e4 koulusta, jos ahdistaa, mutta jos l\u00e4hdet, saat merkinn\u00e4n sinne ja t\u00e4nne ja tonne ja joudut puhutteluun. Se oli enemm\u00e4n sit\u00e4, ett\u00e4 oikeasti v\u00e4litettiin siit\u00e4 olosta. Yritettiin oikeasti teh\u00e4 siit\u00e4 ihan mukavaa.<\/p>\n<p>Opettaja: Aatteletko s\u00e4, ett\u00e4 uskallettiin my\u00f6skin kohdata niit\u00e4 aika ik\u00e4vi\u00e4 asioita?<br \/>Suvi: Joo.<\/p>\n<p>Opettaja: S\u00e4 sait itse asiassa aika monessa suhteessa korjaavan kokemuksen my\u00f6skin suhteessa aikuisiin, suhteessa oman ik\u00e4isiin. Ja hoksasit, ett\u00e4 niinp\u00e4, maailma onki ehk\u00e4 ihan mukava paikka olla. Ja nyt hymyilytt\u00e4\u00e4.<br \/>Suvi: Joo.<\/p>\n<p>Opettaja: Mit\u00e4 t\u00e4st\u00e4 eteenp\u00e4in? Mit\u00e4 s\u00e4\u00e4 ajattelet?<br \/>Suvi: En tii\u00e4 viel\u00e4, mutta kyll\u00e4 se varmaan selkeytyy. Ainaki pystyy luottaa siihen, ett\u00e4 ne selkiytyy.<\/p>\n<p>Opettaja: Mit\u00e4 s\u00e4 sanoisit, jos sun pit\u00e4isi sanoa jotain terveisi\u00e4 yhdeks\u00e4sluokkalaisille tai jollekin muulle, joka miettii, voisko TUVA olla vaihtoehto?<br \/>Suvi: Se voi antaa varmuutta ja p\u00e4\u00e4omaa tulevaisuuteen. Antaa perspektiivi\u00e4 asioihin. Kannattaa k\u00e4yd\u00e4 pyyt\u00e4\u00e4n apua, jos tarvii. Lukiossakin oli helpompaa saada apua kuin m\u00e4 kuvittelin. Kyll\u00e4 niill\u00e4 aikuisilla on aikaa siihen.<\/p>\n<p>Opettaja: Osaatko vet\u00e4\u00e4 siit\u00e4 linkin siihen, ett\u00e4 saatettiin TUVAlla aika paljon treenata sit\u00e4? Se on ehk\u00e4 luontevampaa nyt?<br \/>Suvi: Joo.<\/p>\n<p>Opettaja: S\u00e4 tied\u00e4t, ett\u00e4 hei kyll\u00e4 ihmiselle voi vaikka puhua. Se on nyt helpompaa.<br \/>Suvi: Joo.<br \/>Opettaja: Aika siisti\u00e4.<\/p>\n<p>[\/et_pb_toggle][\/et_pb_column][\/et_pb_row][et_pb_row admin_label=&#8221;Mintun aineisto ja teht\u00e4v\u00e4&#8221; _builder_version=&#8221;4.20.4&#8243; _module_preset=&#8221;default&#8221; positioning=&#8221;none&#8221; custom_margin=&#8221;8px||0px||false|false&#8221; custom_padding=&#8221;30px|||||&#8221; border_width_all=&#8221;15px&#8221; border_color_all=&#8221;#26224E&#8221; global_colors_info=&#8221;{}&#8221;][et_pb_column type=&#8221;4_4&#8243; _builder_version=&#8221;4.16&#8243; _module_preset=&#8221;default&#8221; global_colors_info=&#8221;{}&#8221;][et_pb_text _builder_version=&#8221;4.20.4&#8243; _module_preset=&#8221;default&#8221; text_font=&#8221;||||||||&#8221; header_font=&#8221;|||on|||||&#8221; custom_padding=&#8221;1px|||4px|false|false&#8221; global_colors_info=&#8221;{}&#8221;]<\/p>\n<h3><strong>Kasperin tarina<\/strong><\/h3>\n<p>[\/et_pb_text][et_pb_audio audio=&#8221;https:\/\/blogi.eoppimispalvelut.fi\/latu\/files\/2024\/01\/Kasperin-tarina.mp3&#8243; title=&#8221;Kuuntele Kasperin tarina (14:07)&#8221; admin_label=&#8221;Audio&#8221; _builder_version=&#8221;4.20.4&#8243; _module_preset=&#8221;default&#8221; title_font=&#8221;|800|||||||&#8221; title_text_align=&#8221;left&#8221; title_text_color=&#8221;#e20d18&#8243; background_enable_color=&#8221;off&#8221; background_layout=&#8221;light&#8221; width=&#8221;90%&#8221; module_alignment=&#8221;center&#8221; min_height=&#8221;182px&#8221; custom_padding=&#8221;||0px|||&#8221; global_colors_info=&#8221;{}&#8221;][\/et_pb_audio][et_pb_toggle title=&#8221;Lue Kasperin tarina&#8221; open_toggle_text_color=&#8221;#e20d18&#8243; open_toggle_background_color=&#8221;RGBA(0,0,0,0)&#8221; closed_toggle_background_color=&#8221;RGBA(0,0,0,0)&#8221; icon_color=&#8221;#e20d18&#8243; use_icon_font_size=&#8221;on&#8221; icon_font_size=&#8221;41px&#8221; open_icon_color=&#8221;#e20d18&#8243; open_use_icon_font_size=&#8221;on&#8221; open_icon_font_size=&#8221;41px&#8221; admin_label=&#8221;littera&#8221; _builder_version=&#8221;4.20.4&#8243; _module_preset=&#8221;default&#8221; title_text_color=&#8221;#e20d18&#8243; title_level=&#8221;h3&#8243; title_font=&#8221;|700|||||||&#8221; width=&#8221;90%&#8221; module_alignment=&#8221;center&#8221; border_width_all=&#8221;4px&#8221; border_color_all=&#8221;#26224e&#8221; global_colors_info=&#8221;{}&#8221;]<\/p>\n<p>Opettaja: Mit\u00e4 tapahtu ennen kun s\u00e4 hait TUVAlle? Mink\u00e4lainen sulla oli yl\u00e4aste?<\/p>\n<p>Kasperi: Mietitytti aina, ett\u00e4 kun yl\u00e4aste loppuisi, ett\u00e4 mihin mie jatkaisin siit\u00e4, koska minulla ei ollut ideaa, ett\u00e4 mihin mie menisin tai mit\u00e4 min\u00e4 tekisin isona. Se oli v\u00e4h\u00e4n vaikea katsoa, mutta onneksi oli opo, joka antoi mulle, ett\u00e4 t\u00e4m\u00e4 TUVA voisi olla ihan hyv\u00e4, koska siell\u00e4 etit\u00e4\u00e4n erilaisia aloja ja tutustutaan ja siell\u00e4 mahdollisesti voi l\u00f6yty\u00e4 jotain hyvi\u00e4 aloja. Kun ei yl\u00e4asteella niin tarkasti katsottu eri aloja.<\/p>\n<p>Opettaja: Sulla ei ollut itsell\u00e4 mit\u00e4\u00e4n hajua silloin ysiluokan tai yhteishaun aikoihin, ett\u00e4 mihin sie olisit hakenu?<\/p>\n<p>Kasperi: No siis ei silleen varsinaisesti ollu. Toki oli yksi, mutta sit mie vaan mietin, ett\u00e4 kun en ole p\u00e4\u00e4ssyt sit\u00e4 testaamaan itsess\u00e4\u00e4n niin paljon, ett\u00e4 onkohan se sittenk\u00e4\u00e4n kovin hyv\u00e4.<\/p>\n<p>Opettaja: Miten s\u00e4 kuvailisit muuten ysiluokan koulunk\u00e4ynti\u00e4? Miten sulla sujui koulussa?<\/p>\n<p>Kasperi: Ysiluokalla oli tosi niin sanottu paineikas oppiminen eli mulla oli tosi vaikeaa. Tosi hirve\u00e4t paineet ja sitten v\u00e4h\u00e4n niinku luovutin.<\/p>\n<p>Opettaja: Joo. Ysiluokka oli v\u00e4h\u00e4n semmoista, ett\u00e4 menit v\u00e4h\u00e4n alta riman?<\/p>\n<p>Kasperi: Joo. Kaikki oli semmoista, ett\u00e4 joo en min\u00e4 p\u00e4\u00e4se mihink\u00e4\u00e4n seuraaviin asteisiin. Min\u00e4 en tied\u00e4, mihin min\u00e4 menen, niin se on ihan sama ja n\u00e4in.<\/p>\n<p>Opettaja: Okei. V\u00e4h\u00e4n semmoinen h\u00e4ll\u00e4v\u00e4li\u00e4 meininki.<\/p>\n<p>Kasperi: Niin v\u00e4h\u00e4n semmoinen ja kyll\u00e4 sit\u00e4 j\u00e4i hieman katumaan. Pikkaisen.<\/p>\n<p>Opettaja: Niin niin. Sitten s\u00e4 hait TUVAlle ja p\u00e4\u00e4sit sinne. Mink\u00e4laisia ajatuksia sulla oli kun s\u00e4 TUVAlle tulit syksyll\u00e4? Mill\u00e4 miettein?<\/p>\n<p>Kasperi: No siis TUVA oli t\u00e4ysin uusi paikka, uusia ihmisi\u00e4. Voisin sanoa, ett\u00e4 pelk\u00e4sin, ett\u00e4 saisinkohan syd\u00e4nkohtauksen kun syd\u00e4n tykytti niin kovaa rinnassa.<\/p>\n<p>Opettaja: Miten se l\u00e4hti liikkeelle sitten? Tuliko syd\u00e4nkohtaus?<\/p>\n<p>Kasperi: Ei tullut syd\u00e4nkohtausta, ett\u00e4 ihan hyvin selvisin.<\/p>\n<p>Opettaja: Miten s\u00e4 ajattelet muuten sit\u00e4 TUVA-vuotta? Mit\u00e4 s\u00e4 oot tehnyt siin\u00e4 vuoden aikana?<\/p>\n<p>Kasperi: Meille v\u00e4h\u00e4n kerrottiin, ett\u00e4 mik\u00e4 on TUVA ja mit\u00e4 siell\u00e4 teh\u00e4\u00e4n. Siell\u00e4 oli my\u00f6s mahdollisuus korottaa tiettyj\u00e4 aineita, jos vaikka meni huonosti. Sitten tehtiin semmoinen persoonallinen oppimissuunnitelma ja sitten siin\u00e4 p\u00e4\u00e4teltiin, ett\u00e4 korottaako jotain numeroita vai ei. Sitten niit\u00e4 YTOja, jotka on nyt hyv\u00e4 tehd\u00e4 TUVAn aikana. Jos ei vaikka korota mit\u00e4\u00e4n, niin olisi se kyll\u00e4 ihan hyv\u00e4 ja niit\u00e4 on tullut tehty\u00e4.<\/p>\n<p>Opettaja: Mmm.<\/p>\n<p>Kasperi: Toki sen ensimm\u00e4isen kuukauden mie tein niit\u00e4 yhen tyylin. 1\/4 yhdest\u00e4 YTO-jaksosta. Sitten pidin aika ison tauon siin\u00e4 taas vaihteeksi ja sitten vedin semmoisen ison oppimism\u00e4\u00e4r\u00e4n. Eli mie rupesin vaan siit\u00e4 niit\u00e4 YTOja tekem\u00e4\u00e4n ja tekem\u00e4\u00e4n ja tekem\u00e4\u00e4n.<\/p>\n<p>Opettaja: Joo.<\/p>\n<p>Kasperi: Sit mie oon nyt saanut varmaan kaikki. Mahdollisesti kaikki, paitsi ne jotkut korotusjutut, ett\u00e4 kuitenkin hyvin.<\/p>\n<p>Opettaja: YTO-aineita on sulla kertynyt aika paljon. Elikk\u00e4 ammatillisten opintojen YTO-aineita. Niit\u00e4 on sulla nyt sitten valmiina aikamoinen nippu jo. Eli s\u00e4 syksyll\u00e4 jo niit\u00e4 v\u00e4h\u00e4n aloittelit. Sitten s\u00e4 oot jonkun verran kerrannu ihan perusasioita eri aineista ja opiskelutaitoja. Mink\u00e4laista k\u00e4yt\u00e4nn\u00f6n tekemist\u00e4, mink\u00e4laisia juttuja ne on ollut, mit\u00e4 s\u00e4 oot TUVAlla p\u00e4\u00e4ssyt tekem\u00e4\u00e4n? Mik\u00e4 on j\u00e4\u00e4ny sulla mieleen?<\/p>\n<p>Kasperi: Se on mukava, ett\u00e4 lemmikkien \/ el\u00e4inten kanssa ollaan oltu t\u00e4\u00e4ll\u00e4 paljon ja k\u00e4yty kattomassa pieni\u00e4 koiranpentujaki. Ja sitten on ollut aina maskottikin mukana, semmoinen koira, niin sekin on tuonut aina mukavasti rentoutta ja iloa t\u00e4\u00e4ll\u00e4. Toinenkin mukava projekti oli semmoinen teatteri, jossa n\u00e4yteltiin.<\/p>\n<p>Opettaja: Seh\u00e4n oli teid\u00e4n k\u00e4sikirjoittama tarina.<\/p>\n<p>Kasperi: Mmm.<\/p>\n<p>Opettaja: Ja koko ryhm\u00e4n projektina. Joo. Se on j\u00e4\u00e4ny mieleen. Mink\u00e4laisia reissuja ollaan tehty?<\/p>\n<p>Kasperi: Reissutkin on ollu mukavia kun ysiluokallakaan itse en ole luokkani kanssa kun luokkaretken tehnyt vaan. Paljon enemm\u00e4n t\u00e4\u00e4ll\u00e4 TUVAlla on p\u00e4\u00e4ssyt kaikkiin retkiin. Ollaan tehty hienoja, mukavia asioita. Kiipeilty, kun oltiin Pikku-Sy\u00f6tteell\u00e4 Nuotta-valmennuksessa. Siell\u00e4 me oltiin 3 p\u00e4iv\u00e4\u00e4. Se oli kyll\u00e4 kielt\u00e4m\u00e4tt\u00e4 ihan hauskaa. Sen j\u00e4lkeen, kun tultiin pois sielt\u00e4, k\u00e4ytiin viel\u00e4 Ranuan el\u00e4inpuistossa n\u00e4kem\u00e4\u00e4n niit\u00e4 ihania el\u00e4imi\u00e4 taas vaihteeksi. Ollaan my\u00f6s tehty paitoihin itse tehtyj\u00e4 kuvia eli p\u00e4\u00e4stiin semmoista tekem\u00e4\u00e4n ja saippuoita my\u00f6s samalla.<\/p>\n<p>Opettaja: Saippuasta on tainnut virit\u00e4 yritysideakin.<\/p>\n<p>Kasperi: Kyll\u00e4. Tehtiin viimeisell\u00e4 viikolla idea, ett\u00e4 jospa me myyt\u00e4s Popparin edess\u00e4 saippuoita.<\/p>\n<p>Opettaja: Meill\u00e4 oli syksyll\u00e4 pitempi harjoittelujakso. Mit\u00e4 s\u00e4 teit silloin harjoittelujaksolla?<\/p>\n<p>Kasperi: Oliko se 2 viikkoa jossain ja sitten 4 viikkoa jossain? 2 viikkoa siell\u00e4 tieto- ja viestint\u00e4tekniikan puolella.<\/p>\n<p>Opettaja: Mmm.<\/p>\n<p>Kasperi: Oli kyll\u00e4 kiinnostavaa, kun siell\u00e4 p\u00e4\u00e4si n\u00e4kem\u00e4\u00e4n v\u00e4h\u00e4n sen alan kaikkia osa-alueita. Ja hieman p\u00e4\u00e4s tekem\u00e4\u00e4nkin itse.<\/p>\n<p>Opettaja: Joo.<\/p>\n<p>Kasperi: 4 viikkoa olin sitten ihan vaan ty\u00f6harjoittelussa Rustassa.<\/p>\n<p>Opettaja: Joo eli s\u00e4 olit kaupan alan hommiin tutustumassa. Elikk\u00e4 koululla oot tieto- ja viestint\u00e4tekniikkaan k\u00e4yny tutustuun. Sitten ty\u00f6paikalla liiketalouden puolelle elikk\u00e4 kaupassa. Miss\u00e4 muualla s\u00e4 oot ollut tutustumassa ja harjoitteluissa?<\/p>\n<p>Kasperi: No siis LVI-puolella k\u00e4vin tutustumassa eli talotekniikan puolella. Sitten olin raksalla ihan ty\u00f6harjoittelussa.<\/p>\n<p>Opettaja: Elikk\u00e4 olit ty\u00f6maalla?<\/p>\n<p>Kasperi: Mmm.<\/p>\n<p>Opettaja: Joo.<\/p>\n<p>Kasperi: Sitten olin tutustumassa nuoriso- ja yhteis\u00f6ohjaajan alaan.<\/p>\n<p>Opettaja: Sitten s\u00e4 oot k\u00e4ynyt my\u00f6skin harjoittelussa ohjausalan alalla. Miss\u00e4 s\u00e4 olit nyt viimeksi?<\/p>\n<p>Kasperi: M\u00e4 olin Rovaniemen Steinerkoulun eskari \/ IP-kerhossa.<\/p>\n<p>Opettaja: Joo. No nyt kun kuuntelee tota sun kattausta, ett\u00e4 miss\u00e4 kaikissa olet k\u00e4ynyt tutustumassa ja harjoittelussa, niin s\u00e4 oot aika monenlaista k\u00e4yny kattomassa. S\u00e4\u00e4 varmaan sait n\u00e4ist\u00e4 ev\u00e4it\u00e4 mietti\u00e4, mihin s\u00e4 hait sitten nyt yhteishaussa. Miten sulla k\u00e4vi sen haun suhteen sitten? L\u00f6ytyk\u00f6 nyt jo vaihtoehtoja, mihin hakea TUVAn aikana?<\/p>\n<p>Kasperi: Kyll\u00e4 niit\u00e4 on kertynyt nelj\u00e4kin. Hyvin on l\u00f6ytyny.<\/p>\n<p>Opettaja: S\u00e4 oot poiminut niist\u00e4 sun kokeiluista n\u00e4\u00e4 sun hakukohteet. Elikk\u00e4 sulla oli v\u00e4h\u00e4n ajatusta, ett\u00e4 ne voisi olla n\u00e4it\u00e4, s\u00e4 k\u00e4vit kokeilemassa niit\u00e4 ja totesit, ett\u00e4 hei n\u00e4\u00e4 oli hyvi\u00e4 vaihtoehtoja ja sait ne nyt oikeeseen j\u00e4rjestykseen sun omasta mielest\u00e4, ett\u00e4 mik\u00e4 tuntuu itelle sopivimmalta.<\/p>\n<p>Kasperi: Sitten kun tulee se ilmoitus, ett\u00e4 mihin p\u00e4\u00e4sen, niin se ei haittaa, mihin niist\u00e4 nelj\u00e4st\u00e4 p\u00e4\u00e4sen, kunhan johonkin. Siit\u00e4 voi sitten katsoa eteenp\u00e4in kun opiskelee, ett\u00e4 mink\u00e4laista se sitten on.<\/p>\n<p>Opettaja: Aika mahtavaa. Sulla ei oo painetta, ett\u00e4 sun pit\u00e4isi p\u00e4\u00e4st\u00e4 v\u00e4ltt\u00e4m\u00e4tt\u00e4 ykk\u00f6stoiveeseen, koska sulla on hyvi\u00e4 vaihtoehtoja monta siin\u00e4 nytten.<\/p>\n<p>Kasperi: Niin. Monestihan olen itekkin kuullut niit\u00e4 kaikkia tarinoita ihmisilt\u00e4, ett\u00e4 joo ne opiskelee t\u00e4h\u00e4n alaan ja yht\u00e4kki\u00e4 ne on aivan jossain eri alassa, mihin on ennen opiskellut. Se on v\u00e4h\u00e4n kun juna, joka vaan kulkee ja kulkee ja v\u00e4lill\u00e4 pys\u00e4htyy johonkin ja v\u00e4lill\u00e4 tonne ja sinne.<\/p>\n<p>Opettaja: Mmm, aika mahtava. V\u00e4littyy tuo sun el\u00e4m\u00e4nasenne, ett\u00e4 kaikki on kiinnostavaa. Avoimesti suhtautuu niihin mahdollisuuksiin mit\u00e4 on ja ottaa kaiken irti siit\u00e4.<\/p>\n<p>Kasperi: Kyll\u00e4. Asennekkin on muuttunut aika paljon ysiluokalta. On ollut ilmeisesti varmaan itell\u00e4 burnout silloin, niin ei oo jaksanu opiskella. Nyt sit\u00e4 voi sitten kun on uusi mielenkuva asioista.<\/p>\n<p>Opettaja: Miten s\u00e4 kuvailisit sit\u00e4 asenteen muuttumista? Miten se on muuttunu?<\/p>\n<p>Kasperi: Se on muuttunu negatiivisesta positiiviseen justiinsa. Ennen min\u00e4 vaan totesin, ett\u00e4 joo ei n\u00e4\u00e4 asiat t\u00e4st\u00e4 muutu vaikka mit\u00e4 tekee. Nyt mie oon silleen, ett\u00e4 ne voi muuttua ne asiat, jos niit\u00e4 vaan tarpeeksi kovaa yritt\u00e4\u00e4 ja tekee. Kaikki on mahdollista niin kauan kun itse pyrkii tekem\u00e4\u00e4n kaikkensa, ett\u00e4 voi saavuttaa sen mit\u00e4 haluaa.<\/p>\n<p>Opettaja: Aika mahtavasti sanottu kyll\u00e4. Tuonko s\u00e4 oot TUVAlla oivaltanu?<\/p>\n<p>Kasperi: Juu.<\/p>\n<p>Opettaja: Se kyll\u00e4 v\u00e4litty sun tekemisest\u00e4 my\u00f6skin t\u00e4n\u00e4 vuonna, ett\u00e4 ihan sama mik\u00e4 juttu, mihin on koitettu haastaa, niin s\u00e4 oot aina l\u00e4htenyt tekem\u00e4\u00e4n sen. Mit\u00e4 s\u00e4 aattelet siit\u00e4?<\/p>\n<p>Kasperi: No se on ihan hyv\u00e4 haastaa itse\u00e4\u00e4n v\u00e4lill\u00e4 tekem\u00e4\u00e4n asioita, joista ei v\u00e4ltt\u00e4m\u00e4tt\u00e4 pid\u00e4.<\/p>\n<p>Opettaja: Mit\u00e4 s\u00e4 sanoisit ihmisten kohtaamisista t\u00e4n vuoden aikana? S\u00e4 oot varmaan aika monenlaista ihmist\u00e4 kohdannut ja jututtanu ja v\u00e4h\u00e4n haastatellukin, ett\u00e4 mink\u00e4laista el\u00e4m\u00e4\u00e4 kukakin on el\u00e4ny. Mit\u00e4 s\u00e4 sanoisit siit\u00e4 ihmisten kohtaamisesta?<\/p>\n<p>Kasperi: Huomaa tosi paljon kun on kohdannut eri ihmisi\u00e4 ja niitten tarinoita, ett\u00e4 me ihmiset olemme todellakin aika erityisi\u00e4 yksil\u00f6it\u00e4. Kaikkien tarina ei ole suoraa viivaa vaan siin\u00e4 menee alas yl\u00f6s koko ajan. Ei sinne mit\u00e4\u00e4n suoraa linjaa ole. Se on sin\u00e4ns\u00e4 ihan hyv\u00e4kin, koska on se varmaan aika tyls\u00e4\u00e4, jos el\u00e4m\u00e4n vet\u00e4\u00e4 vain suoraan viivaa koko ajan.<\/p>\n<p>Opettaja: Mitk\u00e4 ois sun terveiset ysiluokkalaiselle, joka pohtii, mihin hakeutus ja ehk\u00e4 miettii jo TUVAakin vaihtoehtona tai jotain muuta? Mit\u00e4 s\u00e4 sanoisit ysiluokkalaiselle tai jollekin muulle, joka miettii t\u00e4mm\u00f6ist\u00e4 asiaa?<\/p>\n<p>Kasperi: Jos sulla on idea, mihin sie haet tai vaikka ei oo ideaa, niin TUVA on aina se backup. Jos se sun ideakaan ei toiminu, sie voit menn\u00e4 TUVAlle ja pohtia sun idean uuestaan, ett\u00e4 mihin sie sitten meet siit\u00e4. Ja, jos sulla ei oo ideaa, niin TUVA on hyv\u00e4 vaihtoehto kun siin\u00e4 sie p\u00e4\u00e4set n\u00e4kem\u00e4\u00e4n kaikkia n\u00e4it\u00e4 aloja. \u00c4l\u00e4 luovu unelmistasi vaan seuraa niit\u00e4 ja tavoittele mahdollisia.<\/p>\n<p>[\/et_pb_toggle][\/et_pb_column][\/et_pb_row][\/et_pb_section][et_pb_section fb_built=&#8221;1&#8243; _builder_version=&#8221;4.20.4&#8243; _module_preset=&#8221;default&#8221; custom_margin=&#8221;2px|30px|2px|30px|true|true&#8221; global_colors_info=&#8221;{}&#8221;][et_pb_row _builder_version=&#8221;4.16&#8243; _module_preset=&#8221;default&#8221; global_colors_info=&#8221;{}&#8221;][et_pb_column type=&#8221;4_4&#8243; _builder_version=&#8221;4.16&#8243; _module_preset=&#8221;default&#8221; global_colors_info=&#8221;{}&#8221;][et_pb_text admin_label=&#8221;Teksti&#8221; _builder_version=&#8221;4.20.4&#8243; _module_preset=&#8221;default&#8221; global_colors_info=&#8221;{}&#8221;]<\/p>\n<h2><strong>Yhteisty\u00f6ss\u00e4<\/strong><\/h2>\n<p>[\/et_pb_text][et_pb_divider color=&#8221;#e20d18&#8243; divider_weight=&#8221;6px&#8221; admin_label=&#8221;Otsikon alusviiva&#8221; _builder_version=&#8221;4.18.0&#8243; _module_preset=&#8221;default&#8221; width=&#8221;40px&#8221; module_alignment=&#8221;left&#8221; custom_margin=&#8221;-25px|0px||0px|false|false&#8221; custom_padding=&#8221;0px|||0px|false|false&#8221; global_module=&#8221;662&#8243; saved_tabs=&#8221;all&#8221; global_colors_info=&#8221;{}&#8221;][\/et_pb_divider][\/et_pb_column][\/et_pb_row][et_pb_row column_structure=&#8221;1_3,1_3,1_3&#8243; _builder_version=&#8221;4.16&#8243; _module_preset=&#8221;default&#8221; global_colors_info=&#8221;{}&#8221;][et_pb_column type=&#8221;1_3&#8243; _builder_version=&#8221;4.16&#8243; _module_preset=&#8221;default&#8221; global_colors_info=&#8221;{}&#8221;][et_pb_image src=&#8221;https:\/\/blogi.eoppimispalvelut.fi\/latu\/files\/2021\/04\/OPH_rahoittaa_rgb.png&#8221; alt=&#8221;Opetushallitus rahoittaa hanketta -logo, teksti &#8221;Opetushallitus rahoittaa hanketta&#8221;.&#8221; title_text=&#8221;Opetushallitus rahoittaa hanketta -logo&#8221; align=&#8221;center&#8221; _builder_version=&#8221;4.18.0&#8243; _module_preset=&#8221;default&#8221; global_colors_info=&#8221;{}&#8221;][\/et_pb_image][\/et_pb_column][et_pb_column type=&#8221;1_3&#8243; _builder_version=&#8221;4.16&#8243; _module_preset=&#8221;default&#8221; global_colors_info=&#8221;{}&#8221;][\/et_pb_column][et_pb_column type=&#8221;1_3&#8243; _builder_version=&#8221;4.16&#8243; _module_preset=&#8221;default&#8221; global_colors_info=&#8221;{}&#8221;][\/et_pb_column][\/et_pb_row][\/et_pb_section]<\/p>\n","protected":false},"excerpt":{"rendered":"<p>TUVA &#8211; tutkintokoulutukseen valmentava koulutus TUVA-koulutus on tarkoitettu henkil\u00f6ille, joilla ei ole toisen asteen tutkintoa tai jotka syyst\u00e4 tai toisesta tarvitsevat valmentavaa koulutusta. TUVA-koulutukseen voi hakea peruskoulun p\u00e4\u00e4tt\u00e4nyt oppivelvollinen tai aikuinen, joka tarvitsee valmiuksia ja\/tai ohjauksellista tukea siirty\u00e4kseen lukiokoulutukseen tai ammatilliseen koulutukseen. TUVA:lle voi hakea kev\u00e4\u00e4n yhteishaussa tai jatkuvan haun kautta ymp\u00e4ri vuoden. TUVA-koulutuksen tavoitteena [&hellip;]<\/p>\n","protected":false},"author":21511,"featured_media":0,"parent":0,"menu_order":0,"comment_status":"closed","ping_status":"closed","template":"","meta":{"_et_pb_use_builder":"on","_et_pb_old_content":"","_et_gb_content_width":"","footnotes":""},"class_list":["post-4884","page","type-page","status-publish","hentry"],"_links":{"self":[{"href":"https:\/\/blogi.eoppimispalvelut.fi\/latu\/wp-json\/wp\/v2\/pages\/4884","targetHints":{"allow":["GET"]}}],"collection":[{"href":"https:\/\/blogi.eoppimispalvelut.fi\/latu\/wp-json\/wp\/v2\/pages"}],"about":[{"href":"https:\/\/blogi.eoppimispalvelut.fi\/latu\/wp-json\/wp\/v2\/types\/page"}],"author":[{"embeddable":true,"href":"https:\/\/blogi.eoppimispalvelut.fi\/latu\/wp-json\/wp\/v2\/users\/21511"}],"replies":[{"embeddable":true,"href":"https:\/\/blogi.eoppimispalvelut.fi\/latu\/wp-json\/wp\/v2\/comments?post=4884"}],"version-history":[{"count":11,"href":"https:\/\/blogi.eoppimispalvelut.fi\/latu\/wp-json\/wp\/v2\/pages\/4884\/revisions"}],"predecessor-version":[{"id":5123,"href":"https:\/\/blogi.eoppimispalvelut.fi\/latu\/wp-json\/wp\/v2\/pages\/4884\/revisions\/5123"}],"wp:attachment":[{"href":"https:\/\/blogi.eoppimispalvelut.fi\/latu\/wp-json\/wp\/v2\/media?parent=4884"}],"curies":[{"name":"wp","href":"https:\/\/api.w.org\/{rel}","templated":true}]}}