{"id":113,"date":"2020-06-10T19:06:53","date_gmt":"2020-06-10T16:06:53","guid":{"rendered":"https:\/\/blogi.eoppimispalvelut.fi\/opopaivat2021\/?page_id=113"},"modified":"2024-02-09T09:46:25","modified_gmt":"2024-02-09T07:46:25","slug":"ohjelma","status":"publish","type":"page","link":"https:\/\/blogi.eoppimispalvelut.fi\/opopaivat2024\/ohjelma\/","title":{"rendered":"Ohjelma"},"content":{"rendered":"\t\t<div data-elementor-type=\"wp-page\" data-elementor-id=\"113\" class=\"elementor elementor-113\">\n\t\t\t\t\t\t<section class=\"elementor-section elementor-top-section elementor-element elementor-element-938464a elementor-section-boxed elementor-section-height-default elementor-section-height-default\" data-id=\"938464a\" data-element_type=\"section\" data-e-type=\"section\">\n\t\t\t\t\t\t<div class=\"elementor-container elementor-column-gap-narrow\">\n\t\t\t\t\t<div class=\"elementor-column elementor-col-100 elementor-top-column elementor-element elementor-element-baa9385\" data-id=\"baa9385\" data-element_type=\"column\" data-e-type=\"column\">\n\t\t\t<div class=\"elementor-widget-wrap elementor-element-populated\">\n\t\t\t\t\t\t<div class=\"elementor-element elementor-element-06a9a04 elementor-widget elementor-widget-text-editor\" data-id=\"06a9a04\" data-element_type=\"widget\" data-e-type=\"widget\" data-widget_type=\"text-editor.default\">\n\t\t\t\t<div class=\"elementor-widget-container\">\n\t\t\t\t\t\t\t\t\t<p><span style=\"color: #ffffff\"><i><span style=\"font-weight: 400\">\u201d Saapi sanoa, ett\u00e4 vanhastaan kaira on ratkonut kiveli\u00f6ss\u00e4 asuvat ihmiset ja ku n\u2019on harvoin kohanneet toisiansa, niin\u2019on syntyny lukusia omituisia murtheita.\u201d<\/span><\/i><\/span><\/p><p><i style=\"color: #ffffff;font-family: var( --e-global-typography-text-font-family ), Sans-serif;font-weight: var( --e-global-typography-text-font-weight );font-size: 1rem\">Arvola, Oiva Yht\u00e4koska\u00a0 Yliper\u00e4n kielen sanakirja 1999<\/i><\/p><p><span style=\"font-weight: 400\"><span style=\"color: #ffffff\">Lapin opop\u00e4ivien kotisivuille ja ohjelmaan ker\u00e4tyt\u00a0 Lapin paikallismurteisiin liittyv\u00e4t sanonnat on ker\u00e4tty Lapin opojen k\u00e4ytt\u00e4m\u00e4st\u00e4 kielest\u00e4 ja yll\u00e4mainitusta mainiosta kirjasta.<\/span> <\/span><\/p><p><span style=\"font-weight: 400\"><span style=\"color: #ffffff\"><strong><a style=\"color: #ffffff\" href=\"https:\/\/blogi.eoppimispalvelut.fi\/opopaivat2024\/files\/2023\/11\/Hotelli-Santa-Claus-opopaivat-menut.pdf\" target=\"_blank\" rel=\"noopener\">T\u00e4st\u00e4<\/a><\/strong> voit my\u00f6s l\u00f6yt\u00e4\u00e4 opop\u00e4ivien lounas- ja illallismenun!\u00a0<\/span><\/span><\/p><p><span style=\"font-weight: 400\"><span style=\"color: #ffffff\">Mik\u00e4li haluat ohjelman PDF-tiedostona, voit ladata sen <strong><a style=\"color: #ffffff\" href=\"https:\/\/blogi.eoppimispalvelut.fi\/opopaivat2024\/files\/2024\/02\/Ohjelma-nettisivulle-tilatietoineen.pdf\" target=\"_blank\" rel=\"noopener\">t\u00e4st\u00e4<\/a><\/strong>.<\/span><\/span><\/p>\t\t\t\t\t\t\t\t<\/div>\n\t\t\t\t<\/div>\n\t\t\t\t<div class=\"elementor-element elementor-element-c3a9144 elementor-tabs-view-horizontal elementor-widget elementor-widget-tabs\" data-id=\"c3a9144\" data-element_type=\"widget\" data-e-type=\"widget\" data-widget_type=\"tabs.default\">\n\t\t\t\t<div class=\"elementor-widget-container\">\n\t\t\t\t\t\t\t<div class=\"elementor-tabs\">\n\t\t\t<div class=\"elementor-tabs-wrapper\" role=\"tablist\" >\n\t\t\t\t\t\t\t\t\t<div id=\"elementor-tab-title-2051\" class=\"elementor-tab-title elementor-tab-desktop-title\" aria-selected=\"true\" data-tab=\"1\" role=\"tab\" tabindex=\"0\" aria-controls=\"elementor-tab-content-2051\" aria-expanded=\"false\">Torstai 8.2.<\/div>\n\t\t\t\t\t\t\t\t\t<div id=\"elementor-tab-title-2052\" class=\"elementor-tab-title elementor-tab-desktop-title\" aria-selected=\"false\" data-tab=\"2\" role=\"tab\" tabindex=\"-1\" aria-controls=\"elementor-tab-content-2052\" aria-expanded=\"false\">Perjantai 9.2.<\/div>\n\t\t\t\t\t\t\t\t\t<div id=\"elementor-tab-title-2053\" class=\"elementor-tab-title elementor-tab-desktop-title\" aria-selected=\"false\" data-tab=\"3\" role=\"tab\" tabindex=\"-1\" aria-controls=\"elementor-tab-content-2053\" aria-expanded=\"false\">Lauantai 10.2.<\/div>\n\t\t\t\t\t\t\t<\/div>\n\t\t\t<div class=\"elementor-tabs-content-wrapper\" role=\"tablist\" aria-orientation=\"vertical\">\n\t\t\t\t\t\t\t\t\t<div class=\"elementor-tab-title elementor-tab-mobile-title\" aria-selected=\"true\" data-tab=\"1\" role=\"tab\" tabindex=\"0\" aria-controls=\"elementor-tab-content-2051\" aria-expanded=\"false\">Torstai 8.2.<\/div>\n\t\t\t\t\t<div id=\"elementor-tab-content-2051\" class=\"elementor-tab-content elementor-clearfix\" data-tab=\"1\" role=\"tabpanel\" aria-labelledby=\"elementor-tab-title-2051\" tabindex=\"0\" hidden=\"false\"><p><span style=\"font-weight: 400;color: #ffffff\">09:00 &#8211;\u00a0 \u00a0 \u00a0 \u00a0 \u00a0 \u00a0 \u00a0 \u00a0Ilmoittautuminen, Santa Claus-hotelli ala-aula<\/span><\/p><p><span style=\"font-weight: 400;color: #ffffff\">11:00 &#8211; 12:00 Lounasmahdollisuus (omakustanne)<\/span><\/p><p><span style=\"font-weight: 400;color: #ffffff\">12:00 &#8211; 15:30\u00a0 <i>Solekko l\u00e4hti\u00e4<\/i><\/span><\/p><ul><li style=\"list-style-type: none\"><ul><li style=\"list-style-type: none\"><ul><li style=\"list-style-type: none\"><ul><li style=\"list-style-type: none\"><ul><li><span style=\"font-weight: 400;color: #ffffff\">Tutustumisk\u00e4ynnit, l\u00e4ht\u00f6 hotellin ala-aulasta<\/span><\/li><\/ul><\/li><\/ul><\/li><\/ul><\/li><\/ul><\/li><\/ul><p><span style=\"font-weight: 400;color: #ffffff\">14:00 &#8211; 15:30 Vuoden opojen lounastapaaminen, Hotelli Santa Claus, Poro<\/span><\/p><p><span style=\"font-weight: 400;color: #ffffff\">16:00 &#8211; 17:00 Sopon koulutuskohtaiset toimikunnat<\/span><\/p><ul><li style=\"list-style-type: none\"><ul><li style=\"list-style-type: none\"><ul><li style=\"list-style-type: none\"><ul><li style=\"list-style-type: none\"><ul><li><span style=\"color: #ffffff\">Peruskoulu, Poro -1krs<\/span><\/li><li><span style=\"color: #ffffff\">Lukio, Kirnu l\u00e4mpi\u00f6 2krs<\/span><\/li><li><span style=\"color: #ffffff\">Ammatillinen, Lohi -1krs<\/span><\/li><li><span style=\"color: #ffffff\">Korkeakoulu, Riekko -1krs<\/span><\/li><li><span style=\"color: #ffffff\">Senioriopojen tapaaminen, Voima-aula -1krs<\/span><\/li><\/ul><\/li><\/ul><\/li><\/ul><\/li><\/ul><\/li><\/ul><p><span style=\"font-weight: 400;color: #ffffff\">19:00 &#8211; 21.00 Kaupungin vastaanotto -iltatilaisuus, Lyseonpuiston lukio<\/span><\/p><ul><li style=\"list-style-type: none\"><ul><li style=\"list-style-type: none\"><ul><li style=\"list-style-type: none\"><ul><li style=\"list-style-type: none\"><ul><li><span style=\"color: #ffffff\">Tervetulosanat, Saija Niemel\u00e4-Pentti, koulutuskuntayhtym\u00e4n johtaja ja Antti Lassila, sivistystoimen toimialajohtaja, Rovaniemen kaupunki <\/span><\/li><li><span style=\"color: #ffffff\">Musiikkia, pient\u00e4 purtavaa ja vapaata seurustelua<\/span><\/li><\/ul><\/li><\/ul><\/li><\/ul><\/li><\/ul><\/li><\/ul><p><span style=\"font-weight: 400;color: #ffffff\">21:00 &#8211; 04:00\u00a0<em>Nyt<\/em>\u00a0<i>rimpsalle<\/i>\u00a0(jatkot) &#8211; Irish Pub Oliver&#8217;s Corner &amp; Night Club<\/span><\/p><\/div>\n\t\t\t\t\t\t\t\t\t<div class=\"elementor-tab-title elementor-tab-mobile-title\" aria-selected=\"false\" data-tab=\"2\" role=\"tab\" tabindex=\"-1\" aria-controls=\"elementor-tab-content-2052\" aria-expanded=\"false\">Perjantai 9.2.<\/div>\n\t\t\t\t\t<div id=\"elementor-tab-content-2052\" class=\"elementor-tab-content elementor-clearfix\" data-tab=\"2\" role=\"tabpanel\" aria-labelledby=\"elementor-tab-title-2052\" tabindex=\"0\" hidden=\"hidden\"><p><span style=\"font-weight: 400;color: #ffffff\">09:00 &#8211; 10:00 P\u00e4ivien avaus, Lapin AMK, Jokiv\u00e4yl\u00e4 11, p\u00e4\u00e4tila Boralis-sali, lis\u00e4tilat B167, B321 ja B302<\/span><\/p><ul><li style=\"list-style-type: none\"><ul><li style=\"list-style-type: none\"><ul><li style=\"list-style-type: none\"><ul><li style=\"list-style-type: none\"><ul><li><span style=\"font-weight: 400;color: #ffffff\"><em>Tervetulosanat<\/em>, Riitta Rissanen, rehtori, Lapin AMK<\/span><\/li><li><span style=\"font-weight: 400;color: #ffffff\"><em>Sopon<\/em> <em>puheenvuoro<\/em>, Paula Lindqvist, puheenjohtaja<\/span><\/li><li><span style=\"color: #ffffff\"><i>Nuorten yritt\u00e4jyys ja talous NYT:in tervehdys<\/i>, Sami Suomela, johtaja<\/span><\/li><li><em><span style=\"color: #ffffff\">Vuoden opon palkitseminen,\u00a0<\/span><\/em><span style=\"color: #ffffff\">Katja Syv\u00e4rinen, hallituksen varapuheenjohtaja, SAK<\/span><\/li><li><em><span style=\"color: #ffffff\">Vuoden ohjausalan gradun valinta,\u00a0<\/span><\/em><span style=\"color: #ffffff\">Riitta Rissanen ja Satu Uusiautti<\/span><\/li><\/ul><\/li><\/ul><\/li><\/ul><\/li><\/ul><\/li><\/ul><p><span style=\"font-weight: 400;color: #ffffff\">10:00 &#8211;\u00a0<\/span><span style=\"color: #ffffff;font-family: var( --e-global-typography-text-font-family ), Sans-serif;font-size: 1rem\">11:30 <em>Soli rohki fiini\u00e4 puhetta,\u00a0<\/em>p\u00e4\u00e4tila Boralis-sali, lis\u00e4tilat B167, B321 ja B302<\/span><\/p><ul><li style=\"list-style-type: none\"><ul><li style=\"list-style-type: none\"><ul><li style=\"list-style-type: none\"><ul><li style=\"list-style-type: none\"><ul><li><span style=\"color: #ffffff\"><em>Opetus- ja kulttuuriministeri\u00f6n videotervehdys<\/em>, Anna-Maja Henriksson<\/span><\/li><li><span style=\"color: #ffffff\"><em>Tulevaisuus: maailma, koulutus ja ty\u00f6,\u00a0<\/em><span style=\"color: #ffffff\">Esko Valtaoja, Avaruust\u00e4htitieteen emeritusprofessori<\/span><\/span><\/li><li><em><span style=\"color: #ffffff\">Puheenvuoro<\/span><\/em><span style=\"color: #ffffff\"> Jaana Kettunen, tutkimusprofessori, Koulutuksen tutkimuslaitos JYU\u00a0<\/span><\/li><\/ul><\/li><\/ul><\/li><\/ul><\/li><\/ul><\/li><\/ul><p><span style=\"font-weight: 400;color: #ffffff\">11:30 &#8211; 13:00\u00a0<em>Rohki hy\u00e4\u00e4 ja kerki\u00e4mm\u00e4 praatatakki<\/em><\/span><\/p><ul><li style=\"list-style-type: none\"><ul><li style=\"list-style-type: none\"><ul><li style=\"list-style-type: none\"><ul><li style=\"list-style-type: none\"><ul><li><span style=\"color: #ffffff\">L<\/span><span style=\"color: #ffffff\">ounastauko, messuosastoihin tutustuminen ja vapaata seurustelua (<a style=\"color: #ffffff\" href=\"https:\/\/www.thinglink.com\/scene\/1808928626477892452\">Opop\u00e4ivien n\u00e4ytteilleasettajat kartalla<\/a>)<\/span><\/li><\/ul><\/li><\/ul><\/li><\/ul><\/li><\/ul><\/li><\/ul><p><span style=\"font-weight: 400;color: #ffffff\">13:00 &#8211; 14:00\u00a0<em>Jokhan alamma<\/em><\/span><\/p><ul><li style=\"list-style-type: none\"><ul><li style=\"list-style-type: none\"><ul><li style=\"list-style-type: none\"><ul><li style=\"list-style-type: none\"><ul><li><span style=\"color: #ffffff\">Tehemm\u00e4 poies &#8211; ty\u00f6pajat 1 (<a style=\"color: #ffffff\" href=\"https:\/\/www.thinglink.com\/card\/1808546803558122340\">Opop\u00e4ivien luennot ja ty\u00f6pajat kartalla<\/a>)<\/span><\/li><\/ul><\/li><\/ul><\/li><\/ul><\/li><\/ul><\/li><\/ul><p><span style=\"font-weight: 400;color: #ffffff\">14:00 &#8211; 14:30 Ryyp\u00e4th\u00e4n kahavit (kahvitauko)<\/span><\/p><p><span style=\"font-weight: 400;color: #ffffff\">14:15 &#8211; 15:30 Sopo ry:n vuosikokous, B167<\/span><\/p><p><span style=\"font-weight: 400;color: #ffffff\">15:45 &#8211; 16:45 <em>Jokhan jatkamma<\/em><\/span><\/p><ul><li style=\"list-style-type: none\"><ul><li style=\"list-style-type: none\"><ul><li style=\"list-style-type: none\"><ul><li style=\"list-style-type: none\"><ul><li><span style=\"color: #ffffff\">Tehemm\u00e4 poies &#8211; ty\u00f6pajat 2<\/span><\/li><\/ul><\/li><\/ul><\/li><\/ul><\/li><\/ul><\/li><\/ul><p><span style=\"color: #ffffff\">09:00 &#8211; 15:00 Maksuttomia liikkuvuus-, tasasapaino-, puristusvoima- ja kehonkoostumusmittauksia fysioterapeuttiopiskelijoiden tekem\u00e4n\u00e4. Tila CBII\/Semppi ja Vire. Reittiopastus tilaan opo-kassista l\u00f6ytyv\u00e4ss\u00e4 karttasivussa.<\/span><\/p><p><span style=\"color: #ffffff\">17:30 &#8211; 18:30 Teknologiateollisuuden illallisetkot, Biorex, Pekankatu 12<\/span><\/p><p><span style=\"font-weight: 400;color: #ffffff\">19:00 &#8211;\u00a0 \u00a0 \u00a0 \u00a0 \u00a0 \u00a0 \u00a0<em>Luppoaika eli rokuli<\/em> &#8211; Illallisjuhla, Hotelli Santa Claus<\/span><\/p><ul><li style=\"list-style-type: none\"><ul><li style=\"list-style-type: none\"><ul><li style=\"list-style-type: none\"><ul><li style=\"list-style-type: none\"><ul><li><span style=\"font-weight: 400;color: #ffffff\">Tervetulosanat<\/span><\/li><li><em><span style=\"color: #ffffff\">Palkitsemiset, Suomen opinto-ohjaajat ry<\/span><\/em><\/li><li><span style=\"color: #ffffff\"><i>Illallinen<\/i><\/span><\/li><li><em><span style=\"color: #ffffff\">Musiikkia, Iskuporakone<\/span><\/em><\/li><\/ul><\/li><\/ul><\/li><\/ul><\/li><\/ul><\/li><\/ul><\/div>\n\t\t\t\t\t\t\t\t\t<div class=\"elementor-tab-title elementor-tab-mobile-title\" aria-selected=\"false\" data-tab=\"3\" role=\"tab\" tabindex=\"-1\" aria-controls=\"elementor-tab-content-2053\" aria-expanded=\"false\">Lauantai 10.2.<\/div>\n\t\t\t\t\t<div id=\"elementor-tab-content-2053\" class=\"elementor-tab-content elementor-clearfix\" data-tab=\"3\" role=\"tabpanel\" aria-labelledby=\"elementor-tab-title-2053\" tabindex=\"0\" hidden=\"hidden\"><p><span style=\"font-weight: 400;color: #ffffff\">09:00 &#8211; 09:30 <em>T\u00e4s\u00e4 sunkhan mith\u00e4n hoppua ole&#8230;\u00a0<\/em>, Hotelli Santa Claus, Lappi -1krs<\/span><\/p><ul><li style=\"list-style-type: none\"><ul><li style=\"list-style-type: none\"><ul><li style=\"list-style-type: none\"><ul><li style=\"list-style-type: none\"><ul><li><span style=\"font-weight: 400;color: #ffffff\"><em>Avaussanat<\/em>, Sirkku Purontaus, rehtori, Lapin koulutuskeskus REDU<\/span><\/li><li><span style=\"font-weight: 400;color: #ffffff\"><i>Musiikkiesitys<\/i>, ILMEIT\u00c4-duo Tuike Javarus \u00a0ja Mikael Heikkinen, Pop &amp; Jazz Konservatorio, Ammattiopisto Lappia<\/span><\/li><\/ul><\/li><\/ul><\/li><\/ul><\/li><\/ul><\/li><\/ul><p>\u00a0<\/p><p><span style=\"font-weight: 400;color: #ffffff\">09:30 &#8211; 10:30 <em>Herkkyys ty\u00f6el\u00e4m\u00e4n voimavarana,\u00a0<\/em>Mari Valonmeri, Tietokirjailija ja yritysvalmentaja<\/span><\/p><p><span style=\"font-weight: 400;color: #ffffff\">Tauko<\/span><\/p><p><span style=\"font-weight: 400;color: #ffffff\">10:45 &#8211; 11:40 <em>Louen kyl\u00e4lt\u00e4 Cannesin bulevardille &#8211; Elokuvaohjaajan tarina<\/em>, Joonas Bergh\u00e4ll, Elokuvaohjaaja, <\/span><span style=\"font-family: var( --e-global-typography-text-font-family ), Sans-serif;font-weight: var( --e-global-typography-text-font-weight );font-size: 1rem;color: #ffffff\">Tervolasta Louen kyl\u00e4lt\u00e4<\/span><\/p><p><span style=\"font-weight: 400;color: #ffffff\">11:40 &#8211; 12:00 <em>Kiitos ko k\u00e4vitt\u00e4\u00a0<\/em>(kiitossanat)<\/span><\/p><ul><li style=\"list-style-type: none\"><ul><li style=\"list-style-type: none\"><ul><li style=\"list-style-type: none\"><ul><li style=\"list-style-type: none\"><ul><li><span style=\"color: #ffffff\">Vuoden 2025 Opop\u00e4iv\u00e4t Vaasa esitt\u00e4ytyy<\/span><\/li><li><span style=\"color: #ffffff\">Opop\u00e4ivien p\u00e4\u00e4t\u00f6s<\/span><\/li><\/ul><\/li><\/ul><\/li><\/ul><\/li><\/ul><\/li><\/ul><p><span style=\"font-weight: 400;color: #ffffff\">12:00\u00a0 Lounasmahdollisuus (omakustanne)<\/span><\/p><ul><li style=\"list-style-type: none\"><ul><li style=\"list-style-type: none\"><ul><li><em><span style=\"font-weight: 400;color: #ffffff\">L\u00e4hemm\u00e4 kotia<\/span><\/em><\/li><\/ul><\/li><\/ul><\/li><\/ul><\/div>\n\t\t\t\t\t\t\t<\/div>\n\t\t<\/div>\n\t\t\t\t\t\t<\/div>\n\t\t\t\t<\/div>\n\t\t\t\t<div class=\"elementor-element elementor-element-832dc8e elementor-widget elementor-widget-text-editor\" data-id=\"832dc8e\" data-element_type=\"widget\" data-e-type=\"widget\" data-widget_type=\"text-editor.default\">\n\t\t\t\t<div class=\"elementor-widget-container\">\n\t\t\t\t\t\t\t\t\t<p><span style=\"color: #999999\"><em>* Muutokset mahdollisia!<\/em><\/span><\/p>\t\t\t\t\t\t\t\t<\/div>\n\t\t\t\t<\/div>\n\t\t\t\t\t<\/div>\n\t\t<\/div>\n\t\t\t\t\t<\/div>\n\t\t<\/section>\n\t\t\t\t<\/div>\n\t\t","protected":false},"excerpt":{"rendered":"<p>\u201d Saapi sanoa, ett\u00e4 vanhastaan kaira on ratkonut kiveli\u00f6ss\u00e4 asuvat ihmiset ja ku n\u2019on harvoin kohanneet toisiansa, niin\u2019on syntyny lukusia omituisia murtheita.\u201d Arvola, Oiva Yht\u00e4koska\u00a0 Yliper\u00e4n kielen sanakirja 1999 Lapin opop\u00e4ivien kotisivuille ja ohjelmaan ker\u00e4tyt\u00a0 Lapin paikallismurteisiin liittyv\u00e4t sanonnat on ker\u00e4tty Lapin opojen k\u00e4ytt\u00e4m\u00e4st\u00e4 kielest\u00e4 ja yll\u00e4mainitusta mainiosta kirjasta. T\u00e4st\u00e4 voit my\u00f6s l\u00f6yt\u00e4\u00e4 opop\u00e4ivien lounas- &hellip; <\/p>\n<p class=\"link-more\"><a href=\"https:\/\/blogi.eoppimispalvelut.fi\/opopaivat2024\/ohjelma\/\" class=\"more-link\">Continue reading<span class=\"screen-reader-text\"> &#8221;Ohjelma&#8221;<\/span><\/a><\/p>\n","protected":false},"author":31,"featured_media":0,"parent":0,"menu_order":0,"comment_status":"closed","ping_status":"closed","template":"","meta":{"footnotes":""},"class_list":["post-113","page","type-page","status-publish","hentry"],"_links":{"self":[{"href":"https:\/\/blogi.eoppimispalvelut.fi\/opopaivat2024\/wp-json\/wp\/v2\/pages\/113","targetHints":{"allow":["GET"]}}],"collection":[{"href":"https:\/\/blogi.eoppimispalvelut.fi\/opopaivat2024\/wp-json\/wp\/v2\/pages"}],"about":[{"href":"https:\/\/blogi.eoppimispalvelut.fi\/opopaivat2024\/wp-json\/wp\/v2\/types\/page"}],"author":[{"embeddable":true,"href":"https:\/\/blogi.eoppimispalvelut.fi\/opopaivat2024\/wp-json\/wp\/v2\/users\/31"}],"replies":[{"embeddable":true,"href":"https:\/\/blogi.eoppimispalvelut.fi\/opopaivat2024\/wp-json\/wp\/v2\/comments?post=113"}],"version-history":[{"count":112,"href":"https:\/\/blogi.eoppimispalvelut.fi\/opopaivat2024\/wp-json\/wp\/v2\/pages\/113\/revisions"}],"predecessor-version":[{"id":1285,"href":"https:\/\/blogi.eoppimispalvelut.fi\/opopaivat2024\/wp-json\/wp\/v2\/pages\/113\/revisions\/1285"}],"wp:attachment":[{"href":"https:\/\/blogi.eoppimispalvelut.fi\/opopaivat2024\/wp-json\/wp\/v2\/media?parent=113"}],"curies":[{"name":"wp","href":"https:\/\/api.w.org\/{rel}","templated":true}]}}