{"id":372,"date":"2023-01-17T16:22:36","date_gmt":"2023-01-17T14:22:36","guid":{"rendered":"https:\/\/blogi.eoppimispalvelut.fi\/opopaivat2021\/?page_id=372"},"modified":"2024-01-16T10:54:59","modified_gmt":"2024-01-16T08:54:59","slug":"esiintyjat","status":"publish","type":"page","link":"https:\/\/blogi.eoppimispalvelut.fi\/opopaivat2024\/esiintyjat\/","title":{"rendered":"Esiintyj\u00e4t"},"content":{"rendered":"\t\t<div data-elementor-type=\"wp-page\" data-elementor-id=\"372\" class=\"elementor elementor-372\">\n\t\t\t\t\t\t<section class=\"elementor-section elementor-top-section elementor-element elementor-element-fbc00c2 elementor-section-boxed elementor-section-height-default elementor-section-height-default\" data-id=\"fbc00c2\" data-element_type=\"section\" data-e-type=\"section\">\n\t\t\t\t\t\t<div class=\"elementor-container elementor-column-gap-default\">\n\t\t\t\t\t<div class=\"elementor-column elementor-col-100 elementor-top-column elementor-element elementor-element-2ee587c\" data-id=\"2ee587c\" data-element_type=\"column\" data-e-type=\"column\">\n\t\t\t<div class=\"elementor-widget-wrap elementor-element-populated\">\n\t\t\t\t\t\t<div class=\"elementor-element elementor-element-b444048 elementor-widget elementor-widget-text-editor\" data-id=\"b444048\" data-element_type=\"widget\" data-e-type=\"widget\" data-widget_type=\"text-editor.default\">\n\t\t\t\t<div class=\"elementor-widget-container\">\n\t\t\t\t\t\t\t\t\t<p><span style=\"color: #ffffff\">T\u00e4lt\u00e4 v\u00e4lilehdelt\u00e4 l\u00f6ytyv\u00e4t lyhyet esittelyt helmikuussa 2024 opop\u00e4ivill\u00e4 esiintyvist\u00e4 puhujista ja luennoitsijoista.\u00a0<\/span><\/p>\t\t\t\t\t\t\t\t<\/div>\n\t\t\t\t<\/div>\n\t\t\t\t<div class=\"elementor-element elementor-element-4eb4182 elementor-tabs-view-horizontal elementor-widget elementor-widget-tabs\" data-id=\"4eb4182\" data-element_type=\"widget\" data-e-type=\"widget\" data-widget_type=\"tabs.default\">\n\t\t\t\t<div class=\"elementor-widget-container\">\n\t\t\t\t\t\t\t<div class=\"elementor-tabs\">\n\t\t\t<div class=\"elementor-tabs-wrapper\" role=\"tablist\" >\n\t\t\t\t\t\t\t\t\t<div id=\"elementor-tab-title-8251\" class=\"elementor-tab-title elementor-tab-desktop-title\" aria-selected=\"true\" data-tab=\"1\" role=\"tab\" tabindex=\"0\" aria-controls=\"elementor-tab-content-8251\" aria-expanded=\"false\">Perjantai 9.2.<\/div>\n\t\t\t\t\t\t\t\t\t<div id=\"elementor-tab-title-8252\" class=\"elementor-tab-title elementor-tab-desktop-title\" aria-selected=\"false\" data-tab=\"2\" role=\"tab\" tabindex=\"-1\" aria-controls=\"elementor-tab-content-8252\" aria-expanded=\"false\">Lauantai 10.2.<\/div>\n\t\t\t\t\t\t\t<\/div>\n\t\t\t<div class=\"elementor-tabs-content-wrapper\" role=\"tablist\" aria-orientation=\"vertical\">\n\t\t\t\t\t\t\t\t\t<div class=\"elementor-tab-title elementor-tab-mobile-title\" aria-selected=\"true\" data-tab=\"1\" role=\"tab\" tabindex=\"0\" aria-controls=\"elementor-tab-content-8251\" aria-expanded=\"false\">Perjantai 9.2.<\/div>\n\t\t\t\t\t<div id=\"elementor-tab-content-8251\" class=\"elementor-tab-content elementor-clearfix\" data-tab=\"1\" role=\"tabpanel\" aria-labelledby=\"elementor-tab-title-8251\" tabindex=\"0\" hidden=\"false\"><h2><span style=\"color: #88be65\"><strong>Esko Valtaoja<\/strong><\/span><\/h2>\n<h3>Avaruust\u00e4htitieteen emeritusprofessori<\/h3>\n<p style=\"float: right\"><img fetchpriority=\"high\" decoding=\"async\" class=\"alignnone size-medium wp-image-903\" src=\"https:\/\/blogi.eoppimispalvelut.fi\/opopaivat2024\/files\/2023\/10\/EskoValtaoja-200x300.jpg\" alt=\"\" width=\"200\" height=\"300\" srcset=\"https:\/\/blogi.eoppimispalvelut.fi\/opopaivat2024\/files\/2023\/10\/EskoValtaoja-200x300.jpg 200w, https:\/\/blogi.eoppimispalvelut.fi\/opopaivat2024\/files\/2023\/10\/EskoValtaoja.jpg 595w\" sizes=\"(max-width: 200px) 100vw, 200px\" \/><\/p>\n<span style=\"color: #ffffff\"> <i><b>\u201d Emme edelleenk\u00e4\u00e4n tied\u00e4, minne me tai maailmankaikkeus matkaamme, mutta ei ole mit\u00e4\u00e4n syyt\u00e4 olla taittamatta taivalta iloisin mielin&#8221;.<\/b><\/i>\n\n<br>\nEsko Valtaoja on pohjoisen poika. Syntym\u00e4paikka oli Kemi. Esko valmistui ylioppilaaksi Sodankyl\u00e4n lukiosta vuonna 1969. Syyskuun nelj\u00e4nten\u00e4 p\u00e4iv\u00e4n\u00e4 vuonna 1969 Esko nousi itku kurkussa bussiin Sodankyl\u00e4n linja-autoasemalla ja l\u00e4hti etel\u00e4\u00e4n opiskelemaan t\u00e4htitiedett\u00e4. Etel\u00e4\u00e4n h\u00e4n sitten valitettavasti joutui j\u00e4\u00e4m\u00e4\u00e4nkin. Vanhemmat l\u00e4hetteliv\u00e4t h\u00e4nelle paketteja, joissa oli kuivaporoa ja Lapin ruskaa.\n<br><br>\nEsko Valtaoja on t\u00e4htitieteen emeritusprofessori Turun yliopistosta, entinen Tuorlan observatorion johtaja, taidegallerian apulainen, ja Sodankyl\u00e4n observatorion entinen kes\u00e4ty\u00f6ntekij\u00e4. H\u00e4n on arvostettu tieteentekij\u00e4 ja my\u00f6s kiitetty tieteellisen tiedon popularisoija. T\u00e4m\u00e4n my\u00f6t\u00e4 h\u00e4n onkin suomalaisten suosikkitutkija: vuosina 2013, 2016 ja 2019 h\u00e4net nimettiin merkitt\u00e4vimm\u00e4ksi elossa olevaksi suomalaiseksi tieteentekij\u00e4ksi Tieteen tiedotus ry:n tilaamissa Tiedebarometri-kyselyiss\u00e4.\n<br>\nEsko Valtaoja on my\u00f6s tuottelias kirjailija ja saanut toiminnastaan my\u00f6s tunnustusta. Valtaoja on saanut mm. Tieto-Finlandian, Valtion Tiedonjulkistamispalkinnon, Lauri J\u00e4ntin palkinnon, V\u00e4in\u00f6 Voipio -palkinnon, Mensan palkinnon, Sokrates-palkinnon, ja kahdesti Vuoden Kristillinen Kirja -palkinnon.\n<br>\n<br>\n<i>\u201d El\u00e4mme paremmassa maailmassa kuin koskaan\u201d <\/i>\n\nEri ihmisi\u00e4 motivoivat eri asia. Eskoa motivoi hillit\u00f6n uteliaisuus. <i>\u201d On hirmuisen paljon asioita, joista olisi mukava tiet\u00e4\u00e4 enemm\u00e4n. Ei voi olla lukematta ja asioita selvitt\u00e4m\u00e4tt\u00e4\u201d <\/i>\n<br>\nEsko Valtaoja Tiedonjano \u2013 Striimattu YouTube kanavan haastattelu 2022\n<br>\n<br>\nIhminen voi l\u00e4hte\u00e4 Lapista mutta Lappi ei l\u00e4hde ihmisest\u00e4. Kemin kaupungin t\u00e4ytt\u00e4ess\u00e4 150 vuotta 5. maaliskuuta 2019 Esko sai sinne nimikkokadun. Valtaojankatu vihittiin k\u00e4ytt\u00f6\u00f6n 14. lokakuuta 2021. Vuonna 2023 kadunp\u00e4tk\u00e4 saatiin p\u00e4\u00e4llystetty\u00e4kin.\n<\/span>\n<h2><span style=\"color: #88be65\"><strong>Jaana Kettunen<\/strong><\/span><\/h2>\n<h3>Tutkimusprofessori (Koulutuksen tutkimuslaitos JYU), ohjausalan maailman j\u00e4rjest\u00f6n (IAEVG) puheenjohtaja<\/h3>\n&nbsp;\n<p style=\"float: right;padding-left: 5px\"><img decoding=\"async\" class=\"alignnone size-medium wp-image-971\" src=\"https:\/\/blogi.eoppimispalvelut.fi\/opopaivat2024\/files\/2023\/10\/Jaana-Kettunen-264x300.png\" alt=\"\" width=\"264\" height=\"300\" srcset=\"https:\/\/blogi.eoppimispalvelut.fi\/opopaivat2024\/files\/2023\/10\/Jaana-Kettunen-264x300.png 264w, https:\/\/blogi.eoppimispalvelut.fi\/opopaivat2024\/files\/2023\/10\/Jaana-Kettunen-768x873.png 768w, https:\/\/blogi.eoppimispalvelut.fi\/opopaivat2024\/files\/2023\/10\/Jaana-Kettunen.png 783w\" sizes=\"(max-width: 264px) 100vw, 264px\" \/><\/p>\n<span style=\"color: #ffffff\">Jaana Kettunen on syntynyt ja kasvanut Torniossa, Ruotsin rajan kupeessa. H\u00e4n on kansainv\u00e4lisesti tunnettu ja arvostettu ohjausalan tutkija, joka ty\u00f6skentelee elinik\u00e4isen ohjauksen tutkimusprofessorina Jyv\u00e4skyl\u00e4n yliopiston Koulutuksen tutkimuslaitoksessa. H\u00e4n on keskittynyt tutkimuksissaan elinik\u00e4isen ohjauksen toimintapolitiikkaan, monialaisten palveluj\u00e4rjestelyjen kehitt\u00e4miseen ja arviointiin sek\u00e4 erityisesti tieto- ja viestint\u00e4teknologian ohjausk\u00e4yt\u00f6n edist\u00e4miseen. Tieto- ja viestint\u00e4teknologian ohjausk\u00e4ytt\u00f6\u00f6n keskittyneess\u00e4 tutkimuksessaan Kettunen on tarkastellut erityisesti sen roolia ohjausj\u00e4rjestelyiss\u00e4, ohjaajien ammattik\u00e4yt\u00e4nn\u00f6iss\u00e4 ja tarvittavaa osaamista ohjauspalveluissa. H\u00e4n on aktiivisesti edist\u00e4nyt tutkimustulosten hy\u00f6dynnett\u00e4vyytt\u00e4 k\u00e4yt\u00e4nn\u00f6ss\u00e4. Kettusella on sek\u00e4 merkitt\u00e4vi\u00e4 kansallisia ja kansainv\u00e4lisi\u00e4 ohjausalan asiantuntijateht\u00e4vi\u00e4, ett\u00e4 laaja kansainv\u00e4linen yhteisty\u00f6verkosto. N\u00e4ihin on liittynyt toimeksiantoja sek\u00e4 julkaisuja yhteisty\u00f6ss\u00e4 Euroopan komission, EU:n ammatillisen koulutuksen kehitt\u00e4miskeskuksen, Euroopan koulutuss\u00e4\u00e4ti\u00f6n, OECDn, ILOn ja Unesco kanssa. Kettunen on ohjausalan maailmanj\u00e4rjest\u00f6n (IAEVG) puheenjohtaja. <\/span><\/div>\n\t\t\t\t\t\t\t\t\t<div class=\"elementor-tab-title elementor-tab-mobile-title\" aria-selected=\"false\" data-tab=\"2\" role=\"tab\" tabindex=\"-1\" aria-controls=\"elementor-tab-content-8252\" aria-expanded=\"false\">Lauantai 10.2.<\/div>\n\t\t\t\t\t<div id=\"elementor-tab-content-8252\" class=\"elementor-tab-content elementor-clearfix\" data-tab=\"2\" role=\"tabpanel\" aria-labelledby=\"elementor-tab-title-8252\" tabindex=\"0\" hidden=\"hidden\"><h2><strong><span style=\"color: #88be65\">Mari Valonmeri<\/span><\/strong><\/h2>\n<h3>Tietokirjailija ja yritysvalmentaja<\/h3>\n<div>\n<p style=\"float: right;padding-left: 10px\"><img decoding=\"async\" class=\"alignnone size-medium wp-image-768\" src=\"https:\/\/blogi.eoppimispalvelut.fi\/opopaivat2024\/files\/2023\/09\/MariValonmeri01-200x300.jpg\" alt=\"\" width=\"200\" height=\"300\" srcset=\"https:\/\/blogi.eoppimispalvelut.fi\/opopaivat2024\/files\/2023\/09\/MariValonmeri01-200x300.jpg 200w, https:\/\/blogi.eoppimispalvelut.fi\/opopaivat2024\/files\/2023\/09\/MariValonmeri01.jpg 213w\" sizes=\"(max-width: 200px) 100vw, 200px\" \/><\/p>\n<span style=\"color: #ffffff\">Olen johtamisen psykologiaan erikoistunut yritysvalmentaja, tietokirjailija, business coach ja mind coach. Olen my\u00f6s \u00e4iti, puoliso, sisar ja lapsi, yst\u00e4v\u00e4 sek\u00e4 l\u00e4himm\u00e4inen. Minulla on vuosien kokemus ty\u00f6kykyjohtamisen ja hyvinvoinnin kehitt\u00e4misest\u00e4. Tavoitteeni on parantaa suomalaista ty\u00f6el\u00e4m\u00e4\u00e4, yksi ihminen ja ty\u00f6yhteis\u00f6 kerrallaan. Jokaisella on oikeus voida ty\u00f6ss\u00e4\u00e4n hyvin!<\/span>\n<br>\n<br>\n<span style=\"color: #ffffff\">Olen kotoisin Kainuun korpimaisemista, Kuhmosta. Mets\u00e4 on minun kirkkoni. Opiskelin hallintotieteiden maisteriksi Lapin yliopistossa Rovaniemell\u00e4. Opiskeluaikanani kirjoitin kolumnia Uusi Rovaniemi -lehteen. Tunturit ja vaarat ovat l\u00e4hell\u00e4 syd\u00e4nt\u00e4ni edelleen. Rovaniemen vuosina aloitin avantouinnin, joka on jatkunut n\u00e4ihin p\u00e4iviin saakka. T\u00e4n\u00e4 p\u00e4iv\u00e4n\u00e4 aloitan jokaisen aamuni uimalla kauniissa it\u00e4meress\u00e4 Helsingiss\u00e4. Lapissa vierailen s\u00e4\u00e4nn\u00f6llisesti, sill\u00e4 siell\u00e4 on tilaa el\u00e4\u00e4 ja hengitt\u00e4\u00e4.<\/span>\n\n<\/div>\n<h2><strong><span style=\"color: #88be65\">Joonas Bergh\u00e4ll<\/span><\/strong><\/h2>\n<h3>Elokuvaohjaaja<\/h3>\n<div>\n<p style=\"float: right\"><img loading=\"lazy\" decoding=\"async\" class=\"alignnone size-medium wp-image-978\" src=\"https:\/\/blogi.eoppimispalvelut.fi\/opopaivat2024\/files\/2023\/10\/Joonas-Berghall-200x300.jpg\" alt=\"\" width=\"200\" height=\"300\" srcset=\"https:\/\/blogi.eoppimispalvelut.fi\/opopaivat2024\/files\/2023\/10\/Joonas-Berghall-200x300.jpg 200w, https:\/\/blogi.eoppimispalvelut.fi\/opopaivat2024\/files\/2023\/10\/Joonas-Berghall-684x1024.jpg 684w, https:\/\/blogi.eoppimispalvelut.fi\/opopaivat2024\/files\/2023\/10\/Joonas-Berghall-768x1151.jpg 768w, https:\/\/blogi.eoppimispalvelut.fi\/opopaivat2024\/files\/2023\/10\/Joonas-Berghall-1025x1536.jpg 1025w, https:\/\/blogi.eoppimispalvelut.fi\/opopaivat2024\/files\/2023\/10\/Joonas-Berghall.jpg 1068w\" sizes=\"(max-width: 200px) 100vw, 200px\" \/><\/p>\n<span style=\"color: #ffffff\">Joonas Bergh\u00e4ll (s.1977) on moninkertaisesti palkittu Kemil\u00e4istaustainen elokuvaohjaaja, tuottaja ja kirjailija. H\u00e4nen koskettavat dokumenttielokuvansa ovat levinneet laajalti ymp\u00e4ri maailmaa. Miesten vuoro (2010) on saavuttanut modernin klassikon aseman, jota esitet\u00e4\u00e4n t\u00e4n\u00e4kin p\u00e4iv\u00e4n\u00e4 s\u00e4\u00e4nn\u00f6llisesti ymp\u00e4ri maailmaa.\n<br>\n<br>\nRovaniemell\u00e4 kotipaikkaansa pit\u00e4v\u00e4, Joonaksen vuonna 2004 perustama elokuvatuotantoyhti\u00f6 Oktober Oy juhlii pian kaksikymment\u00e4vuotissyntym\u00e4p\u00e4ivi\u00e4\u00e4n. Ensimm\u00e4iselt\u00e4 ammatiltaan ravintolakokiksi opiskellut Bergh\u00e4ll valmistui Tampereen ammattikorkeakoulusta elokuvatuottajaksi kaksikymment\u00e4 vuotta sitten. Uran varrelle on mahtunut lukuisia kokemuksia ty\u00f6el\u00e4m\u00e4st\u00e4, ensin ty\u00f6ntekij\u00e4n ja my\u00f6hemmin ty\u00f6nantajan rooleissa. Ty\u00f6urallaan Joonas on palkannut yli 2500 ty\u00f6ntekij\u00e4\u00e4 ja joukkoon mahtuu monenlaista osaajaa.\n<br>\n<br>\nPuheenvuorossaan Joonas jakaa v\u00e4rikk\u00e4it\u00e4 tarinoita uransa varrelta. H\u00e4n avaa omaa reitti\u00e4\u00e4n koulunpenkilt\u00e4 Kemist\u00e4 ravintolakokiksi ja sit\u00e4 kautta elokuvaohjaajaksi Cannesin bulevardeille. Joonas k\u00e4sittelee my\u00f6s koulutuksen merkityst\u00e4 ja avaa ty\u00f6nantajan n\u00e4k\u00f6kulmaa suhteessa koulutukseen. Mitk\u00e4 ovat t\u00e4n\u00e4 p\u00e4iv\u00e4n\u00e4 ty\u00f6el\u00e4m\u00e4n vaatimukset ja mit\u00e4 vastavalmistuneelta, ty\u00f6el\u00e4m\u00e4\u00e4n hypp\u00e4\u00e4v\u00e4lt\u00e4 nuorelta odotetaan.\n<br>\n<br>\n<i>Kuva: Ville Juurikkala<\/i>\n<\/span>\n\n<\/div>\n<div><\/div><\/div>\n\t\t\t\t\t\t\t<\/div>\n\t\t<\/div>\n\t\t\t\t\t\t<\/div>\n\t\t\t\t<\/div>\n\t\t\t\t\t<\/div>\n\t\t<\/div>\n\t\t\t\t\t<\/div>\n\t\t<\/section>\n\t\t\t\t<\/div>\n\t\t","protected":false},"excerpt":{"rendered":"<p>T\u00e4lt\u00e4 v\u00e4lilehdelt\u00e4 l\u00f6ytyv\u00e4t lyhyet esittelyt helmikuussa 2024 opop\u00e4ivill\u00e4 esiintyvist\u00e4 puhujista ja luennoitsijoista.\u00a0 \/*! elementor &#8211; v3.18.0 &#8211; 20-12-2023 *\/ .elementor-widget-tabs.elementor-tabs-view-vertical .elementor-tabs-wrapper{width:25%;flex-shrink:0}.elementor-widget-tabs.elementor-tabs-view-vertical .elementor-tab-desktop-title.elementor-active{border-right-style:none}.elementor-widget-tabs.elementor-tabs-view-vertical .elementor-tab-desktop-title.elementor-active:after,.elementor-widget-tabs.elementor-tabs-view-vertical .elementor-tab-desktop-title.elementor-active:before{height:999em;width:0;right:0;border-right-style:solid}.elementor-widget-tabs.elementor-tabs-view-vertical .elementor-tab-desktop-title.elementor-active:before{top:0;transform:translateY(-100%)}.elementor-widget-tabs.elementor-tabs-view-vertical .elementor-tab-desktop-title.elementor-active:after{top:100%}.elementor-widget-tabs.elementor-tabs-view-horizontal .elementor-tab-desktop-title{display:table-cell}.elementor-widget-tabs.elementor-tabs-view-horizontal .elementor-tab-desktop-title.elementor-active{border-bottom-style:none}.elementor-widget-tabs.elementor-tabs-view-horizontal .elementor-tab-desktop-title.elementor-active:after,.elementor-widget-tabs.elementor-tabs-view-horizontal .elementor-tab-desktop-title.elementor-active:before{bottom:0;height:0;width:999em;border-bottom-style:solid}.elementor-widget-tabs.elementor-tabs-view-horizontal .elementor-tab-desktop-title.elementor-active:before{right:100%}.elementor-widget-tabs.elementor-tabs-view-horizontal .elementor-tab-desktop-title.elementor-active:after{left:100%}.elementor-widget-tabs .elementor-tab-content,.elementor-widget-tabs .elementor-tab-title,.elementor-widget-tabs .elementor-tab-title:after,.elementor-widget-tabs .elementor-tab-title:before,.elementor-widget-tabs .elementor-tabs-content-wrapper{border:1px #d5d8dc}.elementor-widget-tabs .elementor-tabs{text-align:left}.elementor-widget-tabs .elementor-tabs-wrapper{overflow:hidden}.elementor-widget-tabs .elementor-tab-title{cursor:pointer;outline:var(&#8211;focus-outline,none)}.elementor-widget-tabs .elementor-tab-desktop-title{position:relative;padding:20px 25px;font-weight:700;line-height:1;border:solid transparent}.elementor-widget-tabs .elementor-tab-desktop-title.elementor-active{border-color:#d5d8dc}.elementor-widget-tabs .elementor-tab-desktop-title.elementor-active:after,.elementor-widget-tabs .elementor-tab-desktop-title.elementor-active:before{display:block;content:&#8221;&#8221;;position:absolute}.elementor-widget-tabs .elementor-tab-desktop-title:focus-visible{border:1px solid #000}.elementor-widget-tabs .elementor-tab-mobile-title{padding:10px;cursor:pointer}.elementor-widget-tabs .elementor-tab-content{padding:20px;display:none}@media (max-width:767px){.elementor-tabs .elementor-tab-content,.elementor-tabs .elementor-tab-title{border-style:solid &hellip; <\/p>\n<p class=\"link-more\"><a href=\"https:\/\/blogi.eoppimispalvelut.fi\/opopaivat2024\/esiintyjat\/\" class=\"more-link\">Continue reading<span class=\"screen-reader-text\"> &#8221;Esiintyj\u00e4t&#8221;<\/span><\/a><\/p>\n","protected":false},"author":31,"featured_media":0,"parent":0,"menu_order":0,"comment_status":"closed","ping_status":"closed","template":"","meta":{"footnotes":""},"class_list":["post-372","page","type-page","status-publish","hentry"],"_links":{"self":[{"href":"https:\/\/blogi.eoppimispalvelut.fi\/opopaivat2024\/wp-json\/wp\/v2\/pages\/372","targetHints":{"allow":["GET"]}}],"collection":[{"href":"https:\/\/blogi.eoppimispalvelut.fi\/opopaivat2024\/wp-json\/wp\/v2\/pages"}],"about":[{"href":"https:\/\/blogi.eoppimispalvelut.fi\/opopaivat2024\/wp-json\/wp\/v2\/types\/page"}],"author":[{"embeddable":true,"href":"https:\/\/blogi.eoppimispalvelut.fi\/opopaivat2024\/wp-json\/wp\/v2\/users\/31"}],"replies":[{"embeddable":true,"href":"https:\/\/blogi.eoppimispalvelut.fi\/opopaivat2024\/wp-json\/wp\/v2\/comments?post=372"}],"version-history":[{"count":70,"href":"https:\/\/blogi.eoppimispalvelut.fi\/opopaivat2024\/wp-json\/wp\/v2\/pages\/372\/revisions"}],"predecessor-version":[{"id":1151,"href":"https:\/\/blogi.eoppimispalvelut.fi\/opopaivat2024\/wp-json\/wp\/v2\/pages\/372\/revisions\/1151"}],"wp:attachment":[{"href":"https:\/\/blogi.eoppimispalvelut.fi\/opopaivat2024\/wp-json\/wp\/v2\/media?parent=372"}],"curies":[{"name":"wp","href":"https:\/\/api.w.org\/{rel}","templated":true}]}}