{"id":2149,"date":"2020-04-22T10:28:34","date_gmt":"2020-04-22T07:28:34","guid":{"rendered":"https:\/\/blogi.eoppimispalvelut.fi\/peppi-ohjeet\/?page_id=2149"},"modified":"2021-06-28T14:06:53","modified_gmt":"2021-06-28T11:06:53","slug":"tyoaikasuunnitelmat","status":"publish","type":"page","link":"https:\/\/blogi.eoppimispalvelut.fi\/peppi-ohjeet\/koulutus-ja-opetussuunnittelu\/tyoaikasuunnitelmat\/","title":{"rendered":"Ty\u00f6aikasuunnittelu"},"content":{"rendered":"<p>Katso <a href=\"https:\/\/youtu.be\/LS3fp1_PKAw\" target=\"_blank\" rel=\"noopener noreferrer\">video<\/a>, osa 1. (tekstityksen saa p\u00e4\u00e4lle [cc]-painikkeesta).<\/p>\n<p>Ty\u00f6aikasuunnittelu pohjautuu vuosisuunnitteluun<\/p>\n<ul>\n<li>Ty\u00f6aikasuunnitelmassa kohdennetaan ty\u00f6aikaa:\n<ul>\n<li>Opetuksen ja ohjauksen teht\u00e4v\u00e4t<\/li>\n<li>TKI- ja palvelutoiminnan teht\u00e4v\u00e4t<\/li>\n<li>Muut teht\u00e4v\u00e4t<\/li>\n<\/ul>\n<\/li>\n<li>Ty\u00f6aikasuunnitelmaan sis\u00e4llytet\u00e4\u00e4n my\u00f6s vapaajaksot<\/li>\n<\/ul>\n<p>Ty\u00f6aikasuunnittelua tehd\u00e4\u00e4n useassa vaiheessa kalenterivuoden mittaan.<\/p>\n<ol>\n<li>Ensimm\u00e4isess\u00e4 vaiheessa voidaan tehd\u00e4 ns. karkean tason ty\u00f6aikasuunnitelma<\/li>\n<li>Toisessa vaiheessa vuosisuunnittelussa opettajalle kiinnitet\u00e4\u00e4n toteutukset, projektit ja muut teht\u00e4v\u00e4t.<\/li>\n<li>Kolmannessa vaiheessa ty\u00f6aikasuunnitelma viimeistell\u00e4\u00e4n ty\u00f6aikasuunnittelun kautta lis\u00e4\u00e4m\u00e4ll\u00e4 vapaajaksot, julkaistaan ty\u00f6aikasuunnitelma opettajalle ja lopuksi hyv\u00e4ksyt\u00e4\u00e4n ja vahvistetaan ty\u00f6aikasuunnitelma.<\/li>\n<\/ol>\n<p><strong>Karkean tason ty\u00f6aikasuunnittelu<\/strong> (vko 2 &#8211; 13)<\/p>\n<ul>\n<li>Karkean tason ty\u00f6aikasuunnitelmassa opettajalle merkit\u00e4\u00e4n alustava kokonaistuntivaraus p\u00e4\u00e4kategorioittain (Opetus ja ohjaus, muut teht\u00e4v\u00e4t ja tutkimus- ja kehitt\u00e4mistoiminta).<\/li>\n<li>Jakoa voidaan hy\u00f6dynt\u00e4\u00e4 esim. osa-aikaisten ty\u00f6ajan suunnitteluun tai esim. kehityskeskustelussa nousseiden tarpeiden mukaisen kokonaissuunnittelun tukena<\/li>\n<\/ul>\n<p>Ty\u00f6aikasuunnittelu aloitetaan valitsemalla Henkil\u00f6t-valikon alta Ty\u00f6aikasuunnittelu.<\/p>\n<p>&nbsp;<\/p>\n<div id=\"attachment_2799\" style=\"width: 594px\" class=\"wp-caption alignnone\"><a href=\"https:\/\/blogi.eoppimispalvelut.fi\/peppi-ohjeet\/koulutus-ja-opetussuunnittelu\/tyoaikasuunnitelmat\/siirtyminen-tyoaikasuunnitteluun\/\" rel=\"attachment wp-att-2799\"><img loading=\"lazy\" decoding=\"async\" aria-describedby=\"caption-attachment-2799\" class=\"size-large wp-image-2799\" src=\"https:\/\/blogi.eoppimispalvelut.fi\/peppi-ohjeet\/files\/2020\/05\/Siirtyminen-ty\u00f6aikasuunnitteluun-1280x333.png\" alt=\"Siirtyminen ty\u00f6aikasuunnitteluun\" width=\"584\" height=\"152\" srcset=\"https:\/\/blogi.eoppimispalvelut.fi\/peppi-ohjeet\/files\/2020\/05\/Siirtyminen-ty\u00f6aikasuunnitteluun-1280x333.png 1280w, https:\/\/blogi.eoppimispalvelut.fi\/peppi-ohjeet\/files\/2020\/05\/Siirtyminen-ty\u00f6aikasuunnitteluun-900x234.png 900w, https:\/\/blogi.eoppimispalvelut.fi\/peppi-ohjeet\/files\/2020\/05\/Siirtyminen-ty\u00f6aikasuunnitteluun-768x200.png 768w, https:\/\/blogi.eoppimispalvelut.fi\/peppi-ohjeet\/files\/2020\/05\/Siirtyminen-ty\u00f6aikasuunnitteluun-500x130.png 500w, https:\/\/blogi.eoppimispalvelut.fi\/peppi-ohjeet\/files\/2020\/05\/Siirtyminen-ty\u00f6aikasuunnitteluun.png 1317w\" sizes=\"auto, (max-width: 584px) 100vw, 584px\" \/><\/a><p id=\"caption-attachment-2799\" class=\"wp-caption-text\">Klikkaa kuva suuremmaksi<\/p><\/div>\n<p>&nbsp;<\/p>\n<p>Avautuvassa ikkunassa valitaan henkil\u00f6, jonka ty\u00f6aikasuunnitelmaa halutaan k\u00e4sitell\u00e4 sek\u00e4 kalenterivuosi, jolle ty\u00f6aikasuunnitelmaa ollaan tekem\u00e4ss\u00e4.<\/p>\n<p>&nbsp;<\/p>\n<div id=\"attachment_2802\" style=\"width: 594px\" class=\"wp-caption alignnone\"><a href=\"https:\/\/blogi.eoppimispalvelut.fi\/peppi-ohjeet\/koulutus-ja-opetussuunnittelu\/tyoaikasuunnitelmat\/tyoaikasuunnitelman-avaaminen\/\" rel=\"attachment wp-att-2802\"><img loading=\"lazy\" decoding=\"async\" aria-describedby=\"caption-attachment-2802\" class=\"size-large wp-image-2802\" src=\"https:\/\/blogi.eoppimispalvelut.fi\/peppi-ohjeet\/files\/2020\/05\/Ty\u00f6aikasuunnitelman-avaaminen-1280x321.png\" alt=\"Ty\u00f6aikasuunnitelman avaaminen\" width=\"584\" height=\"146\" srcset=\"https:\/\/blogi.eoppimispalvelut.fi\/peppi-ohjeet\/files\/2020\/05\/Ty\u00f6aikasuunnitelman-avaaminen-1280x321.png 1280w, https:\/\/blogi.eoppimispalvelut.fi\/peppi-ohjeet\/files\/2020\/05\/Ty\u00f6aikasuunnitelman-avaaminen-900x226.png 900w, https:\/\/blogi.eoppimispalvelut.fi\/peppi-ohjeet\/files\/2020\/05\/Ty\u00f6aikasuunnitelman-avaaminen-768x193.png 768w, https:\/\/blogi.eoppimispalvelut.fi\/peppi-ohjeet\/files\/2020\/05\/Ty\u00f6aikasuunnitelman-avaaminen-1536x386.png 1536w, https:\/\/blogi.eoppimispalvelut.fi\/peppi-ohjeet\/files\/2020\/05\/Ty\u00f6aikasuunnitelman-avaaminen-500x126.png 500w, https:\/\/blogi.eoppimispalvelut.fi\/peppi-ohjeet\/files\/2020\/05\/Ty\u00f6aikasuunnitelman-avaaminen.png 2000w\" sizes=\"auto, (max-width: 584px) 100vw, 584px\" \/><\/a><p id=\"caption-attachment-2802\" class=\"wp-caption-text\">Klikkaa kuva suuremmaksi<\/p><\/div>\n<p>&nbsp;<\/p>\n<p>Avautuvassa ikkunassa n\u00e4kyy valitun henkil\u00f6n ty\u00f6aikasuunnitelma valitun kalenterivuoden osalta. Karkean tason ty\u00f6aikasuunnittelussa Teht\u00e4v\u00e4kokonaisuudet-v\u00e4lilehdell\u00e4 merkit\u00e4\u00e4n kokonaistuntim\u00e4\u00e4r\u00e4t teht\u00e4v\u00e4kokonaisuuksittain.<\/p>\n<p>&nbsp;<\/p>\n<div id=\"attachment_2803\" style=\"width: 594px\" class=\"wp-caption alignnone\"><a href=\"https:\/\/blogi.eoppimispalvelut.fi\/peppi-ohjeet\/koulutus-ja-opetussuunnittelu\/tyoaikasuunnitelmat\/karkean-tason-tyoaikasuunnitelma\/\" rel=\"attachment wp-att-2803\"><img loading=\"lazy\" decoding=\"async\" aria-describedby=\"caption-attachment-2803\" class=\"size-large wp-image-2803\" src=\"https:\/\/blogi.eoppimispalvelut.fi\/peppi-ohjeet\/files\/2020\/05\/Karkean-tason-ty\u00f6aikasuunnitelma-1280x360.png\" alt=\"Karkean tason ty\u00f6aikasuunnitelma\" width=\"584\" height=\"164\" srcset=\"https:\/\/blogi.eoppimispalvelut.fi\/peppi-ohjeet\/files\/2020\/05\/Karkean-tason-ty\u00f6aikasuunnitelma-1280x360.png 1280w, https:\/\/blogi.eoppimispalvelut.fi\/peppi-ohjeet\/files\/2020\/05\/Karkean-tason-ty\u00f6aikasuunnitelma-900x253.png 900w, https:\/\/blogi.eoppimispalvelut.fi\/peppi-ohjeet\/files\/2020\/05\/Karkean-tason-ty\u00f6aikasuunnitelma-768x216.png 768w, https:\/\/blogi.eoppimispalvelut.fi\/peppi-ohjeet\/files\/2020\/05\/Karkean-tason-ty\u00f6aikasuunnitelma-1536x432.png 1536w, https:\/\/blogi.eoppimispalvelut.fi\/peppi-ohjeet\/files\/2020\/05\/Karkean-tason-ty\u00f6aikasuunnitelma-500x141.png 500w, https:\/\/blogi.eoppimispalvelut.fi\/peppi-ohjeet\/files\/2020\/05\/Karkean-tason-ty\u00f6aikasuunnitelma.png 2039w\" sizes=\"auto, (max-width: 584px) 100vw, 584px\" \/><\/a><p id=\"caption-attachment-2803\" class=\"wp-caption-text\">Klikkaa kuva suuremmaksi<\/p><\/div>\n<p>&nbsp;<\/p>\n<p>Merkitse kokonaistuntim\u00e4\u00e4r\u00e4 teht\u00e4v\u00e4kokonaisuuksittain lukukausille. Tallenna tiedot. Sovellus laskee kokonaisty\u00f6ajan ja n\u00e4ytt\u00e4\u00e4 suunnitellun ty\u00f6ajan kaaviona samaisessa n\u00e4kym\u00e4ss\u00e4.<\/p>\n<p>&nbsp;<\/p>\n<div id=\"attachment_2807\" style=\"width: 1290px\" class=\"wp-caption alignnone\"><a href=\"https:\/\/blogi.eoppimispalvelut.fi\/peppi-ohjeet\/koulutus-ja-opetussuunnittelu\/tyoaikasuunnitelmat\/karkea-tyoaikasuunnitelma-yhteensa\/\" rel=\"attachment wp-att-2807\"><img loading=\"lazy\" decoding=\"async\" aria-describedby=\"caption-attachment-2807\" class=\"size-full wp-image-2807\" src=\"https:\/\/blogi.eoppimispalvelut.fi\/peppi-ohjeet\/files\/2020\/05\/Karkea-ty\u00f6aikasuunnitelma-yhteens\u00e4.png\" alt=\"Karkea ty\u00f6aikasuunnitelma yhteens\u00e4\" width=\"1280\" height=\"340\" srcset=\"https:\/\/blogi.eoppimispalvelut.fi\/peppi-ohjeet\/files\/2020\/05\/Karkea-ty\u00f6aikasuunnitelma-yhteens\u00e4.png 1280w, https:\/\/blogi.eoppimispalvelut.fi\/peppi-ohjeet\/files\/2020\/05\/Karkea-ty\u00f6aikasuunnitelma-yhteens\u00e4-900x239.png 900w, https:\/\/blogi.eoppimispalvelut.fi\/peppi-ohjeet\/files\/2020\/05\/Karkea-ty\u00f6aikasuunnitelma-yhteens\u00e4-768x204.png 768w, https:\/\/blogi.eoppimispalvelut.fi\/peppi-ohjeet\/files\/2020\/05\/Karkea-ty\u00f6aikasuunnitelma-yhteens\u00e4-500x133.png 500w\" sizes=\"auto, (max-width: 1280px) 100vw, 1280px\" \/><\/a><p id=\"caption-attachment-2807\" class=\"wp-caption-text\">Klikkaa kuva suuremmaksi<\/p><\/div>\n<p>&nbsp;<\/p>\n<p><strong>Vuosisuunnittelu (vko 14 &#8211; 26)<\/strong><\/p>\n<p>Katso <a href=\"https:\/\/youtu.be\/UflJrNhPMBY\" target=\"_blank\" rel=\"noopener noreferrer\">video<\/a>, osa 2. (tekstityksen saa p\u00e4\u00e4lle [cc]-painikkeesta).<\/p>\n<p>Vuosisuunnittelussa opettajille kiinnitet\u00e4\u00e4n<\/p>\n<ul>\n<li><a href=\"https:\/\/blogi.eoppimispalvelut.fi\/peppi-ohjeet\/koulutus-ja-opetussuunnittelu\/vuosisuunnittelu\/opetustarjonnan-suunnittelu\/\">opetustarjonnan mukaiset toteutukset<\/a><\/li>\n<li><a href=\"https:\/\/blogi.eoppimispalvelut.fi\/peppi-ohjeet\/koulutus-ja-opetussuunnittelu\/vuosisuunnittelu\/projektitehtavat\/\">projektit<\/a><\/li>\n<li><a href=\"https:\/\/blogi.eoppimispalvelut.fi\/peppi-ohjeet\/koulutus-ja-opetussuunnittelu\/vuosisuunnittelu\/muut-tyot\/\">muut ty\u00f6t<\/a><\/li>\n<\/ul>\n<p><strong>Tarkennettu ty\u00f6aikasuunnittelu (vko 26 &#8211; 46)<\/strong><\/p>\n<p>Kun vuosisuunnittelu on tehty, voidaan Teht\u00e4v\u00e4kokonaisuudet -v\u00e4lilehdell\u00e4 verrata aluksi tehty\u00e4 karkean tason suunnitelmaa suunniteltujen teht\u00e4vien mukaiseen kokonaistuntim\u00e4\u00e4r\u00e4\u00e4n.<\/p>\n<p>&nbsp;<\/p>\n<div id=\"attachment_2956\" style=\"width: 594px\" class=\"wp-caption alignnone\"><a href=\"https:\/\/blogi.eoppimispalvelut.fi\/peppi-ohjeet\/koulutus-ja-opetussuunnittelu\/tyoaikasuunnitelmat\/tyoaikasuunnitelma-suunnitellun-ja-toteuman-vertaaminen\/\" rel=\"attachment wp-att-2956\"><img loading=\"lazy\" decoding=\"async\" aria-describedby=\"caption-attachment-2956\" class=\"size-large wp-image-2956\" src=\"https:\/\/blogi.eoppimispalvelut.fi\/peppi-ohjeet\/files\/2020\/05\/Ty\u00f6aikasuunnitelma-suunnitellun-ja-toteuman-vertaaminen-1280x569.png\" alt=\"Ty\u00f6aikasuunnitelma suunnitellun ja toteuman vertaaminen\" width=\"584\" height=\"260\" srcset=\"https:\/\/blogi.eoppimispalvelut.fi\/peppi-ohjeet\/files\/2020\/05\/Ty\u00f6aikasuunnitelma-suunnitellun-ja-toteuman-vertaaminen-1280x569.png 1280w, https:\/\/blogi.eoppimispalvelut.fi\/peppi-ohjeet\/files\/2020\/05\/Ty\u00f6aikasuunnitelma-suunnitellun-ja-toteuman-vertaaminen-900x400.png 900w, https:\/\/blogi.eoppimispalvelut.fi\/peppi-ohjeet\/files\/2020\/05\/Ty\u00f6aikasuunnitelma-suunnitellun-ja-toteuman-vertaaminen-768x341.png 768w, https:\/\/blogi.eoppimispalvelut.fi\/peppi-ohjeet\/files\/2020\/05\/Ty\u00f6aikasuunnitelma-suunnitellun-ja-toteuman-vertaaminen-1536x682.png 1536w, https:\/\/blogi.eoppimispalvelut.fi\/peppi-ohjeet\/files\/2020\/05\/Ty\u00f6aikasuunnitelma-suunnitellun-ja-toteuman-vertaaminen-2048x910.png 2048w, https:\/\/blogi.eoppimispalvelut.fi\/peppi-ohjeet\/files\/2020\/05\/Ty\u00f6aikasuunnitelma-suunnitellun-ja-toteuman-vertaaminen-500x222.png 500w\" sizes=\"auto, (max-width: 584px) 100vw, 584px\" \/><\/a><p id=\"caption-attachment-2956\" class=\"wp-caption-text\">Klikkaa kuva suuremmaksi<\/p><\/div>\n<p>&nbsp;<\/p>\n<p>Ty\u00f6aikasuunnitelman teht\u00e4v\u00e4t -v\u00e4lilehdell\u00e4 n\u00e4kyv\u00e4t sovitut teht\u00e4v\u00e4t tarkemmalla tasolla.<\/p>\n<p>&nbsp;<\/p>\n<div id=\"attachment_2957\" style=\"width: 1290px\" class=\"wp-caption alignnone\"><a href=\"https:\/\/blogi.eoppimispalvelut.fi\/peppi-ohjeet\/koulutus-ja-opetussuunnittelu\/tyoaikasuunnitelmat\/tyoaikasuunnitelma-tehtavittain\/\" rel=\"attachment wp-att-2957\"><img loading=\"lazy\" decoding=\"async\" aria-describedby=\"caption-attachment-2957\" class=\"size-full wp-image-2957\" src=\"https:\/\/blogi.eoppimispalvelut.fi\/peppi-ohjeet\/files\/2020\/05\/Ty\u00f6aikasuunnitelma-teht\u00e4vitt\u00e4in.png\" alt=\"Ty\u00f6aikasuunnitelma teht\u00e4vitt\u00e4in\" width=\"1280\" height=\"576\" srcset=\"https:\/\/blogi.eoppimispalvelut.fi\/peppi-ohjeet\/files\/2020\/05\/Ty\u00f6aikasuunnitelma-teht\u00e4vitt\u00e4in.png 1280w, https:\/\/blogi.eoppimispalvelut.fi\/peppi-ohjeet\/files\/2020\/05\/Ty\u00f6aikasuunnitelma-teht\u00e4vitt\u00e4in-900x405.png 900w, https:\/\/blogi.eoppimispalvelut.fi\/peppi-ohjeet\/files\/2020\/05\/Ty\u00f6aikasuunnitelma-teht\u00e4vitt\u00e4in-768x346.png 768w, https:\/\/blogi.eoppimispalvelut.fi\/peppi-ohjeet\/files\/2020\/05\/Ty\u00f6aikasuunnitelma-teht\u00e4vitt\u00e4in-500x225.png 500w\" sizes=\"auto, (max-width: 1280px) 100vw, 1280px\" \/><\/a><p id=\"caption-attachment-2957\" class=\"wp-caption-text\">Klikkaa kuva suuremmaksi<\/p><\/div>\n<p>&nbsp;<\/p>\n<p><strong>Vapaajaksojen lis\u00e4\u00e4minen ty\u00f6aikasuunnitelmaan<\/strong><\/p>\n<p>Osaamisp\u00e4\u00e4llikk\u00f6 lis\u00e4\u00e4 ty\u00f6aikasuunnitelmaan sovitut vapaajaksot. Tallennetut vapaajaksot tulevat n\u00e4kyviin lukuj\u00e4rjestyksiin estoina.<\/p>\n<p>&nbsp;<\/p>\n<div id=\"attachment_2959\" style=\"width: 1290px\" class=\"wp-caption alignnone\"><a href=\"https:\/\/blogi.eoppimispalvelut.fi\/peppi-ohjeet\/koulutus-ja-opetussuunnittelu\/tyoaikasuunnitelmat\/vapaajaksojen-lisaaminen-tyoaikasuunnitelmaan\/\" rel=\"attachment wp-att-2959\"><img loading=\"lazy\" decoding=\"async\" aria-describedby=\"caption-attachment-2959\" class=\"size-full wp-image-2959\" src=\"https:\/\/blogi.eoppimispalvelut.fi\/peppi-ohjeet\/files\/2020\/05\/Vapaajaksojen-lis\u00e4\u00e4minen-ty\u00f6aikasuunnitelmaan.png\" alt=\"Vapaajaksojen lis\u00e4\u00e4minen ty\u00f6aikasuunnitelmaan\" width=\"1280\" height=\"490\" srcset=\"https:\/\/blogi.eoppimispalvelut.fi\/peppi-ohjeet\/files\/2020\/05\/Vapaajaksojen-lis\u00e4\u00e4minen-ty\u00f6aikasuunnitelmaan.png 1280w, https:\/\/blogi.eoppimispalvelut.fi\/peppi-ohjeet\/files\/2020\/05\/Vapaajaksojen-lis\u00e4\u00e4minen-ty\u00f6aikasuunnitelmaan-900x345.png 900w, https:\/\/blogi.eoppimispalvelut.fi\/peppi-ohjeet\/files\/2020\/05\/Vapaajaksojen-lis\u00e4\u00e4minen-ty\u00f6aikasuunnitelmaan-768x294.png 768w, https:\/\/blogi.eoppimispalvelut.fi\/peppi-ohjeet\/files\/2020\/05\/Vapaajaksojen-lis\u00e4\u00e4minen-ty\u00f6aikasuunnitelmaan-500x191.png 500w\" sizes=\"auto, (max-width: 1280px) 100vw, 1280px\" \/><\/a><p id=\"caption-attachment-2959\" class=\"wp-caption-text\">Klikkaa kuva suuremmaksi<\/p><\/div>\n<p>&nbsp;<\/p>\n<p>Voit valita vapaajaksot olemassa olevista vapaajaksoista (yhteisesti sovitut vapaajaksot) tai voit sy\u00f6tt\u00e4\u00e4 yksil\u00f6llisen vapaajakson. Tallenna painamalla Lis\u00e4\u00e4-painiketta.<\/p>\n<p>&nbsp;<\/p>\n<p><strong>Ty\u00f6aikasuunnitelman hyv\u00e4ksyminen tai vahvistaminen<\/strong><\/p>\n<p>Ty\u00f6aikasuunnitelma vahvistetaan hyviss\u00e4 ajoin ennen kalenterivuoden alkua. Ty\u00f6aikasuunnitema tulee vahvistaa my\u00f6s kalenterivuoden lopulla, mik\u00e4li ty\u00f6aikasuunnitelma sis\u00e4lt\u00e4\u00e4 tunteja, jotka maksetaan lis\u00e4ty\u00f6m\u00e4\u00e4r\u00e4yksen\u00e4. Lis\u00e4ty\u00f6m\u00e4\u00e4r\u00e4ys pohjautuu t\u00e4ll\u00f6in vahvistettuun ty\u00f6aikasuunnitelmaan.<\/p>\n<p>Osaamisp\u00e4\u00e4llikk\u00f6 l\u00e4hett\u00e4\u00e4 ty\u00f6aikasuunnitelman Pepiss\u00e4 opettajalle kommentoitavaksi.\u00a0 Opettajalle kiinnitetyt toteutukset n\u00e4kyv\u00e4t my\u00f6s h\u00e4nelle, mutta projektit ja muut ty\u00f6teht\u00e4v\u00e4t n\u00e4kyv\u00e4t opettajalle vasta, kun olet julkaissut ty\u00f6aikasuunnitelman opettajalle ensimm\u00e4isen kerran. Kun ty\u00f6aikasuunnitelmaan tehd\u00e4\u00e4n muutoksia, tulee muutoksista l\u00e4hett\u00e4\u00e4 PDF-dokumentti opettajalle. Koko suunnitelma muutoksineen on todennettavissa ainoastaan PDF-dokumentissa.<\/p>\n<p>Ty\u00f6aikasuunnitelma l\u00e4hetet\u00e4\u00e4n opettajalle Hyv\u00e4ksyminen-v\u00e4lilehden kautta valitsemalla Tallenna PDF ja l\u00e4het\u00e4 opettajalle.<\/p>\n<p>&nbsp;<\/p>\n<div id=\"attachment_2960\" style=\"width: 1290px\" class=\"wp-caption alignnone\"><a href=\"https:\/\/blogi.eoppimispalvelut.fi\/peppi-ohjeet\/koulutus-ja-opetussuunnittelu\/tyoaikasuunnitelmat\/tyoaikasuunnitelman-lahettaminen-opettajalle-2\/\" rel=\"attachment wp-att-2960\"><img loading=\"lazy\" decoding=\"async\" aria-describedby=\"caption-attachment-2960\" class=\"size-full wp-image-2960\" src=\"https:\/\/blogi.eoppimispalvelut.fi\/peppi-ohjeet\/files\/2020\/05\/Ty\u00f6aikasuunnitelman-l\u00e4hett\u00e4minen-opettajalle-2.png\" alt=\"Ty\u00f6aikasuunnitelman l\u00e4hett\u00e4minen opettajalle \" width=\"1280\" height=\"358\" srcset=\"https:\/\/blogi.eoppimispalvelut.fi\/peppi-ohjeet\/files\/2020\/05\/Ty\u00f6aikasuunnitelman-l\u00e4hett\u00e4minen-opettajalle-2.png 1280w, https:\/\/blogi.eoppimispalvelut.fi\/peppi-ohjeet\/files\/2020\/05\/Ty\u00f6aikasuunnitelman-l\u00e4hett\u00e4minen-opettajalle-2-900x252.png 900w, https:\/\/blogi.eoppimispalvelut.fi\/peppi-ohjeet\/files\/2020\/05\/Ty\u00f6aikasuunnitelman-l\u00e4hett\u00e4minen-opettajalle-2-768x215.png 768w, https:\/\/blogi.eoppimispalvelut.fi\/peppi-ohjeet\/files\/2020\/05\/Ty\u00f6aikasuunnitelman-l\u00e4hett\u00e4minen-opettajalle-2-500x140.png 500w\" sizes=\"auto, (max-width: 1280px) 100vw, 1280px\" \/><\/a><p id=\"caption-attachment-2960\" class=\"wp-caption-text\">Klikkaa kuva suuremmaksi<\/p><\/div>\n<p>&nbsp;<\/p>\n<p>Opettaja hyv\u00e4ksyy ty\u00f6aikasuunnitelman omassa profiilissa Ty\u00f6aikasuunnitelma-v\u00e4lilehdell\u00e4 valitsemalla Hyv\u00e4ksyn ehdotuksen.<\/p>\n<p>&nbsp;<\/p>\n<div id=\"attachment_2961\" style=\"width: 1290px\" class=\"wp-caption alignnone\"><a href=\"https:\/\/blogi.eoppimispalvelut.fi\/peppi-ohjeet\/koulutus-ja-opetussuunnittelu\/tyoaikasuunnitelmat\/tyoaikasuunnitelman-hyvaksyminen-opettaja\/\" rel=\"attachment wp-att-2961\"><img loading=\"lazy\" decoding=\"async\" aria-describedby=\"caption-attachment-2961\" class=\"size-full wp-image-2961\" src=\"https:\/\/blogi.eoppimispalvelut.fi\/peppi-ohjeet\/files\/2020\/05\/Ty\u00f6aikasuunnitelman-hyv\u00e4ksyminen-opettaja.png\" alt=\"Ty\u00f6aikasuunnitelman hyv\u00e4ksyminen opettaja\" width=\"1280\" height=\"234\" srcset=\"https:\/\/blogi.eoppimispalvelut.fi\/peppi-ohjeet\/files\/2020\/05\/Ty\u00f6aikasuunnitelman-hyv\u00e4ksyminen-opettaja.png 1280w, https:\/\/blogi.eoppimispalvelut.fi\/peppi-ohjeet\/files\/2020\/05\/Ty\u00f6aikasuunnitelman-hyv\u00e4ksyminen-opettaja-900x165.png 900w, https:\/\/blogi.eoppimispalvelut.fi\/peppi-ohjeet\/files\/2020\/05\/Ty\u00f6aikasuunnitelman-hyv\u00e4ksyminen-opettaja-768x140.png 768w, https:\/\/blogi.eoppimispalvelut.fi\/peppi-ohjeet\/files\/2020\/05\/Ty\u00f6aikasuunnitelman-hyv\u00e4ksyminen-opettaja-500x91.png 500w\" sizes=\"auto, (max-width: 1280px) 100vw, 1280px\" \/><\/a><p id=\"caption-attachment-2961\" class=\"wp-caption-text\">Klikkaa kuva suuremmaksi<\/p><\/div>\n<p>&nbsp;<\/p>\n<p>Osaamisp\u00e4\u00e4llikk\u00f6 hyv\u00e4ksyy ty\u00f6aikasuunnitelmat Yksikk\u00f6-v\u00e4lilehden kautta valitsemalla oman yksik\u00f6n ja sielt\u00e4 Henkil\u00f6iden tunnit. Hyv\u00e4ksyminen tapahtuu Tunnit-v\u00e4lilehdell\u00e4.<\/p>\n<p>&nbsp;<\/p>\n<div id=\"attachment_2962\" style=\"width: 1290px\" class=\"wp-caption alignnone\"><a href=\"https:\/\/blogi.eoppimispalvelut.fi\/peppi-ohjeet\/koulutus-ja-opetussuunnittelu\/tyoaikasuunnitelmat\/tyoaikasuunnitelman-hyvaksyminen-osaamispaallikko\/\" rel=\"attachment wp-att-2962\"><img loading=\"lazy\" decoding=\"async\" aria-describedby=\"caption-attachment-2962\" class=\"size-full wp-image-2962\" src=\"https:\/\/blogi.eoppimispalvelut.fi\/peppi-ohjeet\/files\/2020\/05\/Ty\u00f6aikasuunnitelman-hyv\u00e4ksyminen-osaamisp\u00e4\u00e4llikk\u00f6.png\" alt=\"Ty\u00f6aikasuunnitelman hyv\u00e4ksyminen osaamisp\u00e4\u00e4llikk\u00f6\" width=\"1280\" height=\"150\" srcset=\"https:\/\/blogi.eoppimispalvelut.fi\/peppi-ohjeet\/files\/2020\/05\/Ty\u00f6aikasuunnitelman-hyv\u00e4ksyminen-osaamisp\u00e4\u00e4llikk\u00f6.png 1280w, https:\/\/blogi.eoppimispalvelut.fi\/peppi-ohjeet\/files\/2020\/05\/Ty\u00f6aikasuunnitelman-hyv\u00e4ksyminen-osaamisp\u00e4\u00e4llikk\u00f6-900x105.png 900w, https:\/\/blogi.eoppimispalvelut.fi\/peppi-ohjeet\/files\/2020\/05\/Ty\u00f6aikasuunnitelman-hyv\u00e4ksyminen-osaamisp\u00e4\u00e4llikk\u00f6-768x90.png 768w, https:\/\/blogi.eoppimispalvelut.fi\/peppi-ohjeet\/files\/2020\/05\/Ty\u00f6aikasuunnitelman-hyv\u00e4ksyminen-osaamisp\u00e4\u00e4llikk\u00f6-500x59.png 500w\" sizes=\"auto, (max-width: 1280px) 100vw, 1280px\" \/><\/a><p id=\"caption-attachment-2962\" class=\"wp-caption-text\">Klikkaa kuva suuremmaksi<\/p><\/div>\n<p>&nbsp;<\/p>\n<p>Valitse ensin hyv\u00e4ksytt\u00e4v\u00e4 ty\u00f6aikasuunnitelma ja sen j\u00e4lkeen painamalla sivun yl\u00e4laidassa olevaa Hyv\u00e4ksy-painiketta.<\/p>\n<p>Hyv\u00e4ksytty ty\u00f6aikasuunnitelma n\u00e4kyy osaamisp\u00e4\u00e4llik\u00f6ll\u00e4 Henkil\u00f6iden tunnit -v\u00e4lilehdell\u00e4 p\u00e4\u00e4t\u00f6ksen\u00e4.<\/p>\n<p>&nbsp;<\/p>\n<div id=\"attachment_2963\" style=\"width: 1290px\" class=\"wp-caption alignnone\"><a href=\"https:\/\/blogi.eoppimispalvelut.fi\/peppi-ohjeet\/koulutus-ja-opetussuunnittelu\/tyoaikasuunnitelmat\/tyoaikasuunnitelman-status-osaamispaallikon-hyvaksymisen-jalkeen\/\" rel=\"attachment wp-att-2963\"><img loading=\"lazy\" decoding=\"async\" aria-describedby=\"caption-attachment-2963\" class=\"size-full wp-image-2963\" src=\"https:\/\/blogi.eoppimispalvelut.fi\/peppi-ohjeet\/files\/2020\/05\/Ty\u00f6aikasuunnitelman-status-osaamisp\u00e4\u00e4llik\u00f6n-hyv\u00e4ksymisen-j\u00e4lkeen.png\" alt=\"Ty\u00f6aikasuunnitelman status osaamisp\u00e4\u00e4llik\u00f6n hyv\u00e4ksymisen j\u00e4lkeen\" width=\"1280\" height=\"66\" srcset=\"https:\/\/blogi.eoppimispalvelut.fi\/peppi-ohjeet\/files\/2020\/05\/Ty\u00f6aikasuunnitelman-status-osaamisp\u00e4\u00e4llik\u00f6n-hyv\u00e4ksymisen-j\u00e4lkeen.png 1280w, https:\/\/blogi.eoppimispalvelut.fi\/peppi-ohjeet\/files\/2020\/05\/Ty\u00f6aikasuunnitelman-status-osaamisp\u00e4\u00e4llik\u00f6n-hyv\u00e4ksymisen-j\u00e4lkeen-900x46.png 900w, https:\/\/blogi.eoppimispalvelut.fi\/peppi-ohjeet\/files\/2020\/05\/Ty\u00f6aikasuunnitelman-status-osaamisp\u00e4\u00e4llik\u00f6n-hyv\u00e4ksymisen-j\u00e4lkeen-768x40.png 768w, https:\/\/blogi.eoppimispalvelut.fi\/peppi-ohjeet\/files\/2020\/05\/Ty\u00f6aikasuunnitelman-status-osaamisp\u00e4\u00e4llik\u00f6n-hyv\u00e4ksymisen-j\u00e4lkeen-500x26.png 500w\" sizes=\"auto, (max-width: 1280px) 100vw, 1280px\" \/><\/a><p id=\"caption-attachment-2963\" class=\"wp-caption-text\">Klikkaa kuva suuremmaksi<\/p><\/div>\n<p>&nbsp;<\/p>\n<p>Kun osaamisp\u00e4\u00e4llikk\u00f6 on hyv\u00e4ksynyt ty\u00f6aikasuunnitelman, n\u00e4kyy p\u00e4\u00e4t\u00f6s my\u00f6s opettajlla.<\/p>\n<p>&nbsp;<\/p>\n<div id=\"attachment_2964\" style=\"width: 1230px\" class=\"wp-caption alignnone\"><a href=\"https:\/\/blogi.eoppimispalvelut.fi\/peppi-ohjeet\/koulutus-ja-opetussuunnittelu\/tyoaikasuunnitelmat\/tyoaikasuunnitelmapaatos-opettajalla\/\" rel=\"attachment wp-att-2964\"><img loading=\"lazy\" decoding=\"async\" aria-describedby=\"caption-attachment-2964\" class=\"size-full wp-image-2964\" src=\"https:\/\/blogi.eoppimispalvelut.fi\/peppi-ohjeet\/files\/2020\/05\/Ty\u00f6aikasuunnitelmap\u00e4\u00e4t\u00f6s-opettajalla.png\" alt=\"Ty\u00f6aikasuunnitelmap\u00e4\u00e4t\u00f6s opettajalla\" width=\"1220\" height=\"426\" srcset=\"https:\/\/blogi.eoppimispalvelut.fi\/peppi-ohjeet\/files\/2020\/05\/Ty\u00f6aikasuunnitelmap\u00e4\u00e4t\u00f6s-opettajalla.png 1220w, https:\/\/blogi.eoppimispalvelut.fi\/peppi-ohjeet\/files\/2020\/05\/Ty\u00f6aikasuunnitelmap\u00e4\u00e4t\u00f6s-opettajalla-900x314.png 900w, https:\/\/blogi.eoppimispalvelut.fi\/peppi-ohjeet\/files\/2020\/05\/Ty\u00f6aikasuunnitelmap\u00e4\u00e4t\u00f6s-opettajalla-768x268.png 768w, https:\/\/blogi.eoppimispalvelut.fi\/peppi-ohjeet\/files\/2020\/05\/Ty\u00f6aikasuunnitelmap\u00e4\u00e4t\u00f6s-opettajalla-500x175.png 500w\" sizes=\"auto, (max-width: 1220px) 100vw, 1220px\" \/><\/a><p id=\"caption-attachment-2964\" class=\"wp-caption-text\">Klikkaa kuva suuremmaksi<\/p><\/div>\n<p>&nbsp;<\/p>\n<hr \/>\n<p>Takaisin <a href=\"https:\/\/blogi.eoppimispalvelut.fi\/peppi-ohjeet\/koulutus-ja-opetussuunnittelu\/\">Koulutus- ja opetussuunnittelu<\/a> -sivulle<\/p>\n","protected":false},"excerpt":{"rendered":"<p>Katso video, osa 1. (tekstityksen saa p\u00e4\u00e4lle [cc]-painikkeesta). Ty\u00f6aikasuunnittelu pohjautuu vuosisuunnitteluun Ty\u00f6aikasuunnitelmassa kohdennetaan ty\u00f6aikaa: Opetuksen ja ohjauksen teht\u00e4v\u00e4t TKI- ja palvelutoiminnan teht\u00e4v\u00e4t Muut teht\u00e4v\u00e4t Ty\u00f6aikasuunnitelmaan sis\u00e4llytet\u00e4\u00e4n my\u00f6s vapaajaksot Ty\u00f6aikasuunnittelua tehd\u00e4\u00e4n useassa vaiheessa kalenterivuoden mittaan. Ensimm\u00e4isess\u00e4 vaiheessa voidaan tehd\u00e4 ns. karkean &hellip; <a href=\"https:\/\/blogi.eoppimispalvelut.fi\/peppi-ohjeet\/koulutus-ja-opetussuunnittelu\/tyoaikasuunnitelmat\/\">Continue reading <span class=\"meta-nav\">&rarr;<\/span><\/a><\/p>\n","protected":false},"author":4339,"featured_media":0,"parent":209,"menu_order":0,"comment_status":"closed","ping_status":"closed","template":"","meta":{"_monsterinsights_skip_tracking":false,"_monsterinsights_sitenote_active":false,"_monsterinsights_sitenote_note":"","_monsterinsights_sitenote_category":0,"footnotes":""},"class_list":["post-2149","page","type-page","status-publish","hentry"],"_links":{"self":[{"href":"https:\/\/blogi.eoppimispalvelut.fi\/peppi-ohjeet\/wp-json\/wp\/v2\/pages\/2149","targetHints":{"allow":["GET"]}}],"collection":[{"href":"https:\/\/blogi.eoppimispalvelut.fi\/peppi-ohjeet\/wp-json\/wp\/v2\/pages"}],"about":[{"href":"https:\/\/blogi.eoppimispalvelut.fi\/peppi-ohjeet\/wp-json\/wp\/v2\/types\/page"}],"author":[{"embeddable":true,"href":"https:\/\/blogi.eoppimispalvelut.fi\/peppi-ohjeet\/wp-json\/wp\/v2\/users\/4339"}],"replies":[{"embeddable":true,"href":"https:\/\/blogi.eoppimispalvelut.fi\/peppi-ohjeet\/wp-json\/wp\/v2\/comments?post=2149"}],"version-history":[{"count":21,"href":"https:\/\/blogi.eoppimispalvelut.fi\/peppi-ohjeet\/wp-json\/wp\/v2\/pages\/2149\/revisions"}],"predecessor-version":[{"id":4942,"href":"https:\/\/blogi.eoppimispalvelut.fi\/peppi-ohjeet\/wp-json\/wp\/v2\/pages\/2149\/revisions\/4942"}],"up":[{"embeddable":true,"href":"https:\/\/blogi.eoppimispalvelut.fi\/peppi-ohjeet\/wp-json\/wp\/v2\/pages\/209"}],"wp:attachment":[{"href":"https:\/\/blogi.eoppimispalvelut.fi\/peppi-ohjeet\/wp-json\/wp\/v2\/media?parent=2149"}],"curies":[{"name":"wp","href":"https:\/\/api.w.org\/{rel}","templated":true}]}}