{"id":682,"date":"2023-03-22T08:42:20","date_gmt":"2023-03-22T06:42:20","guid":{"rendered":"https:\/\/blogi.eoppimispalvelut.fi\/pohjoinenjohtamisenfoorumi\/?post_type=tribe_events&#038;p=682"},"modified":"2023-03-22T08:42:42","modified_gmt":"2023-03-22T06:42:42","slug":"yrittajan-verkostot-ja-niiden-hyodyntaminen","status":"publish","type":"tribe_events","link":"https:\/\/blogi.eoppimispalvelut.fi\/pohjoinenjohtamisenfoorumi\/tapahtuma\/yrittajan-verkostot-ja-niiden-hyodyntaminen\/","title":{"rendered":"Yritt\u00e4j\u00e4n verkostot ja niiden hy\u00f6dynt\u00e4minen"},"content":{"rendered":"<p>[et_pb_section][et_pb_row][et_pb_column type=&#8221;4_4&#8243;][et_pb_text]<\/p>\n<h3>Tervetuloa kuulemaan ja keskustelemaan johtamisen ajankohtaisista aiheista, sek\u00e4 kohtaamaan muita Lapin alueen yritt\u00e4ji\u00e4, esihenkil\u00f6it\u00e4 ja johtajia!<\/h3>\n<p>Kokoonnumme <strong>28.3.2023 klo 15-17 Kemij\u00e4rvelle, Heralammen yritystaloon<\/strong>, jossa maksuttoman tilaisuuden teemana on t\u00e4ll\u00e4 kertaa<strong> yritt\u00e4jien verkostot ja niiden hy\u00f6dynt\u00e4minen<\/strong>. Iltap\u00e4iv\u00e4n aloittaa asiantuntijapuheenvuorolla <strong>Jani Siivola <\/strong>\u00a0<strong>Reddo Partners Oy<\/strong> joka tarjoaa osallistujille konkreettisia esimerkkej\u00e4 siit\u00e4, kuinka yritt\u00e4j\u00e4 rakentaa, johtaa ja hallitsee verkostojaan. Tule siis kuulemaan miten verkostoja voidaan hy\u00f6dynt\u00e4\u00e4 liiketoiminnassa.<\/p>\n<p>Paikkoja on rajallinen m\u00e4\u00e4r\u00e4, ilmoittauduthan viimeist\u00e4\u00e4n 24.3.2023 klo 15.00 osoitteessa: <a href=\"https:\/\/eur02.safelinks.protection.outlook.com\/?url=https%3A%2F%2Flink.webropol.com%2Fs%2Fpojof&amp;data=05%7C01%7Cnetta.riponiemi%40ulapland.fi%7C9403f1ef23214320190608db29d2cf04%7C4c60a66f0a8d446e9ac0836a00d84542%7C0%7C0%7C638149757620724066%7CUnknown%7CTWFpbGZsb3d8eyJWIjoiMC4wLjAwMDAiLCJQIjoiV2luMzIiLCJBTiI6Ik1haWwiLCJXVCI6Mn0%3D%7C3000%7C%7C%7C&amp;sdata=L59saG93HUo%2FQXEN8ll6q5dafHAYDgQeqg3sfCdt4wA%3D&amp;reserved=0\">https:\/\/link.webropol.com\/s\/pojof<\/a><\/p>\n<p><strong>Ohjelma<\/strong>:<\/p>\n<p>15.00 Tervetuloa, Mit\u00e4 kuuluu Kemij\u00e4rven kehitykselle?<br \/>\nJukka Rinne Kemij\u00e4rven Kehitys Oy<\/p>\n<p>15.15 Pohjoinen johtamisen foorumi \u2013 mik\u00e4 se on?<br \/>\nMarkus Pellikka, projektip\u00e4\u00e4llikk\u00f6<\/p>\n<p>15.30 Yritt\u00e4j\u00e4n verkostot ja niiden hy\u00f6dynt\u00e4minen<br \/>\nJani Siivola Reddo Partners Oy<\/p>\n<p>16.15 Osin johdettua keskustelua yritt\u00e4j\u00e4n ja johtajan verkostoista<\/p>\n<p>16.50 Loppusanat<\/p>\n<p>17.00 Tilaisuus p\u00e4\u00e4ttyy<\/p>\n<p>Tilaisuuden j\u00e4rjest\u00e4\u00e4 Pohjoinen johtamisen foorumi -hanke ja Kemij\u00e4rven Kehitys Oy ja siihen ovat tervetulleita kaikki Lapin alueen yritt\u00e4j\u00e4t, esihenkil\u00f6t sek\u00e4 johtoteht\u00e4viss\u00e4 toimivat.<\/p>\n<p>Tervetuloa!<\/p>\n<p>[\/et_pb_text][\/et_pb_column][\/et_pb_row][\/et_pb_section]<\/p>\n","protected":false},"excerpt":{"rendered":"<p><div class=\"et_pb_section et_pb_section_0 et_section_regular\" >\n\t\t\t\t\n\t\t\t\t\n\t\t\t\t\n\t\t\t\t\n\t\t\t\t\n\t\t\t\t\n\t\t\t\t\n\t\t\t\t\n\t\t\t\t\n\t\t\t<\/div><div class=\"et_pb_row et_pb_row_0 et_pb_row_empty\">\n\t\t\t\t\n\t\t\t\t\n\t\t\t\t\n\t\t\t\t\n\t\t\t\t\n\t\t\t<\/div><div class=\"et_pb_module et_pb_text et_pb_text_0  et_pb_text_align_left et_pb_bg_layout_light\">\n\t\t\t\t\n\t\t\t\t\n\t\t\t\t\n\t\t\t\t\n\t\t\t\t\n\t\t\t<\/div> Tervetuloa kuulemaan ja keskustelemaan johtamisen ajankohtaisista aiheista, sek\u00e4 kohtaamaan muita Lapin alueen yritt\u00e4ji\u00e4, esihenkil\u00f6it\u00e4 ja johtajia! Kokoonnumme 28.3.2023 klo 15-17 Kemij\u00e4rvelle, Heralammen yritystaloon, jossa maksuttoman tilaisuuden teemana on t\u00e4ll\u00e4 [&hellip;]<\/p>\n","protected":false},"author":7294,"featured_media":420,"template":"","meta":{"_et_pb_use_builder":"on","_et_pb_old_content":"<h3>Tervetuloa kuulemaan ja keskustelemaan johtamisen ajankohtaisista aiheista, sek\u00e4 kohtaamaan muita Lapin alueen yritt\u00e4ji\u00e4, esihenkil\u00f6it\u00e4 ja johtajia!<\/h3><p>Kokoonnumme <strong>28.3.2023 klo 15-17 Kemij\u00e4rvelle, Heralammen yritystaloon<\/strong>, jossa maksuttoman tilaisuuden teemana on t\u00e4ll\u00e4 kertaa<strong> yritt\u00e4jien verkostot ja niiden hy\u00f6dynt\u00e4minen<\/strong>. Iltap\u00e4iv\u00e4n aloittaa asiantuntijapuheenvuorolla <strong>Jani Siivola <\/strong>\u00a0<strong>Reddo Partners Oy<\/strong> joka tarjoaa osallistujille konkreettisia esimerkkej\u00e4 siit\u00e4, kuinka yritt\u00e4j\u00e4 rakentaa, johtaa ja hallitsee verkostojaan. Tule siis kuulemaan miten verkostoja voidaan hy\u00f6dynt\u00e4\u00e4 liiketoiminnassa.<\/p><p>Paikkoja on rajallinen m\u00e4\u00e4r\u00e4, ilmoittauduthan viimeist\u00e4\u00e4n 24.3.2023 klo 15.00 osoitteessa: <a href=\"https:\/\/eur02.safelinks.protection.outlook.com\/?url=https%3A%2F%2Flink.webropol.com%2Fs%2Fpojof&amp;data=05%7C01%7Cnetta.riponiemi%40ulapland.fi%7C9403f1ef23214320190608db29d2cf04%7C4c60a66f0a8d446e9ac0836a00d84542%7C0%7C0%7C638149757620724066%7CUnknown%7CTWFpbGZsb3d8eyJWIjoiMC4wLjAwMDAiLCJQIjoiV2luMzIiLCJBTiI6Ik1haWwiLCJXVCI6Mn0%3D%7C3000%7C%7C%7C&amp;sdata=L59saG93HUo%2FQXEN8ll6q5dafHAYDgQeqg3sfCdt4wA%3D&amp;reserved=0\">https:\/\/link.webropol.com\/s\/pojof<\/a><\/p><p><strong>Ohjelma<\/strong>:<\/p><p>15.00 Tervetuloa, Mit\u00e4 kuuluu Kemij\u00e4rven kehitykselle?<br \/>Jukka Rinne Kemij\u00e4rven Kehitys Oy<\/p><p>15.15 Pohjoinen johtamisen foorumi \u2013 mik\u00e4 se on?<br \/>Markus Pellikka, projektip\u00e4\u00e4llikk\u00f6<\/p><p>15.30 Yritt\u00e4j\u00e4n verkostot ja niiden hy\u00f6dynt\u00e4minen<br \/>Jani Siivola Reddo Partners Oy<\/p><p>16.15 Osin johdettua keskustelua yritt\u00e4j\u00e4n ja johtajan verkostoista<\/p><p>16.50 Loppusanat<\/p><p>17.00 Tilaisuus p\u00e4\u00e4ttyy<\/p><p>Tilaisuuden j\u00e4rjest\u00e4\u00e4 Pohjoinen johtamisen foorumi -hanke ja Kemij\u00e4rven Kehitys Oy ja siihen ovat tervetulleita kaikki Lapin alueen yritt\u00e4j\u00e4t, esihenkil\u00f6t sek\u00e4 johtoteht\u00e4viss\u00e4 toimivat.<\/p><p>Tervetuloa!<\/p>","_et_gb_content_width":"","_monsterinsights_skip_tracking":false,"_monsterinsights_sitenote_active":false,"_monsterinsights_sitenote_note":"","_monsterinsights_sitenote_category":0,"_tribe_events_status":"","_tribe_events_status_reason":"","footnotes":""},"tags":[],"tribe_events_cat":[115],"class_list":["post-682","tribe_events","type-tribe_events","status-publish","has-post-thumbnail","hentry","tribe_events_cat-tapahtumat","cat_tapahtumat"],"yoast_head":"<!-- This site is optimized with the Yoast SEO plugin v27.4 - https:\/\/yoast.com\/product\/yoast-seo-wordpress\/ -->\n<title>Yritt\u00e4j\u00e4n verkostot ja niiden hy\u00f6dynt\u00e4minen - Pohjoinen johtamisen foorumi<\/title>\n<meta name=\"robots\" content=\"index, follow, max-snippet:-1, max-image-preview:large, max-video-preview:-1\" \/>\n<link rel=\"canonical\" href=\"https:\/\/blogi.eoppimispalvelut.fi\/pohjoinenjohtamisenfoorumi\/tapahtuma\/yrittajan-verkostot-ja-niiden-hyodyntaminen\/\" \/>\n<meta property=\"og:locale\" content=\"fi_FI\" \/>\n<meta property=\"og:type\" content=\"article\" \/>\n<meta property=\"og:title\" content=\"Yritt\u00e4j\u00e4n verkostot ja niiden hy\u00f6dynt\u00e4minen - Pohjoinen johtamisen foorumi\" \/>\n<meta property=\"og:description\" content=\"Tervetuloa kuulemaan ja keskustelemaan johtamisen ajankohtaisista aiheista, sek\u00e4 kohtaamaan muita Lapin alueen yritt\u00e4ji\u00e4, esihenkil\u00f6it\u00e4 ja johtajia! Kokoonnumme 28.3.2023 klo 15-17 Kemij\u00e4rvelle, Heralammen yritystaloon, jossa maksuttoman tilaisuuden teemana on t\u00e4ll\u00e4 [&hellip;]\" \/>\n<meta property=\"og:url\" content=\"https:\/\/blogi.eoppimispalvelut.fi\/pohjoinenjohtamisenfoorumi\/tapahtuma\/yrittajan-verkostot-ja-niiden-hyodyntaminen\/\" \/>\n<meta property=\"og:site_name\" content=\"Pohjoinen johtamisen foorumi\" \/>\n<meta property=\"article:modified_time\" content=\"2023-03-22T06:42:42+00:00\" \/>\n<meta property=\"og:image\" content=\"https:\/\/blogi.eoppimispalvelut.fi\/pohjoinenjohtamisenfoorumi\/files\/2021\/10\/REDU_pohjoinen-johtamisen-foorumi_FB_VEDOS1-1.png\" \/>\n\t<meta property=\"og:image:width\" content=\"1200\" \/>\n\t<meta property=\"og:image:height\" content=\"600\" \/>\n\t<meta property=\"og:image:type\" content=\"image\/png\" \/>\n<meta name=\"twitter:card\" content=\"summary_large_image\" \/>\n<meta name=\"twitter:label1\" content=\"Est. reading time\" \/>\n\t<meta name=\"twitter:data1\" content=\"1 minute\" \/>\n<script type=\"application\/ld+json\" class=\"yoast-schema-graph\">{\"@context\":\"https:\\\/\\\/schema.org\",\"@graph\":[{\"@type\":\"WebPage\",\"@id\":\"https:\\\/\\\/blogi.eoppimispalvelut.fi\\\/pohjoinenjohtamisenfoorumi\\\/tapahtuma\\\/yrittajan-verkostot-ja-niiden-hyodyntaminen\\\/\",\"url\":\"https:\\\/\\\/blogi.eoppimispalvelut.fi\\\/pohjoinenjohtamisenfoorumi\\\/tapahtuma\\\/yrittajan-verkostot-ja-niiden-hyodyntaminen\\\/\",\"name\":\"Yritt\u00e4j\u00e4n verkostot ja niiden hy\u00f6dynt\u00e4minen - Pohjoinen johtamisen foorumi\",\"isPartOf\":{\"@id\":\"https:\\\/\\\/blogi.eoppimispalvelut.fi\\\/pohjoinenjohtamisenfoorumi\\\/#website\"},\"primaryImageOfPage\":{\"@id\":\"https:\\\/\\\/blogi.eoppimispalvelut.fi\\\/pohjoinenjohtamisenfoorumi\\\/tapahtuma\\\/yrittajan-verkostot-ja-niiden-hyodyntaminen\\\/#primaryimage\"},\"image\":{\"@id\":\"https:\\\/\\\/blogi.eoppimispalvelut.fi\\\/pohjoinenjohtamisenfoorumi\\\/tapahtuma\\\/yrittajan-verkostot-ja-niiden-hyodyntaminen\\\/#primaryimage\"},\"thumbnailUrl\":\"https:\\\/\\\/blogi.eoppimispalvelut.fi\\\/pohjoinenjohtamisenfoorumi\\\/files\\\/2021\\\/10\\\/REDU_pohjoinen-johtamisen-foorumi_FB_VEDOS1-1.png\",\"datePublished\":\"2023-03-22T06:42:20+00:00\",\"dateModified\":\"2023-03-22T06:42:42+00:00\",\"breadcrumb\":{\"@id\":\"https:\\\/\\\/blogi.eoppimispalvelut.fi\\\/pohjoinenjohtamisenfoorumi\\\/tapahtuma\\\/yrittajan-verkostot-ja-niiden-hyodyntaminen\\\/#breadcrumb\"},\"inLanguage\":\"fi\",\"potentialAction\":[{\"@type\":\"ReadAction\",\"target\":[\"https:\\\/\\\/blogi.eoppimispalvelut.fi\\\/pohjoinenjohtamisenfoorumi\\\/tapahtuma\\\/yrittajan-verkostot-ja-niiden-hyodyntaminen\\\/\"]}]},{\"@type\":\"ImageObject\",\"inLanguage\":\"fi\",\"@id\":\"https:\\\/\\\/blogi.eoppimispalvelut.fi\\\/pohjoinenjohtamisenfoorumi\\\/tapahtuma\\\/yrittajan-verkostot-ja-niiden-hyodyntaminen\\\/#primaryimage\",\"url\":\"https:\\\/\\\/blogi.eoppimispalvelut.fi\\\/pohjoinenjohtamisenfoorumi\\\/files\\\/2021\\\/10\\\/REDU_pohjoinen-johtamisen-foorumi_FB_VEDOS1-1.png\",\"contentUrl\":\"https:\\\/\\\/blogi.eoppimispalvelut.fi\\\/pohjoinenjohtamisenfoorumi\\\/files\\\/2021\\\/10\\\/REDU_pohjoinen-johtamisen-foorumi_FB_VEDOS1-1.png\",\"width\":1200,\"height\":600,\"caption\":\"Pohjoinen johtamisen foorumi\"},{\"@type\":\"BreadcrumbList\",\"@id\":\"https:\\\/\\\/blogi.eoppimispalvelut.fi\\\/pohjoinenjohtamisenfoorumi\\\/tapahtuma\\\/yrittajan-verkostot-ja-niiden-hyodyntaminen\\\/#breadcrumb\",\"itemListElement\":[{\"@type\":\"ListItem\",\"position\":1,\"name\":\"Home\",\"item\":\"https:\\\/\\\/blogi.eoppimispalvelut.fi\\\/pohjoinenjohtamisenfoorumi\\\/\"},{\"@type\":\"ListItem\",\"position\":2,\"name\":\"Tapahtumat\",\"item\":\"https:\\\/\\\/blogi.eoppimispalvelut.fi\\\/pohjoinenjohtamisenfoorumi\\\/tapahtumat\\\/\"},{\"@type\":\"ListItem\",\"position\":3,\"name\":\"Yritt\u00e4j\u00e4n verkostot ja niiden hy\u00f6dynt\u00e4minen\"}]},{\"@type\":\"WebSite\",\"@id\":\"https:\\\/\\\/blogi.eoppimispalvelut.fi\\\/pohjoinenjohtamisenfoorumi\\\/#website\",\"url\":\"https:\\\/\\\/blogi.eoppimispalvelut.fi\\\/pohjoinenjohtamisenfoorumi\\\/\",\"name\":\"Pohjoinen johtamisen foorumi\",\"description\":\"Uudistavilla toimintamalleilla kasvuun ja kehitykseen Lapissa\",\"potentialAction\":[{\"@type\":\"SearchAction\",\"target\":{\"@type\":\"EntryPoint\",\"urlTemplate\":\"https:\\\/\\\/blogi.eoppimispalvelut.fi\\\/pohjoinenjohtamisenfoorumi\\\/?s={search_term_string}\"},\"query-input\":{\"@type\":\"PropertyValueSpecification\",\"valueRequired\":true,\"valueName\":\"search_term_string\"}}],\"inLanguage\":\"fi\"}]}<\/script>\n<!-- \/ Yoast SEO plugin. -->","yoast_head_json":{"title":"Yritt\u00e4j\u00e4n verkostot ja niiden hy\u00f6dynt\u00e4minen - Pohjoinen johtamisen foorumi","robots":{"index":"index","follow":"follow","max-snippet":"max-snippet:-1","max-image-preview":"max-image-preview:large","max-video-preview":"max-video-preview:-1"},"canonical":"https:\/\/blogi.eoppimispalvelut.fi\/pohjoinenjohtamisenfoorumi\/tapahtuma\/yrittajan-verkostot-ja-niiden-hyodyntaminen\/","og_locale":"fi_FI","og_type":"article","og_title":"Yritt\u00e4j\u00e4n verkostot ja niiden hy\u00f6dynt\u00e4minen - Pohjoinen johtamisen foorumi","og_description":"Tervetuloa kuulemaan ja keskustelemaan johtamisen ajankohtaisista aiheista, sek\u00e4 kohtaamaan muita Lapin alueen yritt\u00e4ji\u00e4, esihenkil\u00f6it\u00e4 ja johtajia! Kokoonnumme 28.3.2023 klo 15-17 Kemij\u00e4rvelle, Heralammen yritystaloon, jossa maksuttoman tilaisuuden teemana on t\u00e4ll\u00e4 [&hellip;]","og_url":"https:\/\/blogi.eoppimispalvelut.fi\/pohjoinenjohtamisenfoorumi\/tapahtuma\/yrittajan-verkostot-ja-niiden-hyodyntaminen\/","og_site_name":"Pohjoinen johtamisen foorumi","article_modified_time":"2023-03-22T06:42:42+00:00","og_image":[{"width":1200,"height":600,"url":"https:\/\/blogi.eoppimispalvelut.fi\/pohjoinenjohtamisenfoorumi\/files\/2021\/10\/REDU_pohjoinen-johtamisen-foorumi_FB_VEDOS1-1.png","type":"image\/png"}],"twitter_card":"summary_large_image","twitter_misc":{"Est. reading time":"1 minute"},"schema":{"@context":"https:\/\/schema.org","@graph":[{"@type":"WebPage","@id":"https:\/\/blogi.eoppimispalvelut.fi\/pohjoinenjohtamisenfoorumi\/tapahtuma\/yrittajan-verkostot-ja-niiden-hyodyntaminen\/","url":"https:\/\/blogi.eoppimispalvelut.fi\/pohjoinenjohtamisenfoorumi\/tapahtuma\/yrittajan-verkostot-ja-niiden-hyodyntaminen\/","name":"Yritt\u00e4j\u00e4n verkostot ja niiden hy\u00f6dynt\u00e4minen - Pohjoinen johtamisen foorumi","isPartOf":{"@id":"https:\/\/blogi.eoppimispalvelut.fi\/pohjoinenjohtamisenfoorumi\/#website"},"primaryImageOfPage":{"@id":"https:\/\/blogi.eoppimispalvelut.fi\/pohjoinenjohtamisenfoorumi\/tapahtuma\/yrittajan-verkostot-ja-niiden-hyodyntaminen\/#primaryimage"},"image":{"@id":"https:\/\/blogi.eoppimispalvelut.fi\/pohjoinenjohtamisenfoorumi\/tapahtuma\/yrittajan-verkostot-ja-niiden-hyodyntaminen\/#primaryimage"},"thumbnailUrl":"https:\/\/blogi.eoppimispalvelut.fi\/pohjoinenjohtamisenfoorumi\/files\/2021\/10\/REDU_pohjoinen-johtamisen-foorumi_FB_VEDOS1-1.png","datePublished":"2023-03-22T06:42:20+00:00","dateModified":"2023-03-22T06:42:42+00:00","breadcrumb":{"@id":"https:\/\/blogi.eoppimispalvelut.fi\/pohjoinenjohtamisenfoorumi\/tapahtuma\/yrittajan-verkostot-ja-niiden-hyodyntaminen\/#breadcrumb"},"inLanguage":"fi","potentialAction":[{"@type":"ReadAction","target":["https:\/\/blogi.eoppimispalvelut.fi\/pohjoinenjohtamisenfoorumi\/tapahtuma\/yrittajan-verkostot-ja-niiden-hyodyntaminen\/"]}]},{"@type":"ImageObject","inLanguage":"fi","@id":"https:\/\/blogi.eoppimispalvelut.fi\/pohjoinenjohtamisenfoorumi\/tapahtuma\/yrittajan-verkostot-ja-niiden-hyodyntaminen\/#primaryimage","url":"https:\/\/blogi.eoppimispalvelut.fi\/pohjoinenjohtamisenfoorumi\/files\/2021\/10\/REDU_pohjoinen-johtamisen-foorumi_FB_VEDOS1-1.png","contentUrl":"https:\/\/blogi.eoppimispalvelut.fi\/pohjoinenjohtamisenfoorumi\/files\/2021\/10\/REDU_pohjoinen-johtamisen-foorumi_FB_VEDOS1-1.png","width":1200,"height":600,"caption":"Pohjoinen johtamisen foorumi"},{"@type":"BreadcrumbList","@id":"https:\/\/blogi.eoppimispalvelut.fi\/pohjoinenjohtamisenfoorumi\/tapahtuma\/yrittajan-verkostot-ja-niiden-hyodyntaminen\/#breadcrumb","itemListElement":[{"@type":"ListItem","position":1,"name":"Home","item":"https:\/\/blogi.eoppimispalvelut.fi\/pohjoinenjohtamisenfoorumi\/"},{"@type":"ListItem","position":2,"name":"Tapahtumat","item":"https:\/\/blogi.eoppimispalvelut.fi\/pohjoinenjohtamisenfoorumi\/tapahtumat\/"},{"@type":"ListItem","position":3,"name":"Yritt\u00e4j\u00e4n verkostot ja niiden hy\u00f6dynt\u00e4minen"}]},{"@type":"WebSite","@id":"https:\/\/blogi.eoppimispalvelut.fi\/pohjoinenjohtamisenfoorumi\/#website","url":"https:\/\/blogi.eoppimispalvelut.fi\/pohjoinenjohtamisenfoorumi\/","name":"Pohjoinen johtamisen foorumi","description":"Uudistavilla toimintamalleilla kasvuun ja kehitykseen Lapissa","potentialAction":[{"@type":"SearchAction","target":{"@type":"EntryPoint","urlTemplate":"https:\/\/blogi.eoppimispalvelut.fi\/pohjoinenjohtamisenfoorumi\/?s={search_term_string}"},"query-input":{"@type":"PropertyValueSpecification","valueRequired":true,"valueName":"search_term_string"}}],"inLanguage":"fi"}]}},"_links":{"self":[{"href":"https:\/\/blogi.eoppimispalvelut.fi\/pohjoinenjohtamisenfoorumi\/wp-json\/wp\/v2\/tribe_events\/682","targetHints":{"allow":["GET"]}}],"collection":[{"href":"https:\/\/blogi.eoppimispalvelut.fi\/pohjoinenjohtamisenfoorumi\/wp-json\/wp\/v2\/tribe_events"}],"about":[{"href":"https:\/\/blogi.eoppimispalvelut.fi\/pohjoinenjohtamisenfoorumi\/wp-json\/wp\/v2\/types\/tribe_events"}],"author":[{"embeddable":true,"href":"https:\/\/blogi.eoppimispalvelut.fi\/pohjoinenjohtamisenfoorumi\/wp-json\/wp\/v2\/users\/7294"}],"version-history":[{"count":2,"href":"https:\/\/blogi.eoppimispalvelut.fi\/pohjoinenjohtamisenfoorumi\/wp-json\/wp\/v2\/tribe_events\/682\/revisions"}],"predecessor-version":[{"id":685,"href":"https:\/\/blogi.eoppimispalvelut.fi\/pohjoinenjohtamisenfoorumi\/wp-json\/wp\/v2\/tribe_events\/682\/revisions\/685"}],"wp:featuredmedia":[{"embeddable":true,"href":"https:\/\/blogi.eoppimispalvelut.fi\/pohjoinenjohtamisenfoorumi\/wp-json\/wp\/v2\/media\/420"}],"wp:attachment":[{"href":"https:\/\/blogi.eoppimispalvelut.fi\/pohjoinenjohtamisenfoorumi\/wp-json\/wp\/v2\/media?parent=682"}],"wp:term":[{"taxonomy":"post_tag","embeddable":true,"href":"https:\/\/blogi.eoppimispalvelut.fi\/pohjoinenjohtamisenfoorumi\/wp-json\/wp\/v2\/tags?post=682"},{"taxonomy":"tribe_events_cat","embeddable":true,"href":"https:\/\/blogi.eoppimispalvelut.fi\/pohjoinenjohtamisenfoorumi\/wp-json\/wp\/v2\/tribe_events_cat?post=682"}],"curies":[{"name":"wp","href":"https:\/\/api.w.org\/{rel}","templated":true}]}}