{"id":34,"date":"2022-09-03T12:52:42","date_gmt":"2022-09-03T09:52:42","guid":{"rendered":"https:\/\/blogi.eoppimispalvelut.fi\/siltaamk\/?page_id=34"},"modified":"2023-06-05T16:14:51","modified_gmt":"2023-06-05T13:14:51","slug":"3-6-oman-oppimisen-ja-ammattiin-kehittymisen-reflektointi","status":"publish","type":"page","link":"https:\/\/blogi.eoppimispalvelut.fi\/siltaamk\/3-6-oman-oppimisen-ja-ammattiin-kehittymisen-reflektointi\/","title":{"rendered":"3.6\u00a0 Oman oppimisen ja ammattiin kehittymisen reflektointi"},"content":{"rendered":"<p>[et_pb_section fb_built=&#8221;1&#8243; custom_padding_last_edited=&#8221;on|desktop&#8221; admin_label=&#8221;Header&#8221; _builder_version=&#8221;4.16&#8243; use_background_color_gradient=&#8221;on&#8221; background_color_gradient_stops=&#8221;rgba(255,255,255,0.8) 0%|rgba(255,255,255,0.24) 80%&#8221; background_color_gradient_overlays_image=&#8221;on&#8221; background_color_gradient_start=&#8221;rgba(255,255,255,0.8)&#8221; background_color_gradient_end=&#8221;rgba(255,255,255,0.24)&#8221; background_color_gradient_end_position=&#8221;80%&#8221; background_image=&#8221;https:\/\/blogi.eoppimispalvelut.fi\/siltaamk\/files\/2022\/09\/language-school-illustration-12.png&#8221; background_size=&#8221;contain&#8221; background_position=&#8221;top_right&#8221; custom_padding=&#8221;110px||||false|false&#8221; custom_padding_tablet=&#8221;140px|0px|50px|0px|false|false&#8221; custom_padding_phone=&#8221;120px|||&#8221; global_colors_info=&#8221;{}&#8221;][et_pb_row column_structure=&#8221;1_2,1_2&#8243; _builder_version=&#8221;4.16&#8243; max_width=&#8221;1280px&#8221; use_custom_width=&#8221;on&#8221; custom_width_px=&#8221;1280px&#8221; global_colors_info=&#8221;{}&#8221;][et_pb_column type=&#8221;1_2&#8243; _builder_version=&#8221;4.16&#8243; custom_padding=&#8221;|||&#8221; global_colors_info=&#8221;{}&#8221; custom_padding__hover=&#8221;|||&#8221;][et_pb_text _builder_version=&#8221;4.20.4&#8243; text_font=&#8221;||||||||&#8221; text_font_size=&#8221;18px&#8221; text_line_height=&#8221;2em&#8221; header_font=&#8221;EB Garamond||||||||&#8221; header_font_size=&#8221;60px&#8221; header_line_height=&#8221;1.3em&#8221; max_width=&#8221;600px&#8221; text_font_size_tablet=&#8221;&#8221; text_font_size_phone=&#8221;15px&#8221; text_font_size_last_edited=&#8221;on|phone&#8221; text_line_height_tablet=&#8221;&#8221; text_line_height_phone=&#8221;1.6em&#8221; text_line_height_last_edited=&#8221;on|phone&#8221; header_font_size_tablet=&#8221;50px&#8221; header_font_size_phone=&#8221;32px&#8221; header_font_size_last_edited=&#8221;on|phone&#8221; global_colors_info=&#8221;{}&#8221;]<\/p>\n<h1>\u00a03.6 Oman oppimisen ja ammattiin kehittymisen reflektointi<\/h1>\n<p><span style=\"color: #000000\">Reflektointi tarkoittaa,<\/span><\/p>\n<ul>\n<li><span style=\"color: #000000\">mietit ja analysoit asioita, joita olet kokenut ja oppinut<\/span><\/li>\n<li><span style=\"color: #000000\">mietit, mit\u00e4 taitoja sinulla on<\/span><\/li>\n<li><span style=\"color: #000000\">mietit, mit\u00e4 taitoja sinun pit\u00e4\u00e4 viel\u00e4 oppia<\/span><\/li>\n<li><span style=\"color: #000000\">annat itsellesi rakentavaa palautetta.\u00a0<\/span><\/li>\n<\/ul>\n<p><span style=\"color: #000000\">Ammattilaisen ty\u00f6ss\u00e4 reflektointi on t\u00e4rke\u00e4\u00e4. Reflektointi auttaa meit\u00e4 oppimaan uusia asioita eri ty\u00f6tilanteissa. Reflektointi auttaa my\u00f6s j\u00e4sent\u00e4m\u00e4\u00e4n asioita. Lis\u00e4ksi se auttaa meit\u00e4 huomaamaan, millaisia asioita omassa toiminnassa on hyv\u00e4 kehitt\u00e4\u00e4.\u00a0<\/span><\/p>\n<p><span style=\"font-weight: 400\"><\/span><\/p>\n<p>[\/et_pb_text][\/et_pb_column][et_pb_column type=&#8221;1_2&#8243; _builder_version=&#8221;4.16&#8243; custom_padding=&#8221;|||&#8221; global_colors_info=&#8221;{}&#8221; custom_padding__hover=&#8221;|||&#8221;][\/et_pb_column][\/et_pb_row][et_pb_row column_structure=&#8221;1_2,1_2&#8243; _builder_version=&#8221;4.16&#8243; locked=&#8221;off&#8221; global_colors_info=&#8221;{}&#8221;][et_pb_column type=&#8221;1_2&#8243; _builder_version=&#8221;4.16&#8243; custom_padding=&#8221;|||&#8221; global_colors_info=&#8221;{}&#8221; custom_padding__hover=&#8221;|||&#8221;][et_pb_blurb title=&#8221;Harjoittele reflektointitaitoja esimerkiksi seuraavasti:&#8221; url_new_window=&#8221;on&#8221; icon_placement=&#8221;left&#8221; image_icon_width=&#8221;100px&#8221; content_max_width=&#8221;1100px&#8221; image_icon_width_tablet=&#8221;100px&#8221; image_icon_width_phone=&#8221;50px&#8221; image_icon_width_last_edited=&#8221;on|phone&#8221; _builder_version=&#8221;4.20.4&#8243; header_font=&#8221;|600|||||||&#8221; header_font_size=&#8221;18px&#8221; header_line_height=&#8221;1.6em&#8221; body_font=&#8221;||||||||&#8221; body_font_size=&#8221;15px&#8221; body_line_height=&#8221;2em&#8221; animation_style=&#8221;fold&#8221; animation_direction=&#8221;left&#8221; animation_intensity_fold=&#8221;10%&#8221; animation=&#8221;off&#8221; link_option_url=&#8221;http:\/\/www.kolumbus.fi\/juha.seppanen\/js\/ue\/eetpoh.htm&#8221; link_option_url_new_window=&#8221;on&#8221; header_font_size_tablet=&#8221;&#8221; header_font_size_phone=&#8221;15px&#8221; header_font_size_last_edited=&#8221;on|phone&#8221; body_line_height_tablet=&#8221;&#8221; body_line_height_phone=&#8221;1.6em&#8221; body_line_height_last_edited=&#8221;on|phone&#8221; image_max_width=&#8221;100px&#8221; image_max_width_tablet=&#8221;&#8221; image_max_width_phone=&#8221;50px&#8221; image_max_width_last_edited=&#8221;on|phone&#8221; global_colors_info=&#8221;{}&#8221;]<\/p>\n<p><span style=\"color: #000000\">1. Valitse yksi oppimistilanne tai ty\u00f6tilanne.<\/span><\/p>\n<p><span style=\"color: #000000\">2. Kirjoita tilanne paperille tai tietokoneelle. <\/span><\/p>\n<p><span style=\"color: #000000\">3. Sen j\u00e4lkeen mieti,<\/span><\/p>\n<ul>\n<li><span style=\"color: #000000\">mit\u00e4 tilanteessa tapahtui?<\/span><\/li>\n<li><span style=\"color: #000000\">keit\u00e4 tilanteessa oli mukana?<\/span><\/li>\n<li><span style=\"color: #000000\">yll\u00e4ttik\u00f6 jokin sinua tilanteessa?<\/span><\/li>\n<li><span style=\"color: #000000\">millaisia ennakko-oletuksia tilanteeseen liittyi?<\/span><\/li>\n<li><span style=\"color: #000000\">millaisia ajatuksia tai tunteita tilanne sinussa her\u00e4tti? <\/span><\/li>\n<li><span style=\"color: #000000\">mik\u00e4 ohjasi toimintaasi?<\/span><\/li>\n<\/ul>\n<p><span style=\"color: #000000\">Lue nyt esimerkit reflektoinnista ja sen harjoittelusta.<\/span>\u00a0<\/p>\n<p>&nbsp;<\/p>\n<p>&nbsp;<\/p>\n<p>&nbsp;<\/p>\n<p><strong><\/strong><\/p>\n<p>[\/et_pb_blurb][\/et_pb_column][et_pb_column type=&#8221;1_2&#8243; _builder_version=&#8221;4.16&#8243; custom_padding=&#8221;|||&#8221; global_colors_info=&#8221;{}&#8221; custom_padding__hover=&#8221;|||&#8221;][et_pb_blurb title=&#8221;Esimerkkej\u00e4 reflektoinnista ja sen harjoittelusta&#8221; icon_placement=&#8221;left&#8221; image_icon_width=&#8221;100px&#8221; content_max_width=&#8221;1100px&#8221; image_icon_width_tablet=&#8221;100px&#8221; image_icon_width_phone=&#8221;50px&#8221; image_icon_width_last_edited=&#8221;on|phone&#8221; _builder_version=&#8221;4.20.4&#8243; header_font=&#8221;|600|||||||&#8221; header_font_size=&#8221;18px&#8221; header_line_height=&#8221;1.6em&#8221; body_font=&#8221;||||||||&#8221; body_font_size=&#8221;15px&#8221; body_line_height=&#8221;2em&#8221; animation_style=&#8221;fold&#8221; animation_direction=&#8221;left&#8221; animation_intensity_fold=&#8221;10%&#8221; animation=&#8221;off&#8221; header_font_size_tablet=&#8221;&#8221; header_font_size_phone=&#8221;15px&#8221; header_font_size_last_edited=&#8221;on|phone&#8221; body_line_height_tablet=&#8221;&#8221; body_line_height_phone=&#8221;1.6em&#8221; body_line_height_last_edited=&#8221;on|phone&#8221; image_max_width=&#8221;100px&#8221; image_max_width_tablet=&#8221;&#8221; image_max_width_phone=&#8221;50px&#8221; image_max_width_last_edited=&#8221;on|phone&#8221; locked=&#8221;off&#8221; global_colors_info=&#8221;{}&#8221;]<\/p>\n<p><strong><span style=\"color: #000000\">Omien vahvuuksien kuvaaminen:<\/span><br \/><\/strong><\/p>\n<p><span style=\"color: #000000\">&#8220;Olen hyv\u00e4 organisoimaan asioita. Olen huomannut sen sek\u00e4 ty\u00f6tilanteissa ett\u00e4 opiskeluteht\u00e4viss\u00e4. Kun saan teht\u00e4v\u00e4n, silloin suunnittelen, aikataulutan ja j\u00e4rjest\u00e4n sen niin, ett\u00e4 saan teht\u00e4v\u00e4n tehty\u00e4. <\/span><\/p>\n<p><span style=\"color: #000000\">Aluksi jaan teht\u00e4v\u00e4n pienempiin osiin. Sitten teen aikataulun siit\u00e4, milloin teen teht\u00e4v\u00e4n osia. Merkitsen kalenteriini asiat, jotka minun t\u00e4ytyy saada valmiiksi tiettyyn p\u00e4iv\u00e4\u00e4n menness\u00e4. Kirjoitan my\u00f6s muistiin kaiken, mit\u00e4 olen tehnyt. Silloin asiat eiv\u00e4t mene sekaisin.&#8221;<\/span><\/p>\n<p><span style=\"color: #000000\"><strong>Mit\u00e4 haluan viel\u00e4 kehitt\u00e4\u00e4?<\/strong><\/span><\/p>\n<p><span style=\"color: #000000\">&#8220;Tietotekniset asiat ovat minulle vaikeita. Joudun usein pyyt\u00e4m\u00e4\u00e4n apua opiskelukaveriltani. Haluan oppia t\u00e4rkeimm\u00e4t ty\u00f6kalut niin, ett\u00e4 pystyn k\u00e4ytt\u00e4m\u00e4\u00e4n niit\u00e4 helposti. Suuntaudun opinnoissani asiakasty\u00f6h\u00f6n. My\u00f6s asiakasty\u00f6ss\u00e4 tarvitsen paljon digitaalisia taitoja sek\u00e4 erilaisten ohjelmien hallintaa.&#8221;<\/span><\/p>\n<p><span style=\"color: #000000\"><strong>Miten voin kehitt\u00e4\u00e4 digitaitojani?<\/strong><\/span><\/p>\n<p><span style=\"color: #000000\">&#8220;Voin kehitt\u00e4\u00e4 digitaitojani niin, ett\u00e4<\/span><\/p>\n<ul>\n<li><span style=\"color: #000000\">tutustun Ylen digitreeniteht\u00e4viin<\/span><\/li>\n<li><span style=\"color: #000000\">opiskelen yhden pienen digiasian kerrallaan, esimerkiksi miten k\u00e4yt\u00e4n s\u00e4hk\u00f6postin Outlookin kalenteria.<\/span><\/li>\n<li><span style=\"color: #000000\">kysyn apua kirjastosta<\/span><\/li>\n<li><span style=\"color: #000000\">osallistun kansalaisopiston kursseille<\/span><\/li>\n<li><span style=\"color: #000000\">pyyd\u00e4n apua koulun tukihenkil\u00f6st\u00f6lt\u00e4.&#8221;<\/span><\/li>\n<\/ul>\n<p><span style=\"color: #000000\">Harjoittele nyt omaa reflektointiasi ja tee teht\u00e4v\u00e4t. <\/span><\/p>\n<p>[\/et_pb_blurb][\/et_pb_column][\/et_pb_row][et_pb_row _builder_version=&#8221;4.16&#8243; max_width=&#8221;1280px&#8221; use_custom_width=&#8221;on&#8221; custom_width_px=&#8221;1280px&#8221; global_colors_info=&#8221;{}&#8221;][et_pb_column type=&#8221;4_4&#8243; _builder_version=&#8221;4.16&#8243; custom_padding=&#8221;|||&#8221; global_colors_info=&#8221;{}&#8221; custom_padding__hover=&#8221;|||&#8221;][et_pb_text _builder_version=&#8221;4.18.0&#8243; text_font=&#8221;EB Garamond|700|||||||&#8221; text_text_color=&#8221;rgba(0,0,0,0.02)&#8221; text_font_size=&#8221;80px&#8221; text_line_height=&#8221;0em&#8221; header_2_font=&#8221;EB Garamond||||||||&#8221; header_2_font_size=&#8221;50px&#8221; header_2_line_height=&#8221;1.3em&#8221; text_orientation=&#8221;center&#8221; text_font_size_tablet=&#8221;50px&#8221; text_font_size_phone=&#8221;30px&#8221; text_font_size_last_edited=&#8221;on|desktop&#8221; header_2_font_size_tablet=&#8221;40px&#8221; header_2_font_size_phone=&#8221;30px&#8221; header_2_font_size_last_edited=&#8221;on|phone&#8221; global_colors_info=&#8221;{}&#8221;]<\/p>\n<p>TEHT\u00c4V\u00c4T<\/p>\n<h2>Teht\u00e4v\u00e4t<\/h2>\n<p>[\/et_pb_text][et_pb_text _builder_version=&#8221;4.20.4&#8243; text_font=&#8221;||||||||&#8221; text_font_size=&#8221;15px&#8221; text_line_height=&#8221;2em&#8221; ul_font=&#8221;||||||||&#8221; ol_font=&#8221;||||||||&#8221; header_font=&#8221;||||||||&#8221; header_2_font=&#8221;EB Garamond||||||||&#8221; header_2_font_size=&#8221;50px&#8221; header_2_line_height=&#8221;1.3em&#8221; header_3_font=&#8221;||||||||&#8221; header_4_font=&#8221;|700||on|||||&#8221; header_4_text_color=&#8221;#ffdaa4&#8243; header_4_font_size=&#8221;12px&#8221; header_4_letter_spacing=&#8221;2px&#8221; header_4_line_height=&#8221;2em&#8221; header_5_font=&#8221;||||||||&#8221; header_6_font=&#8221;||||||||&#8221; hover_enabled=&#8221;0&#8243; text_line_height_tablet=&#8221;&#8221; text_line_height_phone=&#8221;1.6em&#8221; text_line_height_last_edited=&#8221;on|phone&#8221; header_2_font_size_tablet=&#8221;40px&#8221; header_2_font_size_phone=&#8221;30px&#8221; header_2_font_size_last_edited=&#8221;on|phone&#8221; locked=&#8221;off&#8221; global_colors_info=&#8221;{}&#8221; sticky_enabled=&#8221;0&#8243;]<\/p>\n<p><span style=\"color: #000000;\">Voit harjoitella omia reflektointitaitojasi seuraavien teht\u00e4vien avulla. <\/span><\/p>\n<p><span style=\"text-decoration: underline;\"><strong><span style=\"color: #000000;\"><a href=\"https:\/\/peda.net\/jyu\/ht\/yjfl\/reflektointi\" target=\"_blank\" rel=\"noopener\">Reflektointiin liittyv\u00e4t kysymykset on otettu Jyv\u00e4skyl\u00e4n yliopiston yhteiskuntatieteellisen tiedekunnan verkkosivuilta.<\/a><\/span><\/strong><\/span><\/p>\n<p>[\/et_pb_text][\/et_pb_column][\/et_pb_row][et_pb_row column_structure=&#8221;1_2,1_2&#8243; _builder_version=&#8221;4.16&#8243; locked=&#8221;off&#8221; global_colors_info=&#8221;{}&#8221;][et_pb_column type=&#8221;1_2&#8243; _builder_version=&#8221;4.16&#8243; custom_padding=&#8221;|||&#8221; global_colors_info=&#8221;{}&#8221; custom_padding__hover=&#8221;|||&#8221;][et_pb_blurb title=&#8221;Teht\u00e4v\u00e4 1. Omat vahvuuteni ja kehitt\u00e4misen kohteet&#8221; url_new_window=&#8221;on&#8221; image=&#8221;https:\/\/blogi.eoppimispalvelut.fi\/siltaamk\/files\/2022\/09\/language-school-illustration-20.png&#8221; icon_placement=&#8221;left&#8221; image_icon_width=&#8221;100px&#8221; content_max_width=&#8221;1100px&#8221; image_icon_width_tablet=&#8221;100px&#8221; image_icon_width_phone=&#8221;50px&#8221; image_icon_width_last_edited=&#8221;on|phone&#8221; _builder_version=&#8221;4.20.4&#8243; header_font=&#8221;|600|||||||&#8221; header_font_size=&#8221;18px&#8221; header_line_height=&#8221;1.6em&#8221; body_font=&#8221;||||||||&#8221; body_font_size=&#8221;15px&#8221; body_line_height=&#8221;2em&#8221; animation_style=&#8221;fold&#8221; animation_direction=&#8221;left&#8221; animation_intensity_fold=&#8221;10%&#8221; animation=&#8221;off&#8221; link_option_url=&#8221;http:\/\/www.kolumbus.fi\/juha.seppanen\/js\/ue\/eetpoh.htm&#8221; link_option_url_new_window=&#8221;on&#8221; header_font_size_tablet=&#8221;&#8221; header_font_size_phone=&#8221;15px&#8221; header_font_size_last_edited=&#8221;on|phone&#8221; body_line_height_tablet=&#8221;&#8221; body_line_height_phone=&#8221;1.6em&#8221; body_line_height_last_edited=&#8221;on|phone&#8221; image_max_width=&#8221;100px&#8221; image_max_width_tablet=&#8221;&#8221; image_max_width_phone=&#8221;50px&#8221; image_max_width_last_edited=&#8221;on|phone&#8221; global_colors_info=&#8221;{}&#8221;]<\/p>\n<p><strong>\u00a0<\/strong><\/p>\n<ul>\n<li><span style=\"color: #000000\">Mit\u00e4 vahvuuksia minulla on?<\/span><\/li>\n<li><span style=\"color: #000000\">Millaisia mahdollisuuksia n\u00e4m\u00e4 vahvuudet antavat minulle?<\/span><\/li>\n<li><span style=\"color: #000000\">Mit\u00e4 haluan viel\u00e4 kehitt\u00e4\u00e4?<\/span><\/li>\n<li><span style=\"color: #000000\">Mit\u00e4 voin tehd\u00e4, ett\u00e4 kehityn?<\/span><\/li>\n<\/ul>\n<p>[\/et_pb_blurb][\/et_pb_column][et_pb_column type=&#8221;1_2&#8243; _builder_version=&#8221;4.16&#8243; custom_padding=&#8221;|||&#8221; global_colors_info=&#8221;{}&#8221; custom_padding__hover=&#8221;|||&#8221;][et_pb_blurb title=&#8221;Teht\u00e4v\u00e4 2. Omat kiinnostukseni kohteet ja tavoitteeni&#8221; image=&#8221;https:\/\/blogi.eoppimispalvelut.fi\/siltaamk\/files\/2022\/09\/language-school-illustration-20.png&#8221; icon_placement=&#8221;left&#8221; image_icon_width=&#8221;100px&#8221; content_max_width=&#8221;1100px&#8221; image_icon_width_tablet=&#8221;100px&#8221; image_icon_width_phone=&#8221;50px&#8221; image_icon_width_last_edited=&#8221;on|phone&#8221; _builder_version=&#8221;4.20.4&#8243; header_font=&#8221;|600|||||||&#8221; header_font_size=&#8221;18px&#8221; header_line_height=&#8221;1.6em&#8221; body_font=&#8221;||||||||&#8221; body_font_size=&#8221;15px&#8221; body_line_height=&#8221;2em&#8221; animation_style=&#8221;fold&#8221; animation_direction=&#8221;left&#8221; animation_intensity_fold=&#8221;10%&#8221; animation=&#8221;off&#8221; header_font_size_tablet=&#8221;&#8221; header_font_size_phone=&#8221;15px&#8221; header_font_size_last_edited=&#8221;on|phone&#8221; body_line_height_tablet=&#8221;&#8221; body_line_height_phone=&#8221;1.6em&#8221; body_line_height_last_edited=&#8221;on|phone&#8221; image_max_width=&#8221;100px&#8221; image_max_width_tablet=&#8221;&#8221; image_max_width_phone=&#8221;50px&#8221; image_max_width_last_edited=&#8221;on|phone&#8221; locked=&#8221;off&#8221; global_colors_info=&#8221;{}&#8221;]<\/p>\n<ul>\n<li><span style=\"color: #000000\">Millaisista asioista olen kiinnostunut?<\/span><\/li>\n<li><span style=\"color: #000000\">Mik\u00e4 n\u00e4iss\u00e4 asioissa on mielest\u00e4ni kiinnostavaa?<\/span><\/li>\n<li><span style=\"color: #000000\">Miksi asiat kiinnostavat minua?<\/span><\/li>\n<li><span style=\"color: #000000\">Mit\u00e4 olen oppinut n\u00e4ist\u00e4 asioista?\u00a0<\/span><\/li>\n<li><span style=\"color: #000000\">Mit\u00e4 haluan oppia viel\u00e4 lis\u00e4\u00e4?<\/span><\/li>\n<li><span style=\"color: #000000\">Mit\u00e4 voin tehd\u00e4, ett\u00e4 opin lis\u00e4\u00e4?<\/span><\/li>\n<\/ul>\n<p><span style=\"color: #000000\"><strong>Tavoitteiden luominen<\/strong><\/span><\/p>\n<ul>\n<li><span style=\"color: #000000\">Millaisia tavoitteita minulla on opinnoilleni?<\/span><\/li>\n<li><span style=\"color: #000000\">Millaisia tavoitteita minulla on ty\u00f6lleni?<\/span><\/li>\n<li><span style=\"color: #000000\">Miten tavoitteeni ovat t\u00e4h\u00e4n menness\u00e4 toteutuneet?<\/span><\/li>\n<li><span style=\"color: #000000\">Millaisia uusia tavoitteita voin luoda n\u00e4iden pohjalta?<\/span><\/li>\n<\/ul>\n<p>[\/et_pb_blurb][\/et_pb_column][\/et_pb_row][\/et_pb_section]<\/p>\n","protected":false},"excerpt":{"rendered":"<p>\u00a03.6 Oman oppimisen ja ammattiin kehittymisen reflektointi Reflektointi tarkoittaa, mietit ja analysoit asioita, joita olet kokenut ja oppinut mietit, mit\u00e4 taitoja sinulla on mietit, mit\u00e4 taitoja sinun pit\u00e4\u00e4 viel\u00e4 oppia annat itsellesi rakentavaa palautetta.\u00a0 Ammattilaisen ty\u00f6ss\u00e4 reflektointi on t\u00e4rke\u00e4\u00e4. Reflektointi auttaa meit\u00e4 oppimaan uusia asioita eri ty\u00f6tilanteissa. Reflektointi auttaa my\u00f6s j\u00e4sent\u00e4m\u00e4\u00e4n asioita. Lis\u00e4ksi se auttaa [&hellip;]<\/p>\n","protected":false},"author":1329,"featured_media":0,"parent":0,"menu_order":0,"comment_status":"closed","ping_status":"closed","template":"","meta":{"_et_pb_use_builder":"on","_et_pb_old_content":"","_et_gb_content_width":"","footnotes":""},"class_list":["post-34","page","type-page","status-publish","hentry"],"_links":{"self":[{"href":"https:\/\/blogi.eoppimispalvelut.fi\/siltaamk\/wp-json\/wp\/v2\/pages\/34","targetHints":{"allow":["GET"]}}],"collection":[{"href":"https:\/\/blogi.eoppimispalvelut.fi\/siltaamk\/wp-json\/wp\/v2\/pages"}],"about":[{"href":"https:\/\/blogi.eoppimispalvelut.fi\/siltaamk\/wp-json\/wp\/v2\/types\/page"}],"author":[{"embeddable":true,"href":"https:\/\/blogi.eoppimispalvelut.fi\/siltaamk\/wp-json\/wp\/v2\/users\/1329"}],"replies":[{"embeddable":true,"href":"https:\/\/blogi.eoppimispalvelut.fi\/siltaamk\/wp-json\/wp\/v2\/comments?post=34"}],"version-history":[{"count":15,"href":"https:\/\/blogi.eoppimispalvelut.fi\/siltaamk\/wp-json\/wp\/v2\/pages\/34\/revisions"}],"predecessor-version":[{"id":711,"href":"https:\/\/blogi.eoppimispalvelut.fi\/siltaamk\/wp-json\/wp\/v2\/pages\/34\/revisions\/711"}],"wp:attachment":[{"href":"https:\/\/blogi.eoppimispalvelut.fi\/siltaamk\/wp-json\/wp\/v2\/media?parent=34"}],"curies":[{"name":"wp","href":"https:\/\/api.w.org\/{rel}","templated":true}]}}