{"id":6562,"date":"2021-08-25T14:52:29","date_gmt":"2021-08-25T11:52:29","guid":{"rendered":"https:\/\/blogi.eoppimispalvelut.fi\/struvenorth\/?page_id=6562"},"modified":"2023-03-30T09:49:18","modified_gmt":"2023-03-30T06:49:18","slug":"on-media","status":"publish","type":"page","link":"https:\/\/blogi.eoppimispalvelut.fi\/struvenorth\/on-media\/","title":{"rendered":"On Media"},"content":{"rendered":"<p>[et_pb_section fb_built=&#8221;1&#8243; _builder_version=&#8221;4.16&#8243; _module_preset=&#8221;default&#8221; global_colors_info=&#8221;{}&#8221; theme_builder_area=&#8221;post_content&#8221;][et_pb_row _builder_version=&#8221;4.16&#8243; _module_preset=&#8221;default&#8221; width=&#8221;100%&#8221; global_colors_info=&#8221;{}&#8221; theme_builder_area=&#8221;post_content&#8221;][et_pb_column type=&#8221;4_4&#8243; _builder_version=&#8221;4.16&#8243; _module_preset=&#8221;default&#8221; global_colors_info=&#8221;{}&#8221; theme_builder_area=&#8221;post_content&#8221;][et_pb_text admin_label=&#8221;linkit &#8211; onmedia&#8221; _builder_version=&#8221;4.16&#8243; _module_preset=&#8221;default&#8221; global_colors_info=&#8221;{}&#8221; theme_builder_area=&#8221;post_content&#8221;]<\/p>\n<table width=\"727\">\n<tbody>\n<tr>\n<td style=\"width: 253.137px\">\n<p><span style=\"font-weight: 400\">24.2.2020 Altaposten: 14 mill. til grenseoverskridende verdensarv<\/span><\/p>\n<\/td>\n<td style=\"width: 916.938px\">\n<p><a href=\"https:\/\/www.altaposten.no\/kultur\/2020\/02\/24\/14-mill.-til-grenseoverskridende-verdensarv-21169859.ece?fbclid=IwAR1Juq2q2Wf0eSte6pR1h1Cie548G5hNWksTpuXZ1KAkImA8nO-dtnAhlSU\"><span style=\"font-weight: 400\">https:\/\/www.altaposten.no\/kultur\/2020\/02\/24\/14-mill.-til-grenseoverskridende-verdensarv-21169859.ece?fbclid=IwAR1Juq2q2Wf0eSte6pR1h1Cie548G5hNWksTpuXZ1KAkImA8nO-dtnAhlSU<\/span><\/a><\/p>\n<\/td>\n<\/tr>\n<tr>\n<td style=\"width: 253.137px\">\n<p><span style=\"font-weight: 400\">20.2.2020 Lapin amk, online news: <\/span><a href=\"https:\/\/www.lapinamk.fi\/news\/Maailmanperintoa-kehitetaan-yli-rajojen\/fuu3sfdb\/1ec44420-44ae-469e-9887-429a4e1123d6\"><span style=\"font-weight: 400\">Maailmanperint\u00f6\u00e4 kehitet\u00e4\u00e4n yli rajojen<\/span><\/a><\/p>\n<\/td>\n<td style=\"width: 916.938px\">\n<p><a href=\"https:\/\/www.lapinamk.fi\/news\/Maailmanperintoa-kehitetaan-yli-rajojen\/fuu3sfdb\/1ec44420-44ae-469e-9887-429a4e1123d6\"><span style=\"font-weight: 400\">https:\/\/www.lapinamk.fi\/news\/Maailmanperintoa-kehitetaan-yli-rajojen\/fuu3sfdb\/1ec44420-44ae-469e-9887-429a4e1123d6<\/span><\/a><\/p>\n<\/td>\n<\/tr>\n<tr>\n<td style=\"width: 253.137px\">\n<p><span style=\"font-weight: 400\">20.5.2020 Me\u00e4n Tornionlaakso: Struven ketju osa pohjoista maailmanperint\u00f6\u00e4 Tornionlaaksossa<\/span><\/p>\n<\/td>\n<td style=\"width: 916.938px\">\n<p><a href=\"https:\/\/drive.google.com\/file\/d\/1q7V6ZV7Aaa7uDCPbEGFbaMeQBix8h6R1\/view?usp=sharing\"><span style=\"font-weight: 400\">https:\/\/drive.google.com\/file\/d\/1q7V6ZV7Aaa7uDCPbEGFbaMeQBix8h6R1\/view?usp=sharing<\/span><\/a><span style=\"font-weight: 400\">\u00a0<\/span><\/p>\n<\/td>\n<\/tr>\n<tr>\n<td style=\"width: 253.137px\">\n<p><span style=\"font-weight: 400\">16.7.2020, Lapin kansa: Yksitoista maailmanperint\u00f6\u00e4 pohjoisen ketjussa<\/span><\/p>\n<\/td>\n<td style=\"width: 916.938px\">\n<p><span style=\"font-weight: 400\">Front page: <\/span><a href=\"https:\/\/drive.google.com\/file\/d\/1jdUP1oorj3FaU2QybWwYhxCA6CL6nIf4\/view?usp=sharing\"><span style=\"font-weight: 400\">https:\/\/drive.google.com\/file\/d\/1jdUP1oorj3FaU2QybWwYhxCA6CL6nIf4\/view?usp=sharing<\/span><\/a><\/p>\n<p><span style=\"font-weight: 400\">Article:\u00a0<\/span><\/p>\n<p><a href=\"https:\/\/drive.google.com\/file\/d\/1PI1vxhccmGMSHhTzyOxmofxLxnj42scF\/view?usp=sharing\"><span style=\"font-weight: 400\">https:\/\/drive.google.com\/file\/d\/1PI1vxhccmGMSHhTzyOxmofxLxnj42scF\/view?usp=sharing<\/span><\/a><span style=\"font-weight: 400\">\u00a0<\/span><\/p>\n<\/td>\n<\/tr>\n<tr>\n<td style=\"width: 253.137px\">\n<p><span style=\"font-weight: 400\">12.8.2020 Kemi-Tornio kaupunkilehti: Maailmanperint\u00f6kohdetta kehitet\u00e4\u00e4n matkailuvaltiksi yli rajojen<\/span><\/p>\n<\/td>\n<td style=\"width: 916.938px\">\n<p><span style=\"font-weight: 400\">Front page: 8 cm x 5,5 cm photo of SGA map + heading<\/span><\/p>\n<p><span style=\"font-weight: 400\">Page 1 <\/span><a href=\"https:\/\/drive.google.com\/file\/d\/1d_r0RHlNBGeuacfWsqJd-QT3mqHUSreu\/view?usp=sharing\"><span style=\"font-weight: 400\">https:\/\/drive.google.com\/file\/d\/1d_r0RHlNBGeuacfWsqJd-QT3mqHUSreu\/view?usp=sharing<\/span><\/a><span style=\"font-weight: 400\">\u00a0<\/span><\/p>\n<p><span style=\"font-weight: 400\">Page 2 <\/span><a href=\"https:\/\/drive.google.com\/file\/d\/1kblen2b-HkIcEVyj20XX1ZokcW67sPXr\/view?usp=sharing\"><span style=\"font-weight: 400\">https:\/\/drive.google.com\/file\/d\/1kblen2b-HkIcEVyj20XX1ZokcW67sPXr\/view?usp=sharing<\/span><\/a><span style=\"font-weight: 400\">\u00a0<\/span><\/p>\n<\/td>\n<\/tr>\n<tr>\n<td style=\"width: 253.137px\">\n<p><span style=\"font-weight: 400\">14.9.2020 Sveriges Radio P1: V\u00e4rldsarv i Tornedalen blir virtuellt<\/span><\/p>\n<\/td>\n<td style=\"width: 916.938px\">\n<p><a href=\"https:\/\/sverigesradio.se\/sida\/artikel.aspx?programid=478&amp;artikel=7551809&amp;fbclid=IwAR0cA5AR1m6TXoRXl_JYD_4LQbjH_vOsd64cXe9GnpqJIs9roOi9WHFJb_0\"><span style=\"font-weight: 400\">https:\/\/sverigesradio.se\/sida\/artikel.aspx?programid=478&amp;artikel=7551809&amp;fbclid=IwAR0cA5AR1m6TXoRXl_JYD_4LQbjH_vOsd64cXe9GnpqJIs9roOi9WHFJb_0<\/span><\/a><\/p>\n<p><span style=\"font-weight: 400\">(interviews x.8.2020 (Tarja), 13.8.2020 (Eila) and 26.8.2020 (Eila, Jarno, Panu, Juha) Helene Alm)<\/span><\/p>\n<\/td>\n<\/tr>\n<tr>\n<td style=\"width: 253.137px\">\n<p><span style=\"font-weight: 400\">17.9.2020 Me\u00e4n Tornionlaakso: Putaan koulun oppilaat tutustumassa Struven ketjuun ja Aavasaksan n\u00e4k\u00f6alaan<\/span><\/p>\n<\/td>\n<td style=\"width: 916.938px\">\n<p><a href=\"https:\/\/drive.google.com\/file\/d\/14-GK5xyA0D2feJkGES_QjptKmn7KeDK9\/view?usp=sharing\"><span style=\"font-weight: 400\">https:\/\/drive.google.com\/file\/d\/14-GK5xyA0D2feJkGES_QjptKmn7KeDK9\/view?usp=sharing<\/span><\/a><span style=\"font-weight: 400\">\u00a0<\/span><\/p>\n<\/td>\n<\/tr>\n<tr>\n<td style=\"width: 253.137px\">\n<p><span style=\"font-weight: 400\">3\/2020 Kart &amp; Bildteknik, Struves meridianb\u00e5ge blir \u201cvirtuellt\u201d<\/span><\/p>\n<\/td>\n<td style=\"width: 916.938px\">\n<p><a href=\"http:\/\/kartografiska.se\/wp-content\/uploads\/K-o-B-nr-3-2020-webb.pdf?fbclid=IwAR3RCfwOePfek-n_GslRmv_c-V6-EwBvRP2g3NG5q6XEfZ5uV_M_Bsda4KM\"><span style=\"font-weight: 400\">http:\/\/kartografiska.se\/wp-content\/uploads\/K-o-B-nr-3-2020-webb.pdf?fbclid=IwAR3RCfwOePfek-n_GslRmv_c-V6-EwBvRP2g3NG5q6XEfZ5uV_M_Bsda4KM<\/span><\/a><\/p>\n<p><span style=\"font-weight: 400\">On project drive: <\/span><a href=\"https:\/\/drive.google.com\/file\/d\/1lSv8XawpJZDsYazh5akE3tSw7zj3CbOG\/view?usp=sharing\"><span style=\"font-weight: 400\">https:\/\/drive.google.com\/file\/d\/1lSv8XawpJZDsYazh5akE3tSw7zj3CbOG\/view?usp=sharing<\/span><\/a><span style=\"font-weight: 400\">\u00a0<\/span><\/p>\n<\/td>\n<\/tr>\n<tr>\n<td style=\"width: 253.137px\">\n<p><span style=\"font-weight: 400\">31.3.2021 Frostbit Software Lab: blog about game planning<\/span><\/p>\n<p>&nbsp;<\/p>\n<\/td>\n<td style=\"width: 916.938px\">\n<p><a href=\"https:\/\/www.frostbit.fi\/historiallinen-tarkkuus-vastaan-helppo-pelattavuus-struven-ketju-mobiilipelin-suunnittelu\/\"><span style=\"font-weight: 400\">https:\/\/www.frostbit.fi\/historiallinen-tarkkuus-vastaan-helppo-pelattavuus-struven-ketju-mobiilipelin-suunnittelu\/<\/span><\/a><\/p>\n<\/td>\n<\/tr>\n<tr>\n<td style=\"width: 253.137px\">\n<p><span style=\"font-weight: 400\">late June 2021, Helsingin Sanomat, Mittanauha yli Suomen<\/span><\/p>\n<\/td>\n<td style=\"width: 916.938px\">\n<p><a href=\"https:\/\/www.hs.fi\/tiede\/art-2000007982855.html\"><span style=\"font-weight: 400\">https:\/\/www.hs.fi\/tiede\/art-2000007982855.html<\/span><\/a><\/p>\n<\/td>\n<\/tr>\n<tr>\n<td style=\"width: 253.137px\">\n<p><span style=\"font-weight: 400\">3.9.2021 Yle, Omaa kulttuuriperint\u00f6\u00e4 tehd\u00e4\u00e4n tutuksi torniolaisille koululaisille<\/span><\/p>\n<\/td>\n<td style=\"width: 916.938px\">\n<p><a href=\"https:\/\/yle.fi\/uutiset\/3-12084329\"><span style=\"font-weight: 400\">https:\/\/yle.fi\/uutiset\/3-12084329<\/span><\/a><span style=\"font-weight: 400\">\u00a0<\/span><\/p>\n<\/td>\n<\/tr>\n<tr>\n<td style=\"width: 253.137px\">\n<p><span style=\"font-weight: 400\">1.10.2021 HB: Sp\u00e5rar Struve\/ F\u00f6ljer Struve med modern teknik<\/span><\/p>\n<\/td>\n<td style=\"width: 916.938px\">\n<p><span style=\"font-weight: 400\">Front page photo + 1 page story; not available public<\/span><\/p>\n<\/td>\n<\/tr>\n<tr>\n<td style=\"width: 253.137px\">\n<p><span style=\"font-weight: 400\">6.10.21 Finnish specialist magazine Positio, Struven kolmiomittausketju on hohtava helmi Suomen maailmanperint\u00f6pisteiden joukossa<\/span><\/p>\n<\/td>\n<td style=\"width: 916.938px\">\n<p><a href=\"https:\/\/www.maanmittauslaitos.fi\/tietoa-maanmittauslaitoksesta\/organisaatio\/lehdet-ja-julkaisut\/positio\/struven-ketju\"><span style=\"font-weight: 400\">https:\/\/www.maanmittauslaitos.fi\/tietoa-maanmittauslaitoksesta\/organisaatio\/lehdet-ja-julkaisut\/positio\/struven-ketju<\/span><\/a><\/p>\n<\/td>\n<\/tr>\n<tr>\n<td style=\"width: 253.137px\">\n<p><span style=\"font-weight: 400\">24.1.2022 Lapin amk blog: Lapin ainoasta maailmanperint\u00f6kohteesta ammennetaan uusia ideoita matkailutuotteille<\/span><\/p>\n<\/td>\n<td style=\"width: 916.938px\">\n<p><a href=\"https:\/\/www.lapinamk.fi\/blogs\/Lapin-ainoasta-maailmanperintokohteesta-ammennetaan-uusia-ideoita-matkailutuotteille\/0q5cunco\/6422ba03-4230-4ec6-b62c-e973475b3794?fbclid=IwAR0KP9M0OecBXxYUsmcShC_6vJxyH9i-V1r_s7AbRhzPlyE8d0H44zkbMek\"><span style=\"font-weight: 400\">https:\/\/www.lapinamk.fi\/blogs\/Lapin-ainoasta-maailmanperintokohteesta-ammennetaan-uusia-ideoita-matkailutuotteille\/0q5cunco\/6422ba03-4230-4ec6-b62c-e973475b3794?fbclid=IwAR0KP9M0OecBXxYUsmcShC_6vJxyH9i-V1r_s7AbRhzPlyE8d0H44zkbMek<\/span><\/a><span style=\"font-weight: 400\">\u00a0<\/span><\/p>\n<\/td>\n<\/tr>\n<tr>\n<td style=\"width: 253.137px\">\n<p><span style=\"font-weight: 400\">10.2.2022 Me\u00e4nraatio: <\/span><span style=\"font-weight: 400\">Nyt voipii k\u00e4y\u00e4 vierailemassa Struven mittausketjussa &#8211; vaikka itte ei oikeastaan ole siel\u00e4.\u00a0<\/span><\/p>\n<\/td>\n<td style=\"width: 916.938px\">\n<p><span style=\"font-weight: 400\">from around 26:29<\/span><\/p>\n<p><a href=\"https:\/\/sverigesradio.se\/avsnitt\/meanraatio-maria-heikka--9\"><span style=\"font-weight: 400\">Me\u00e4nraatio &#8211; Maria Heikka 10 februari 2022 &#8211; Me\u00e4nraatio | Sveriges Radio<\/span><\/a><\/p>\n<\/td>\n<\/tr>\n<tr>\n<td style=\"width: 253.137px\">\n<p><span style=\"font-weight: 400\">11.2.2022 Lapinkansa: Struven ketju tulee tutuksi pelin keinoin \u2013 Maail\u00adman\u00adpe\u00adrin\u00adt\u00f6\u00adkoh\u00adde tar\u00adjo\u00adtaan Tor\u00adnion\u00adlaak\u00adsos\u00adsa pai\u00adkal\u00adli\u00adsil\u00adle ja tu\u00adris\u00adteil\u00adle es\u00adteet\u00adt\u00f6\u00adm\u00e4\u00adn\u00e4 el\u00e4\u00admyk\u00adse\u00adn\u00e4<\/span><\/p>\n<\/td>\n<td style=\"width: 916.938px\">\n<p><a href=\"https:\/\/www.lapinkansa.fi\/struven-ketju-tulee-tutuksi-pelin-keinoin-maailman\/4329962\"><span style=\"font-weight: 400\">Struven ketju tulee tutuksi pelin keinoin \u2013 Maailmanperint\u00f6kohde tarjotaan Tornionlaaksossa paikallisille ja turisteille esteett\u00f6m\u00e4n\u00e4 el\u00e4myksen\u00e4 | Lapin Kansa<\/span><\/a><\/p>\n<\/td>\n<\/tr>\n<tr>\n<td style=\"width: 253.137px\">\n<p><span style=\"font-weight: 400\">7.2.2022 Lapin amk news:<\/span><\/p>\n<p><span style=\"font-weight: 400\">Struven ketjun kahdeksalle pisteelle p\u00e4\u00e4see suoraan museolta<\/span><\/p>\n<\/td>\n<td style=\"width: 916.938px\">\n<p><a href=\"https:\/\/www.lapinamk.fi\/news\/Struven-ketjun-kahdeksalle-pisteelle-paasee-suoraan-museolta\/fuu3sfdb\/ce7262f7-9752-45f1-821e-852d2cd44d59\"><span style=\"font-weight: 400\">Struven ketjun kahdeksalle pisteelle p\u00e4\u00e4see suoraan museolta (lapinamk.fi)<\/span><\/a><\/p>\n<\/td>\n<\/tr>\n<tr>\n<td style=\"width: 253.137px\">\n<p><span style=\"font-weight: 400\">18.2.2022 Tornio news: V\u00e4h\u00e4n uutta, v\u00e4h\u00e4n vanhaa ja jotakin muutakin \u2013 kuulumisia sivistyspalvelujen kent\u00e4lt\u00e4<\/span><\/p>\n<\/td>\n<td style=\"width: 916.938px\">\n<p><a href=\"https:\/\/www.tornio.fi\/blogi\/vahan-uutta-vahan-vanhaa-ja-jotakin-muutakin-kuulumisia-sivistyspalvelujen-kentalta\/?fbclid=IwAR054f4em9n-KIlXnUk0STcp01S5oHi4dSDGhlUZrDR4h2IeMXantFwrvvQ\"><span style=\"font-weight: 400\">https:\/\/www.tornio.fi\/blogi\/vahan-uutta-vahan-vanhaa-ja-jotakin-muutakin-kuulumisia-sivistyspalvelujen-kentalta\/?fbclid=IwAR054f4em9n-KIlXnUk0STcp01S5oHi4dSDGhlUZrDR4h2IeMXantFwrvvQ<\/span><\/a><span style=\"font-weight: 400\">\u00a0<\/span><\/p>\n<\/td>\n<\/tr>\n<tr>\n<td style=\"width: 253.137px\">\n<p><span style=\"font-weight: 400\">25.2.2022 Blog, Norrbottens museum: Struves meridianb\u00e5ge: ett av Unescos v\u00e4rldsarv i Tornedalen<\/span><\/p>\n<\/td>\n<td style=\"width: 916.938px\">\n<p><a href=\"https:\/\/kulturmiljonorrbotten.com\/2022\/02\/25\/struves-meridianbage-ett-av-unescos-varldsarv-i-tornedalen\/?fbclid=IwAR0r4zMLljXK7vOqwiPyhOsjkdxN5sDM0JjqhdZK1vxmZ6CxbvptMSCUcKA\"><span style=\"font-weight: 400\">Struves meridianb\u00e5ge: ett av Unescos v\u00e4rldsarv i Tornedalen | Kulturmilj\u00f6 vid Norrbottens museum (kulturmiljonorrbotten.com)<\/span><\/a><\/p>\n<\/td>\n<\/tr>\n<tr>\n<td style=\"width: 253.137px\">\n<p><span style=\"font-weight: 400\">Event marketing 11.5.2022<\/span><\/p>\n<\/td>\n<td style=\"width: 916.938px\">\n<p><span style=\"font-weight: 400\">Post on event calendar of Tornio parish 4.3.2022: <\/span><a href=\"https:\/\/eur02.safelinks.protection.outlook.com\/?url=https%3A%2F%2Fwww.tornionseurakunta.fi%2Ftule-mukaan%2Fsinun-maailmanperintosi-struve-yleisotapahtuma&amp;data=04%7C01%7CEila.Seppanen%40lapinamk.fi%7C58a405fc6e5a4c1650ad08d9fdd38ba1%7C4c60a66f0a8d446e9ac0836a00d84542%7C0%7C0%7C637819907279879483%7CUnknown%7CTWFpbGZsb3d8eyJWIjoiMC4wLjAwMDAiLCJQIjoiV2luMzIiLCJBTiI6Ik1haWwiLCJXVCI6Mn0%3D%7C3000&amp;sdata=XTJ5fllgD98aWoxYGv6soqJbVS6Dp6ryGFaxodLvP1o%3D&amp;reserved=0\"><span style=\"font-weight: 400\">Sinun maailmanperint\u00f6si &#8211; Struve yleis\u00f6tapahtuma &#8211; <\/span><\/a><a href=\"http:\/\/www.tornionseurakunta.fi\"><span style=\"font-weight: 400\">www.tornionseurakunta.fi<\/span><\/a><\/p>\n<p><span style=\"font-weight: 400\">Tornio:<\/span><\/p>\n<p><a href=\"https:\/\/www.tornio.fi\/ajankohtaista\/sinun-maailmanperintosi-tervetuloa-aikamatkalle-1800-luvulle-koko-perheen-voimin\/\"><span style=\"font-weight: 400\">Sinun maailmanperint\u00f6si \u2013 tervetuloa aikamatkalle 1800-luvulle, koko perheen voimin! &#8211; Tornio<\/span><\/a><\/p>\n<p>&nbsp;<\/p>\n<p><span style=\"font-weight: 400\">Wilma (school communication system) message to families 16.3.22<\/span><\/p>\n<\/td>\n<\/tr>\n<tr>\n<td style=\"width: 253.137px\">\n<p><span style=\"font-weight: 400\">6.4.22 Media release of Exhibition opening 11.4.22<\/span><\/p>\n<\/td>\n<td style=\"width: 916.938px\">\n<p><a href=\"https:\/\/www.epressi.com\/tiedotteet\/suunnittelu-ja-tekniikka\/kutsu-inbjudan-struven-ketju-rajalla-kauppakeskuksessa-torniossa-11.4.-12.5.2022.html\"><span style=\"font-weight: 400\">https:\/\/www.epressi.com\/tiedotteet\/suunnittelu-ja-tekniikka\/kutsu-inbjudan-struven-ketju-rajalla-kauppakeskuksessa-torniossa-11.4.-12.5.2022.html<\/span><\/a><span style=\"font-weight: 400\">\u00a0<\/span><\/p>\n<\/td>\n<\/tr>\n<tr>\n<td style=\"width: 253.137px\">\n<p><span style=\"font-weight: 400\">12.4.22 News, Lapinamk<\/span><\/p>\n<\/td>\n<td style=\"width: 916.938px\">\n<p><a href=\"https:\/\/www.lapinamk.fi\/news\/Tarunhohtoinen-Struven-ketju-heraa-eloon-nayttelyssa\/29272\/175a125e-8046-4662-8902-e06c3ad0b893\"><span style=\"font-weight: 400\">Tarunhohtoinen Struven ketju her\u00e4\u00e4 eloon n\u00e4yttelyss\u00e4 (lapinamk.fi)<\/span><\/a><\/p>\n<\/td>\n<\/tr>\n<tr>\n<td style=\"width: 253.137px\">\n<p><span style=\"font-weight: 400\">28.4.22 Lumen online magazine, Maailmanperint\u00f6 Struven ketjulla kulkien<\/span><\/p>\n<\/td>\n<td style=\"width: 916.938px\">\n<p><a href=\"https:\/\/blogi.eoppimispalvelut.fi\/lumenlehti\/2022\/04\/28\/maailmanperinto-struven-ketjulla-kulkien\/\"><span style=\"font-weight: 400\">Maailmanperint\u00f6 Struven ketjulla kulkien \u2013 Lumen (eoppimispalvelut.fi)<\/span><\/a><\/p>\n<\/td>\n<\/tr>\n<tr>\n<td style=\"width: 253.137px\">\n<p>&nbsp;<\/p>\n<\/td>\n<td style=\"width: 916.938px\"><\/td>\n<\/tr>\n<tr>\n<td style=\"width: 253.137px\">\n<p><span style=\"font-weight: 400\">10.5.2022 Kotikulmilta online news: Torniossa mahdollisuus tutustua Struven ketjuun<\/span><\/p>\n<\/td>\n<td style=\"width: 916.938px\">\n<p><a href=\"https:\/\/www.kotikulmilta.fi\/object\/ef0e1877-56c7-4a7f-b89a-67a9105f3fc3?fbclid=IwAR3w6_iHNVJ4iM8_MMgJP9cAoDZlcs6gQaamNRoMdlwdkGM8FVxFkVlRFBo#.YnpJqj2IDrU.facebook\"><span style=\"font-weight: 400\">Torniossa mahdollisuus tutustua Struven ketjuun (kotikulmilta.fi)<\/span><\/a><\/p>\n<\/td>\n<\/tr>\n<tr>\n<td style=\"width: 253.137px\">\n<p><span style=\"font-weight: 400\">18.5. Lounais-Lappi: Struven ketju tutuksi torniolaisille<\/span><\/p>\n<\/td>\n<td style=\"width: 916.938px\">\n<p><a href=\"https:\/\/lounais-lappi.ap.richiefi.net\/763a3fd4-945b-4b84-8af8-6753959409ee\/20\"><span style=\"font-weight: 400\">Page 20 | 18.5.2022 | Lounais-Lappi (richiefi.net)<\/span><\/a><\/p>\n<\/td>\n<\/tr>\n<tr>\n<td style=\"width: 253.137px\">\n<p><span style=\"font-weight: 400\">20.5.2022 Haparandabladet, \u00d6vertorne\u00e5 st\u00e4ller ut v\u00e4rldsarven<\/span><\/p>\n<\/td>\n<td style=\"width: 916.938px\">\n<p><a href=\"https:\/\/drive.google.com\/file\/d\/18MNdDftW5S4lBNzD1V6S8p16o-B0MTPA\/view?usp=sharing\"><span style=\"font-weight: 400\">https:\/\/drive.google.com\/file\/d\/18MNdDftW5S4lBNzD1V6S8p16o-B0MTPA\/view?usp=sharing<\/span><\/a><span style=\"font-weight: 400\">\u00a0<\/span><\/p>\n<\/td>\n<\/tr>\n<tr>\n<td style=\"width: 253.137px\">\n<p><span style=\"font-weight: 400\">24.5.2002 marketing Enonteki\u00f6 event<\/span><\/p>\n<\/td>\n<td style=\"width: 916.938px\">\n<p><span style=\"font-weight: 400\">Emails to media and Event calendar of Enonteki\u00f6 <\/span><a href=\"https:\/\/enontekio.fi\/events\/sinun-maailmanperintosi-world-heritage\/\"><span style=\"font-weight: 400\">Sinun maailmanperint\u00f6si &#8211; Your World Heritage &#8211; Enonteki\u00f6 (enontekio.fi)<\/span><\/a><\/p>\n<p><span style=\"font-weight: 400\">ePressi <\/span><a href=\"https:\/\/www.epressi.com\/tiedotteet\/rakentaminen\/quotsinun-maailmanperintosiquot-nayttely-avautuu-enontekiolla.html\"><span style=\"font-weight: 400\">&amp;quot;Sinun maailmanperint\u00f6si&amp;quot; -n\u00e4yttely avautuu Enonteki\u00f6ll\u00e4 &#8211; ePressi<\/span><\/a><\/p>\n<p><a href=\"https:\/\/enontekiolapland.com\/tapahtuma\/sinun-maailmanperintosi\/\"><span style=\"font-weight: 400\">N\u00e4yttely: Sinun maailmanperint\u00f6si &#8211; Enonteki\u00f6 K\u00e4sivarren Lappi (enontekiolapland.com)<\/span><\/a><\/p>\n<\/td>\n<\/tr>\n<tr>\n<td style=\"width: 253.137px\">\n<p><span style=\"font-weight: 400\">May 2022 Teknikhistoria 5\/2022<\/span><\/p>\n<\/td>\n<td style=\"width: 916.938px\">\n<p><span style=\"font-weight: 400\">Vidstr\u00e4ck vy f\u00f6r vetenskap<\/span><\/p>\n<p><a href=\"https:\/\/drive.google.com\/file\/d\/14hvlk4WELzu7Q58aRNIMc1ihr1Wl6R-m\/view?usp=sharing\"><span style=\"font-weight: 400\">https:\/\/drive.google.com\/file\/d\/14hvlk4WELzu7Q58aRNIMc1ihr1Wl6R-m\/view?usp=sharing<\/span><\/a><span style=\"font-weight: 400\">\u00a0<\/span><\/p>\n<\/td>\n<\/tr>\n<tr>\n<td style=\"width: 253.137px\">\n<p><span style=\"font-weight: 400\">1.6.22 Enonteki\u00f6n sanomat, Sinun maailmanperint\u00f6si -n\u00e4yttely avautuu Enonteki\u00f6ll\u00e4<\/span><\/p>\n<\/td>\n<td style=\"width: 916.938px\">\n<p><a href=\"https:\/\/www.enontekionsanomat.fi\/uutiset\/sinun-maailmanperintosi-nayttely-avautuu-enontekiolla-6.179.56673.ff894baebc\"><span style=\"font-weight: 400\">Artikkeli | Enonteki\u00f6n Sanomat (enontekionsanomat.fi)<\/span><\/a><\/p>\n<\/td>\n<\/tr>\n<tr>\n<td style=\"width: 253.137px\">\n<p><span style=\"font-weight: 400\">July 22, Hammerfestdagan<\/span><\/p>\n<\/td>\n<td style=\"width: 916.938px\">\n<p><span style=\"font-weight: 400\">Information about Gjenreisningsmuseums event \u201cDin verdensarv\u201d in 15th July<\/span><\/p>\n<\/td>\n<\/tr>\n<tr>\n<td style=\"width: 253.137px\">\n<p><span style=\"font-weight: 400\">10.8.22. Luoteis-Lappi.\u00a0<\/span><\/p>\n<\/td>\n<td style=\"width: 916.938px\">\n<p><span style=\"font-weight: 400\">Ylisenvaaran maisemapolusta julkaistiin kartta.<\/span><\/p>\n<p><a href=\"https:\/\/drive.google.com\/drive\/u\/1\/folders\/1vfFlcAWSaD2jHzJ2S2xXB4aF2sYgsqtB\"><span style=\"font-weight: 400\">https:\/\/drive.google.com\/drive\/u\/1\/folders\/1vfFlcAWSaD2jHzJ2S2xXB4aF2sYgsqtB<\/span><\/a><\/p>\n<\/td>\n<\/tr>\n<tr>\n<td style=\"width: 253.137px\">\n<p><span style=\"font-weight: 400\">16.9.22 Lapin kansa, Per\u00e4vaara oli osa maailmanpoliittista ketjua<\/span><\/p>\n<\/td>\n<td style=\"width: 916.938px\">\n<p><a href=\"https:\/\/www.lapinkansa.fi\/peravaara-oli-osa-maailmanpoliittista-ketjua-tsaar\/4934240\"><span style=\"font-weight: 400\">Per\u00e4vaara oli osa maailmanpoliittista ketjua \u2013 Tsaari rahoitti Struven 2822 kilometri\u00e4 pitk\u00e4n kolmiomittausketjun toteuttamista 1800-luvulla | Lapin Kansa<\/span><\/a><\/p>\n<\/td>\n<\/tr>\n<tr>\n<td style=\"width: 253.137px\">\n<p><span style=\"font-weight: 400\">9.9.22. <\/span><span style=\"font-weight: 400\">Kuukkeli -lehti. Ad on Kiuaskero hike<\/span><\/p>\n<\/td>\n<td style=\"width: 916.938px\">\n<p><span style=\"font-weight: 400\">https:\/\/drive.google.com\/drive\/u\/1\/folders\/1vfFlcAWSaD2jHzJ2S2xXB4aF2sYgsqtB<\/span><\/p>\n<\/td>\n<\/tr>\n<tr>\n<td style=\"width: 253.137px\">\n<p><span style=\"font-weight: 400\">28.9.22. Luoteis-Lappi. Maapallon mittaajien askelilla<\/span><\/p>\n<\/td>\n<td style=\"width: 916.938px\">\n<p><span style=\"font-weight: 400\">Struven ketju, retkip\u00e4iv\u00e4 Kiuaskerolla -juttu<\/span><\/p>\n<p><a href=\"https:\/\/www.luoteis-lappi.fi\/uutiset\/maapallon-mittaajien-askelilla-6.159.59008.6cbc548739\"><span style=\"font-weight: 400\">Maapallon mittaajien askelilla &#8211; Luoteis-Lappi<\/span><\/a><\/p>\n<\/td>\n<\/tr>\n<tr>\n<td style=\"width: 253.137px\">\n<p><span style=\"font-weight: 400\">28.9.22 Me\u00e4n Tornionlaakso, Koululaiset kulkivat Tornionlaakson tutkimusmatkailijoiden jalanj\u00e4ljiss\u00e4<\/span><\/p>\n<\/td>\n<td style=\"width: 916.938px\">\n<p><span style=\"font-weight: 400\">Page 24<\/span><\/p>\n<p><a href=\"https:\/\/tornionlaakso.edocker.com\/reader\/278fdc8c-3e49-11ed-b097-00155d64030a\"><span style=\"font-weight: 400\">Tornionlaakso (edocker.com)<\/span><\/a><\/p>\n<\/td>\n<\/tr>\n<tr>\n<td style=\"width: 253.137px\">\n<p><span style=\"font-weight: 400\">Opas Guide magazine 2\/2022 two stories<\/span><\/p>\n<\/td>\n<td style=\"width: 916.938px\">\n<p><a href=\"https:\/\/issuu.com\/opasguide\/docs\/merilapin_oppaat_2022\"><span style=\"font-weight: 400\">Meri-Lapin Matkailuoppaat &#8211; Opas Guide 2\/2022 by Opasguide &#8211; Issuu<\/span><\/a><\/p>\n<p><span style=\"font-weight: 400\">Struven ketju &#8211; j\u00e4ttim\u00e4inen mittanauha. Struves meridianb\u00e5ge.\u00a0<\/span><\/p>\n<p><span style=\"font-weight: 400\">Page 6-7<\/span><span style=\"font-size: 18px\">\u00a0<\/span><\/p>\n<p><span style=\"font-weight: 400\">Tornionlaakson museo<\/span><\/p>\n<p><span style=\"font-weight: 400\">v\u00e4yl\u00e4n\u00e4 tutkimusmatkailijoiden jalanj\u00e4ljille<\/span><\/p>\n<p><span style=\"font-weight: 400\">Page 21<\/span><\/p>\n<\/td>\n<\/tr>\n<tr>\n<td style=\"width: 253.137px\">\n<p><span style=\"font-weight: 400\">Kuukkeli magazine 7.10.2022 Retkeile Struven ketjun innoittamana<\/span><\/p>\n<\/td>\n<td style=\"width: 916.938px\">\n<p><a href=\"https:\/\/www.kuukkeli.com\/ajanvietetta\/piste-poikineen--retkeile-struven-ketjun-innoittamana-6.153.31596.f3a874dbb9\"><span style=\"font-weight: 400\">Kuukkeli &#8211; Piste poikineen \u2013 retkeile Struven ketjun innoittamana<\/span><\/a><span style=\"font-weight: 400\"> (only for subscribers)<\/span><\/p>\n<p>\u00a0<span style=\"font-size: 18px\">(copy of article <\/span><a href=\"https:\/\/drive.google.com\/file\/d\/1JklwbiZ4-AIA1Fty4bTH3gPPECbfUD9p\/view?usp=sharing\" style=\"font-size: 18px\">https:\/\/drive.google.com\/file\/d\/1JklwbiZ4-AIA1Fty4bTH3gPPECbfUD9p\/view?usp=sharing<\/a><span style=\"font-size: 18px\">)\u00a0<\/span><\/p>\n<\/td>\n<\/tr>\n<tr>\n<td style=\"width: 253.137px\">\n<p><span style=\"font-weight: 400\">Lantm\u00e4teriet 5.10.2022<\/span><\/p>\n<\/td>\n<td style=\"width: 916.938px\">\n<p><a href=\"https:\/\/www.lantmateriet.se\/sv\/om-lantmateriet\/press\/nyheter\/struves-meridianbage-lyfts-fram-pa-utstallning\/\"><span style=\"font-weight: 400\">Struves meridianb\u00e5ge lyfts fram p\u00e5 utst\u00e4llning | Lantm\u00e4teriet (lantmateriet.se)<\/span><\/a><\/p>\n<\/td>\n<\/tr>\n<tr>\n<td style=\"width: 253.137px\">\n<p><span style=\"font-weight: 400\">Kart &amp; Bildteknik 4\/2022, In the footsteps of Torne Valley\u2019s explorers<\/span><\/p>\n<\/td>\n<td style=\"width: 916.938px\">\n<p><a href=\"http:\/\/kartografiska.se\/\"><span style=\"font-weight: 400\">Startsida &#8211; Kartografiska S\u00e4llskapet<\/span><\/a><\/p>\n<\/td>\n<\/tr>\n<\/tbody>\n<\/table>\n<h4><\/h4>\n<p><span style=\"font-weight: 400\">Forthcoming media<\/span><\/p>\n<table>\n<tbody>\n<tr>\n<td>\n<p><span style=\"font-weight: 400\">2020-2022 Tornionlaakson vuosikirja<\/span><\/p>\n<\/td>\n<td>\n<p><span style=\"font-weight: 400\">Article about measurements and project<\/span><\/p>\n<\/td>\n<td>\n<blockquote>\n<p><span style=\"font-weight: 400\">submitted\u00a0<\/span><\/p>\n<\/blockquote>\n<\/td>\n<\/tr>\n<\/tbody>\n<\/table>\n<div>\u00a0<\/div>\n<p>[\/et_pb_text][\/et_pb_column][\/et_pb_row][\/et_pb_section]<\/p>\n","protected":false},"excerpt":{"rendered":"<p>24.2.2020 Altaposten: 14 mill. til grenseoverskridende verdensarv https:\/\/www.altaposten.no\/kultur\/2020\/02\/24\/14-mill.-til-grenseoverskridende-verdensarv-21169859.ece?fbclid=IwAR1Juq2q2Wf0eSte6pR1h1Cie548G5hNWksTpuXZ1KAkImA8nO-dtnAhlSU 20.2.2020 Lapin amk, online news: Maailmanperint\u00f6\u00e4 kehitet\u00e4\u00e4n yli rajojen https:\/\/www.lapinamk.fi\/news\/Maailmanperintoa-kehitetaan-yli-rajojen\/fuu3sfdb\/1ec44420-44ae-469e-9887-429a4e1123d6 20.5.2020 Me\u00e4n Tornionlaakso: Struven ketju osa pohjoista maailmanperint\u00f6\u00e4 Tornionlaaksossa https:\/\/drive.google.com\/file\/d\/1q7V6ZV7Aaa7uDCPbEGFbaMeQBix8h6R1\/view?usp=sharing\u00a0 16.7.2020, Lapin kansa: Yksitoista maailmanperint\u00f6\u00e4 pohjoisen ketjussa Front page: https:\/\/drive.google.com\/file\/d\/1jdUP1oorj3FaU2QybWwYhxCA6CL6nIf4\/view?usp=sharing Article:\u00a0 https:\/\/drive.google.com\/file\/d\/1PI1vxhccmGMSHhTzyOxmofxLxnj42scF\/view?usp=sharing\u00a0 12.8.2020 Kemi-Tornio kaupunkilehti: Maailmanperint\u00f6kohdetta kehitet\u00e4\u00e4n matkailuvaltiksi yli rajojen Front page: 8 cm x 5,5 cm [&hellip;]<\/p>\n","protected":false},"author":4381,"featured_media":6678,"parent":0,"menu_order":0,"comment_status":"closed","ping_status":"closed","template":"","meta":{"_et_pb_use_builder":"on","_et_pb_old_content":"","_et_gb_content_width":"","_monsterinsights_skip_tracking":false,"_monsterinsights_sitenote_active":false,"_monsterinsights_sitenote_note":"","_monsterinsights_sitenote_category":0,"footnotes":""},"class_list":["post-6562","page","type-page","status-publish","has-post-thumbnail","hentry"],"_links":{"self":[{"href":"https:\/\/blogi.eoppimispalvelut.fi\/struvenorth\/wp-json\/wp\/v2\/pages\/6562","targetHints":{"allow":["GET"]}}],"collection":[{"href":"https:\/\/blogi.eoppimispalvelut.fi\/struvenorth\/wp-json\/wp\/v2\/pages"}],"about":[{"href":"https:\/\/blogi.eoppimispalvelut.fi\/struvenorth\/wp-json\/wp\/v2\/types\/page"}],"author":[{"embeddable":true,"href":"https:\/\/blogi.eoppimispalvelut.fi\/struvenorth\/wp-json\/wp\/v2\/users\/4381"}],"replies":[{"embeddable":true,"href":"https:\/\/blogi.eoppimispalvelut.fi\/struvenorth\/wp-json\/wp\/v2\/comments?post=6562"}],"version-history":[{"count":13,"href":"https:\/\/blogi.eoppimispalvelut.fi\/struvenorth\/wp-json\/wp\/v2\/pages\/6562\/revisions"}],"predecessor-version":[{"id":9602,"href":"https:\/\/blogi.eoppimispalvelut.fi\/struvenorth\/wp-json\/wp\/v2\/pages\/6562\/revisions\/9602"}],"wp:featuredmedia":[{"embeddable":true,"href":"https:\/\/blogi.eoppimispalvelut.fi\/struvenorth\/wp-json\/wp\/v2\/media\/6678"}],"wp:attachment":[{"href":"https:\/\/blogi.eoppimispalvelut.fi\/struvenorth\/wp-json\/wp\/v2\/media?parent=6562"}],"curies":[{"name":"wp","href":"https:\/\/api.w.org\/{rel}","templated":true}]}}